{"id":12535,"date":"2019-09-10T18:37:11","date_gmt":"2019-09-10T16:37:11","guid":{"rendered":"http:\/\/www.langages.ch\/blog\/?page_id=12535"},"modified":"2019-11-09T19:17:05","modified_gmt":"2019-11-09T18:17:05","slug":"articles","status":"publish","type":"page","link":"https:\/\/www.carillons.ch\/blog\/plan-du-site\/articles\/","title":{"rendered":"Articles"},"content":{"rendered":"\n<!-- begin list -->\n<div id=\"mcTagMap\" class=\" toggleNo  no\">\n<div class=\"holdinner\">\n<div class=\"responsive\">\n\n<div class=\"tagindex\">\n<h4 id=\"mctm1-A\">A<\/h4>\n<ul class=\"links\">\n<li><a title=\"Abbayes cisterciennes disparues\" href=\"https:\/\/www.carillons.ch\/blog\/abbayes-cisterciennes-disparues\/\">Abbayes cisterciennes disparues <\/a><\/li>\n<li><a title=\"Accordage en cours des cloches du carillon de l'Abbaye de Montheron\" href=\"https:\/\/www.carillons.ch\/blog\/accordage-en-cours-des-cloches-du-carillon-de-labbaye-de-montheron\/\">Accordage en cours des cloches du carillon de l'Abbaye de Montheron <\/a><\/li>\n<li><a title=\"Activit\u00e9s Parc du Jorat\" href=\"https:\/\/www.carillons.ch\/blog\/parc-du-jorat\/\">Activit\u00e9s Parc du Jorat <\/a><\/li>\n<li><a title=\"Adh\u00e9sion \u00e0 l'association des Amis du Carillon de Chantemerle\" href=\"https:\/\/www.carillons.ch\/blog\/lassociation-des-amis-du-carillon-de-chantemerle-2\/\">Adh\u00e9sion \u00e0 l'association des Amis du Carillon de Chantemerle <\/a><\/li>\n<li><a title=\"Aigle, ancien Prieur\u00e9 de chanoines, \u00e9glise du clo\u00eetre et cure, ancienne maison du prieur\" href=\"https:\/\/www.carillons.ch\/blog\/aigle-ancien-prieure-de-chanoines-eglise-du-cloitre-et-cure-ancienne-maison-du-prieur\/\">Aigle, ancien Prieur\u00e9 de chanoines, \u00e9glise du clo\u00eetre et cure, ancienne maison du prieur <\/a><\/li>\n<li><a title=\"Am\u00e9rique Latine en choeur \u00e0 Montheron en 2012\" href=\"https:\/\/www.carillons.ch\/blog\/souvenir-de-choeurs-a-montheron\/\">Am\u00e9rique Latine en choeur \u00e0 Montheron en 2012 <\/a><\/li>\n<li><a title=\"Ancienne abbaye cistercienne, dioc\u00e8se de Lausanne.\" href=\"https:\/\/www.carillons.ch\/blog\/ancienne-abbaye-cistercienne-diocese-de-lausanne\/\">Ancienne abbaye cistercienne, dioc\u00e8se de Lausanne. <\/a><\/li>\n<li><a title=\"Anita & Maik \u2013 musiques avec les cloches\" href=\"https:\/\/www.carillons.ch\/blog\/2019-08-11-aout-anita-maik-musiques-avec-les-cloches\/\">Anita & Maik \u2013 musiques avec les cloches <\/a><\/li>\n<li><a title=\"A propos d\u2019une maquette de l\u2019ancienne Abbatiale de Montheron\" href=\"https:\/\/www.carillons.ch\/blog\/a-propos-dune-maquette-de-lancienne-abbatiale-de-montheron\/\">A propos d\u2019une maquette de l\u2019ancienne Abbatiale de Montheron <\/a><\/li>\n<li><a title=\"Arriv\u00e9e des nouvelles orgues \u00e0 l'Abbaye de Montheron\" href=\"https:\/\/www.carillons.ch\/blog\/arrivee-des-nouvelles-orgues-a-labbaye-de-montheron\/\">Arriv\u00e9e des nouvelles orgues \u00e0 l'Abbaye de Montheron <\/a><\/li>\n<li><a title=\"Assens, visite guid\u00e9e\" href=\"https:\/\/www.carillons.ch\/blog\/2018-10-11-octobre-assens-visite-guidee\/\">Assens, visite guid\u00e9e <\/a><\/li>\n<li><a title=\"Association des Amis de l'Abbaye de Montheron\" href=\"https:\/\/www.carillons.ch\/blog\/association-des-amis-de-labbaye-de-montheron\/\">Association des Amis de l'Abbaye de Montheron <\/a><\/li>\n<li><a title=\"Atelier musical aux 7 claviers\" href=\"https:\/\/www.carillons.ch\/blog\/2019-04-17-avril-atelier-musical-aux-7-claviers\/\">Atelier musical aux 7 claviers <\/a><\/li>\n<li><a title=\"Auberge de l'Abbaye de Montheron\" href=\"https:\/\/www.carillons.ch\/blog\/b-auberge-de-labbaye-de-montheron\/\">Auberge de l'Abbaye de Montheron <\/a><\/li>\n<\/ul>\n<\/div>\n<div class=\"tagindex\">\n<h4 id=\"mctm1-B\">B<\/h4>\n<ul class=\"links\">\n<li><a title=\"Balade le Jorat au Moyen \u00c2ge, Monte super Lausannam, Le Mont\" href=\"https:\/\/www.carillons.ch\/blog\/balade-le-jorat-au-moyen-age-monte-super-lausannam-le-mont\/\">Balade le Jorat au Moyen \u00c2ge, Monte super Lausannam, Le Mont <\/a><\/li>\n<li><a title=\"Balade-visite de l\u2019Abbaye de Montheron sur le th\u00e8me du chemin de l\u2019eau au Moyen \u00c2ge\" href=\"https:\/\/www.carillons.ch\/blog\/le-chemin-de-leau-au-moyen-age\/\">Balade-visite de l\u2019Abbaye de Montheron sur le th\u00e8me du chemin de l\u2019eau au Moyen \u00c2ge <\/a><\/li>\n<li><a title=\"Baulmes, ancien prieur\u00e9 clunisien sur la route du col de l\u2019Aiguillon, sa tour de l\u2019horloge et son mus\u00e9e\" href=\"https:\/\/www.carillons.ch\/blog\/baulmes-ancien-prieure-clunisien-sur-la-route-du-col-de-laiguillon-sa-tour-de-lhorloge-et-son-musee\/\">Baulmes, ancien prieur\u00e9 clunisien sur la route du col de l\u2019Aiguillon, sa tour de l\u2019horloge et son mus\u00e9e <\/a><\/li>\n<li><a title=\"Bellevaux - abbaye-m\u00e8re de Montheron\" href=\"https:\/\/www.carillons.ch\/blog\/bellevaux-abbaye-mere-de-montheron\/\">Bellevaux - abbaye-m\u00e8re de Montheron <\/a><\/li>\n<li><a title=\"b\\ L'\u00e9glise actuelle de Montheron\" href=\"https:\/\/www.carillons.ch\/blog\/eglise-actuelle-de-montheron\/\">b\\ L'\u00e9glise actuelle de Montheron <\/a><\/li>\n<li><a title=\"Bottens, ses trois clochers, ses deux \u00e9glises, ses deux ch\u00e2teaux et ses croix de rogations\" href=\"https:\/\/www.carillons.ch\/blog\/bottens-ses-trois-clochers-ses-deux-eglises-ses-deux-chateaux-et-ses-croix-de-rogations\/\">Bottens, ses trois clochers, ses deux \u00e9glises, ses deux ch\u00e2teaux et ses croix de rogations <\/a><\/li>\n<li><a title=\"Boutique\" href=\"https:\/\/www.carillons.ch\/blog\/boutique\/\">Boutique <\/a><\/li>\n<li><a title=\"Bretonni\u00e8res, \u00e9glise romane, moulin traditionnel, village de serfs du Prieur\u00e9 de Romainm\u00f4tier, visite\" href=\"https:\/\/www.carillons.ch\/blog\/bretonnieres-eglise-romane-moulin-traditionnel-village-de-serfs-du-prieure-de-romainmotier-visite\/\">Bretonni\u00e8res, \u00e9glise romane, moulin traditionnel, village de serfs du Prieur\u00e9 de Romainm\u00f4tier, visite <\/a><\/li>\n<li><a title=\"Bursins \u2013 prieur\u00e9 clunisien, grange viticole et maison forte\" href=\"https:\/\/www.carillons.ch\/blog\/bursins-prieure-clunisien-grange-viticole-et-maison-forte\/\">Bursins \u2013 prieur\u00e9 clunisien, grange viticole et maison forte <\/a><\/li>\n<\/ul>\n<\/div>\n<div class=\"tagindex\">\n<h4 id=\"mctm1-C\">C<\/h4>\n<ul class=\"links\">\n<li><a title=\"Carillon d'Aarau\" href=\"https:\/\/www.carillons.ch\/blog\/carillon-daarau\/\">Carillon d'Aarau <\/a><\/li>\n<li><a title=\"Carillon de 16 cloches d'Etoy\" href=\"https:\/\/www.carillons.ch\/blog\/carillon-de-16-cloches-detoy\/\">Carillon de 16 cloches d'Etoy <\/a><\/li>\n<li><a title=\"Carillon de Bourg-St-Pierre\" href=\"https:\/\/www.carillons.ch\/blog\/le-carillon-de-bourg-st-pierre\/\">Carillon de Bourg-St-Pierre <\/a><\/li>\n<li><a title=\"Carillon de Bulle\" href=\"https:\/\/www.carillons.ch\/blog\/carillon-de-bulle\/\">Carillon de Bulle <\/a><\/li>\n<li><a title=\"Carillon de Carouge et concerts\" href=\"https:\/\/www.carillons.ch\/blog\/concerts-de-carillon-a-carouge\/\">Carillon de Carouge et concerts <\/a><\/li>\n<li><a title=\"Carillon de Chantemerle \/ Cartes et horaires\" href=\"https:\/\/www.carillons.ch\/blog\/carillon-de-chantemerle-cartes-et-horaires\/\">Carillon de Chantemerle \/ Cartes et horaires <\/a><\/li>\n<li><a title=\"Carillon de Chantemerle, Pully\" href=\"https:\/\/www.carillons.ch\/blog\/le-carillon-de-chantemerle-2\/\">Carillon de Chantemerle, Pully <\/a><\/li>\n<li><a title=\"Carillon de Disentis\" href=\"https:\/\/www.carillons.ch\/blog\/carillon-de-disentis\/\">Carillon de Disentis <\/a><\/li>\n<li><a title=\"Carillon de Froideville VD\" href=\"https:\/\/www.carillons.ch\/blog\/froideville-vd-carillon-du-centre-oecumenique\/\">Carillon de Froideville VD <\/a><\/li>\n<li><a title=\"Carillon de Gruy\u00e8res\" href=\"https:\/\/www.carillons.ch\/blog\/le-carillon-de-gruyeres\/\">Carillon de Gruy\u00e8res <\/a><\/li>\n<li><a title=\"Carillon de l'Abbaye de Saint-Maurice et concerts\" href=\"https:\/\/www.carillons.ch\/blog\/concerts-de-carillon-a-labbaye-de-saint-maurice\/\">Carillon de l'Abbaye de Saint-Maurice et concerts <\/a><\/li>\n<li><a title=\"Carillon de la Cath\u00e9drale de Gen\u00e8ve et concerts\" href=\"https:\/\/www.carillons.ch\/blog\/concerts-de-carillon-a-la-cathedrale-de-geneve\/\">Carillon de la Cath\u00e9drale de Gen\u00e8ve et concerts <\/a><\/li>\n<li><a title=\"Carillon de Lens (VS) et concerts\" href=\"https:\/\/www.carillons.ch\/blog\/concerts-de-carillon-a-lens-vs\/\">Carillon de Lens (VS) et concerts <\/a><\/li>\n<li><a title=\"Carillon de Montheron en construction\" href=\"https:\/\/www.carillons.ch\/blog\/carillon-de-labbaye-de-montheron-en-construction\/\">Carillon de Montheron en construction <\/a><\/li>\n<li><a title=\"Carillon de Moutier en construction\" href=\"https:\/\/www.carillons.ch\/blog\/carillon-de-moutier-en-construction\/\">Carillon de Moutier en construction <\/a><\/li>\n<li><a title=\"Carillon de Salvan\" href=\"https:\/\/www.carillons.ch\/blog\/carillon-de-salvan\/\">Carillon de Salvan <\/a><\/li>\n<li><a title=\"Carillon de St-Maurice, souvenirs de 2004\" href=\"https:\/\/www.carillons.ch\/blog\/carillon-de-st-maurice-souvenirs-de-2004\/\">Carillon de St-Maurice, souvenirs de 2004 <\/a><\/li>\n<li><a title=\"Carillon d'exercice \/ Le Clavion\" href=\"https:\/\/www.carillons.ch\/blog\/carillon-dexercice-le-clavion\/\">Carillon d'exercice \/ Le Clavion <\/a><\/li>\n<li><a title=\"Carillon de Zofingue et concerts\" href=\"https:\/\/www.carillons.ch\/blog\/concerts-de-carillon-a-zofingue\/\">Carillon de Zofingue et concerts <\/a><\/li>\n<li><a title=\"Carillons au Tessin\" href=\"https:\/\/www.carillons.ch\/blog\/petits-carillons-au-tessin\/\">Carillons au Tessin <\/a><\/li>\n<li><a title=\"Carillons f\u00e9ministes \u00e0 Gen\u00e8ve, le 14 juin 2019\" href=\"https:\/\/www.carillons.ch\/blog\/2019-06-14-juin-carillons-feministes-a-geneve\/\">Carillons f\u00e9ministes \u00e0 Gen\u00e8ve, le 14 juin 2019 <\/a><\/li>\n<li><a title=\"Carillons: grands carillons de Suisse\" href=\"https:\/\/www.carillons.ch\/blog\/carillons-grands-carillons-de-suisse\/\">Carillons: grands carillons de Suisse <\/a><\/li>\n<li><a title=\"Cartes et horaires des bus \/ Abbaye de Montheron\" href=\"https:\/\/www.carillons.ch\/blog\/cartes-et-horaires-des-bus-abbaye-de-montheron\/\">Cartes et horaires des bus \/ Abbaye de Montheron <\/a><\/li>\n<li><a title=\"c\\ Cds des orgues de Montheron\" href=\"https:\/\/www.carillons.ch\/blog\/cds-des-orgues-de-montheron\/\">c\\ Cds des orgues de Montheron <\/a><\/li>\n<li><a title=\"Cds, carillon de Chantemerle\" href=\"https:\/\/www.carillons.ch\/blog\/cds-carillon-de-chantemerle\/\">Cds, carillon de Chantemerle <\/a><\/li>\n<li><a title=\"Chapelle du Clos des Abbayes au D\u00e9zaley\" href=\"https:\/\/www.carillons.ch\/blog\/la-chapelle-du-clos-des-abbayes-au-dezaley\/\">Chapelle du Clos des Abbayes au D\u00e9zaley <\/a><\/li>\n<li><a title=\"Chapelle du Clos des moines au D\u00e9zaley\" href=\"https:\/\/www.carillons.ch\/blog\/chapelle-du-clos-des-moines-au-dezaley\/\">Chapelle du Clos des moines au D\u00e9zaley <\/a><\/li>\n<li><a title=\"Charte de 1142\" href=\"https:\/\/www.carillons.ch\/blog\/charte-de-1142\/\">Charte de 1142 <\/a><\/li>\n<li><a title=\"Charte europ\u00e9enne des Abbayes et sites Cisterciens\" href=\"https:\/\/www.carillons.ch\/blog\/charte-europeenne-des-abbayes-et-sites-cisterciens\/\">Charte europ\u00e9enne des Abbayes et sites Cisterciens <\/a><\/li>\n<li><a title=\"Chartreuse de la Lance, clo\u00eetre et ancienne \u00e9glise\" href=\"https:\/\/www.carillons.ch\/blog\/chartreuse-de-la-lance-cloitre-et-ancienne-eglise\/\">Chartreuse de la Lance, clo\u00eetre et ancienne \u00e9glise <\/a><\/li>\n<li><a title=\"Ch\u00f4mo 104 \/ psaumes en patois vaudois\" href=\"https:\/\/www.carillons.ch\/blog\/chomo-104-psaumes-en-patois-vaudois\/\">Ch\u00f4mo 104 \/ psaumes en patois vaudois <\/a><\/li>\n<li><a title=\"Cloche pour le carillon de Chantemerle\" href=\"https:\/\/www.carillons.ch\/blog\/cloche-pour-le-carillon-de-chantemerle\/\">Cloche pour le carillon de Chantemerle <\/a><\/li>\n<li><a title=\"Concert de Carillon \u00e0 Barcelone\" href=\"https:\/\/www.carillons.ch\/blog\/2017-07-03-juillet-concert-de-carillon-a-barcelone\/\">Concert de Carillon \u00e0 Barcelone <\/a><\/li>\n<li><a title=\"Concert de carillon \u00e0 Soignies\" href=\"https:\/\/www.carillons.ch\/blog\/2019-06-30-juin-carillon-a-soignies\/\">Concert de carillon \u00e0 Soignies <\/a><\/li>\n<li><a title=\"Concerts au carillon de 12 cloches \u00e0 Lyon\" href=\"https:\/\/www.carillons.ch\/blog\/2019-07-14-juillet-carillon-de-12-cloches-a-lyon\/\">Concerts au carillon de 12 cloches \u00e0 Lyon <\/a><\/li>\n<li><a title=\"Concerts au carillon de 37 cloches \u00e0 Annecy\" href=\"https:\/\/www.carillons.ch\/blog\/2019-07-13-juillet-concert-de-carillon-a-annecy\/\">Concerts au carillon de 37 cloches \u00e0 Annecy <\/a><\/li>\n<li><a title=\"Concerts au carillon de 44 cloches de Taninges\" href=\"https:\/\/www.carillons.ch\/blog\/2019-07-15-juillet-carillon-taninges\/\">Concerts au carillon de 44 cloches de Taninges <\/a><\/li>\n<li><a title=\"Concerts au carillon de 65 cloches \u00e0 Lyon\" href=\"https:\/\/www.carillons.ch\/blog\/2019-07-14-juillet-carillon-a-lyon\/\">Concerts au carillon de 65 cloches \u00e0 Lyon <\/a><\/li>\n<li><a title=\"Concerts de carillon en Suisse\" href=\"https:\/\/www.carillons.ch\/blog\/concerts-de-carillon-en-suisse\/\">Concerts de carillon en Suisse <\/a><\/li>\n<li><a title=\"Concerts de l'\u00e9t\u00e9 2003 au carillon de Chantemerle, videos.\" href=\"https:\/\/www.carillons.ch\/blog\/concerts-de-lete-2003-au-carillon-de-chantemerle-videos\/\">Concerts de l'\u00e9t\u00e9 2003 au carillon de Chantemerle, videos. <\/a><\/li>\n<li><a title=\"Conf\u00e9rence \/ L\u2019Abbaye cistercienne de Montheron et le Jorat\" href=\"https:\/\/www.carillons.ch\/blog\/2019-05-02-mai-labbaye-cistercienne-de-montheron-et-le-jorat\/\">Conf\u00e9rence \/ L\u2019Abbaye cistercienne de Montheron et le Jorat <\/a><\/li>\n<li><a title=\"Congr\u00e8s Mondial du Carillon Barcelone 2017\" href=\"https:\/\/www.carillons.ch\/blog\/2017-06-01-juillet-congres-mondial-du-carillon-barcelone-2017\/\">Congr\u00e8s Mondial du Carillon Barcelone 2017 <\/a><\/li>\n<li><a title=\"Construire un carillon?\" href=\"https:\/\/www.carillons.ch\/blog\/construire-un-carillon\/\">Construire un carillon? <\/a><\/li>\n<li><a title=\"Conte Nuit de No\u00ebl\" href=\"https:\/\/www.carillons.ch\/blog\/conte-nuit-de-noel\/\">Conte Nuit de No\u00ebl <\/a><\/li>\n<li><a title=\"Cours de carillon\" href=\"https:\/\/www.carillons.ch\/blog\/cours-de-carillon\/\">Cours de carillon <\/a><\/li>\n<\/ul>\n<\/div>\n<div class=\"tagindex\">\n<h4 id=\"mctm1-D\">D<\/h4>\n<ul class=\"links\">\n<li><a title=\"Daillens, visite guid\u00e9e\" href=\"https:\/\/www.carillons.ch\/blog\/2018-10-04-octobre-daillens-visite-guidee\/\">Daillens, visite guid\u00e9e <\/a><\/li>\n<li><a title=\"Daniel Thomas, carillonneur\" href=\"https:\/\/www.carillons.ch\/blog\/daniel-thomas-carillonneur\/\">Daniel Thomas, carillonneur <\/a><\/li>\n<li><a title=\"Daniel Thomas, organiste\" href=\"https:\/\/www.carillons.ch\/blog\/daniel-thomas-organiste\/\">Daniel Thomas, organiste <\/a><\/li>\n<li><a title=\"Daniel Thomas, visites guid\u00e9es\" href=\"https:\/\/www.carillons.ch\/blog\/daniel-thomas-visites-guidees\/\">Daniel Thomas, visites guid\u00e9es <\/a><\/li>\n<li><a title=\"Danse dessin\u00e9e\" href=\"https:\/\/www.carillons.ch\/blog\/danse-dessinee\/\">Danse dessin\u00e9e <\/a><\/li>\n<li><a title=\"De Frigida villa \u00e0 Froideville\" href=\"https:\/\/www.carillons.ch\/blog\/frigida-villa\/\">De Frigida villa \u00e0 Froideville <\/a><\/li>\n<li><a title=\"Documentation historique sur l'ancienne Abbaye cistercienne de Montheron\" href=\"https:\/\/www.carillons.ch\/blog\/documentation-historique-sur-lancienne-abbaye-cistercienne-de-montheron\/\">Documentation historique sur l'ancienne Abbaye cistercienne de Montheron <\/a><\/li>\n<li><a title=\"Dommartin, ville fortifi\u00e9e \/ Visite guid\u00e9e\" href=\"https:\/\/www.carillons.ch\/blog\/2018-09-21-septembre-dommartin-ville-fortifiee\/\">Dommartin, ville fortifi\u00e9e \/ Visite guid\u00e9e <\/a><\/li>\n<\/ul>\n<\/div>\n<div class=\"tagindex\">\n<h4 id=\"mctm1-E\">E<\/h4>\n<ul class=\"links\">\n<li><a title=\"Ecouter le Cr\u00e9ole Guadeloup\u00e9en\" href=\"https:\/\/www.carillons.ch\/blog\/ecouter-le-creole-guadeloupeen\/\">Ecouter le Cr\u00e9ole Guadeloup\u00e9en <\/a><\/li>\n<li><a title=\"Eglise de Pully-La-Rosiaz\" href=\"https:\/\/www.carillons.ch\/blog\/eglise-de-pully-la-rosiaz\/\">Eglise de Pully-La-Rosiaz <\/a><\/li>\n<li><a title=\"Enfance en fra\u00eecheur\" href=\"https:\/\/www.carillons.ch\/blog\/enfance-en-fraicheur\/\">Enfance en fra\u00eecheur <\/a><\/li>\n<li><a title=\"Ensemble vocal Bis \u00e0 Montheron en 2011\" href=\"https:\/\/www.carillons.ch\/blog\/ensemble-vocal-bis-a-montheron\/\">Ensemble vocal Bis \u00e0 Montheron en 2011 <\/a><\/li>\n<li><a title=\"Etonnante description d'un joueur d'orgue\" href=\"https:\/\/www.carillons.ch\/blog\/etonnante-description-dun-joueur-dorgue\/\">Etonnante description d'un joueur d'orgue <\/a><\/li>\n<\/ul>\n<\/div>\n<div class=\"tagindex\">\n<h4 id=\"mctm1-F\">F<\/h4>\n<ul class=\"links\">\n<li><a title=\"F\u00e9d\u00e9ration Mondiale du Carillon\" href=\"https:\/\/www.carillons.ch\/blog\/federation-mondiale-du-carillon\/\">F\u00e9d\u00e9ration Mondiale du Carillon <\/a><\/li>\n<li><a title=\"Fouilles arch\u00e9ologiques et documents d\u2019archives\" href=\"https:\/\/www.carillons.ch\/blog\/fouilles-archeologiques-et-documents-darchives\/\">Fouilles arch\u00e9ologiques et documents d\u2019archives <\/a><\/li>\n<li><a title=\"Fouilles pr\u00e9sentes et futures \u00e0 l'Abbaye de Montheron\" href=\"https:\/\/www.carillons.ch\/blog\/fouilles-presentes-et-futures-a-labbaye-de-montheron\/\">Fouilles pr\u00e9sentes et futures \u00e0 l'Abbaye de Montheron <\/a><\/li>\n<li><a title=\"Froideville, Frigida villa, village de serfs de l\u2019abbaye de Montheron, visite guid\u00e9e\" href=\"https:\/\/www.carillons.ch\/blog\/froideville-frigida-villa-village-de-serfs-de-labbaye-de-montheron-visite-guidee\/\">Froideville, Frigida villa, village de serfs de l\u2019abbaye de Montheron, visite guid\u00e9e <\/a><\/li>\n<li><a title=\"F\u00fchrungen durch die Zisterzienser St\u00e4tte\" href=\"https:\/\/www.carillons.ch\/blog\/fuhrungen-durch-die-zisterzienser-statte\/\">F\u00fchrungen durch die Zisterzienser St\u00e4tte <\/a><\/li>\n<\/ul>\n<\/div>\n<div class=\"tagindex\">\n<h4 id=\"mctm1-G\">G<\/h4>\n<ul class=\"links\">\n<li><a title=\"GCCS, Guilde des carillonneurs et campanologues suisses\" href=\"https:\/\/www.carillons.ch\/blog\/gccs-guilde-des-carillonneurs-et-campanologues-suisses\/\">GCCS, Guilde des carillonneurs et campanologues suisses <\/a><\/li>\n<li><a title=\"Goumoens-la-Ville, ses trois ch\u00e2teaux et son \u00e9glise carolingienne \/ Visite guid\u00e9e\" href=\"https:\/\/www.carillons.ch\/blog\/goumoens-la-ville-ses-trois-chateaux-et-son-eglise-carolingienne-visite-guidee\/\">Goumoens-la-Ville, ses trois ch\u00e2teaux et son \u00e9glise carolingienne \/ Visite guid\u00e9e <\/a><\/li>\n<li><a title=\"Guided tours of the Cistercian site\" href=\"https:\/\/www.carillons.ch\/blog\/guided-tours-of-the-cistercian-site\/\">Guided tours of the Cistercian site <\/a><\/li>\n<\/ul>\n<\/div>\n<div class=\"tagindex\">\n<h4 id=\"mctm1-I\">I<\/h4>\n<ul class=\"links\">\n<li><a title=\"Index Carillon de Chantemerle, concerts\" href=\"https:\/\/www.carillons.ch\/blog\/index-carillon-de-chantemerle\/\">Index Carillon de Chantemerle, concerts <\/a><\/li>\n<li><a title=\"Index Carillon de Chantemerle, ses 48 cloches\" href=\"https:\/\/www.carillons.ch\/blog\/index-carillon-de-chantemerle-ses-48-cloches\/\">Index Carillon de Chantemerle, ses 48 cloches <\/a><\/li>\n<li><a title=\"Index Paroisse du Haut-Talent 2\" href=\"https:\/\/www.carillons.ch\/blog\/index-paroisse-du-haut-talent2\/\">Index Paroisse du Haut-Talent 2 <\/a><\/li>\n<\/ul>\n<\/div>\n<div class=\"tagindex\">\n<h4 id=\"mctm1-J\">J<\/h4>\n<ul class=\"links\">\n<li><a title=\"Je trottine dans ma ville\" href=\"https:\/\/www.carillons.ch\/blog\/je-trottine-dans-ma-ville\/\">Je trottine dans ma ville <\/a><\/li>\n<li><a title=\"Jorat, programme d'activit\u00e9s 2017\" href=\"https:\/\/www.carillons.ch\/blog\/jorat-programme-dactivites-2017\/\">Jorat, programme d'activit\u00e9s 2017 <\/a><\/li>\n<li><a title=\"Jorat, Programme d'activit\u00e9s 2018\" href=\"https:\/\/www.carillons.ch\/blog\/jorat-programme-dactivites-2018\/\">Jorat, Programme d'activit\u00e9s 2018 <\/a><\/li>\n<\/ul>\n<\/div>\n<div class=\"tagindex\">\n<h4 id=\"mctm1-L\">L<\/h4>\n<ul class=\"links\">\n<li><a title=\"La baronnie de Bercher et son ch\u00e2teau, l\u2019\u00e9glise et la cure \/ Visite guid\u00e9e\" href=\"https:\/\/www.carillons.ch\/blog\/la-baronnie-de-bercher-et-son-chateau-leglise-et-la-cure-visite-guidee\/\">La baronnie de Bercher et son ch\u00e2teau, l\u2019\u00e9glise et la cure \/ Visite guid\u00e9e <\/a><\/li>\n<li><a title=\"L'Abbaye de Montheron sur la Route Europ\u00e9enne des Abbayes Cisterciennes\" href=\"https:\/\/www.carillons.ch\/blog\/labbaye-de-montheron-sur-la-route-europeenne-des-abbayes-cisterciennes\/\">L'Abbaye de Montheron sur la Route Europ\u00e9enne des Abbayes Cisterciennes <\/a><\/li>\n<li><a title=\"La chapelle des R\u00e2pes\" href=\"https:\/\/www.carillons.ch\/blog\/la-chapelle-des-rapes\/\">La chapelle des R\u00e2pes <\/a><\/li>\n<li><a title=\"La danse\" href=\"https:\/\/www.carillons.ch\/blog\/la-danse\/\">La danse <\/a><\/li>\n<li><a title=\"La guitare, porte vers notre \u00eatre int\u00e9rieur\" href=\"https:\/\/www.carillons.ch\/blog\/la-guitare-porte-vers-notre-etre-interieur\/\">La guitare, porte vers notre \u00eatre int\u00e9rieur <\/a><\/li>\n<li><a title=\"La l\u00e9g\u00e8ret\u00e9 du piano\" href=\"https:\/\/www.carillons.ch\/blog\/la-legerete-du-piano\/\">La l\u00e9g\u00e8ret\u00e9 du piano <\/a><\/li>\n<li><a title=\"La m\u00e9moire \u00e9crite de l\u2019abbaye de Montheron\" href=\"https:\/\/www.carillons.ch\/blog\/la-memoire-ecrite-de-labbaye-de-montheron\/\">La m\u00e9moire \u00e9crite de l\u2019abbaye de Montheron <\/a><\/li>\n<li><a title=\"L\u2019ancienne abbatiale de Montheron: une \u00e9nigme architecturale\" href=\"https:\/\/www.carillons.ch\/blog\/lancienne-abbatiale-de-montheron-une-enigme-architecturale\/\">L\u2019ancienne abbatiale de Montheron: une \u00e9nigme architecturale <\/a><\/li>\n<li><a title=\"L\u2019ancien Prieur\u00e9 de chanoines de Montpreveyres et son r\u00f4le dans le Jorat\" href=\"https:\/\/www.carillons.ch\/blog\/lancien-prieure-de-chanoines-de-montpreveyres-et-son-role-dans-le-jorat\/\">L\u2019ancien Prieur\u00e9 de chanoines de Montpreveyres et son r\u00f4le dans le Jorat <\/a><\/li>\n<li><a title=\"L\u2019ancien Prieur\u00e9 de chanoines d'Etoy et un carillon m\u00e9canique de 16 cloches, visite\" href=\"https:\/\/www.carillons.ch\/blog\/lancien-prieure-de-chanoines-detoy-et-un-carillon-mecanique-de-16-cloches-visite\/\">L\u2019ancien Prieur\u00e9 de chanoines d'Etoy et un carillon m\u00e9canique de 16 cloches, visite <\/a><\/li>\n<li><a title=\"Langage de la musique\" href=\"https:\/\/www.carillons.ch\/blog\/musique\/\">Langage de la musique <\/a><\/li>\n<li><a title=\"Langage de la peinture\" href=\"https:\/\/www.carillons.ch\/blog\/langage-de-la-peinture\/\">Langage de la peinture <\/a><\/li>\n<li><a title=\"Langage de l'orgue\" href=\"https:\/\/www.carillons.ch\/blog\/orgue\/\">Langage de l'orgue <\/a><\/li>\n<li><a title=\"Langage du carillon\" href=\"https:\/\/www.carillons.ch\/blog\/langage-du-carillon\/\">Langage du carillon <\/a><\/li>\n<li><a title=\"Langage du clavecin\" href=\"https:\/\/www.carillons.ch\/blog\/langage-du-clavecin\/\">Langage du clavecin <\/a><\/li>\n<li><a title=\"Langage du dessin et musique\" href=\"https:\/\/www.carillons.ch\/blog\/langage-du-dessin-et-musique\/\">Langage du dessin et musique <\/a><\/li>\n<li><a title=\"Langage du piano\" href=\"https:\/\/www.carillons.ch\/blog\/le-piano-2\/\">Langage du piano <\/a><\/li>\n<li><a title=\"Langages\" href=\"https:\/\/www.carillons.ch\/blog\/langages\/\">Langages <\/a><\/li>\n<li><a title=\"La porte et le pont qui enjambe l\u2019Orbe au d\u00e9fil\u00e9 des Cl\u00e9es, avec sa forteresse, passage commercial m\u00e9di\u00e9val d'importance europ\u00e9enne\" href=\"https:\/\/www.carillons.ch\/blog\/le-pont-sur-l-orbe\/\">La porte et le pont qui enjambe l\u2019Orbe au d\u00e9fil\u00e9 des Cl\u00e9es, avec sa forteresse, passage commercial m\u00e9di\u00e9val d'importance europ\u00e9enne <\/a><\/li>\n<li><a title=\"L\u2019art du carillon en Suisse et \u00e0 Pully\" href=\"https:\/\/www.carillons.ch\/blog\/11759-2\/\">L\u2019art du carillon en Suisse et \u00e0 Pully <\/a><\/li>\n<li><a title=\"La ruelle des convers chez les cisterciens\" href=\"https:\/\/www.carillons.ch\/blog\/hist-la-ruelle-des-convers-chez-les-cisterciens\/\">La ruelle des convers chez les cisterciens <\/a><\/li>\n<li><a title=\"L\u2019Association pour les int\u00e9r\u00eats de Pully-Nord\" href=\"https:\/\/www.carillons.ch\/blog\/lassociation-pour-les-interets-et-le-developpement-de-pully-nord\/\">L\u2019Association pour les int\u00e9r\u00eats de Pully-Nord <\/a><\/li>\n<li><a title=\"La tour de Marsens, ancienne maison forte de l'\u00e9v\u00eaque de Lausanne en Lavaux\" href=\"https:\/\/www.carillons.ch\/blog\/la-tour-de-marsens2\/\">La tour de Marsens, ancienne maison forte de l'\u00e9v\u00eaque de Lausanne en Lavaux <\/a><\/li>\n<li><a title=\"Le carillon\" href=\"https:\/\/www.carillons.ch\/blog\/le-carillon\/\">Le carillon <\/a><\/li>\n<li><a title=\"Le carillon de 49 cloches de l\u2019Abbaye de St-Maurice, visite guid\u00e9e\" href=\"https:\/\/www.carillons.ch\/blog\/2018-09-13-septembre-le-carillon-de-49-cloches-de-labbaye-de-st-maurice\/\">Le carillon de 49 cloches de l\u2019Abbaye de St-Maurice, visite guid\u00e9e <\/a><\/li>\n<li><a title=\"Le ch\u00e2teau bourguignon d\u2019Echallens, des seigneurs de Montfaucon, ses trois tours conserv\u00e9es, ses caveaux\" href=\"https:\/\/www.carillons.ch\/blog\/le-chateau-bourguignon-dechallens-des-seigneurs-de-montfaucon-ses-trois-tours-conservees-ses-caveaux\/\">Le ch\u00e2teau bourguignon d\u2019Echallens, des seigneurs de Montfaucon, ses trois tours conserv\u00e9es, ses caveaux <\/a><\/li>\n<li><a title=\"Le ch\u00e2teau de Ropraz et l\u2019\u00e9glise avec la chapelle des seigneurs Clavel de Ropraz, visite\" href=\"https:\/\/www.carillons.ch\/blog\/le-chateau-de-ropraz-et-leglise-avec-la-chapelle-des-seigneurs-clavel-de-ropraz-visite\/\">Le ch\u00e2teau de Ropraz et l\u2019\u00e9glise avec la chapelle des seigneurs Clavel de Ropraz, visite <\/a><\/li>\n<li><a title=\"Le D\u00e9zaley et ses chapelles\" href=\"https:\/\/www.carillons.ch\/blog\/le-dezaley-et-ses-chapelles\/\">Le D\u00e9zaley et ses chapelles <\/a><\/li>\n<li><a title=\"L\u2019\u00e9glise n\u00e9o-gothique de Ch\u00e2tel St-Denis\" href=\"https:\/\/www.carillons.ch\/blog\/2019-09-05-septembre-leglise-de-chatel-st-denis\/\">L\u2019\u00e9glise n\u00e9o-gothique de Ch\u00e2tel St-Denis <\/a><\/li>\n<li><a title=\"L\u2019\u00c9glise paritaire Saint-Laurent d\u2019\u00c9tagni\u00e8res\" href=\"https:\/\/www.carillons.ch\/blog\/2019-05-17-mai-leglise-paritaire-saint-laurent-detagnieres\/\">L\u2019\u00c9glise paritaire Saint-Laurent d\u2019\u00c9tagni\u00e8res <\/a><\/li>\n<li><a title=\"L\u2019\u00c9glise paritaire Saint-Nicolas de Villars-le-Terroir \/ Visite guid\u00e9e\" href=\"https:\/\/www.carillons.ch\/blog\/leglise-paritaire-saint-nicolas-de-villars-le-terroir-visite-guidee\/\">L\u2019\u00c9glise paritaire Saint-Nicolas de Villars-le-Terroir \/ Visite guid\u00e9e <\/a><\/li>\n<li><a title=\"L\u2019\u00e9glise romane de St-Sulpice, ancien Prieur\u00e9 clunisien de l\u2019Abbaye de Molesme\" href=\"https:\/\/www.carillons.ch\/blog\/leglise-romane-de-st-sulpice-ancien-prieure-clunisien-de-labbaye-de-molesme\/\">L\u2019\u00e9glise romane de St-Sulpice, ancien Prieur\u00e9 clunisien de l\u2019Abbaye de Molesme <\/a><\/li>\n<li><a title=\"Le mot des arch\u00e9ologues Montheron 1999-2006\" href=\"https:\/\/www.carillons.ch\/blog\/le-mot-des-archeologues-montheron-1999-2006\/\">Le mot des arch\u00e9ologues Montheron 1999-2006 <\/a><\/li>\n<li><a title=\"Le patrimoine campanaire fribourgeois\" href=\"https:\/\/www.carillons.ch\/blog\/le-patrimoine-campanaire-fribourgeois\/\">Le patrimoine campanaire fribourgeois <\/a><\/li>\n<li><a title=\"Le piano\" href=\"https:\/\/www.carillons.ch\/blog\/le-piano\/\">Le piano <\/a><\/li>\n<li><a title=\"Le prieur\u00e9 b\u00e9n\u00e9dictin viticole de Lutry, visite guid\u00e9e\" href=\"https:\/\/www.carillons.ch\/blog\/le-prieure-benedictin-viticole-de-lutry-visite-guidee\/\">Le prieur\u00e9 b\u00e9n\u00e9dictin viticole de Lutry, visite guid\u00e9e <\/a><\/li>\n<li><a title=\"Le Prieur\u00e9 de Pully, villa romaine, grange viticole clunisienne \/ Visite guid\u00e9e\" href=\"https:\/\/www.carillons.ch\/blog\/le-prieure-de-pully-villa-romaine-grange-viticole-clunisienne-visite-guidee\/\">Le Prieur\u00e9 de Pully, villa romaine, grange viticole clunisienne \/ Visite guid\u00e9e <\/a><\/li>\n<li><a title=\"Les 19 cloches de 1953\" href=\"https:\/\/www.carillons.ch\/blog\/les-19-cloches-de-1953\/\">Les 19 cloches de 1953 <\/a><\/li>\n<li><a title=\"Le seigneur Henri de Colombier et l\u2019Abbaye de Montheron\" href=\"https:\/\/www.carillons.ch\/blog\/le-seigneur-henri-de-colombier-et-labbaye-de-montheron\/\">Le seigneur Henri de Colombier et l\u2019Abbaye de Montheron <\/a><\/li>\n<li><a title=\"Les langues: voix, musiques\" href=\"https:\/\/www.carillons.ch\/blog\/les-langues-voix-musiques\/\">Les langues: voix, musiques <\/a><\/li>\n<li><a title=\"Les orgues de l'\u00e9glise de la Rosiaz\" href=\"https:\/\/www.carillons.ch\/blog\/les-orgues-de-leglise-de-la-rosiaz\/\">Les orgues de l'\u00e9glise de la Rosiaz <\/a><\/li>\n<li><a title=\"Les portes-fen\u00eatre de la salle des f\u00eates\" href=\"https:\/\/www.carillons.ch\/blog\/les-portes-fenetre-de-la-salle-des-fetes\/\">Les portes-fen\u00eatre de la salle des f\u00eates <\/a><\/li>\n<li><a title=\"Lettre de nouvelles \/ Abbaye de Montheron\" href=\"https:\/\/www.carillons.ch\/blog\/lettre-de-nouvelles-abbaye-de-montheron\/\">Lettre de nouvelles \/ Abbaye de Montheron <\/a><\/li>\n<li><a title=\"Lettre de nouvelles du Carillon de Chantemerle\" href=\"https:\/\/www.carillons.ch\/blog\/lettre-de-nouvelles-du-carillon-de-chantemerle\/\">Lettre de nouvelles du Carillon de Chantemerle <\/a><\/li>\n<li><a title=\"Le village de Morrens, ch\u00eane, \u00e9glise, cure et ch\u00e2teau \/ Visite guid\u00e9e\" href=\"https:\/\/www.carillons.ch\/blog\/le-village-de-morrens-chene-eglise-cure-et-chateau-visite-guidee\/\">Le village de Morrens, ch\u00eane, \u00e9glise, cure et ch\u00e2teau \/ Visite guid\u00e9e <\/a><\/li>\n<li><a title=\"L\u2019hydraule d\u2019Avenches (orgue romain)\" href=\"https:\/\/www.carillons.ch\/blog\/lhydraule-davenches-orgue-romain\/\">L\u2019hydraule d\u2019Avenches (orgue romain) <\/a><\/li>\n<li><a title=\"Liste des visites guid\u00e9es propos\u00e9es\" href=\"https:\/\/www.carillons.ch\/blog\/liste-des-visites-guidees-proposees\/\">Liste des visites guid\u00e9es propos\u00e9es <\/a><\/li>\n<li><a title=\"L'orgue, le plus magnifique des instruments, selon Balzac\" href=\"https:\/\/www.carillons.ch\/blog\/lorgue-le-plus-magnifique-des-instruments-selon-balzac\/\">L'orgue, le plus magnifique des instruments, selon Balzac <\/a><\/li>\n<\/ul>\n<\/div>\n<div class=\"tagindex\">\n<h4 id=\"mctm1-M\">M<\/h4>\n<ul class=\"links\">\n<li><a title=\"Mex, son temple du temps de la r\u00e9forme et ses trois ch\u00e2teaux, visite guid\u00e9e\" href=\"https:\/\/www.carillons.ch\/blog\/mex-son-temple-du-temps-de-la-reforme-et-ses-trois-chateaux-visite-guidee\/\">Mex, son temple du temps de la r\u00e9forme et ses trois ch\u00e2teaux, visite guid\u00e9e <\/a><\/li>\n<li><a title=\"Montcherand, site clunisien avec son \u00e9glise du Xe si\u00e8cle, ses fresques romanes et son ch\u00e2teau\" href=\"https:\/\/www.carillons.ch\/blog\/montcherand-site-clunisien-avec-son-eglise-du-xe-siecle-ses-fresques-romanes-et-son-chateau\/\">Montcherand, site clunisien avec son \u00e9glise du Xe si\u00e8cle, ses fresques romanes et son ch\u00e2teau <\/a><\/li>\n<li><a title=\"Montheron 1999-2006, ou d'un vilain champignon \u00e0 une belle restauration\" href=\"https:\/\/www.carillons.ch\/blog\/montheron-1999-2006-ou-dun-vilain-champignon-a-une-belle-restauration\/\">Montheron 1999-2006, ou d'un vilain champignon \u00e0 une belle restauration <\/a><\/li>\n<li><a title=\"Montheron, vitrail de la Crucifixion\" href=\"https:\/\/www.carillons.ch\/blog\/montheron-vitrail-de-la-crucifixion\/\">Montheron, vitrail de la Crucifixion <\/a><\/li>\n<li><a title=\"Montheron, vitrail du bapt\u00eame du Christ\" href=\"https:\/\/www.carillons.ch\/blog\/montheron-vitrail-du-bapteme-du-christ\/\">Montheron, vitrail du bapt\u00eame du Christ <\/a><\/li>\n<li><a title=\"Morrens, vitrail de la samaritaine au puit\" href=\"https:\/\/www.carillons.ch\/blog\/morrens-vitrail-de-la-samaritaine-au-puit\/\">Morrens, vitrail de la samaritaine au puit <\/a><\/li>\n<li><a title=\"Mots d'enfants\" href=\"https:\/\/www.carillons.ch\/blog\/mots-d-enfants\/\">Mots d'enfants <\/a><\/li>\n<\/ul>\n<\/div>\n<div class=\"tagindex\">\n<h4 id=\"mctm1-N\">N<\/h4>\n<ul class=\"links\">\n<li><a title=\"Notre-Dame de Bellevaux, une abbaye oubli\u00e9e\" href=\"https:\/\/www.carillons.ch\/blog\/notre-dame-de-bellevaux-une-abbaye-oubliee\/\">Notre-Dame de Bellevaux, une abbaye oubli\u00e9e <\/a><\/li>\n<li><a title=\"Nouvelles de P\u00e2KOMUZ\u00e9\" href=\"https:\/\/www.carillons.ch\/blog\/pakomuze\/\">Nouvelles de P\u00e2KOMUZ\u00e9 <\/a><\/li>\n<li><a title=\"Nuit des \u00e9glises\" href=\"https:\/\/www.carillons.ch\/blog\/2017-05-20-mai-nuit-des-eglises\/\">Nuit des \u00e9glises <\/a><\/li>\n<\/ul>\n<\/div>\n<div class=\"tagindex\">\n<h4 id=\"mctm1-O\">O<\/h4>\n<ul class=\"links\">\n<li><a title=\"Onnens, son ch\u0153ur gothique, ses d\u00e9cors peints du XVe s. (enfer et paradis) et son dolmen\" href=\"https:\/\/www.carillons.ch\/blog\/onnens-son-choeur-gothique-ses-decors-peints-du-xve-s-enfer-et-paradis-et-son-dolmen\/\">Onnens, son ch\u0153ur gothique, ses d\u00e9cors peints du XVe s. (enfer et paradis) et son dolmen <\/a><\/li>\n<li><a title=\"Orgue de choeur Sumiswald (Berne) 1860\" href=\"https:\/\/www.carillons.ch\/blog\/orgue-de-choeur-sumiswald-berne-1860\/\">Orgue de choeur Sumiswald (Berne) 1860 <\/a><\/li>\n<li><a title=\"Orgue de tribune Denis Londe (Jura fran\u00e7ais) 2007\" href=\"https:\/\/www.carillons.ch\/blog\/orgue-de-tribune-denis-londe-jura-francais-2007\/\">Orgue de tribune Denis Londe (Jura fran\u00e7ais) 2007 <\/a><\/li>\n<li><a title=\"Orgue et po\u00e9sie (\u00e0 Montheron)\" href=\"https:\/\/www.carillons.ch\/blog\/orgue-et-poesie-a-montheron\/\">Orgue et po\u00e9sie (\u00e0 Montheron) <\/a><\/li>\n<li><a title=\"Orgue : jeu de trompette 8'\" href=\"https:\/\/www.carillons.ch\/blog\/orgue-jeu-de-trompette-8\/\">Orgue : jeu de trompette 8' <\/a><\/li>\n<li><a title=\"Orgue positif Walpen au D\u00e9zaley 1800\" href=\"https:\/\/www.carillons.ch\/blog\/orgue-positif-walpen-au-dezaley\/\">Orgue positif Walpen au D\u00e9zaley 1800 <\/a><\/li>\n<li><a title=\"Orgues de choeur de l'\u00e9glise de Bottens\" href=\"https:\/\/www.carillons.ch\/blog\/orgues-de-choeur-de-leglise-de-bottens\/\">Orgues de choeur de l'\u00e9glise de Bottens <\/a><\/li>\n<li><a title=\"Orgues de Cugy\" href=\"https:\/\/www.carillons.ch\/blog\/orgues-de-cugy\/\">Orgues de Cugy <\/a><\/li>\n<li><a title=\"Orgues de Froideville\" href=\"https:\/\/www.carillons.ch\/blog\/orgue-de-froideville\/\">Orgues de Froideville <\/a><\/li>\n<li><a title=\"Orgues de l'\u00e9glise d'Assens\" href=\"https:\/\/www.carillons.ch\/blog\/orgues-de-leglise-dassens\/\">Orgues de l'\u00e9glise d'Assens <\/a><\/li>\n<li><a title=\"Orgues de l'\u00e9glise de Morrens VD\" href=\"https:\/\/www.carillons.ch\/blog\/orgues-de-leglise-de-morrens-vd\/\">Orgues de l'\u00e9glise de Morrens VD <\/a><\/li>\n<li><a title=\"Orgues de l'\u00e9glise Saint-Etienne de Bottens\" href=\"https:\/\/www.carillons.ch\/blog\/orgues-de-leglise-saint-etienne-de-bottens\/\">Orgues de l'\u00e9glise Saint-Etienne de Bottens <\/a><\/li>\n<li><a title=\"Orny, ch\u00e2teau et \u00e9glise gothique m\u00e9di\u00e9vale et le moulin Bornu, ancien prieur\u00e9\" href=\"https:\/\/www.carillons.ch\/blog\/orny-chateau-et-eglise-gothique-medievale-et-le-moulin-bornu-ancien-prieure\/\">Orny, ch\u00e2teau et \u00e9glise gothique m\u00e9di\u00e9vale et le moulin Bornu, ancien prieur\u00e9 <\/a><\/li>\n<li><a title=\"Oulens-sous-\u00c9challens, son \u00e9glise m\u00e9di\u00e9vale\" href=\"https:\/\/www.carillons.ch\/blog\/2019-08-22-aout-oulens-sous-echallens-son-eglise-medievale\/\">Oulens-sous-\u00c9challens, son \u00e9glise m\u00e9di\u00e9vale <\/a><\/li>\n<\/ul>\n<\/div>\n<div class=\"tagindex\">\n<h4 id=\"mctm1-P\">P<\/h4>\n<ul class=\"links\">\n<li><a title=\"Page Facebook Abbaye de Montheron\" href=\"https:\/\/www.carillons.ch\/blog\/page-facebook-abbaye-de-montheron\/\">Page Facebook Abbaye de Montheron <\/a><\/li>\n<li><a title=\"Page Facebook Carillon de Chantemerle\" href=\"https:\/\/www.carillons.ch\/blog\/page-facebook-carillon-de-chantemerle\/\">Page Facebook Carillon de Chantemerle <\/a><\/li>\n<li><a title=\"Page Facebook Carillons en Suisse\" href=\"https:\/\/www.carillons.ch\/blog\/page-facebook-carillons-en-suisse\/\">Page Facebook Carillons en Suisse <\/a><\/li>\n<li><a title=\"Page Facebook Polymusicien\" href=\"https:\/\/www.carillons.ch\/blog\/page-facebook-daniel-thomas-carillonneur\/\">Page Facebook Polymusicien <\/a><\/li>\n<li><a title=\"Page Instagram Abbaye de Montheron\" href=\"https:\/\/www.carillons.ch\/blog\/page-instagram-de-labbaye-de-montheron\/\">Page Instagram Abbaye de Montheron <\/a><\/li>\n<li><a title=\"Page Instagram Carillon de Chantemerle\" href=\"https:\/\/www.carillons.ch\/blog\/page-instagram-du-carillon-de-chantemerle\/\">Page Instagram Carillon de Chantemerle <\/a><\/li>\n<li><a title=\"Page instagram Carillon de l'Abbaye de Montheron\" href=\"https:\/\/www.carillons.ch\/blog\/page-instagram-carillon-de-labbaye-de-montheron\/\">Page instagram Carillon de l'Abbaye de Montheron <\/a><\/li>\n<li><a title=\"Page Instagram Carillons Suisses\" href=\"https:\/\/www.carillons.ch\/blog\/page-instagram-carillons-suisses\/\">Page Instagram Carillons Suisses <\/a><\/li>\n<li><a title=\"Page Instagram Daniel Thomas, carillonneur\" href=\"https:\/\/www.carillons.ch\/blog\/page-instagram-daniel-thomas-carillonneur-2\/\">Page Instagram Daniel Thomas, carillonneur <\/a><\/li>\n<li><a title=\"Page Instagram Daniel Thomas organiste\" href=\"https:\/\/www.carillons.ch\/blog\/page-instagram-daniel-thomas-organiste\/\">Page Instagram Daniel Thomas organiste <\/a><\/li>\n<li><a title=\"Page Instagram Daniel Thomas, visites guid\u00e9es\" href=\"https:\/\/www.carillons.ch\/blog\/page-instagram-daniel-thomas-visites-guidees\/\">Page Instagram Daniel Thomas, visites guid\u00e9es <\/a><\/li>\n<li><a title=\"Page Instagram Polymusicien\" href=\"https:\/\/www.carillons.ch\/blog\/page-instagram-daniel-thomas-carillonneur\/\">Page Instagram Polymusicien <\/a><\/li>\n<li><a title=\"Page Linkedin Abbaye de Montheron\" href=\"https:\/\/www.carillons.ch\/blog\/page-linkedin-abbaye-de-montheron\/\">Page Linkedin Abbaye de Montheron <\/a><\/li>\n<li><a title=\"Page Linkedin Carillon de Chantemerle\" href=\"https:\/\/www.carillons.ch\/blog\/page-linkedin-carillon-de-chantemerle\/\">Page Linkedin Carillon de Chantemerle <\/a><\/li>\n<li><a title=\"Page Linkedin Carillon de l'Abbaye de Montheron\" href=\"https:\/\/www.carillons.ch\/blog\/page-linkedin-carillon-de-labbaye-de-montheron\/\">Page Linkedin Carillon de l'Abbaye de Montheron <\/a><\/li>\n<li><a title=\"Page Linkedin Daniel Thomas carillonneur\" href=\"https:\/\/www.carillons.ch\/blog\/page-linkedin-daniel-thomas-carillonneur\/\">Page Linkedin Daniel Thomas carillonneur <\/a><\/li>\n<li><a title=\"Page Linkedin Daniel Thomas organiste\" href=\"https:\/\/www.carillons.ch\/blog\/page-linkedin-daniel-thomas-organiste\/\">Page Linkedin Daniel Thomas organiste <\/a><\/li>\n<li><a title=\"Page Linkedin Daniel Thomas Visites guid\u00e9es\" href=\"https:\/\/www.carillons.ch\/blog\/page-linkedin-daniel-thomas-visites-guidees\/\">Page Linkedin Daniel Thomas Visites guid\u00e9es <\/a><\/li>\n<li><a title=\"Page Twitter Abbaye de Montheron\" href=\"https:\/\/www.carillons.ch\/blog\/c-page-twitter-abbaye-de-montheron\/\">Page Twitter Abbaye de Montheron <\/a><\/li>\n<li><a title=\"Page Twitter Carillon de Chantemerle\" href=\"https:\/\/www.carillons.ch\/blog\/page-twitter-carillon-de-chantemerle\/\">Page Twitter Carillon de Chantemerle <\/a><\/li>\n<li><a title=\"Page Twitter Cloches et carillons en Suisse\" href=\"https:\/\/www.carillons.ch\/blog\/page-twitter-cloches-et-carillons-en-suisse\/\">Page Twitter Cloches et carillons en Suisse <\/a><\/li>\n<li><a title=\"Page Twitter Daniel Thomas carillonneur\" href=\"https:\/\/www.carillons.ch\/blog\/page-twitter-daniel-thomas-carillonneur\/\">Page Twitter Daniel Thomas carillonneur <\/a><\/li>\n<li><a title=\"Panneau: le monast\u00e8re de Montheron\" href=\"https:\/\/www.carillons.ch\/blog\/panneau-le-monastere-de-montheron\/\">Panneau: le monast\u00e8re de Montheron <\/a><\/li>\n<li><a title=\"Panorama de l'esplanade du carillon\" href=\"https:\/\/www.carillons.ch\/blog\/panorama-de-lesplanade-du-carillon\/\">Panorama de l'esplanade du carillon <\/a><\/li>\n<li><a title=\"Panorama depuis la place du Carillon de Chantemerle\" href=\"https:\/\/www.carillons.ch\/blog\/panorama-depuis-la-place-du-carillon-de-chantemerle\/\">Panorama depuis la place du Carillon de Chantemerle <\/a><\/li>\n<li><a title=\"Paroisse du Haut-Talent\" href=\"https:\/\/www.carillons.ch\/blog\/paroisse-du-haut-talent\/\">Paroisse du Haut-Talent <\/a><\/li>\n<li><a title=\"Partition: le Merle Bleu\" href=\"https:\/\/www.carillons.ch\/blog\/partition-le-merle-bleu\/\">Partition: le Merle Bleu <\/a><\/li>\n<li><a title=\"Partition pour guitare: Passages et myst\u00e8res\" href=\"https:\/\/www.carillons.ch\/blog\/partition-pour-guitare-passages-et-mysteres\/\">Partition pour guitare: Passages et myst\u00e8res <\/a><\/li>\n<li><a title=\"PEDRO XIMENES ABRIL TIRADO (1780-1856)\" href=\"https:\/\/www.carillons.ch\/blog\/pedro-ximenes-abril-tirado-1780-1856\/\">PEDRO XIMENES ABRIL TIRADO (1780-1856) <\/a><\/li>\n<li><a title=\"Petit calendrier des f\u00eates\" href=\"https:\/\/www.carillons.ch\/blog\/2018-11-27-petit-calendrier-des-fetes\/\">Petit calendrier des f\u00eates <\/a><\/li>\n<li><a title=\"Petit carillon des orgues de l'Abbaye de Montheron\" href=\"https:\/\/www.carillons.ch\/blog\/petit-carillon-des-orgues-de-labbaye-de-montheron\/\">Petit carillon des orgues de l'Abbaye de Montheron <\/a><\/li>\n<li><a title=\"Petit historique de l'Abbaye de Montheron\" href=\"https:\/\/www.carillons.ch\/blog\/petit-historique-de-labbaye-de-montheron\/\">Petit historique de l'Abbaye de Montheron <\/a><\/li>\n<li><a title=\"Photos Otto Schmid 1928\" href=\"https:\/\/www.carillons.ch\/blog\/photos-otto-schmid-1928\/\">Photos Otto Schmid 1928 <\/a><\/li>\n<li><a title=\"Poliez-Pittet et ses 4 clochers \/ visite guid\u00e9e\" href=\"https:\/\/www.carillons.ch\/blog\/poliez-pittet-et-ses-4-clochers-visite-guidee\/\">Poliez-Pittet et ses 4 clochers \/ visite guid\u00e9e <\/a><\/li>\n<li><a title=\"Polyglotte \/ les m\u00e9thodes assimil\" href=\"https:\/\/www.carillons.ch\/blog\/polyglotte-les-methodes-assimil\/\">Polyglotte \/ les m\u00e9thodes assimil <\/a><\/li>\n<li><a title=\"Position de la chaire dans l\u2019\u00e9glise de Montheron\" href=\"https:\/\/www.carillons.ch\/blog\/position-de-la-chaire-dans-leglise-de-montheron\/\">Position de la chaire dans l\u2019\u00e9glise de Montheron <\/a><\/li>\n<li><a title=\"Prangins, la vie au temps des seigneurs, avec son ch\u00e2teau et l'\u00e9glise dot\u00e9e d'une porte pour le seigneur\" href=\"https:\/\/www.carillons.ch\/blog\/prangins-visite\/\">Prangins, la vie au temps des seigneurs, avec son ch\u00e2teau et l'\u00e9glise dot\u00e9e d'une porte pour le seigneur <\/a><\/li>\n<li><a title=\"Pr\u00e9sentation de la Charte europ\u00e9enne des abbayes et sites cisterciens\" href=\"https:\/\/www.carillons.ch\/blog\/presentation-de-la-charte-europeenne-des-abbayes-et-sites-cisterciens\/\">Pr\u00e9sentation de la Charte europ\u00e9enne des abbayes et sites cisterciens <\/a><\/li>\n<li><a title=\"Pr\u00e9sentation du site langages\" href=\"https:\/\/www.carillons.ch\/blog\/presentation-du-site-langages\/\">Pr\u00e9sentation du site langages <\/a><\/li>\n<li><a title=\"Promenade \/ Nature en musique\" href=\"https:\/\/www.carillons.ch\/blog\/nature-en-musique\/\">Promenade \/ Nature en musique <\/a><\/li>\n<li><a title=\"Publication avec la GCCS et l'OFC Cloches\" href=\"https:\/\/www.carillons.ch\/blog\/publication-avec-la-gccs-et-lofc-cloches\/\">Publication avec la GCCS et l'OFC Cloches <\/a><\/li>\n<li><a title=\"Pully \u00e0 l'\u00e9poque romaine\" href=\"https:\/\/www.carillons.ch\/blog\/pully-a-lepoque-romaine\/\">Pully \u00e0 l'\u00e9poque romaine <\/a><\/li>\n<\/ul>\n<\/div>\n<div class=\"tagindex\">\n<h4 id=\"mctm1-Q\">Q<\/h4>\n<ul class=\"links\">\n<li><a title=\"Quartier du Pont \u00e0 Lausanne\" href=\"https:\/\/www.carillons.ch\/blog\/quartier-du-pont-a-lausanne\/\">Quartier du Pont \u00e0 Lausanne <\/a><\/li>\n<li><a title=\"Qui est St-Hubert, patron des chasseurs\" href=\"https:\/\/www.carillons.ch\/blog\/qui-est-st-hubert-patron-des-chasseurs\/\">Qui est St-Hubert, patron des chasseurs <\/a><\/li>\n<\/ul>\n<\/div>\n<div class=\"tagindex\">\n<h4 id=\"mctm1-R\">R<\/h4>\n<ul class=\"links\">\n<li><a title=\"Restauration de l'\u00e9glise de Montheron\" href=\"https:\/\/www.carillons.ch\/blog\/restauration-de-leglise-de-montheron\/\">Restauration de l'\u00e9glise de Montheron <\/a><\/li>\n<li><a title=\"Restauration de l'\u00e9glise de Montheron 2005-2006\" href=\"https:\/\/www.carillons.ch\/blog\/restauration-de-leglise-de-montheron-2005-2006\/\">Restauration de l'\u00e9glise de Montheron 2005-2006 <\/a><\/li>\n<li><a title=\"R\u00e9surrection du site historique de Montheron au XXe si\u00e8cle\" href=\"https:\/\/www.carillons.ch\/blog\/resurrection-du-site-historique-de-montheron-au-xxe-siecle\/\">R\u00e9surrection du site historique de Montheron au XXe si\u00e8cle <\/a><\/li>\n<li><a title=\"Revue 1997 Abbaye de Montheron\" href=\"https:\/\/www.carillons.ch\/blog\/revue-des-amis-de-labbaye-de-montheron-1997\/\">Revue 1997 Abbaye de Montheron <\/a><\/li>\n<li><a title=\"Revue 2002 Abbaye de Montheron\" href=\"https:\/\/www.carillons.ch\/blog\/revue-2002-abbaye-de-montheron\/\">Revue 2002 Abbaye de Montheron <\/a><\/li>\n<li><a title=\"Revue 2003 Abbaye de Montheron\" href=\"https:\/\/www.carillons.ch\/blog\/revue-2003-des-amis-de-labbaye-de-montheron\/\">Revue 2003 Abbaye de Montheron <\/a><\/li>\n<li><a title=\"Revue 2004 Abbaye de Montheron\" href=\"https:\/\/www.carillons.ch\/blog\/revue-2004-des-amis-de-labbaye-de-montheron\/\">Revue 2004 Abbaye de Montheron <\/a><\/li>\n<li><a title=\"Revue 2005 Abbaye de Montheron\" href=\"https:\/\/www.carillons.ch\/blog\/2005-revue-des-amis-de-labbaye-de-montheron\/\">Revue 2005 Abbaye de Montheron <\/a><\/li>\n<li><a title=\"Revue 2006 Abbaye de Montheron\" href=\"https:\/\/www.carillons.ch\/blog\/revue-des-amis-de-labbaye-de-montheron-2006\/\">Revue 2006 Abbaye de Montheron <\/a><\/li>\n<li><a title=\"Revue 2006: Livre \"Abbaye de Montheron 2006\"\" href=\"https:\/\/www.carillons.ch\/blog\/livre-abbaye-de-montheron-2006\/\">Revue 2006: Livre \"Abbaye de Montheron 2006\" <\/a><\/li>\n<li><a title=\"Revue 2007 Abbaye de Montheron\" href=\"https:\/\/www.carillons.ch\/blog\/revue-des-amis-de-labbaye-de-montheron-2007\/\">Revue 2007 Abbaye de Montheron <\/a><\/li>\n<li><a title=\"Revue 2008 Abbaye de Montheron\" href=\"https:\/\/www.carillons.ch\/blog\/la-revue-des-amis-de-labbaye-de-montheron\/\">Revue 2008 Abbaye de Montheron <\/a><\/li>\n<li><a title=\"Revue 2009 Abbaye de Montheron\" href=\"https:\/\/www.carillons.ch\/blog\/revue-des-amis-de-labbaye-de-montheron-2009\/\">Revue 2009 Abbaye de Montheron <\/a><\/li>\n<li><a title=\"Revue 2010 Abbaye de Montheron\" href=\"https:\/\/www.carillons.ch\/blog\/revue-des-amis-de-labbaye-de-montheron-2010\/\">Revue 2010 Abbaye de Montheron <\/a><\/li>\n<li><a title=\"Revue 2011 Abbaye de Montheron\" href=\"https:\/\/www.carillons.ch\/blog\/revue-des-amis-de-labbaye-de-montheron-2011\/\">Revue 2011 Abbaye de Montheron <\/a><\/li>\n<li><a title=\"Revue 2012 Abbaye de Montheron\" href=\"https:\/\/www.carillons.ch\/blog\/revue-des-amis-de-labbaye-de-montheron-2012\/\">Revue 2012 Abbaye de Montheron <\/a><\/li>\n<li><a title=\"Revue 2013 Abbaye de Montheron\" href=\"https:\/\/www.carillons.ch\/blog\/revue-2013-des-amis-de-labbaye-de-montheron\/\">Revue 2013 Abbaye de Montheron <\/a><\/li>\n<li><a title=\"Revue 2014 Abbaye de Montheron\" href=\"https:\/\/www.carillons.ch\/blog\/revue-2014-des-amis-de-labbaye-de-montheron\/\">Revue 2014 Abbaye de Montheron <\/a><\/li>\n<li><a title=\"Revue 2015 Abbaye de Montheron\" href=\"https:\/\/www.carillons.ch\/blog\/revue-2015-des-amis-de-labbaye-de-montheron\/\">Revue 2015 Abbaye de Montheron <\/a><\/li>\n<li><a title=\"Revue 2016 Abbaye de Montheron\" href=\"https:\/\/www.carillons.ch\/blog\/revue-2016-des-amis-de-labbaye-de-montheron\/\">Revue 2016 Abbaye de Montheron <\/a><\/li>\n<li><a title=\"Revue 2017 Abbaye de Montheron\" href=\"https:\/\/www.carillons.ch\/blog\/revue-2017-de-labbaye-de-montheron\/\">Revue 2017 Abbaye de Montheron <\/a><\/li>\n<li><a title=\"Revue 2018 Abbaye de Montheron\" href=\"https:\/\/www.carillons.ch\/blog\/revue-2018-de-labbaye-de-montheron\/\">Revue 2018 Abbaye de Montheron <\/a><\/li>\n<li><a title=\"Revue 2019 Abbaye de Montheron\" href=\"https:\/\/www.carillons.ch\/blog\/revue-2019-de-labbaye-de-montheron\/\">Revue 2019 Abbaye de Montheron <\/a><\/li>\n<li><a title=\"Revue 2020 Abbaye de Montheron\" href=\"https:\/\/www.carillons.ch\/blog\/revue-2020-abbaye-de-montheron\/\">Revue 2020 Abbaye de Montheron <\/a><\/li>\n<li><a title=\"Revue 2021 Abbaye de Montheron\" href=\"https:\/\/www.carillons.ch\/blog\/revue-2021-abbaye-de-montheron\/\">Revue 2021 Abbaye de Montheron <\/a><\/li>\n<li><a title=\"Revue Campanae Helveticae en pdf\" href=\"https:\/\/www.carillons.ch\/blog\/revue-campanae-helveticae-en-pdf\/\">Revue Campanae Helveticae en pdf <\/a><\/li>\n<li><a title=\"Revue de l'Abbaye de Montheron\" href=\"https:\/\/www.carillons.ch\/blog\/revue-de-labbaye-de-montheron\/\">Revue de l'Abbaye de Montheron <\/a><\/li>\n<li><a title=\"Route europ\u00e9enne des abbayes cisterciennes\" href=\"https:\/\/www.carillons.ch\/blog\/route-europeenne-des-abbayes-cisterciennes\/\">Route europ\u00e9enne des abbayes cisterciennes <\/a><\/li>\n<\/ul>\n<\/div>\n<div class=\"tagindex\">\n<h4 id=\"mctm1-S\">S<\/h4>\n<ul class=\"links\">\n<li><a title=\"Saint-Barth\u00e9l\u00e9my avec ses deux \u00e9glises et son ch\u00e2teau m\u00e9di\u00e9val, Goumoens-le-Ch\u00e2tel\" href=\"https:\/\/www.carillons.ch\/blog\/saint-barthelemy-avec-ses-deux-eglises-et-son-chateau-medieval-goumoens-le-chatel\/\">Saint-Barth\u00e9l\u00e9my avec ses deux \u00e9glises et son ch\u00e2teau m\u00e9di\u00e9val, Goumoens-le-Ch\u00e2tel <\/a><\/li>\n<li><a title=\"Saint-Saphorin en Lavaux\" href=\"https:\/\/www.carillons.ch\/blog\/2019-06-22-juin-saint-saphorin-en-lavaux\/\">Saint-Saphorin en Lavaux <\/a><\/li>\n<li><a title=\"Site irreel.ch, site de l'auteur\" href=\"https:\/\/www.carillons.ch\/blog\/site-irreel-ch-site-de-lauteur\/\">Site irreel.ch, site de l'auteur <\/a><\/li>\n<\/ul>\n<\/div>\n<div class=\"tagindex\">\n<h4 id=\"mctm1-T\">T<\/h4>\n<ul class=\"links\">\n<li><a title=\"Terre Nouvelle et SECAAR \/ Concerts d'entraide\" href=\"https:\/\/www.carillons.ch\/blog\/terre-nouvelle-et-secaar-concerts-dentraide\/\">Terre Nouvelle et SECAAR \/ Concerts d'entraide <\/a><\/li>\n<\/ul>\n<\/div>\n<div class=\"tagindex\">\n<h4 id=\"mctm1-U\">U<\/h4>\n<ul class=\"links\">\n<li><a title=\"Un h\u00e9raut du comte de Savoie \u00e0 Montheron\" href=\"https:\/\/www.carillons.ch\/blog\/un-heraut-du-comte-de-savoie-a-montheron\/\">Un h\u00e9raut du comte de Savoie \u00e0 Montheron <\/a><\/li>\n<li><a title=\"Un joyau de l\u2019art anglican en Suisse \u00e0 Territet\" href=\"https:\/\/www.carillons.ch\/blog\/2019-10-03-oct-un-joyau-de-lart-anglican-en-suisse-a-territet\/\">Un joyau de l\u2019art anglican en Suisse \u00e0 Territet <\/a><\/li>\n<li><a title=\"Un nouveau site pour l'Abbaye de Montheron\" href=\"https:\/\/www.carillons.ch\/blog\/un-nouveau-site-pour-labbaye-de-montheron\/\">Un nouveau site pour l'Abbaye de Montheron <\/a><\/li>\n<\/ul>\n<\/div>\n<div class=\"tagindex\">\n<h4 id=\"mctm1-V\">V<\/h4>\n<ul class=\"links\">\n<li><a title=\"Vid\u00e9o: Cloches et carillons au Tessin, 2004\" href=\"https:\/\/www.carillons.ch\/blog\/cloches-et-carillons-au-tessin\/\">Vid\u00e9o: Cloches et carillons au Tessin, 2004 <\/a><\/li>\n<li><a title=\"Vid\u00e9o: Gen\u00e8ve 2006 sonneries\" href=\"https:\/\/www.carillons.ch\/blog\/geneve-2006-sonneries\/\">Vid\u00e9o: Gen\u00e8ve 2006 sonneries <\/a><\/li>\n<li><a title=\"Vid\u00e9o: Sonneries \u00e0 Schaffhouse, octobre 2003\" href=\"https:\/\/www.carillons.ch\/blog\/sonneries-a-schaffhouse-octobre-2003\/\">Vid\u00e9o: Sonneries \u00e0 Schaffhouse, octobre 2003 <\/a><\/li>\n<li><a title=\"Video: Sonneries aux Grisons, octobre 2008, autour de Coire\" href=\"https:\/\/www.carillons.ch\/blog\/sonneries-aux-grisons-autour-de-coire\/\">Video: Sonneries aux Grisons, octobre 2008, autour de Coire <\/a><\/li>\n<li><a title=\"Villarzel, ancien bourg fortifi\u00e9 de l'\u00e9v\u00eaque de Lausanne, sa tour de d\u00e9fense, ses murailles et son \u00e9glise m\u00e9di\u00e9vale\" href=\"https:\/\/www.carillons.ch\/blog\/villarzel-ancien-bourg-fortifie-de-leveque-de-lausanne-sa-tour-de-defense-ses-murailles-et-son-eglise-medievale\/\">Villarzel, ancien bourg fortifi\u00e9 de l'\u00e9v\u00eaque de Lausanne, sa tour de d\u00e9fense, ses murailles et son \u00e9glise m\u00e9di\u00e9vale <\/a><\/li>\n<li><a title=\"Villeneuve, la \u00ab ville neuve de Chillon \u00bb, premi\u00e8re fondation de la maison de Savoie dans la r\u00e9gion\" href=\"https:\/\/www.carillons.ch\/blog\/villeneuve-la-ville-neuve-de-chillon-premiere-fondation-de-la-maison-de-savoie-dans-la-region\/\">Villeneuve, la \u00ab ville neuve de Chillon \u00bb, premi\u00e8re fondation de la maison de Savoie dans la r\u00e9gion <\/a><\/li>\n<li><a title=\"Villette, \u00e9glise romane, peintures sacr\u00e9es, village de serfs du Prieur\u00e9 de Lutry\" href=\"https:\/\/www.carillons.ch\/blog\/villette-eglise-romane-peintures-sacrees-village-de-serfs-du-prieure-de-lutry\/\">Villette, \u00e9glise romane, peintures sacr\u00e9es, village de serfs du Prieur\u00e9 de Lutry <\/a><\/li>\n<li><a title=\"Visite guid\u00e9e du carillon de Chantemerle\" href=\"https:\/\/www.carillons.ch\/blog\/visite-guidee-du-carillon-de-chantemerle\/\">Visite guid\u00e9e du carillon de Chantemerle <\/a><\/li>\n<li><a title=\"Visites culturelles, balades UPL\" href=\"https:\/\/www.carillons.ch\/blog\/visites-culturelles-balades-upl\/\">Visites culturelles, balades UPL <\/a><\/li>\n<li><a title=\"Visites de l'Universit\u00e9 Populaire de Lausanne\" href=\"https:\/\/www.carillons.ch\/blog\/visites-de-luniversite-populaire-de-lausanne\/\">Visites de l'Universit\u00e9 Populaire de Lausanne <\/a><\/li>\n<li><a title=\"Visites guid\u00e9es \u00e0 l'Abbaye de Montheron\" href=\"https:\/\/www.carillons.ch\/blog\/visites-guidees-a-labbaye-de-montheron\/\">Visites guid\u00e9es \u00e0 l'Abbaye de Montheron <\/a><\/li>\n<\/ul>\n<\/div>\n<div class=\"tagindex\">\n<h4 id=\"mctm1-W\">W<\/h4>\n<ul class=\"links\">\n<li><a title=\"Walsh Memorial Bell Choir\" href=\"https:\/\/www.carillons.ch\/blog\/2019-07-04-juillet-walsh-memorial-bell-choir\/\">Walsh Memorial Bell Choir <\/a><\/li>\n<\/ul>\n<\/div>\n<div class=\"tagindex\">\n<h4 id=\"mctm1-\u00c9\">\u00c9<\/h4>\n<ul class=\"links\">\n<li><a title=\"\u00c9challens, son ch\u00e2teau, son Turlet, ses deux \u00e9glises\" href=\"https:\/\/www.carillons.ch\/blog\/2019-09-13-septembre-echallens-son-chateau-son-turlet-ses-deux-eglises\/\">\u00c9challens, son ch\u00e2teau, son Turlet, ses deux \u00e9glises <\/a><\/li>\n<li><a title=\"\u00c9tablissements religieux m\u00e9di\u00e9vaux dans le Jorat\" href=\"https:\/\/www.carillons.ch\/blog\/etablissements-religieux-medievaux-dans-le-jorat\/\">\u00c9tablissements religieux m\u00e9di\u00e9vaux dans le Jorat <\/a><\/li>\n<\/ul>\n<\/div>\n<div class=\"tagindex\">\n<h4 id=\"mctm1-2\">2<\/h4>\n<ul class=\"links\">\n<li><a title=\"24 nouvelles cloches en 2014 au Carillon de Chantemerle\" href=\"https:\/\/www.carillons.ch\/blog\/2014-05-29-mai-inauguration-24-nouvelles-cloches\/\">24 nouvelles cloches en 2014 au Carillon de Chantemerle <\/a><\/li>\n<li><a title=\"2011 09 25 Quatuor Terpsycordes\" href=\"https:\/\/www.carillons.ch\/blog\/2011-09-25-quatuor-terpsycordes\/\">2011 09 25 Quatuor Terpsycordes <\/a><\/li>\n<\/ul>\n<\/div>\n<div class=\"tagindex\">\n<h4 id=\"mctm1-5\">5<\/h4>\n<ul class=\"links\">\n<li><a title=\"5 nouvelles cloches en 2011 au carillon de Chantemerle\" href=\"https:\/\/www.carillons.ch\/blog\/2011-09-04-carillon-fanfare\/\">5 nouvelles cloches en 2011 au carillon de Chantemerle <\/a><\/li>\n<\/ul>\n<\/div>\n<div class=\"tagindex\">\n<h4 id=\"mctm1-6\">6<\/h4>\n<ul class=\"links\">\n<li><a title=\"60 cloches \u00e0 la main, Goldenbells\" href=\"https:\/\/www.carillons.ch\/blog\/2019-08-01-aout-60-cloches-a-la-main\/\">60 cloches \u00e0 la main, Goldenbells <\/a><\/li>\n<\/ul>\n<\/div><\/div> <!-- end responsive -->\n<script> tagindexwidth = \"150px\"; maxColumns = \"3\"; <\/script>\n<\/div> <!-- end hold inner -->\n<div style='clear: both;'><\/div>\n<\/div><!-- end list -->\n","protected":false},"excerpt":{"rendered":"","protected":false},"author":1,"featured_media":0,"parent":13062,"menu_order":0,"comment_status":"closed","ping_status":"closed","template":"","meta":{"sfsi_plus_gutenberg_text_before_share":"","sfsi_plus_gutenberg_show_text_before_share":"","sfsi_plus_gutenberg_icon_type":"","sfsi_plus_gutenberg_icon_alignemt":"","sfsi_plus_gutenburg_max_per_row":"","_EventAllDay":false,"_EventTimezone":"","_EventStartDate":"","_EventEndDate":"","_EventStartDateUTC":"","_EventEndDateUTC":"","_EventShowMap":false,"_EventShowMapLink":false,"_EventURL":"","_EventCost":"","_EventCostDescription":"","_EventCurrencySymbol":"","_EventCurrencyCode":"","_EventCurrencyPosition":"","_EventDateTimeSeparator":"","_EventTimeRangeSeparator":"","_EventOrganizerID":[],"_EventVenueID":[],"_OrganizerEmail":"","_OrganizerPhone":"","_OrganizerWebsite":"","_VenueAddress":"","_VenueCity":"","_VenueCountry":"","_VenueProvince":"","_VenueState":"","_VenueZip":"","_VenuePhone":"","_VenueURL":"","_VenueStateProvince":"","_VenueLat":"","_VenueLng":"","_VenueShowMap":false,"_VenueShowMapLink":false,"footnotes":""},"class_list":["post-12535","page","type-page","status-publish","hentry"],"_links":{"self":[{"href":"https:\/\/www.carillons.ch\/blog\/wp-json\/wp\/v2\/pages\/12535","targetHints":{"allow":["GET"]}}],"collection":[{"href":"https:\/\/www.carillons.ch\/blog\/wp-json\/wp\/v2\/pages"}],"about":[{"href":"https:\/\/www.carillons.ch\/blog\/wp-json\/wp\/v2\/types\/page"}],"author":[{"embeddable":true,"href":"https:\/\/www.carillons.ch\/blog\/wp-json\/wp\/v2\/users\/1"}],"replies":[{"embeddable":true,"href":"https:\/\/www.carillons.ch\/blog\/wp-json\/wp\/v2\/comments?post=12535"}],"version-history":[{"count":5,"href":"https:\/\/www.carillons.ch\/blog\/wp-json\/wp\/v2\/pages\/12535\/revisions"}],"predecessor-version":[{"id":12565,"href":"https:\/\/www.carillons.ch\/blog\/wp-json\/wp\/v2\/pages\/12535\/revisions\/12565"}],"up":[{"embeddable":true,"href":"https:\/\/www.carillons.ch\/blog\/wp-json\/wp\/v2\/pages\/13062"}],"wp:attachment":[{"href":"https:\/\/www.carillons.ch\/blog\/wp-json\/wp\/v2\/media?parent=12535"}],"curies":[{"name":"wp","href":"https:\/\/api.w.org\/{rel}","templated":true}]}}