{"id":12623,"date":"2019-09-11T15:29:00","date_gmt":"2019-09-11T13:29:00","guid":{"rendered":"http:\/\/www.langages.ch\/blog\/?page_id=12623"},"modified":"2019-09-11T15:32:41","modified_gmt":"2019-09-11T13:32:41","slug":"voix","status":"publish","type":"page","link":"https:\/\/www.carillons.ch\/blog\/voix\/","title":{"rendered":"Voix"},"content":{"rendered":"\n<p>Les instruments de musique dans le site langages.ch ou carillons.ch:<br>Vous trouverez sur ces pages:<\/p>\n\n\n\n<p><strong>L\u2019index des articles<\/strong>&nbsp;li\u00e9s aux instruments de musique.<\/p>\n\n\n\n<p><strong>Les concerts<\/strong>&nbsp;li\u00e9s \u00e0 certains intruments, concerts qui sont sur le site langages.ch.<\/p>\n\n\n\n<!-- begin list -->\n<div id=\"mcTagMap\" class=\" toggleNo  no\">\n<div class=\"holdinner\">\n<div class=\"responsive\">\n\n<div class=\"tagindex\">\n<h4 id=\"mctm1-A\">A<\/h4>\n<ul class=\"links\">\n<li><a title=\"Aigle, ancien Prieur\u00e9 de chanoines, \u00e9glise du clo\u00eetre et cure, ancienne maison du prieur\" href=\"https:\/\/www.carillons.ch\/blog\/aigle-ancien-prieure-de-chanoines-eglise-du-cloitre-et-cure-ancienne-maison-du-prieur\/\">Aigle, ancien Prieur\u00e9 de chanoines, \u00e9glise du clo\u00eetre et cure, ancienne maison du prieur <\/a><\/li>\n<li><a title=\"Am\u00e9rique Latine en choeur \u00e0 Montheron en 2012\" href=\"https:\/\/www.carillons.ch\/blog\/souvenir-de-choeurs-a-montheron\/\">Am\u00e9rique Latine en choeur \u00e0 Montheron en 2012 <\/a><\/li>\n<li><a title=\"Arriv\u00e9e des nouvelles orgues \u00e0 l'Abbaye de Montheron\" href=\"https:\/\/www.carillons.ch\/blog\/arrivee-des-nouvelles-orgues-a-labbaye-de-montheron\/\">Arriv\u00e9e des nouvelles orgues \u00e0 l'Abbaye de Montheron <\/a><\/li>\n<li><a title=\"Assens, visite guid\u00e9e\" href=\"https:\/\/www.carillons.ch\/blog\/2018-10-11-octobre-assens-visite-guidee\/\">Assens, visite guid\u00e9e <\/a><\/li>\n<li><a title=\"Atelier musical aux 7 claviers\" href=\"https:\/\/www.carillons.ch\/blog\/2019-04-17-avril-atelier-musical-aux-7-claviers\/\">Atelier musical aux 7 claviers <\/a><\/li>\n<\/ul>\n<\/div>\n<div class=\"tagindex\">\n<h4 id=\"mctm1-B\">B<\/h4>\n<ul class=\"links\">\n<li><a title=\"Balade le Jorat au Moyen \u00c2ge, Monte super Lausannam, Le Mont\" href=\"https:\/\/www.carillons.ch\/blog\/balade-le-jorat-au-moyen-age-monte-super-lausannam-le-mont\/\">Balade le Jorat au Moyen \u00c2ge, Monte super Lausannam, Le Mont <\/a><\/li>\n<li><a title=\"Balade-visite de l\u2019Abbaye de Montheron sur le th\u00e8me du chemin de l\u2019eau au Moyen \u00c2ge\" href=\"https:\/\/www.carillons.ch\/blog\/le-chemin-de-leau-au-moyen-age\/\">Balade-visite de l\u2019Abbaye de Montheron sur le th\u00e8me du chemin de l\u2019eau au Moyen \u00c2ge <\/a><\/li>\n<li><a title=\"Baulmes, ancien prieur\u00e9 clunisien sur la route du col de l\u2019Aiguillon, sa tour de l\u2019horloge et son mus\u00e9e\" href=\"https:\/\/www.carillons.ch\/blog\/baulmes-ancien-prieure-clunisien-sur-la-route-du-col-de-laiguillon-sa-tour-de-lhorloge-et-son-musee\/\">Baulmes, ancien prieur\u00e9 clunisien sur la route du col de l\u2019Aiguillon, sa tour de l\u2019horloge et son mus\u00e9e <\/a><\/li>\n<li><a title=\"Bottens, ses trois clochers, ses deux \u00e9glises, ses deux ch\u00e2teaux et ses croix de rogations\" href=\"https:\/\/www.carillons.ch\/blog\/bottens-ses-trois-clochers-ses-deux-eglises-ses-deux-chateaux-et-ses-croix-de-rogations\/\">Bottens, ses trois clochers, ses deux \u00e9glises, ses deux ch\u00e2teaux et ses croix de rogations <\/a><\/li>\n<li><a title=\"Bursins \u2013 prieur\u00e9 clunisien, grange viticole et maison forte\" href=\"https:\/\/www.carillons.ch\/blog\/bursins-prieure-clunisien-grange-viticole-et-maison-forte\/\">Bursins \u2013 prieur\u00e9 clunisien, grange viticole et maison forte <\/a><\/li>\n<\/ul>\n<\/div>\n<div class=\"tagindex\">\n<h4 id=\"mctm1-C\">C<\/h4>\n<ul class=\"links\">\n<li><a title=\"c\\ Cds des orgues de Montheron\" href=\"https:\/\/www.carillons.ch\/blog\/cds-des-orgues-de-montheron\/\">c\\ Cds des orgues de Montheron <\/a><\/li>\n<\/ul>\n<\/div>\n<div class=\"tagindex\">\n<h4 id=\"mctm1-D\">D<\/h4>\n<ul class=\"links\">\n<li><a title=\"Daniel Thomas, organiste\" href=\"https:\/\/www.carillons.ch\/blog\/daniel-thomas-organiste\/\">Daniel Thomas, organiste <\/a><\/li>\n<\/ul>\n<\/div>\n<div class=\"tagindex\">\n<h4 id=\"mctm1-E\">E<\/h4>\n<ul class=\"links\">\n<li><a title=\"Ensemble vocal Bis \u00e0 Montheron en 2011\" href=\"https:\/\/www.carillons.ch\/blog\/ensemble-vocal-bis-a-montheron\/\">Ensemble vocal Bis \u00e0 Montheron en 2011 <\/a><\/li>\n<li><a title=\"Etonnante description d'un joueur d'orgue\" href=\"https:\/\/www.carillons.ch\/blog\/etonnante-description-dun-joueur-dorgue\/\">Etonnante description d'un joueur d'orgue <\/a><\/li>\n<\/ul>\n<\/div>\n<div class=\"tagindex\">\n<h4 id=\"mctm1-G\">G<\/h4>\n<ul class=\"links\">\n<li><a title=\"Goumoens-la-Ville, ses trois ch\u00e2teaux et son \u00e9glise carolingienne \/ Visite guid\u00e9e\" href=\"https:\/\/www.carillons.ch\/blog\/goumoens-la-ville-ses-trois-chateaux-et-son-eglise-carolingienne-visite-guidee\/\">Goumoens-la-Ville, ses trois ch\u00e2teaux et son \u00e9glise carolingienne \/ Visite guid\u00e9e <\/a><\/li>\n<\/ul>\n<\/div>\n<div class=\"tagindex\">\n<h4 id=\"mctm1-L\">L<\/h4>\n<ul class=\"links\">\n<li><a title=\"La l\u00e9g\u00e8ret\u00e9 du piano\" href=\"https:\/\/www.carillons.ch\/blog\/la-legerete-du-piano\/\">La l\u00e9g\u00e8ret\u00e9 du piano <\/a><\/li>\n<li><a title=\"L\u2019ancien Prieur\u00e9 de chanoines de Montpreveyres et son r\u00f4le dans le Jorat\" href=\"https:\/\/www.carillons.ch\/blog\/lancien-prieure-de-chanoines-de-montpreveyres-et-son-role-dans-le-jorat\/\">L\u2019ancien Prieur\u00e9 de chanoines de Montpreveyres et son r\u00f4le dans le Jorat <\/a><\/li>\n<li><a title=\"L\u2019ancien Prieur\u00e9 de chanoines d'Etoy et un carillon m\u00e9canique de 16 cloches, visite\" href=\"https:\/\/www.carillons.ch\/blog\/lancien-prieure-de-chanoines-detoy-et-un-carillon-mecanique-de-16-cloches-visite\/\">L\u2019ancien Prieur\u00e9 de chanoines d'Etoy et un carillon m\u00e9canique de 16 cloches, visite <\/a><\/li>\n<li><a title=\"Langage de l'orgue\" href=\"https:\/\/www.carillons.ch\/blog\/orgue\/\">Langage de l'orgue <\/a><\/li>\n<li><a title=\"Langage du clavecin\" href=\"https:\/\/www.carillons.ch\/blog\/langage-du-clavecin\/\">Langage du clavecin <\/a><\/li>\n<li><a title=\"Langage du dessin et musique\" href=\"https:\/\/www.carillons.ch\/blog\/langage-du-dessin-et-musique\/\">Langage du dessin et musique <\/a><\/li>\n<li><a title=\"Langage du piano\" href=\"https:\/\/www.carillons.ch\/blog\/le-piano-2\/\">Langage du piano <\/a><\/li>\n<li><a title=\"La porte et le pont qui enjambe l\u2019Orbe au d\u00e9fil\u00e9 des Cl\u00e9es, avec sa forteresse, passage commercial m\u00e9di\u00e9val d'importance europ\u00e9enne\" href=\"https:\/\/www.carillons.ch\/blog\/le-pont-sur-l-orbe\/\">La porte et le pont qui enjambe l\u2019Orbe au d\u00e9fil\u00e9 des Cl\u00e9es, avec sa forteresse, passage commercial m\u00e9di\u00e9val d'importance europ\u00e9enne <\/a><\/li>\n<li><a title=\"Le ch\u00e2teau de Ropraz et l\u2019\u00e9glise avec la chapelle des seigneurs Clavel de Ropraz, visite\" href=\"https:\/\/www.carillons.ch\/blog\/le-chateau-de-ropraz-et-leglise-avec-la-chapelle-des-seigneurs-clavel-de-ropraz-visite\/\">Le ch\u00e2teau de Ropraz et l\u2019\u00e9glise avec la chapelle des seigneurs Clavel de Ropraz, visite <\/a><\/li>\n<li><a title=\"L\u2019\u00e9glise n\u00e9o-gothique de Ch\u00e2tel St-Denis\" href=\"https:\/\/www.carillons.ch\/blog\/2019-09-05-septembre-leglise-de-chatel-st-denis\/\">L\u2019\u00e9glise n\u00e9o-gothique de Ch\u00e2tel St-Denis <\/a><\/li>\n<li><a title=\"L\u2019\u00c9glise paritaire Saint-Nicolas de Villars-le-Terroir \/ Visite guid\u00e9e\" href=\"https:\/\/www.carillons.ch\/blog\/leglise-paritaire-saint-nicolas-de-villars-le-terroir-visite-guidee\/\">L\u2019\u00c9glise paritaire Saint-Nicolas de Villars-le-Terroir \/ Visite guid\u00e9e <\/a><\/li>\n<li><a title=\"L\u2019\u00e9glise romane de St-Sulpice, ancien Prieur\u00e9 clunisien de l\u2019Abbaye de Molesme\" href=\"https:\/\/www.carillons.ch\/blog\/leglise-romane-de-st-sulpice-ancien-prieure-clunisien-de-labbaye-de-molesme\/\">L\u2019\u00e9glise romane de St-Sulpice, ancien Prieur\u00e9 clunisien de l\u2019Abbaye de Molesme <\/a><\/li>\n<li><a title=\"Le piano\" href=\"https:\/\/www.carillons.ch\/blog\/le-piano\/\">Le piano <\/a><\/li>\n<li><a title=\"Le prieur\u00e9 b\u00e9n\u00e9dictin viticole de Lutry, visite guid\u00e9e\" href=\"https:\/\/www.carillons.ch\/blog\/le-prieure-benedictin-viticole-de-lutry-visite-guidee\/\">Le prieur\u00e9 b\u00e9n\u00e9dictin viticole de Lutry, visite guid\u00e9e <\/a><\/li>\n<li><a title=\"Le Prieur\u00e9 de Pully, villa romaine, grange viticole clunisienne \/ Visite guid\u00e9e\" href=\"https:\/\/www.carillons.ch\/blog\/le-prieure-de-pully-villa-romaine-grange-viticole-clunisienne-visite-guidee\/\">Le Prieur\u00e9 de Pully, villa romaine, grange viticole clunisienne \/ Visite guid\u00e9e <\/a><\/li>\n<li><a title=\"Les orgues de l'\u00e9glise de la Rosiaz\" href=\"https:\/\/www.carillons.ch\/blog\/les-orgues-de-leglise-de-la-rosiaz\/\">Les orgues de l'\u00e9glise de la Rosiaz <\/a><\/li>\n<li><a title=\"Le village de Morrens, ch\u00eane, \u00e9glise, cure et ch\u00e2teau \/ Visite guid\u00e9e\" href=\"https:\/\/www.carillons.ch\/blog\/le-village-de-morrens-chene-eglise-cure-et-chateau-visite-guidee\/\">Le village de Morrens, ch\u00eane, \u00e9glise, cure et ch\u00e2teau \/ Visite guid\u00e9e <\/a><\/li>\n<li><a title=\"L\u2019hydraule d\u2019Avenches (orgue romain)\" href=\"https:\/\/www.carillons.ch\/blog\/lhydraule-davenches-orgue-romain\/\">L\u2019hydraule d\u2019Avenches (orgue romain) <\/a><\/li>\n<li><a title=\"Liste des visites guid\u00e9es propos\u00e9es\" href=\"https:\/\/www.carillons.ch\/blog\/liste-des-visites-guidees-proposees\/\">Liste des visites guid\u00e9es propos\u00e9es <\/a><\/li>\n<li><a title=\"L'orgue, le plus magnifique des instruments, selon Balzac\" href=\"https:\/\/www.carillons.ch\/blog\/lorgue-le-plus-magnifique-des-instruments-selon-balzac\/\">L'orgue, le plus magnifique des instruments, selon Balzac <\/a><\/li>\n<\/ul>\n<\/div>\n<div class=\"tagindex\">\n<h4 id=\"mctm1-M\">M<\/h4>\n<ul class=\"links\">\n<li><a title=\"Mex, son temple du temps de la r\u00e9forme et ses trois ch\u00e2teaux, visite guid\u00e9e\" href=\"https:\/\/www.carillons.ch\/blog\/mex-son-temple-du-temps-de-la-reforme-et-ses-trois-chateaux-visite-guidee\/\">Mex, son temple du temps de la r\u00e9forme et ses trois ch\u00e2teaux, visite guid\u00e9e <\/a><\/li>\n<\/ul>\n<\/div>\n<div class=\"tagindex\">\n<h4 id=\"mctm1-O\">O<\/h4>\n<ul class=\"links\">\n<li><a title=\"Orgue de choeur Sumiswald (Berne) 1860\" href=\"https:\/\/www.carillons.ch\/blog\/orgue-de-choeur-sumiswald-berne-1860\/\">Orgue de choeur Sumiswald (Berne) 1860 <\/a><\/li>\n<li><a title=\"Orgue de tribune Denis Londe (Jura fran\u00e7ais) 2007\" href=\"https:\/\/www.carillons.ch\/blog\/orgue-de-tribune-denis-londe-jura-francais-2007\/\">Orgue de tribune Denis Londe (Jura fran\u00e7ais) 2007 <\/a><\/li>\n<li><a title=\"Orgue et po\u00e9sie (\u00e0 Montheron)\" href=\"https:\/\/www.carillons.ch\/blog\/orgue-et-poesie-a-montheron\/\">Orgue et po\u00e9sie (\u00e0 Montheron) <\/a><\/li>\n<li><a title=\"Orgue : jeu de trompette 8'\" href=\"https:\/\/www.carillons.ch\/blog\/orgue-jeu-de-trompette-8\/\">Orgue : jeu de trompette 8' <\/a><\/li>\n<li><a title=\"Orgue positif Walpen au D\u00e9zaley 1800\" href=\"https:\/\/www.carillons.ch\/blog\/orgue-positif-walpen-au-dezaley\/\">Orgue positif Walpen au D\u00e9zaley 1800 <\/a><\/li>\n<li><a title=\"Orgues de choeur de l'\u00e9glise de Bottens\" href=\"https:\/\/www.carillons.ch\/blog\/orgues-de-choeur-de-leglise-de-bottens\/\">Orgues de choeur de l'\u00e9glise de Bottens <\/a><\/li>\n<li><a title=\"Orgues de Cugy\" href=\"https:\/\/www.carillons.ch\/blog\/orgues-de-cugy\/\">Orgues de Cugy <\/a><\/li>\n<li><a title=\"Orgues de Froideville\" href=\"https:\/\/www.carillons.ch\/blog\/orgue-de-froideville\/\">Orgues de Froideville <\/a><\/li>\n<li><a title=\"Orgues de l'\u00e9glise de Morrens VD\" href=\"https:\/\/www.carillons.ch\/blog\/orgues-de-leglise-de-morrens-vd\/\">Orgues de l'\u00e9glise de Morrens VD <\/a><\/li>\n<li><a title=\"Orgues de l'\u00e9glise Saint-Etienne de Bottens\" href=\"https:\/\/www.carillons.ch\/blog\/orgues-de-leglise-saint-etienne-de-bottens\/\">Orgues de l'\u00e9glise Saint-Etienne de Bottens <\/a><\/li>\n<li><a title=\"Oulens-sous-\u00c9challens, son \u00e9glise m\u00e9di\u00e9vale\" href=\"https:\/\/www.carillons.ch\/blog\/2019-08-22-aout-oulens-sous-echallens-son-eglise-medievale\/\">Oulens-sous-\u00c9challens, son \u00e9glise m\u00e9di\u00e9vale <\/a><\/li>\n<\/ul>\n<\/div>\n<div class=\"tagindex\">\n<h4 id=\"mctm1-P\">P<\/h4>\n<ul class=\"links\">\n<li><a title=\"Page Facebook Abbaye de Montheron\" href=\"https:\/\/www.carillons.ch\/blog\/page-facebook-abbaye-de-montheron\/\">Page Facebook Abbaye de Montheron <\/a><\/li>\n<li><a title=\"Page Instagram Daniel Thomas organiste\" href=\"https:\/\/www.carillons.ch\/blog\/page-instagram-daniel-thomas-organiste\/\">Page Instagram Daniel Thomas organiste <\/a><\/li>\n<li><a title=\"Page Instagram Daniel Thomas, visites guid\u00e9es\" href=\"https:\/\/www.carillons.ch\/blog\/page-instagram-daniel-thomas-visites-guidees\/\">Page Instagram Daniel Thomas, visites guid\u00e9es <\/a><\/li>\n<li><a title=\"Page Linkedin Abbaye de Montheron\" href=\"https:\/\/www.carillons.ch\/blog\/page-linkedin-abbaye-de-montheron\/\">Page Linkedin Abbaye de Montheron <\/a><\/li>\n<li><a title=\"Page Linkedin Daniel Thomas organiste\" href=\"https:\/\/www.carillons.ch\/blog\/page-linkedin-daniel-thomas-organiste\/\">Page Linkedin Daniel Thomas organiste <\/a><\/li>\n<li><a title=\"Page Linkedin Daniel Thomas Visites guid\u00e9es\" href=\"https:\/\/www.carillons.ch\/blog\/page-linkedin-daniel-thomas-visites-guidees\/\">Page Linkedin Daniel Thomas Visites guid\u00e9es <\/a><\/li>\n<li><a title=\"Paroisse du Haut-Talent\" href=\"https:\/\/www.carillons.ch\/blog\/paroisse-du-haut-talent\/\">Paroisse du Haut-Talent <\/a><\/li>\n<li><a title=\"Partition: le Merle Bleu\" href=\"https:\/\/www.carillons.ch\/blog\/partition-le-merle-bleu\/\">Partition: le Merle Bleu <\/a><\/li>\n<li><a title=\"Poliez-Pittet et ses 4 clochers \/ visite guid\u00e9e\" href=\"https:\/\/www.carillons.ch\/blog\/poliez-pittet-et-ses-4-clochers-visite-guidee\/\">Poliez-Pittet et ses 4 clochers \/ visite guid\u00e9e <\/a><\/li>\n<\/ul>\n<\/div>\n<div class=\"tagindex\">\n<h4 id=\"mctm1-R\">R<\/h4>\n<ul class=\"links\">\n<li><a title=\"Revue 2006 Abbaye de Montheron\" href=\"https:\/\/www.carillons.ch\/blog\/revue-des-amis-de-labbaye-de-montheron-2006\/\">Revue 2006 Abbaye de Montheron <\/a><\/li>\n<li><a title=\"Revue 2010 Abbaye de Montheron\" href=\"https:\/\/www.carillons.ch\/blog\/revue-des-amis-de-labbaye-de-montheron-2010\/\">Revue 2010 Abbaye de Montheron <\/a><\/li>\n<\/ul>\n<\/div>\n<div class=\"tagindex\">\n<h4 id=\"mctm1-S\">S<\/h4>\n<ul class=\"links\">\n<li><a title=\"Saint-Barth\u00e9l\u00e9my avec ses deux \u00e9glises et son ch\u00e2teau m\u00e9di\u00e9val, Goumoens-le-Ch\u00e2tel\" href=\"https:\/\/www.carillons.ch\/blog\/saint-barthelemy-avec-ses-deux-eglises-et-son-chateau-medieval-goumoens-le-chatel\/\">Saint-Barth\u00e9l\u00e9my avec ses deux \u00e9glises et son ch\u00e2teau m\u00e9di\u00e9val, Goumoens-le-Ch\u00e2tel <\/a><\/li>\n<li><a title=\"Saint-Saphorin en Lavaux\" href=\"https:\/\/www.carillons.ch\/blog\/2019-06-22-juin-saint-saphorin-en-lavaux\/\">Saint-Saphorin en Lavaux <\/a><\/li>\n<\/ul>\n<\/div>\n<div class=\"tagindex\">\n<h4 id=\"mctm1-U\">U<\/h4>\n<ul class=\"links\">\n<li><a title=\"Un joyau de l\u2019art anglican en Suisse \u00e0 Territet\" href=\"https:\/\/www.carillons.ch\/blog\/2019-10-03-oct-un-joyau-de-lart-anglican-en-suisse-a-territet\/\">Un joyau de l\u2019art anglican en Suisse \u00e0 Territet <\/a><\/li>\n<\/ul>\n<\/div>\n<div class=\"tagindex\">\n<h4 id=\"mctm1-V\">V<\/h4>\n<ul class=\"links\">\n<li><a title=\"Villarzel, ancien bourg fortifi\u00e9 de l'\u00e9v\u00eaque de Lausanne, sa tour de d\u00e9fense, ses murailles et son \u00e9glise m\u00e9di\u00e9vale\" href=\"https:\/\/www.carillons.ch\/blog\/villarzel-ancien-bourg-fortifie-de-leveque-de-lausanne-sa-tour-de-defense-ses-murailles-et-son-eglise-medievale\/\">Villarzel, ancien bourg fortifi\u00e9 de l'\u00e9v\u00eaque de Lausanne, sa tour de d\u00e9fense, ses murailles et son \u00e9glise m\u00e9di\u00e9vale <\/a><\/li>\n<li><a title=\"Villette, \u00e9glise romane, peintures sacr\u00e9es, village de serfs du Prieur\u00e9 de Lutry\" href=\"https:\/\/www.carillons.ch\/blog\/villette-eglise-romane-peintures-sacrees-village-de-serfs-du-prieure-de-lutry\/\">Villette, \u00e9glise romane, peintures sacr\u00e9es, village de serfs du Prieur\u00e9 de Lutry <\/a><\/li>\n<li><a title=\"Visites guid\u00e9es \u00e0 l'Abbaye de Montheron\" href=\"https:\/\/www.carillons.ch\/blog\/visites-guidees-a-labbaye-de-montheron\/\">Visites guid\u00e9es \u00e0 l'Abbaye de Montheron <\/a><\/li>\n<\/ul>\n<\/div>\n<div class=\"tagindex\">\n<h4 id=\"mctm1-\u00c9\">\u00c9<\/h4>\n<ul class=\"links\">\n<li><a title=\"\u00c9challens, son ch\u00e2teau, son Turlet, ses deux \u00e9glises\" href=\"https:\/\/www.carillons.ch\/blog\/2019-09-13-septembre-echallens-son-chateau-son-turlet-ses-deux-eglises\/\">\u00c9challens, son ch\u00e2teau, son Turlet, ses deux \u00e9glises <\/a><\/li>\n<\/ul>\n<\/div><\/div> <!-- end responsive -->\n<script> tagindexwidth = \"150px\"; maxColumns = \"3\"; <\/script>\n<\/div> <!-- end hold inner -->\n<div style='clear: both;'><\/div>\n<\/div><!-- end list -->\n","protected":false},"excerpt":{"rendered":"<p>Les instruments de musique dans le site langages.ch ou carillons.ch.<\/p>\n","protected":false},"author":1,"featured_media":0,"parent":0,"menu_order":0,"comment_status":"closed","ping_status":"closed","template":"","meta":{"sfsi_plus_gutenberg_text_before_share":"","sfsi_plus_gutenberg_show_text_before_share":"","sfsi_plus_gutenberg_icon_type":"","sfsi_plus_gutenberg_icon_alignemt":"","sfsi_plus_gutenburg_max_per_row":"","_EventAllDay":false,"_EventTimezone":"","_EventStartDate":"","_EventEndDate":"","_EventStartDateUTC":"","_EventEndDateUTC":"","_EventShowMap":false,"_EventShowMapLink":false,"_EventURL":"","_EventCost":"","_EventCostDescription":"","_EventCurrencySymbol":"","_EventCurrencyCode":"","_EventCurrencyPosition":"","_EventDateTimeSeparator":"","_EventTimeRangeSeparator":"","_EventOrganizerID":[],"_EventVenueID":[],"_OrganizerEmail":"","_OrganizerPhone":"","_OrganizerWebsite":"","_VenueAddress":"","_VenueCity":"","_VenueCountry":"","_VenueProvince":"","_VenueState":"","_VenueZip":"","_VenuePhone":"","_VenueURL":"","_VenueStateProvince":"","_VenueLat":"","_VenueLng":"","_VenueShowMap":false,"_VenueShowMapLink":false,"footnotes":""},"class_list":["post-12623","page","type-page","status-publish","hentry"],"_links":{"self":[{"href":"https:\/\/www.carillons.ch\/blog\/wp-json\/wp\/v2\/pages\/12623","targetHints":{"allow":["GET"]}}],"collection":[{"href":"https:\/\/www.carillons.ch\/blog\/wp-json\/wp\/v2\/pages"}],"about":[{"href":"https:\/\/www.carillons.ch\/blog\/wp-json\/wp\/v2\/types\/page"}],"author":[{"embeddable":true,"href":"https:\/\/www.carillons.ch\/blog\/wp-json\/wp\/v2\/users\/1"}],"replies":[{"embeddable":true,"href":"https:\/\/www.carillons.ch\/blog\/wp-json\/wp\/v2\/comments?post=12623"}],"version-history":[{"count":2,"href":"https:\/\/www.carillons.ch\/blog\/wp-json\/wp\/v2\/pages\/12623\/revisions"}],"predecessor-version":[{"id":12625,"href":"https:\/\/www.carillons.ch\/blog\/wp-json\/wp\/v2\/pages\/12623\/revisions\/12625"}],"wp:attachment":[{"href":"https:\/\/www.carillons.ch\/blog\/wp-json\/wp\/v2\/media?parent=12623"}],"curies":[{"name":"wp","href":"https:\/\/api.w.org\/{rel}","templated":true}]}}