{"id":14339,"date":"2020-02-17T11:38:49","date_gmt":"2020-02-17T10:38:49","guid":{"rendered":"http:\/\/www.langages.ch\/blog\/?page_id=14339"},"modified":"2021-10-30T06:44:49","modified_gmt":"2021-10-30T04:44:49","slug":"index-etat-de-vaud","status":"publish","type":"page","link":"https:\/\/www.carillons.ch\/blog\/index-etat-de-vaud\/","title":{"rendered":"Index Etat de Vaud"},"content":{"rendered":"\n<p><br>L&rsquo;Abbaye de Montheron est un site arch\u00e9ologique d&rsquo;int\u00e9r\u00eat national et cantonal.<\/p>\n\n\n\n<h4 class=\"wp-block-heading\">LAUSANNE &#8211; couvent cistercien de Montheron<\/h4>\n\n\n\n<p>L\u2019Abbaye de Montheron \u00e9tait une ancienne abbaye de moines cisterciens, fond\u00e9e en 1045 et active jusqu\u2019\u00e0 la R\u00e9forme, au 16<sup>e<\/sup>si\u00e8cle. On peut observer une partie de ses vestiges sous le b\u00e2timent de l\u2019\u00e9glise actuelle, construite au 17<sup>e<\/sup>&nbsp;si\u00e8cle.<\/p>\n\n\n\n<p><a href=\"https:\/\/www.vd.ch\/themes\/territoire-et-construction\/archeologie\/sites-archeologiques-visibles-et-invisibles\/sites-visitables\/\">https:\/\/www.vd.ch\/themes\/territoire-et-construction\/archeologie\/sites-archeologiques-visibles-et-invisibles\/sites-visitables\/<\/a><\/p>\n\n\n<div id=\"pl-gb14339-69f35afb94066\"  class=\"panel-layout\" ><div id=\"pg-gb14339-69f35afb94066-0\"  class=\"panel-grid panel-no-style\" ><div id=\"pgc-gb14339-69f35afb94066-0-0\"  class=\"panel-grid-cell\" ><div id=\"panel-gb14339-69f35afb94066-0-0-0\" class=\"so-panel widget widget_nav_menu panel-first-child panel-last-child\" data-index=\"0\" ><h3 class=\"widget-title\">Index Etat de Vaud collaborations<\/h3><div class=\"menu-etat-de-vaud-container\"><ul id=\"menu-etat-de-vaud\" class=\"menu\"><li id=\"menu-item-14341\" class=\"menu-item menu-item-type-post_type menu-item-object-page menu-item-14341\"><a href=\"https:\/\/www.carillons.ch\/blog\/index-etat-de-vaud\/\">Index Etat de Vaud<\/a><\/li>\n<li id=\"menu-item-14342\" class=\"menu-item menu-item-type-post_type menu-item-object-post menu-item-14342\"><a href=\"https:\/\/www.carillons.ch\/blog\/pakomuze\/\">P\u00e2KOMUZ\u00e9 &#8230; Mus\u00e9es Vaudois<\/a><\/li>\n<li id=\"menu-item-14343\" class=\"menu-item menu-item-type-post_type menu-item-object-post menu-item-14343\"><a href=\"https:\/\/www.carillons.ch\/blog\/chomo-104-psaumes-en-patois-vaudois\/\">Ch\u00f4mo 104 \/ psaumes en patois vaudois<\/a><\/li>\n<li id=\"menu-item-14344\" class=\"menu-item menu-item-type-post_type menu-item-object-post menu-item-14344\"><a href=\"https:\/\/www.carillons.ch\/blog\/quartier-du-pont-a-lausanne\/\">Quartier du Pont \u00e0 Lausanne<\/a><\/li>\n<li id=\"menu-item-14345\" class=\"menu-item menu-item-type-post_type menu-item-object-post menu-item-14345\"><a href=\"https:\/\/www.carillons.ch\/blog\/un-heraut-du-comte-de-savoie-a-montheron\/\">Un h\u00e9raut du comte de Savoie \u00e0 Montheron<\/a><\/li>\n<li id=\"menu-item-14346\" class=\"menu-item menu-item-type-post_type menu-item-object-post menu-item-14346\"><a href=\"https:\/\/www.carillons.ch\/blog\/etablissements-religieux-medievaux-dans-le-jorat\/\">\u00c9tablissements religieux m\u00e9di\u00e9vaux dans le Jorat<\/a><\/li>\n<\/ul><\/div><\/div><\/div><\/div><\/div>\n\n\n<p>Nouvelles de l&rsquo;Etat de Vaud et de la R\u00e9gion du L\u00e9man vaudois : @<a rel=\"noreferrer noopener\" href=\"https:\/\/www.facebook.com\/EtatdeVaud\/\" target=\"_blank\">EtatdeVaud<\/a><\/p>\n\n\n\n<div class=\"powr-social-feed\" id=\"bf7522f4_1581935550\"><\/div><script src=\"https:\/\/www.powr.io\/powr.js?platform=wordpress\"><\/script>\n\n\n\n<p><br><\/p>\n","protected":false},"excerpt":{"rendered":"<p>L&rsquo;Abbaye de Montheron est un site arch\u00e9ologique d&rsquo;int\u00e9r\u00eat national et cantonal.<\/p>\n","protected":false},"author":1,"featured_media":0,"parent":0,"menu_order":0,"comment_status":"closed","ping_status":"closed","template":"","meta":{"sfsi_plus_gutenberg_text_before_share":"","sfsi_plus_gutenberg_show_text_before_share":"","sfsi_plus_gutenberg_icon_type":"","sfsi_plus_gutenberg_icon_alignemt":"","sfsi_plus_gutenburg_max_per_row":"","_EventAllDay":false,"_EventTimezone":"","_EventStartDate":"","_EventEndDate":"","_EventStartDateUTC":"","_EventEndDateUTC":"","_EventShowMap":false,"_EventShowMapLink":false,"_EventURL":"","_EventCost":"","_EventCostDescription":"","_EventCurrencySymbol":"","_EventCurrencyCode":"","_EventCurrencyPosition":"","_EventDateTimeSeparator":"","_EventTimeRangeSeparator":"","_EventOrganizerID":[],"_EventVenueID":[],"_OrganizerEmail":"","_OrganizerPhone":"","_OrganizerWebsite":"","_VenueAddress":"","_VenueCity":"","_VenueCountry":"","_VenueProvince":"","_VenueState":"","_VenueZip":"","_VenuePhone":"","_VenueURL":"","_VenueStateProvince":"","_VenueLat":"","_VenueLng":"","_VenueShowMap":false,"_VenueShowMapLink":false,"footnotes":""},"class_list":["post-14339","page","type-page","status-publish","hentry"],"_links":{"self":[{"href":"https:\/\/www.carillons.ch\/blog\/wp-json\/wp\/v2\/pages\/14339","targetHints":{"allow":["GET"]}}],"collection":[{"href":"https:\/\/www.carillons.ch\/blog\/wp-json\/wp\/v2\/pages"}],"about":[{"href":"https:\/\/www.carillons.ch\/blog\/wp-json\/wp\/v2\/types\/page"}],"author":[{"embeddable":true,"href":"https:\/\/www.carillons.ch\/blog\/wp-json\/wp\/v2\/users\/1"}],"replies":[{"embeddable":true,"href":"https:\/\/www.carillons.ch\/blog\/wp-json\/wp\/v2\/comments?post=14339"}],"version-history":[{"count":6,"href":"https:\/\/www.carillons.ch\/blog\/wp-json\/wp\/v2\/pages\/14339\/revisions"}],"predecessor-version":[{"id":15730,"href":"https:\/\/www.carillons.ch\/blog\/wp-json\/wp\/v2\/pages\/14339\/revisions\/15730"}],"wp:attachment":[{"href":"https:\/\/www.carillons.ch\/blog\/wp-json\/wp\/v2\/media?parent=14339"}],"curies":[{"name":"wp","href":"https:\/\/api.w.org\/{rel}","templated":true}]}}