{"id":15525,"date":"2021-08-04T06:38:15","date_gmt":"2021-08-04T04:38:15","guid":{"rendered":"https:\/\/www.carillons.ch\/blog\/?page_id=15525"},"modified":"2021-08-04T06:38:17","modified_gmt":"2021-08-04T04:38:17","slug":"associations","status":"publish","type":"page","link":"https:\/\/www.carillons.ch\/blog\/associations\/","title":{"rendered":"Associations"},"content":{"rendered":"\n<p>Associations du site<\/p>\n\n\n<div id=\"pl-gb15525-69ede16c0c96d\"  class=\"panel-layout\" ><div id=\"pg-gb15525-69ede16c0c96d-0\"  class=\"panel-grid panel-no-style\" ><div id=\"pgc-gb15525-69ede16c0c96d-0-0\"  class=\"panel-grid-cell\" ><div id=\"panel-gb15525-69ede16c0c96d-0-0-0\" class=\"so-panel widget widget_nav_menu panel-first-child panel-last-child\" data-index=\"0\" ><h3 class=\"widget-title\">Associations<\/h3><div class=\"menu-02-autres-associations-en-lien-container\"><ul id=\"menu-02-autres-associations-en-lien\" class=\"menu\"><li id=\"menu-item-14318\" class=\"menu-item menu-item-type-post_type menu-item-object-page menu-item-14318\"><a href=\"https:\/\/www.carillons.ch\/blog\/index-ville-de-lausanne\/\" title=\"Index Ville de Lausanne\">VILLE DE LAUSANNE<\/a><\/li>\n<li id=\"menu-item-14218\" class=\"menu-item menu-item-type-post_type menu-item-object-page menu-item-14218\"><a href=\"https:\/\/www.carillons.ch\/blog\/index-chapelle-du-clos-des-abbayes\/\" title=\"Index Chapelle du Clos des Abbayes, chapelle et ancienne grange viticole cistercienne du D\u00e9zaley pr\u00e8s Rivaz appartenant \u00e0 la Ville de Lausanne\">.. CHAPELLE DU CLOS DES ABBAYES<\/a><\/li>\n<li id=\"menu-item-13503\" class=\"menu-item menu-item-type-post_type menu-item-object-page menu-item-13503\"><a href=\"https:\/\/www.carillons.ch\/blog\/index-parc-naturel-du-jorat\/\" title=\"Activit\u00e9s \u00e0 Montheron dans le cadre du Parc Naturel P\u00e9riurbain du Jorat sur le territoire de la Ville de Lausanne\">.. PARC NATUREL DU JORAT<\/a><\/li>\n<li id=\"menu-item-13482\" class=\"menu-item menu-item-type-post_type menu-item-object-page menu-item-13482\"><a href=\"https:\/\/www.carillons.ch\/blog\/index-passeport-vacances-de-la-region-lausannoise\/\" title=\"Index Passeport-Vacances de la r\u00e9gion Lausannoise\">.. PASSEPORT-VACANCES LAUSANNE<\/a><\/li>\n<li id=\"menu-item-14319\" class=\"menu-item menu-item-type-post_type menu-item-object-page menu-item-14319\"><a href=\"https:\/\/www.carillons.ch\/blog\/index-fete-de-la-musique-de-lausanne\/\" title=\"Index F\u00eate de la Musique de Lausanne\">.. FETE DE LA MUSIQUE DE LAUSANNE<\/a><\/li>\n<li id=\"menu-item-13447\" class=\"menu-item menu-item-type-post_type menu-item-object-page menu-item-13447\"><a href=\"https:\/\/www.carillons.ch\/blog\/index-visites-de-luniversite-populaire-de-lausanne\/\" title=\"Index Visites de l&rsquo;Universit\u00e9 Populaire de Lausanne\">.. UNIVERSIT\u00c9 POPULAIRE DE LAUSANNE<\/a><\/li>\n<li id=\"menu-item-13495\" class=\"menu-item menu-item-type-post_type menu-item-object-page menu-item-13495\"><a href=\"https:\/\/www.carillons.ch\/blog\/index-je-trottine-dans-ma-ville\/\" title=\"Index activit\u00e9s avec Je trottine dans ma ville\">.. JE TROTTINE &#8230; &#8230; &#8230; dans ma ville<\/a><\/li>\n<li id=\"menu-item-14120\" class=\"menu-item menu-item-type-post_type menu-item-object-page menu-item-14120\"><a href=\"https:\/\/www.carillons.ch\/blog\/index-paroisse-du-haut-talent\/\" title=\"Index Paroisse du Haut-Talent\">PAROISSE DU HAUT-TALENT<\/a><\/li>\n<li id=\"menu-item-14116\" class=\"menu-item menu-item-type-post_type menu-item-object-page menu-item-14116\"><a href=\"https:\/\/www.carillons.ch\/blog\/index-terre-nouvelle\/\" title=\"Index Terre Nouvelle et le SECAAR \/ Concerts d&rsquo;entraide\">.. TERRE NOUVELLE<\/a><\/li>\n<li id=\"menu-item-14205\" class=\"menu-item menu-item-type-post_type menu-item-object-page menu-item-14205\"><a href=\"https:\/\/www.carillons.ch\/blog\/index-paroisse-st-etienne-de-bottens\/\" title=\"Index Paroisse St-Etienne de Bottens, \u00e9glise, orgues\">PAROISSE ST-ETIENNE DE BOTTENS<\/a><\/li>\n<li id=\"menu-item-14333\" class=\"menu-item menu-item-type-post_type menu-item-object-page menu-item-14333\"><a href=\"https:\/\/www.carillons.ch\/blog\/index-ville-de-pully\/\" title=\"Index Ville de Pully, collaborations\">VILLE DE PULLY<\/a><\/li>\n<li id=\"menu-item-14334\" class=\"menu-item menu-item-type-post_type menu-item-object-page menu-item-14334\"><a href=\"https:\/\/www.carillons.ch\/blog\/index-carillon-de-chantemerle-concerts\/\" title=\"Index Carillon de Chantemerle, concerts\">.. CARILLON DE CHANTEMERLE PULLY<\/a><\/li>\n<li id=\"menu-item-13463\" class=\"menu-item menu-item-type-post_type menu-item-object-page menu-item-13463\"><a href=\"https:\/\/www.carillons.ch\/blog\/index-lassociation-pour-les-interets-et-le-developpement-de-pully-nord\/\" title=\"Index L\u2019Association pour les int\u00e9r\u00eats et le d\u00e9veloppement de Pully-Nord\">.. ASSOCIATION PULLY-NORD<\/a><\/li>\n<li id=\"menu-item-14347\" class=\"menu-item menu-item-type-post_type menu-item-object-page menu-item-14347\"><a href=\"https:\/\/www.carillons.ch\/blog\/index-etat-de-vaud\/\" title=\"Index Etat de Vaud, collaborations\">ETAT DE VAUD<\/a><\/li>\n<li id=\"menu-item-13291\" class=\"menu-item menu-item-type-post_type menu-item-object-post menu-item-13291\"><a href=\"https:\/\/www.carillons.ch\/blog\/pakomuze\/\" title=\"Activit\u00e9s \u00e0 l&rsquo;Abbaye de Montheron dans le cadre de P\u00e2komuz\u00e9\">.. P\u00e2KOMUZ\u00e9 &#8230; MUS\u00e9ES VAUDOIS<\/a><\/li>\n<li id=\"menu-item-14353\" class=\"menu-item menu-item-type-post_type menu-item-object-page menu-item-14353\"><a href=\"https:\/\/www.carillons.ch\/blog\/journees-du-patrimoine-vaud\/\" title=\"Journ\u00e9es du Patrimoine Vaud\">.. JOURN\u00e9ES DU PATRIMOINE &#8230; VAUD<\/a><\/li>\n<li id=\"menu-item-14363\" class=\"menu-item menu-item-type-post_type menu-item-object-page menu-item-14363\"><a href=\"https:\/\/www.carillons.ch\/blog\/confederation-suisse-ofc-culture\/\" title=\"Conf\u00e9d\u00e9ration Suisse OFC Office F\u00e9d\u00e9ral de la Culture\">CONF\u00e9D\u00e9RATION SUISSE<\/a><\/li>\n<li id=\"menu-item-14369\" class=\"menu-item menu-item-type-post_type menu-item-object-page menu-item-14369\"><a href=\"https:\/\/www.carillons.ch\/blog\/index-parc-naturel-du-jorat\/\">.. PARC NATUREL P\u00e9riurbain du Jorat<\/a><\/li>\n<li id=\"menu-item-14273\" class=\"menu-item menu-item-type-post_type menu-item-object-page menu-item-14273\"><a href=\"https:\/\/www.carillons.ch\/blog\/index-guilde-des-carillonneurs-suisses\/\" title=\"GCCS, Guilde des carillonneurs et campanologues suisses\">.. GCCS, Carillonneurs suisses<\/a><\/li>\n<li id=\"menu-item-14356\" class=\"menu-item menu-item-type-post_type menu-item-object-page menu-item-14356\"><a href=\"https:\/\/www.carillons.ch\/blog\/conseil-de-leurope-itineraires-culturels\/\" title=\"Conseil de l&rsquo;Europe, itin\u00e9raires culturels\">CONSEIL DE L&rsquo;EUROPE<\/a><\/li>\n<li id=\"menu-item-14240\" class=\"menu-item menu-item-type-post_type menu-item-object-page menu-item-14240\"><a href=\"https:\/\/www.carillons.ch\/blog\/index-route-europeenne-des-abbayes-cisterciennes\/\" title=\"Index Route Europ\u00e9enne des Abbayes Cisterciennes\">.. ROUTE DES ABBAYES CISTERCIENNES<\/a><\/li>\n<li id=\"menu-item-14230\" class=\"menu-item menu-item-type-post_type menu-item-object-page menu-item-14230\"><a href=\"https:\/\/www.carillons.ch\/blog\/index-charte-europeenne-des-abbayes-et-sites-cisterciens\/\" title=\"Index Charte europ\u00e9enne des Abbayes et sites Cisterciens\">.. CHARTE EUROPE ABBAYES CISTERCIENNES<\/a><\/li>\n<li id=\"menu-item-14367\" class=\"menu-item menu-item-type-post_type menu-item-object-page menu-item-14367\"><a href=\"https:\/\/www.carillons.ch\/blog\/nations-unies-unesco-patrimoine\/\">NATIONS UNIES UNESCO<\/a><\/li>\n<li id=\"menu-item-14280\" class=\"menu-item menu-item-type-post_type menu-item-object-page menu-item-14280\"><a href=\"https:\/\/www.carillons.ch\/blog\/index-federation-mondiale-du-carillon\/\" title=\"Index F\u00e9d\u00e9ration Mondiale du Carillon FMC\">.. F\u00e9d\u00e9ration Mondiale du CARILLON<\/a><\/li>\n<\/ul><\/div><\/div><\/div><\/div><\/div>","protected":false},"excerpt":{"rendered":"<p>Associations du site<\/p>\n","protected":false},"author":1,"featured_media":0,"parent":0,"menu_order":0,"comment_status":"closed","ping_status":"closed","template":"","meta":{"sfsi_plus_gutenberg_text_before_share":"","sfsi_plus_gutenberg_show_text_before_share":"","sfsi_plus_gutenberg_icon_type":"","sfsi_plus_gutenberg_icon_alignemt":"","sfsi_plus_gutenburg_max_per_row":"","_EventAllDay":false,"_EventTimezone":"","_EventStartDate":"","_EventEndDate":"","_EventStartDateUTC":"","_EventEndDateUTC":"","_EventShowMap":false,"_EventShowMapLink":false,"_EventURL":"","_EventCost":"","_EventCostDescription":"","_EventCurrencySymbol":"","_EventCurrencyCode":"","_EventCurrencyPosition":"","_EventDateTimeSeparator":"","_EventTimeRangeSeparator":"","_EventOrganizerID":[],"_EventVenueID":[],"_OrganizerEmail":"","_OrganizerPhone":"","_OrganizerWebsite":"","_VenueAddress":"","_VenueCity":"","_VenueCountry":"","_VenueProvince":"","_VenueState":"","_VenueZip":"","_VenuePhone":"","_VenueURL":"","_VenueStateProvince":"","_VenueLat":"","_VenueLng":"","_VenueShowMap":false,"_VenueShowMapLink":false,"footnotes":""},"class_list":["post-15525","page","type-page","status-publish","hentry"],"_links":{"self":[{"href":"https:\/\/www.carillons.ch\/blog\/wp-json\/wp\/v2\/pages\/15525","targetHints":{"allow":["GET"]}}],"collection":[{"href":"https:\/\/www.carillons.ch\/blog\/wp-json\/wp\/v2\/pages"}],"about":[{"href":"https:\/\/www.carillons.ch\/blog\/wp-json\/wp\/v2\/types\/page"}],"author":[{"embeddable":true,"href":"https:\/\/www.carillons.ch\/blog\/wp-json\/wp\/v2\/users\/1"}],"replies":[{"embeddable":true,"href":"https:\/\/www.carillons.ch\/blog\/wp-json\/wp\/v2\/comments?post=15525"}],"version-history":[{"count":1,"href":"https:\/\/www.carillons.ch\/blog\/wp-json\/wp\/v2\/pages\/15525\/revisions"}],"predecessor-version":[{"id":15526,"href":"https:\/\/www.carillons.ch\/blog\/wp-json\/wp\/v2\/pages\/15525\/revisions\/15526"}],"wp:attachment":[{"href":"https:\/\/www.carillons.ch\/blog\/wp-json\/wp\/v2\/media?parent=15525"}],"curies":[{"name":"wp","href":"https:\/\/api.w.org\/{rel}","templated":true}]}}