{"id":9147,"date":"2017-01-09T19:12:18","date_gmt":"2017-01-09T18:12:18","guid":{"rendered":"http:\/\/www.langages.ch\/blog\/?page_id=9147"},"modified":"2017-01-09T19:13:01","modified_gmt":"2017-01-09T18:13:01","slug":"plan","status":"publish","type":"page","link":"https:\/\/www.carillons.ch\/blog\/contact\/plan\/","title":{"rendered":"Plan du site"},"content":{"rendered":"<p>Plan du site langages.ch (carillons.ch, abbayedemontheron.ch, carillondechantemerle.ch)<\/p>\n<div id=\"wp-realtime-sitemap-pages\"><h3>Pages<\/h3><ul><li class=\"page_item page-item-8005\"><a href=\"https:\/\/www.carillons.ch\/blog\/abbaye-de-montheron\/\">Abbaye de Montheron<\/a><\/li>\n<li class=\"page_item page-item-13164\"><a href=\"https:\/\/www.carillons.ch\/blog\/adresses\/\">Adresses<\/a><\/li>\n<li class=\"page_item page-item-12839 current_page_parent\"><a href=\"https:\/\/www.carillons.ch\/blog\/articles-recents\/\">Articles r\u00e9cents<\/a><\/li>\n<li class=\"page_item page-item-15525 page_item_has_children\"><a href=\"https:\/\/www.carillons.ch\/blog\/associations\/\">Associations<\/a>\n<ul class='children'>\n\t<li class=\"page_item page-item-15527\"><a href=\"https:\/\/www.carillons.ch\/blog\/associations\/aacc-carillon-de-chantemerle\/\">aacc-carillon-de-chantemerle<\/a><\/li>\n<\/ul>\n<\/li>\n<li class=\"page_item page-item-12636\"><a href=\"https:\/\/www.carillons.ch\/blog\/carillon\/\">Carillon<\/a><\/li>\n<li class=\"page_item page-item-8113\"><a href=\"https:\/\/www.carillons.ch\/blog\/aacc-carillon-de-chantemerle\/\">Carillon de Chantemerle<\/a><\/li>\n<li class=\"page_item page-item-7963\"><a href=\"https:\/\/www.carillons.ch\/blog\/clavecin\/\">Clavecin<\/a><\/li>\n<li class=\"page_item page-item-14358\"><a href=\"https:\/\/www.carillons.ch\/blog\/confederation-suisse-ofc-culture\/\">Conf\u00e9d\u00e9ration Suisse OFC Culture<\/a><\/li>\n<li class=\"page_item page-item-14354\"><a href=\"https:\/\/www.carillons.ch\/blog\/conseil-de-leurope-itineraires-culturels\/\">Conseil de l&rsquo;Europe, itin\u00e9raires culturels<\/a><\/li>\n<li class=\"page_item page-item-35 page_item_has_children\"><a href=\"https:\/\/www.carillons.ch\/blog\/contact\/\">Contact<\/a>\n<ul class='children'>\n\t<li class=\"page_item page-item-64\"><a href=\"https:\/\/www.carillons.ch\/blog\/contact\/boutique\/\">Boutique<\/a><\/li>\n\t<li class=\"page_item page-item-5288\"><a href=\"https:\/\/www.carillons.ch\/blog\/contact\/daniel-thomas\/\">Daniel Thomas<\/a><\/li>\n\t<li class=\"page_item page-item-9147\"><a href=\"https:\/\/www.carillons.ch\/blog\/contact\/plan\/\">Plan du site<\/a><\/li>\n\t<li class=\"page_item page-item-10178\"><a href=\"https:\/\/www.carillons.ch\/blog\/contact\/tags-etiquettes\/\">Tags, mots-cl\u00e9s<\/a><\/li>\n<\/ul>\n<\/li>\n<li class=\"page_item page-item-14635\"><a href=\"https:\/\/www.carillons.ch\/blog\/creations-musicales\/\">Cr\u00e9ations musicales<\/a><\/li>\n<li class=\"page_item page-item-12646\"><a href=\"https:\/\/www.carillons.ch\/blog\/danse\/\">Danse<\/a><\/li>\n<li class=\"page_item page-item-13804\"><a href=\"https:\/\/www.carillons.ch\/blog\/facebook-demo-customizer\/\">Facebook Demo &#8211; Customizer<\/a><\/li>\n<li class=\"page_item page-item-13810\"><a href=\"https:\/\/www.carillons.ch\/blog\/facebook-demo-customizer-2\/\">Facebook Demo &#8211; Customizer<\/a><\/li>\n<li class=\"page_item page-item-13816\"><a href=\"https:\/\/www.carillons.ch\/blog\/facebook-demo-customizer-3\/\">Facebook Demo &#8211; Customizer<\/a><\/li>\n<li class=\"page_item page-item-12638\"><a href=\"https:\/\/www.carillons.ch\/blog\/guitare\/\">Guitare<\/a><\/li>\n<li class=\"page_item page-item-13492\"><a href=\"https:\/\/www.carillons.ch\/blog\/index-je-trottine-dans-ma-ville\/\">Index  Je trottine dans ma ville<\/a><\/li>\n<li class=\"page_item page-item-13513\"><a href=\"https:\/\/www.carillons.ch\/blog\/index-abbaye-de-montheron\/\">Index Abbaye de Montheron<\/a><\/li>\n<li class=\"page_item page-item-13396\"><a href=\"https:\/\/www.carillons.ch\/blog\/index-carillon-de-chantemerle-concerts\/\">Index Carillon de Chantemerle, concerts<\/a><\/li>\n<li class=\"page_item page-item-13400\"><a href=\"https:\/\/www.carillons.ch\/blog\/index-carillon-de-chantemerle-ses-48-cloches\/\">Index Carillon de Chantemerle, ses 48 cloches<\/a><\/li>\n<li class=\"page_item page-item-13093\"><a href=\"https:\/\/www.carillons.ch\/blog\/index-carillons\/\">Index carillons<\/a><\/li>\n<li class=\"page_item page-item-14208\"><a href=\"https:\/\/www.carillons.ch\/blog\/index-chapelle-du-clos-des-abbayes\/\">Index Chapelle du Clos des Abbayes<\/a><\/li>\n<li class=\"page_item page-item-14219\"><a href=\"https:\/\/www.carillons.ch\/blog\/index-charte-europeenne-des-abbayes-et-sites-cisterciens\/\">Index Charte europ\u00e9enne des Abbayes et sites Cisterciens<\/a><\/li>\n<li class=\"page_item page-item-14339\"><a href=\"https:\/\/www.carillons.ch\/blog\/index-etat-de-vaud\/\">Index Etat de Vaud<\/a><\/li>\n<li class=\"page_item page-item-14276\"><a href=\"https:\/\/www.carillons.ch\/blog\/index-federation-mondiale-du-carillon\/\">Index F\u00e9d\u00e9ration Mondiale du Carillon<\/a><\/li>\n<li class=\"page_item page-item-14297\"><a href=\"https:\/\/www.carillons.ch\/blog\/index-fete-de-la-musique-de-lausanne\/\">Index F\u00eate de la Musique de Lausanne<\/a><\/li>\n<li class=\"page_item page-item-14264\"><a href=\"https:\/\/www.carillons.ch\/blog\/index-guilde-des-carillonneurs-suisses\/\">Index Guilde des carillonneurs suisses<\/a><\/li>\n<li class=\"page_item page-item-13539\"><a href=\"https:\/\/www.carillons.ch\/blog\/index-historique-abbaye-de-montheron\/\">Index Historique Abbaye de Montheron<\/a><\/li>\n<li class=\"page_item page-item-13460\"><a href=\"https:\/\/www.carillons.ch\/blog\/index-lassociation-pour-les-interets-et-le-developpement-de-pully-nord\/\">Index L\u2019Association pour les int\u00e9r\u00eats et le d\u00e9veloppement de Pully-Nord<\/a><\/li>\n<li class=\"page_item page-item-13500\"><a href=\"https:\/\/www.carillons.ch\/blog\/index-parc-naturel-du-jorat\/\">Index Parc Naturel du Jorat<\/a><\/li>\n<li class=\"page_item page-item-14113\"><a href=\"https:\/\/www.carillons.ch\/blog\/index-paroisse-du-haut-talent\/\">Index Paroisse du Haut-Talent<\/a><\/li>\n<li class=\"page_item page-item-14191\"><a href=\"https:\/\/www.carillons.ch\/blog\/index-paroisse-st-etienne-de-bottens\/\">Index Paroisse St-Etienne de Bottens<\/a><\/li>\n<li class=\"page_item page-item-13479\"><a href=\"https:\/\/www.carillons.ch\/blog\/index-passeport-vacances-de-la-region-lausannoise\/\">Index Passeport-Vacances de la r\u00e9gion Lausannoise<\/a><\/li>\n<li class=\"page_item page-item-14231\"><a href=\"https:\/\/www.carillons.ch\/blog\/index-route-europeenne-des-abbayes-cisterciennes\/\">Index Route Europ\u00e9enne des Abbayes Cisterciennes<\/a><\/li>\n<li class=\"page_item page-item-14109\"><a href=\"https:\/\/www.carillons.ch\/blog\/index-terre-nouvelle\/\">Index Terre Nouvelle<\/a><\/li>\n<li class=\"page_item page-item-14305\"><a href=\"https:\/\/www.carillons.ch\/blog\/index-ville-de-lausanne\/\">Index Ville de Lausanne<\/a><\/li>\n<li class=\"page_item page-item-14322\"><a href=\"https:\/\/www.carillons.ch\/blog\/index-ville-de-pully\/\">Index Ville de Pully<\/a><\/li>\n<li class=\"page_item page-item-13445\"><a href=\"https:\/\/www.carillons.ch\/blog\/index-visites-de-luniversite-populaire-de-lausanne\/\">Index Visites de l&rsquo;Universit\u00e9 Populaire de Lausanne<\/a><\/li>\n<li class=\"page_item page-item-13800\"><a href=\"https:\/\/www.carillons.ch\/blog\/instagram-demo-customizer\/\">Instagram Demo &#8211; Customizer<\/a><\/li>\n<li class=\"page_item page-item-13806\"><a href=\"https:\/\/www.carillons.ch\/blog\/instagram-demo-customizer-2\/\">Instagram Demo &#8211; Customizer<\/a><\/li>\n<li class=\"page_item page-item-13812\"><a href=\"https:\/\/www.carillons.ch\/blog\/instagram-demo-customizer-3\/\">Instagram Demo &#8211; Customizer<\/a><\/li>\n<li class=\"page_item page-item-14350\"><a href=\"https:\/\/www.carillons.ch\/blog\/journees-du-patrimoine-vaud\/\">Journ\u00e9es du Patrimoine Vaud<\/a><\/li>\n<li class=\"page_item page-item-9010\"><a href=\"https:\/\/www.carillons.ch\/blog\/langages-des-arts\/\">Langages des arts<\/a><\/li>\n<li class=\"page_item page-item-13079\"><a href=\"https:\/\/www.carillons.ch\/blog\/lettres-de-nouvelles\/\">Lettres de nouvelles<\/a><\/li>\n<li class=\"page_item page-item-13406\"><a href=\"https:\/\/www.carillons.ch\/blog\/menus-index-du-site-carillons-ch\/\">Menus, index du site carillons.ch<\/a><\/li>\n<li class=\"page_item page-item-14364\"><a href=\"https:\/\/www.carillons.ch\/blog\/nations-unies-unesco-patrimoine\/\">Nations Unies UNESCO Patrimoine<\/a><\/li>\n<li class=\"page_item page-item-12634\"><a href=\"https:\/\/www.carillons.ch\/blog\/orgue\/\">Orgue<\/a><\/li>\n<li class=\"page_item page-item-12648\"><a href=\"https:\/\/www.carillons.ch\/blog\/peinture\/\">Peinture<\/a><\/li>\n<li class=\"page_item page-item-7953\"><a href=\"https:\/\/www.carillons.ch\/blog\/piano\/\">Piano<\/a><\/li>\n<li class=\"page_item page-item-13062 page_item_has_children\"><a href=\"https:\/\/www.carillons.ch\/blog\/plan-du-site\/\">Plan du site<\/a>\n<ul class='children'>\n\t<li class=\"page_item page-item-12535\"><a href=\"https:\/\/www.carillons.ch\/blog\/plan-du-site\/articles\/\">Articles<\/a><\/li>\n\t<li class=\"page_item page-item-12524\"><a href=\"https:\/\/www.carillons.ch\/blog\/plan-du-site\/categories\/\">Cat\u00e9gories<\/a><\/li>\n\t<li class=\"page_item page-item-12692\"><a href=\"https:\/\/www.carillons.ch\/blog\/plan-du-site\/categories-devenements\/\">Cat\u00e9gories d&rsquo;\u00e9v\u00e9nements<\/a><\/li>\n\t<li class=\"page_item page-item-11608\"><a href=\"https:\/\/www.carillons.ch\/blog\/plan-du-site\/mots-cles\/\">Mots-cl\u00e9s<\/a><\/li>\n\t<li class=\"page_item page-item-12540\"><a href=\"https:\/\/www.carillons.ch\/blog\/plan-du-site\/pages\/\">Pages<\/a><\/li>\n<\/ul>\n<\/li>\n<li class=\"page_item page-item-12652\"><a href=\"https:\/\/www.carillons.ch\/blog\/polyglotte\/\">Polyglotte<\/a><\/li>\n<li class=\"page_item page-item-13963\"><a href=\"https:\/\/www.carillons.ch\/blog\/programmes-des-animations-parc-naturel-du-jorat\/\">Programmes des animations, Parc Naturel du Jorat<\/a><\/li>\n<li class=\"page_item page-item-2481\"><a href=\"https:\/\/www.carillons.ch\/blog\/revue-montheron\/\">Revue des Amis de l&rsquo;Abbaye de Montheron<\/a><\/li>\n<li class=\"page_item page-item-9181\"><a href=\"https:\/\/www.carillons.ch\/blog\/video\/\">Video<\/a><\/li>\n<li class=\"page_item page-item-12623\"><a href=\"https:\/\/www.carillons.ch\/blog\/voix\/\">Voix<\/a><\/li>\n<\/ul><\/div><div id=\"wp-realtime-sitemap-posts\"><h3>Posts<\/h3><ul><li><a href=\"https:\/\/www.carillons.ch\/blog\/le-piano\/\" title=\"Permalink to Le piano\" rel=\"bookmark\">Le piano<\/a><\/li><li><a href=\"https:\/\/www.carillons.ch\/blog\/la-legerete-du-piano\/\" title=\"Permalink to La l\u00e9g\u00e8ret\u00e9 du piano\" rel=\"bookmark\">La l\u00e9g\u00e8ret\u00e9 du piano<\/a><\/li><li><a href=\"https:\/\/www.carillons.ch\/blog\/le-carillon\/\" title=\"Permalink to Le carillon\" rel=\"bookmark\">Le carillon<\/a><\/li><li><a href=\"https:\/\/www.carillons.ch\/blog\/musique\/\" title=\"Permalink to Langage de la musique\" rel=\"bookmark\">Langage de la musique<\/a><\/li><li><a href=\"https:\/\/www.carillons.ch\/blog\/langages\/\" title=\"Permalink to Langages\" rel=\"bookmark\">Langages<\/a><\/li><li><a href=\"https:\/\/www.carillons.ch\/blog\/la-revue-des-amis-de-labbaye-de-montheron\/\" title=\"Permalink to Revue 2008 Abbaye de Montheron\" rel=\"bookmark\">Revue 2008 Abbaye de Montheron<\/a><\/li><li><a href=\"https:\/\/www.carillons.ch\/blog\/la-guitare-porte-vers-notre-etre-interieur\/\" title=\"Permalink to La guitare, porte vers notre \u00eatre int\u00e9rieur\" rel=\"bookmark\">La guitare, porte vers notre \u00eatre int\u00e9rieur<\/a><\/li><li><a href=\"https:\/\/www.carillons.ch\/blog\/la-danse\/\" title=\"Permalink to La danse\" rel=\"bookmark\">La danse<\/a><\/li><li><a href=\"https:\/\/www.carillons.ch\/blog\/arrivee-des-nouvelles-orgues-a-labbaye-de-montheron\/\" title=\"Permalink to Arriv\u00e9e des nouvelles orgues \u00e0 l&rsquo;Abbaye de Montheron\" rel=\"bookmark\">Arriv\u00e9e des nouvelles orgues \u00e0 l&rsquo;Abbaye de Montheron<\/a><\/li><li><a href=\"https:\/\/www.carillons.ch\/blog\/livre-abbaye-de-montheron-2006\/\" title=\"Permalink to Revue 2006: Livre \u00ab\u00a0Abbaye de Montheron 2006\u00a0\u00bb\" rel=\"bookmark\">Revue 2006: Livre \u00ab\u00a0Abbaye de Montheron 2006\u00a0\u00bb<\/a><\/li><li><a href=\"https:\/\/www.carillons.ch\/blog\/boutique\/\" title=\"Permalink to Boutique\" rel=\"bookmark\">Boutique<\/a><\/li><li><a href=\"https:\/\/www.carillons.ch\/blog\/cds-carillon-de-chantemerle\/\" title=\"Permalink to Cds, carillon de Chantemerle\" rel=\"bookmark\">Cds, carillon de Chantemerle<\/a><\/li><li><a href=\"https:\/\/www.carillons.ch\/blog\/cds-des-orgues-de-montheron\/\" title=\"Permalink to c\\ Cds des orgues de Montheron\" rel=\"bookmark\">c\\ Cds des orgues de Montheron<\/a><\/li><li><a href=\"https:\/\/www.carillons.ch\/blog\/cloches-et-carillons-au-tessin\/\" title=\"Permalink to Vid\u00e9o: Cloches et carillons au Tessin, 2004\" rel=\"bookmark\">Vid\u00e9o: Cloches et carillons au Tessin, 2004<\/a><\/li><li><a href=\"https:\/\/www.carillons.ch\/blog\/sonneries-a-schaffhouse-octobre-2003\/\" title=\"Permalink to Vid\u00e9o: Sonneries \u00e0 Schaffhouse, octobre 2003\" rel=\"bookmark\">Vid\u00e9o: Sonneries \u00e0 Schaffhouse, octobre 2003<\/a><\/li><li><a href=\"https:\/\/www.carillons.ch\/blog\/geneve-2006-sonneries\/\" title=\"Permalink to Vid\u00e9o: Gen\u00e8ve 2006 sonneries\" rel=\"bookmark\">Vid\u00e9o: Gen\u00e8ve 2006 sonneries<\/a><\/li><li><a href=\"https:\/\/www.carillons.ch\/blog\/concerts-de-lete-2003-au-carillon-de-chantemerle-videos\/\" title=\"Permalink to Concerts de l&rsquo;\u00e9t\u00e9 2003 au carillon de Chantemerle, videos.\" rel=\"bookmark\">Concerts de l&rsquo;\u00e9t\u00e9 2003 au carillon de Chantemerle, videos.<\/a><\/li><li><a href=\"https:\/\/www.carillons.ch\/blog\/charte-de-1142\/\" title=\"Permalink to Charte de 1142\" rel=\"bookmark\">Charte de 1142<\/a><\/li><li><a href=\"https:\/\/www.carillons.ch\/blog\/etonnante-description-dun-joueur-dorgue\/\" title=\"Permalink to Etonnante description d&rsquo;un joueur d&rsquo;orgue\" rel=\"bookmark\">Etonnante description d&rsquo;un joueur d&rsquo;orgue<\/a><\/li><li><a href=\"https:\/\/www.carillons.ch\/blog\/lorgue-le-plus-magnifique-des-instruments-selon-balzac\/\" title=\"Permalink to L&rsquo;orgue, le plus magnifique des instruments, selon Balzac\" rel=\"bookmark\">L&rsquo;orgue, le plus magnifique des instruments, selon Balzac<\/a><\/li><li><a href=\"https:\/\/www.carillons.ch\/blog\/pedro-ximenes-abril-tirado-1780-1856\/\" title=\"Permalink to PEDRO XIMENES ABRIL TIRADO (1780-1856)\" rel=\"bookmark\">PEDRO XIMENES ABRIL TIRADO (1780-1856)<\/a><\/li><li><a href=\"https:\/\/www.carillons.ch\/blog\/la-chapelle-des-rapes\/\" title=\"Permalink to La chapelle des R\u00e2pes\" rel=\"bookmark\">La chapelle des R\u00e2pes<\/a><\/li><li><a href=\"https:\/\/www.carillons.ch\/blog\/les-langues-voix-musiques\/\" title=\"Permalink to Les langues: voix, musiques\" rel=\"bookmark\">Les langues: voix, musiques<\/a><\/li><li><a href=\"https:\/\/www.carillons.ch\/blog\/langage-de-la-peinture\/\" title=\"Permalink to Langage de la peinture\" rel=\"bookmark\">Langage de la peinture<\/a><\/li><li><a href=\"https:\/\/www.carillons.ch\/blog\/langage-du-dessin-et-musique\/\" title=\"Permalink to Langage du dessin et musique\" rel=\"bookmark\">Langage du dessin et musique<\/a><\/li><li><a href=\"https:\/\/www.carillons.ch\/blog\/danse-dessinee\/\" title=\"Permalink to Danse dessin\u00e9e\" rel=\"bookmark\">Danse dessin\u00e9e<\/a><\/li><li><a href=\"https:\/\/www.carillons.ch\/blog\/enfance-en-fraicheur\/\" title=\"Permalink to Enfance en fra\u00eecheur\" rel=\"bookmark\">Enfance en fra\u00eecheur<\/a><\/li><li><a href=\"https:\/\/www.carillons.ch\/blog\/mots-d-enfants\/\" title=\"Permalink to Mots d&rsquo;enfants\" rel=\"bookmark\">Mots d&rsquo;enfants<\/a><\/li><li><a href=\"https:\/\/www.carillons.ch\/blog\/le-piano-2\/\" title=\"Permalink to Langage du piano\" rel=\"bookmark\">Langage du piano<\/a><\/li><li><a href=\"https:\/\/www.carillons.ch\/blog\/sonneries-aux-grisons-autour-de-coire\/\" title=\"Permalink to Video: Sonneries aux Grisons, octobre 2008, autour de Coire\" rel=\"bookmark\">Video: Sonneries aux Grisons, octobre 2008, autour de Coire<\/a><\/li><li><a href=\"https:\/\/www.carillons.ch\/blog\/partition-le-merle-bleu\/\" title=\"Permalink to Partition: le Merle Bleu\" rel=\"bookmark\">Partition: le Merle Bleu<\/a><\/li><li><a href=\"https:\/\/www.carillons.ch\/blog\/orgue\/\" title=\"Permalink to Langage de l&rsquo;orgue\" rel=\"bookmark\">Langage de l&rsquo;orgue<\/a><\/li><li><a href=\"https:\/\/www.carillons.ch\/blog\/langage-du-carillon\/\" title=\"Permalink to Langage du carillon\" rel=\"bookmark\">Langage du carillon<\/a><\/li><li><a href=\"https:\/\/www.carillons.ch\/blog\/langage-du-clavecin\/\" title=\"Permalink to Langage du clavecin\" rel=\"bookmark\">Langage du clavecin<\/a><\/li><li><a href=\"https:\/\/www.carillons.ch\/blog\/revue-des-amis-de-labbaye-de-montheron-2009\/\" title=\"Permalink to Revue 2009 Abbaye de Montheron\" rel=\"bookmark\">Revue 2009 Abbaye de Montheron<\/a><\/li><li><a href=\"https:\/\/www.carillons.ch\/blog\/revue-des-amis-de-labbaye-de-montheron-2006\/\" title=\"Permalink to Revue 2006 Abbaye de Montheron\" rel=\"bookmark\">Revue 2006 Abbaye de Montheron<\/a><\/li><li><a href=\"https:\/\/www.carillons.ch\/blog\/revue-des-amis-de-labbaye-de-montheron-2007\/\" title=\"Permalink to Revue 2007 Abbaye de Montheron\" rel=\"bookmark\">Revue 2007 Abbaye de Montheron<\/a><\/li><li><a href=\"https:\/\/www.carillons.ch\/blog\/construire-un-carillon\/\" title=\"Permalink to Construire un carillon?\" rel=\"bookmark\">Construire un carillon?<\/a><\/li><li><a href=\"https:\/\/www.carillons.ch\/blog\/visites-guidees-a-labbaye-de-montheron\/\" title=\"Permalink to Visites guid\u00e9es \u00e0 l&rsquo;Abbaye de Montheron\" rel=\"bookmark\">Visites guid\u00e9es \u00e0 l&rsquo;Abbaye de Montheron<\/a><\/li><li><a href=\"https:\/\/www.carillons.ch\/blog\/revue-des-amis-de-labbaye-de-montheron-2010\/\" title=\"Permalink to Revue 2010 Abbaye de Montheron\" rel=\"bookmark\">Revue 2010 Abbaye de Montheron<\/a><\/li><li><a href=\"https:\/\/www.carillons.ch\/blog\/partition-pour-guitare-passages-et-mysteres\/\" title=\"Permalink to Partition pour guitare: Passages et myst\u00e8res\" rel=\"bookmark\">Partition pour guitare: Passages et myst\u00e8res<\/a><\/li><li><a href=\"https:\/\/www.carillons.ch\/blog\/le-carillon-de-chantemerle-2\/\" title=\"Permalink to Carillon de Chantemerle, Pully\" rel=\"bookmark\">Carillon de Chantemerle, Pully<\/a><\/li><li><a href=\"https:\/\/www.carillons.ch\/blog\/carillon-dexercice-le-clavion\/\" title=\"Permalink to Carillon d&rsquo;exercice \/ Le Clavion\" rel=\"bookmark\">Carillon d&rsquo;exercice \/ Le Clavion<\/a><\/li><li><a href=\"https:\/\/www.carillons.ch\/blog\/association-des-amis-de-labbaye-de-montheron\/\" title=\"Permalink to Association des Amis de l&rsquo;Abbaye de Montheron\" rel=\"bookmark\">Association des Amis de l&rsquo;Abbaye de Montheron<\/a><\/li><li><a href=\"https:\/\/www.carillons.ch\/blog\/petit-historique-de-labbaye-de-montheron\/\" title=\"Permalink to Petit historique de l&rsquo;Abbaye de Montheron\" rel=\"bookmark\">Petit historique de l&rsquo;Abbaye de Montheron<\/a><\/li><li><a href=\"https:\/\/www.carillons.ch\/blog\/orgue-de-choeur-sumiswald-berne-1860\/\" title=\"Permalink to Orgue de choeur Sumiswald (Berne) 1860\" rel=\"bookmark\">Orgue de choeur Sumiswald (Berne) 1860<\/a><\/li><li><a href=\"https:\/\/www.carillons.ch\/blog\/cartes-et-horaires-des-bus-abbaye-de-montheron\/\" title=\"Permalink to Cartes et horaires des bus \/ Abbaye de Montheron\" rel=\"bookmark\">Cartes et horaires des bus \/ Abbaye de Montheron<\/a><\/li><li><a href=\"https:\/\/www.carillons.ch\/blog\/lassociation-des-amis-du-carillon-de-chantemerle-2\/\" title=\"Permalink to Adh\u00e9sion \u00e0 l&rsquo;association des Amis du Carillon de Chantemerle\" rel=\"bookmark\">Adh\u00e9sion \u00e0 l&rsquo;association des Amis du Carillon de Chantemerle<\/a><\/li><li><a href=\"https:\/\/www.carillons.ch\/blog\/carillon-de-chantemerle-cartes-et-horaires\/\" title=\"Permalink to Carillon de Chantemerle \/ Cartes et horaires\" rel=\"bookmark\">Carillon de Chantemerle \/ Cartes et horaires<\/a><\/li><li><a href=\"https:\/\/www.carillons.ch\/blog\/revue-des-amis-de-labbaye-de-montheron-2011\/\" title=\"Permalink to Revue 2011 Abbaye de Montheron\" rel=\"bookmark\">Revue 2011 Abbaye de Montheron<\/a><\/li><li><a href=\"https:\/\/www.carillons.ch\/blog\/2011-09-04-carillon-fanfare\/\" title=\"Permalink to 5 nouvelles cloches en 2011 au carillon de Chantemerle\" rel=\"bookmark\">5 nouvelles cloches en 2011 au carillon de Chantemerle<\/a><\/li><li><a href=\"https:\/\/www.carillons.ch\/blog\/2011-09-25-quatuor-terpsycordes\/\" title=\"Permalink to 2011 09 25 Quatuor Terpsycordes\" rel=\"bookmark\">2011 09 25 Quatuor Terpsycordes<\/a><\/li><li><a href=\"https:\/\/www.carillons.ch\/blog\/froideville-vd-carillon-du-centre-oecumenique\/\" title=\"Permalink to Carillon de Froideville VD\" rel=\"bookmark\">Carillon de Froideville VD<\/a><\/li><li><a href=\"https:\/\/www.carillons.ch\/blog\/petit-carillon-des-orgues-de-labbaye-de-montheron\/\" title=\"Permalink to Petit carillon des orgues de l&rsquo;Abbaye de Montheron\" rel=\"bookmark\">Petit carillon des orgues de l&rsquo;Abbaye de Montheron<\/a><\/li><li><a href=\"https:\/\/www.carillons.ch\/blog\/revue-des-amis-de-labbaye-de-montheron-2012\/\" title=\"Permalink to Revue 2012 Abbaye de Montheron\" rel=\"bookmark\">Revue 2012 Abbaye de Montheron<\/a><\/li><li><a href=\"https:\/\/www.carillons.ch\/blog\/documentation-historique-sur-lancienne-abbaye-cistercienne-de-montheron\/\" title=\"Permalink to Documentation historique sur l&rsquo;ancienne Abbaye cistercienne de Montheron\" rel=\"bookmark\">Documentation historique sur l&rsquo;ancienne Abbaye cistercienne de Montheron<\/a><\/li><li><a href=\"https:\/\/www.carillons.ch\/blog\/fouilles-archeologiques-et-documents-darchives\/\" title=\"Permalink to Fouilles arch\u00e9ologiques et documents d\u2019archives\" rel=\"bookmark\">Fouilles arch\u00e9ologiques et documents d\u2019archives<\/a><\/li><li><a href=\"https:\/\/www.carillons.ch\/blog\/photos-otto-schmid-1928\/\" title=\"Permalink to Photos Otto Schmid 1928\" rel=\"bookmark\">Photos Otto Schmid 1928<\/a><\/li><li><a href=\"https:\/\/www.carillons.ch\/blog\/a-propos-dune-maquette-de-lancienne-abbatiale-de-montheron\/\" title=\"Permalink to A propos d\u2019une maquette de l\u2019ancienne Abbatiale de Montheron\" rel=\"bookmark\">A propos d\u2019une maquette de l\u2019ancienne Abbatiale de Montheron<\/a><\/li><li><a href=\"https:\/\/www.carillons.ch\/blog\/resurrection-du-site-historique-de-montheron-au-xxe-siecle\/\" title=\"Permalink to R\u00e9surrection du site historique de Montheron au XXe si\u00e8cle\" rel=\"bookmark\">R\u00e9surrection du site historique de Montheron au XXe si\u00e8cle<\/a><\/li><li><a href=\"https:\/\/www.carillons.ch\/blog\/la-memoire-ecrite-de-labbaye-de-montheron\/\" title=\"Permalink to La m\u00e9moire \u00e9crite de l\u2019abbaye de Montheron\" rel=\"bookmark\">La m\u00e9moire \u00e9crite de l\u2019abbaye de Montheron<\/a><\/li><li><a href=\"https:\/\/www.carillons.ch\/blog\/lancienne-abbatiale-de-montheron-une-enigme-architecturale\/\" title=\"Permalink to L\u2019ancienne abbatiale de Montheron: une \u00e9nigme architecturale\" rel=\"bookmark\">L\u2019ancienne abbatiale de Montheron: une \u00e9nigme architecturale<\/a><\/li><li><a href=\"https:\/\/www.carillons.ch\/blog\/le-mot-des-archeologues-montheron-1999-2006\/\" title=\"Permalink to Le mot des arch\u00e9ologues Montheron 1999-2006\" rel=\"bookmark\">Le mot des arch\u00e9ologues Montheron 1999-2006<\/a><\/li><li><a href=\"https:\/\/www.carillons.ch\/blog\/ancienne-abbaye-cistercienne-diocese-de-lausanne\/\" title=\"Permalink to Ancienne abbaye cistercienne, dioc\u00e8se de Lausanne.\" rel=\"bookmark\">Ancienne abbaye cistercienne, dioc\u00e8se de Lausanne.<\/a><\/li><li><a href=\"https:\/\/www.carillons.ch\/blog\/panneau-le-monastere-de-montheron\/\" title=\"Permalink to Panneau: le monast\u00e8re de Montheron\" rel=\"bookmark\">Panneau: le monast\u00e8re de Montheron<\/a><\/li><li><a href=\"https:\/\/www.carillons.ch\/blog\/revue-des-amis-de-labbaye-de-montheron-1997\/\" title=\"Permalink to Revue 1997 Abbaye de Montheron\" rel=\"bookmark\">Revue 1997 Abbaye de Montheron<\/a><\/li><li><a href=\"https:\/\/www.carillons.ch\/blog\/abbayes-cisterciennes-disparues\/\" title=\"Permalink to Abbayes cisterciennes disparues\" rel=\"bookmark\">Abbayes cisterciennes disparues<\/a><\/li><li><a href=\"https:\/\/www.carillons.ch\/blog\/restauration-de-leglise-de-montheron-2005-2006\/\" title=\"Permalink to Restauration de l&rsquo;\u00e9glise de Montheron 2005-2006\" rel=\"bookmark\">Restauration de l&rsquo;\u00e9glise de Montheron 2005-2006<\/a><\/li><li><a href=\"https:\/\/www.carillons.ch\/blog\/frigida-villa\/\" title=\"Permalink to De Frigida villa \u00e0 Froideville\" rel=\"bookmark\">De Frigida villa \u00e0 Froideville<\/a><\/li><li><a href=\"https:\/\/www.carillons.ch\/blog\/2005-revue-des-amis-de-labbaye-de-montheron\/\" title=\"Permalink to Revue 2005 Abbaye de Montheron\" rel=\"bookmark\">Revue 2005 Abbaye de Montheron<\/a><\/li><li><a href=\"https:\/\/www.carillons.ch\/blog\/souvenir-de-choeurs-a-montheron\/\" title=\"Permalink to Am\u00e9rique Latine en choeur \u00e0 Montheron en 2012\" rel=\"bookmark\">Am\u00e9rique Latine en choeur \u00e0 Montheron en 2012<\/a><\/li><li><a href=\"https:\/\/www.carillons.ch\/blog\/ensemble-vocal-bis-a-montheron\/\" title=\"Permalink to Ensemble vocal Bis \u00e0 Montheron en 2011\" rel=\"bookmark\">Ensemble vocal Bis \u00e0 Montheron en 2011<\/a><\/li><li><a href=\"https:\/\/www.carillons.ch\/blog\/concerts-de-carillon-a-la-cathedrale-de-geneve\/\" title=\"Permalink to Carillon de la Cath\u00e9drale de Gen\u00e8ve et concerts\" rel=\"bookmark\">Carillon de la Cath\u00e9drale de Gen\u00e8ve et concerts<\/a><\/li><li><a href=\"https:\/\/www.carillons.ch\/blog\/concerts-de-carillon-a-labbaye-de-saint-maurice\/\" title=\"Permalink to Carillon de l&rsquo;Abbaye de Saint-Maurice et concerts\" rel=\"bookmark\">Carillon de l&rsquo;Abbaye de Saint-Maurice et concerts<\/a><\/li><li><a href=\"https:\/\/www.carillons.ch\/blog\/concerts-de-carillon-a-carouge\/\" title=\"Permalink to Carillon de Carouge et concerts\" rel=\"bookmark\">Carillon de Carouge et concerts<\/a><\/li><li><a href=\"https:\/\/www.carillons.ch\/blog\/eglise-de-pully-la-rosiaz\/\" title=\"Permalink to Eglise de Pully-La-Rosiaz\" rel=\"bookmark\">Eglise de Pully-La-Rosiaz<\/a><\/li><li><a href=\"https:\/\/www.carillons.ch\/blog\/eglise-actuelle-de-montheron\/\" title=\"Permalink to b\\ L&rsquo;\u00e9glise actuelle de Montheron\" rel=\"bookmark\">b\\ L&rsquo;\u00e9glise actuelle de Montheron<\/a><\/li><li><a href=\"https:\/\/www.carillons.ch\/blog\/le-patrimoine-campanaire-fribourgeois\/\" title=\"Permalink to Le patrimoine campanaire fribourgeois\" rel=\"bookmark\">Le patrimoine campanaire fribourgeois<\/a><\/li><li><a href=\"https:\/\/www.carillons.ch\/blog\/fuhrungen-durch-die-zisterzienser-statte\/\" title=\"Permalink to F\u00fchrungen durch die Zisterzienser St\u00e4tte\" rel=\"bookmark\">F\u00fchrungen durch die Zisterzienser St\u00e4tte<\/a><\/li><li><a href=\"https:\/\/www.carillons.ch\/blog\/guided-tours-of-the-cistercian-site\/\" title=\"Permalink to Guided tours of the Cistercian site\" rel=\"bookmark\">Guided tours of the Cistercian site<\/a><\/li><li><a href=\"https:\/\/www.carillons.ch\/blog\/lettre-de-nouvelles-abbaye-de-montheron\/\" title=\"Permalink to Lettre de nouvelles \/ Abbaye de Montheron\" rel=\"bookmark\">Lettre de nouvelles \/ Abbaye de Montheron<\/a><\/li><li><a href=\"https:\/\/www.carillons.ch\/blog\/polyglotte-les-methodes-assimil\/\" title=\"Permalink to Polyglotte \/ les m\u00e9thodes assimil\" rel=\"bookmark\">Polyglotte \/ les m\u00e9thodes assimil<\/a><\/li><li><a href=\"https:\/\/www.carillons.ch\/blog\/revue-2013-des-amis-de-labbaye-de-montheron\/\" title=\"Permalink to Revue 2013 Abbaye de Montheron\" rel=\"bookmark\">Revue 2013 Abbaye de Montheron<\/a><\/li><li><a href=\"https:\/\/www.carillons.ch\/blog\/hist-la-ruelle-des-convers-chez-les-cisterciens\/\" title=\"Permalink to La ruelle des convers chez les cisterciens\" rel=\"bookmark\">La ruelle des convers chez les cisterciens<\/a><\/li><li><a href=\"https:\/\/www.carillons.ch\/blog\/concerts-de-carillon-a-lens-vs\/\" title=\"Permalink to Carillon de Lens (VS) et concerts\" rel=\"bookmark\">Carillon de Lens (VS) et concerts<\/a><\/li><li><a href=\"https:\/\/www.carillons.ch\/blog\/concerts-de-carillon-en-suisse\/\" title=\"Permalink to Concerts de carillon en Suisse\" rel=\"bookmark\">Concerts de carillon en Suisse<\/a><\/li><li><a href=\"https:\/\/www.carillons.ch\/blog\/2014-05-29-mai-inauguration-24-nouvelles-cloches\/\" title=\"Permalink to 24 nouvelles cloches en 2014 au Carillon de Chantemerle\" rel=\"bookmark\">24 nouvelles cloches en 2014 au Carillon de Chantemerle<\/a><\/li><li><a href=\"https:\/\/www.carillons.ch\/blog\/concerts-de-carillon-a-zofingue\/\" title=\"Permalink to Carillon de Zofingue et concerts\" rel=\"bookmark\">Carillon de Zofingue et concerts<\/a><\/li><li><a href=\"https:\/\/www.carillons.ch\/blog\/c-page-twitter-abbaye-de-montheron\/\" title=\"Permalink to Page Twitter Abbaye de Montheron\" rel=\"bookmark\">Page Twitter Abbaye de Montheron<\/a><\/li><li><a href=\"https:\/\/www.carillons.ch\/blog\/page-twitter-carillon-de-chantemerle\/\" title=\"Permalink to Page Twitter Carillon de Chantemerle\" rel=\"bookmark\">Page Twitter Carillon de Chantemerle<\/a><\/li><li><a href=\"https:\/\/www.carillons.ch\/blog\/page-twitter-cloches-et-carillons-en-suisse\/\" title=\"Permalink to Page Twitter Cloches et carillons en Suisse\" rel=\"bookmark\">Page Twitter Cloches et carillons en Suisse<\/a><\/li><li><a href=\"https:\/\/www.carillons.ch\/blog\/revue-2014-des-amis-de-labbaye-de-montheron\/\" title=\"Permalink to Revue 2014 Abbaye de Montheron\" rel=\"bookmark\">Revue 2014 Abbaye de Montheron<\/a><\/li><li><a href=\"https:\/\/www.carillons.ch\/blog\/petits-carillons-au-tessin\/\" title=\"Permalink to Carillons au Tessin\" rel=\"bookmark\">Carillons au Tessin<\/a><\/li><li><a href=\"https:\/\/www.carillons.ch\/blog\/carillons-grands-carillons-de-suisse\/\" title=\"Permalink to Carillons: grands carillons de Suisse\" rel=\"bookmark\">Carillons: grands carillons de Suisse<\/a><\/li><li><a href=\"https:\/\/www.carillons.ch\/blog\/visite-guidee-du-carillon-de-chantemerle\/\" title=\"Permalink to Visite guid\u00e9e du carillon de Chantemerle\" rel=\"bookmark\">Visite guid\u00e9e du carillon de Chantemerle<\/a><\/li><li><a href=\"https:\/\/www.carillons.ch\/blog\/b-auberge-de-labbaye-de-montheron\/\" title=\"Permalink to Auberge de l&rsquo;Abbaye de Montheron\" rel=\"bookmark\">Auberge de l&rsquo;Abbaye de Montheron<\/a><\/li><li><a href=\"https:\/\/www.carillons.ch\/blog\/orgue-positif-walpen-au-dezaley\/\" title=\"Permalink to Orgue positif Walpen au D\u00e9zaley 1800\" rel=\"bookmark\">Orgue positif Walpen au D\u00e9zaley 1800<\/a><\/li><li><a href=\"https:\/\/www.carillons.ch\/blog\/chapelle-du-clos-des-moines-au-dezaley\/\" title=\"Permalink to Chapelle du Clos des moines au D\u00e9zaley\" rel=\"bookmark\">Chapelle du Clos des moines au D\u00e9zaley<\/a><\/li><li><a href=\"https:\/\/www.carillons.ch\/blog\/carillon-de-st-maurice-souvenirs-de-2004\/\" title=\"Permalink to Carillon de St-Maurice, souvenirs de 2004\" rel=\"bookmark\">Carillon de St-Maurice, souvenirs de 2004<\/a><\/li><li><a href=\"https:\/\/www.carillons.ch\/blog\/revue-2015-des-amis-de-labbaye-de-montheron\/\" title=\"Permalink to Revue 2015 Abbaye de Montheron\" rel=\"bookmark\">Revue 2015 Abbaye de Montheron<\/a><\/li><li><a href=\"https:\/\/www.carillons.ch\/blog\/les-orgues-de-leglise-de-la-rosiaz\/\" title=\"Permalink to Les orgues de l&rsquo;\u00e9glise de la Rosiaz\" rel=\"bookmark\">Les orgues de l&rsquo;\u00e9glise de la Rosiaz<\/a><\/li><li><a href=\"https:\/\/www.carillons.ch\/blog\/fouilles-presentes-et-futures-a-labbaye-de-montheron\/\" title=\"Permalink to Fouilles pr\u00e9sentes et futures \u00e0 l&rsquo;Abbaye de Montheron\" rel=\"bookmark\">Fouilles pr\u00e9sentes et futures \u00e0 l&rsquo;Abbaye de Montheron<\/a><\/li><li><a href=\"https:\/\/www.carillons.ch\/blog\/terre-nouvelle-et-secaar-concerts-dentraide\/\" title=\"Permalink to Terre Nouvelle et SECAAR \/ Concerts d&rsquo;entraide\" rel=\"bookmark\">Terre Nouvelle et SECAAR \/ Concerts d&rsquo;entraide<\/a><\/li><li><a href=\"https:\/\/www.carillons.ch\/blog\/charte-europeenne-des-abbayes-et-sites-cisterciens\/\" title=\"Permalink to Charte europ\u00e9enne des Abbayes et sites Cisterciens\" rel=\"bookmark\">Charte europ\u00e9enne des Abbayes et sites Cisterciens<\/a><\/li><li><a href=\"https:\/\/www.carillons.ch\/blog\/page-facebook-daniel-thomas-carillonneur\/\" title=\"Permalink to Page Facebook Polymusicien\" rel=\"bookmark\">Page Facebook Polymusicien<\/a><\/li><li><a href=\"https:\/\/www.carillons.ch\/blog\/panorama-depuis-la-place-du-carillon-de-chantemerle\/\" title=\"Permalink to Panorama depuis la place du Carillon de Chantemerle\" rel=\"bookmark\">Panorama depuis la place du Carillon de Chantemerle<\/a><\/li><li><a href=\"https:\/\/www.carillons.ch\/blog\/site-irreel-ch-site-de-lauteur\/\" title=\"Permalink to Site irreel.ch, site de l&rsquo;auteur\" rel=\"bookmark\">Site irreel.ch, site de l&rsquo;auteur<\/a><\/li><li><a href=\"https:\/\/www.carillons.ch\/blog\/2017-05-20-mai-nuit-des-eglises\/\" title=\"Permalink to Nuit des \u00e9glises\" rel=\"bookmark\">Nuit des \u00e9glises<\/a><\/li><li><a href=\"https:\/\/www.carillons.ch\/blog\/revue-2016-des-amis-de-labbaye-de-montheron\/\" title=\"Permalink to Revue 2016 Abbaye de Montheron\" rel=\"bookmark\">Revue 2016 Abbaye de Montheron<\/a><\/li><li><a href=\"https:\/\/www.carillons.ch\/blog\/2017-06-01-juillet-congres-mondial-du-carillon-barcelone-2017\/\" title=\"Permalink to Congr\u00e8s Mondial du Carillon Barcelone 2017\" rel=\"bookmark\">Congr\u00e8s Mondial du Carillon Barcelone 2017<\/a><\/li><li><a href=\"https:\/\/www.carillons.ch\/blog\/2017-07-03-juillet-concert-de-carillon-a-barcelone\/\" title=\"Permalink to Concert de Carillon \u00e0 Barcelone\" rel=\"bookmark\">Concert de Carillon \u00e0 Barcelone<\/a><\/li><li><a href=\"https:\/\/www.carillons.ch\/blog\/lassociation-pour-les-interets-et-le-developpement-de-pully-nord\/\" title=\"Permalink to L\u2019Association pour les int\u00e9r\u00eats de Pully-Nord\" rel=\"bookmark\">L\u2019Association pour les int\u00e9r\u00eats de Pully-Nord<\/a><\/li><li><a href=\"https:\/\/www.carillons.ch\/blog\/federation-mondiale-du-carillon\/\" title=\"Permalink to F\u00e9d\u00e9ration Mondiale du Carillon\" rel=\"bookmark\">F\u00e9d\u00e9ration Mondiale du Carillon<\/a><\/li><li><a href=\"https:\/\/www.carillons.ch\/blog\/je-trottine-dans-ma-ville\/\" title=\"Permalink to Je trottine dans ma ville\" rel=\"bookmark\">Je trottine dans ma ville<\/a><\/li><li><a href=\"https:\/\/www.carillons.ch\/blog\/2018-11-27-petit-calendrier-des-fetes\/\" title=\"Permalink to Petit calendrier des f\u00eates\" rel=\"bookmark\">Petit calendrier des f\u00eates<\/a><\/li><li><a href=\"https:\/\/www.carillons.ch\/blog\/revue-2017-de-labbaye-de-montheron\/\" title=\"Permalink to Revue 2017 Abbaye de Montheron\" rel=\"bookmark\">Revue 2017 Abbaye de Montheron<\/a><\/li><li><a href=\"https:\/\/www.carillons.ch\/blog\/panorama-de-lesplanade-du-carillon\/\" title=\"Permalink to Panorama de l&rsquo;esplanade du carillon\" rel=\"bookmark\">Panorama de l&rsquo;esplanade du carillon<\/a><\/li><li><a href=\"https:\/\/www.carillons.ch\/blog\/parc-du-jorat\/\" title=\"Permalink to Activit\u00e9s Parc du Jorat\" rel=\"bookmark\">Activit\u00e9s Parc du Jorat<\/a><\/li><li><a href=\"https:\/\/www.carillons.ch\/blog\/visites-de-luniversite-populaire-de-lausanne\/\" title=\"Permalink to Visites de l&rsquo;Universit\u00e9 Populaire de Lausanne\" rel=\"bookmark\">Visites de l&rsquo;Universit\u00e9 Populaire de Lausanne<\/a><\/li><li><a href=\"https:\/\/www.carillons.ch\/blog\/revue-campanae-helveticae-en-pdf\/\" title=\"Permalink to Revue Campanae Helveticae en pdf\" rel=\"bookmark\">Revue Campanae Helveticae en pdf<\/a><\/li><li><a href=\"https:\/\/www.carillons.ch\/blog\/revue-2018-de-labbaye-de-montheron\/\" title=\"Permalink to Revue 2018 Abbaye de Montheron\" rel=\"bookmark\">Revue 2018 Abbaye de Montheron<\/a><\/li><li><a href=\"https:\/\/www.carillons.ch\/blog\/2018-09-13-septembre-le-carillon-de-49-cloches-de-labbaye-de-st-maurice\/\" title=\"Permalink to Le carillon de 49 cloches de l\u2019Abbaye de St-Maurice, visite guid\u00e9e\" rel=\"bookmark\">Le carillon de 49 cloches de l\u2019Abbaye de St-Maurice, visite guid\u00e9e<\/a><\/li><li><a href=\"https:\/\/www.carillons.ch\/blog\/carillon-de-bulle\/\" title=\"Permalink to Carillon de Bulle\" rel=\"bookmark\">Carillon de Bulle<\/a><\/li><li><a href=\"https:\/\/www.carillons.ch\/blog\/carillon-daarau\/\" title=\"Permalink to Carillon d&rsquo;Aarau\" rel=\"bookmark\">Carillon d&rsquo;Aarau<\/a><\/li><li><a href=\"https:\/\/www.carillons.ch\/blog\/le-carillon-de-bourg-st-pierre\/\" title=\"Permalink to Carillon de Bourg-St-Pierre\" rel=\"bookmark\">Carillon de Bourg-St-Pierre<\/a><\/li><li><a href=\"https:\/\/www.carillons.ch\/blog\/bottens-ses-trois-clochers-ses-deux-eglises-ses-deux-chateaux-et-ses-croix-de-rogations\/\" title=\"Permalink to Bottens, ses trois clochers, ses deux \u00e9glises, ses deux ch\u00e2teaux et ses croix de rogations\" rel=\"bookmark\">Bottens, ses trois clochers, ses deux \u00e9glises, ses deux ch\u00e2teaux et ses croix de rogations<\/a><\/li><li><a href=\"https:\/\/www.carillons.ch\/blog\/daniel-thomas-carillonneur\/\" title=\"Permalink to Daniel Thomas, carillonneur\" rel=\"bookmark\">Daniel Thomas, carillonneur<\/a><\/li><li><a href=\"https:\/\/www.carillons.ch\/blog\/daniel-thomas-organiste\/\" title=\"Permalink to Daniel Thomas, organiste\" rel=\"bookmark\">Daniel Thomas, organiste<\/a><\/li><li><a href=\"https:\/\/www.carillons.ch\/blog\/orgues-de-choeur-de-leglise-de-bottens\/\" title=\"Permalink to Orgues de choeur de l&rsquo;\u00e9glise de Bottens\" rel=\"bookmark\">Orgues de choeur de l&rsquo;\u00e9glise de Bottens<\/a><\/li><li><a href=\"https:\/\/www.carillons.ch\/blog\/daniel-thomas-visites-guidees\/\" title=\"Permalink to Daniel Thomas, visites guid\u00e9es\" rel=\"bookmark\">Daniel Thomas, visites guid\u00e9es<\/a><\/li><li><a href=\"https:\/\/www.carillons.ch\/blog\/2018-09-21-septembre-dommartin-ville-fortifiee\/\" title=\"Permalink to Dommartin, ville fortifi\u00e9e \/ Visite guid\u00e9e\" rel=\"bookmark\">Dommartin, ville fortifi\u00e9e \/ Visite guid\u00e9e<\/a><\/li><li><a href=\"https:\/\/www.carillons.ch\/blog\/2018-10-11-octobre-assens-visite-guidee\/\" title=\"Permalink to Assens, visite guid\u00e9e\" rel=\"bookmark\">Assens, visite guid\u00e9e<\/a><\/li><li><a href=\"https:\/\/www.carillons.ch\/blog\/revue-2004-des-amis-de-labbaye-de-montheron\/\" title=\"Permalink to Revue 2004 Abbaye de Montheron\" rel=\"bookmark\">Revue 2004 Abbaye de Montheron<\/a><\/li><li><a href=\"https:\/\/www.carillons.ch\/blog\/revue-2003-des-amis-de-labbaye-de-montheron\/\" title=\"Permalink to Revue 2003 Abbaye de Montheron\" rel=\"bookmark\">Revue 2003 Abbaye de Montheron<\/a><\/li><li><a href=\"https:\/\/www.carillons.ch\/blog\/2018-10-04-octobre-daillens-visite-guidee\/\" title=\"Permalink to Daillens, visite guid\u00e9e\" rel=\"bookmark\">Daillens, visite guid\u00e9e<\/a><\/li><li><a href=\"https:\/\/www.carillons.ch\/blog\/le-prieure-de-pully-villa-romaine-grange-viticole-clunisienne-visite-guidee\/\" title=\"Permalink to Le Prieur\u00e9 de Pully, villa romaine, grange viticole clunisienne \/ Visite guid\u00e9e\" rel=\"bookmark\">Le Prieur\u00e9 de Pully, villa romaine, grange viticole clunisienne \/ Visite guid\u00e9e<\/a><\/li><li><a href=\"https:\/\/www.carillons.ch\/blog\/le-village-de-morrens-chene-eglise-cure-et-chateau-visite-guidee\/\" title=\"Permalink to Le village de Morrens, ch\u00eane, \u00e9glise, cure et ch\u00e2teau \/ Visite guid\u00e9e\" rel=\"bookmark\">Le village de Morrens, ch\u00eane, \u00e9glise, cure et ch\u00e2teau \/ Visite guid\u00e9e<\/a><\/li><li><a href=\"https:\/\/www.carillons.ch\/blog\/poliez-pittet-et-ses-4-clochers-visite-guidee\/\" title=\"Permalink to Poliez-Pittet et ses 4 clochers \/ visite guid\u00e9e\" rel=\"bookmark\">Poliez-Pittet et ses 4 clochers \/ visite guid\u00e9e<\/a><\/li><li><a href=\"https:\/\/www.carillons.ch\/blog\/leglise-paritaire-saint-nicolas-de-villars-le-terroir-visite-guidee\/\" title=\"Permalink to L\u2019\u00c9glise paritaire Saint-Nicolas de Villars-le-Terroir \/ Visite guid\u00e9e\" rel=\"bookmark\">L\u2019\u00c9glise paritaire Saint-Nicolas de Villars-le-Terroir \/ Visite guid\u00e9e<\/a><\/li><li><a href=\"https:\/\/www.carillons.ch\/blog\/goumoens-la-ville-ses-trois-chateaux-et-son-eglise-carolingienne-visite-guidee\/\" title=\"Permalink to Goumoens-la-Ville, ses trois ch\u00e2teaux et son \u00e9glise carolingienne \/ Visite guid\u00e9e\" rel=\"bookmark\">Goumoens-la-Ville, ses trois ch\u00e2teaux et son \u00e9glise carolingienne \/ Visite guid\u00e9e<\/a><\/li><li><a href=\"https:\/\/www.carillons.ch\/blog\/la-baronnie-de-bercher-et-son-chateau-leglise-et-la-cure-visite-guidee\/\" title=\"Permalink to La baronnie de Bercher et son ch\u00e2teau, l\u2019\u00e9glise et la cure \/ Visite guid\u00e9e\" rel=\"bookmark\">La baronnie de Bercher et son ch\u00e2teau, l\u2019\u00e9glise et la cure \/ Visite guid\u00e9e<\/a><\/li><li><a href=\"https:\/\/www.carillons.ch\/blog\/la-chapelle-du-clos-des-abbayes-au-dezaley\/\" title=\"Permalink to Chapelle du Clos des Abbayes au D\u00e9zaley\" rel=\"bookmark\">Chapelle du Clos des Abbayes au D\u00e9zaley<\/a><\/li><li><a href=\"https:\/\/www.carillons.ch\/blog\/2019-07-04-juillet-walsh-memorial-bell-choir\/\" title=\"Permalink to Walsh Memorial Bell Choir\" rel=\"bookmark\">Walsh Memorial Bell Choir<\/a><\/li><li><a href=\"https:\/\/www.carillons.ch\/blog\/pakomuze\/\" title=\"Permalink to Nouvelles de P\u00e2KOMUZ\u00e9\" rel=\"bookmark\">Nouvelles de P\u00e2KOMUZ\u00e9<\/a><\/li><li><a href=\"https:\/\/www.carillons.ch\/blog\/orgues-de-leglise-saint-etienne-de-bottens\/\" title=\"Permalink to Orgues de l&rsquo;\u00e9glise Saint-Etienne de Bottens\" rel=\"bookmark\">Orgues de l&rsquo;\u00e9glise Saint-Etienne de Bottens<\/a><\/li><li><a href=\"https:\/\/www.carillons.ch\/blog\/2019-04-17-avril-atelier-musical-aux-7-claviers\/\" title=\"Permalink to Atelier musical aux 7 claviers\" rel=\"bookmark\">Atelier musical aux 7 claviers<\/a><\/li><li><a href=\"https:\/\/www.carillons.ch\/blog\/2019-05-17-mai-leglise-paritaire-saint-laurent-detagnieres\/\" title=\"Permalink to L\u2019\u00c9glise paritaire Saint-Laurent d\u2019\u00c9tagni\u00e8res\" rel=\"bookmark\">L\u2019\u00c9glise paritaire Saint-Laurent d\u2019\u00c9tagni\u00e8res<\/a><\/li><li><a href=\"https:\/\/www.carillons.ch\/blog\/2019-09-05-septembre-leglise-de-chatel-st-denis\/\" title=\"Permalink to L\u2019\u00e9glise n\u00e9o-gothique de Ch\u00e2tel St-Denis\" rel=\"bookmark\">L\u2019\u00e9glise n\u00e9o-gothique de Ch\u00e2tel St-Denis<\/a><\/li><li><a href=\"https:\/\/www.carillons.ch\/blog\/2019-08-22-aout-oulens-sous-echallens-son-eglise-medievale\/\" title=\"Permalink to Oulens-sous-\u00c9challens, son \u00e9glise m\u00e9di\u00e9vale\" rel=\"bookmark\">Oulens-sous-\u00c9challens, son \u00e9glise m\u00e9di\u00e9vale<\/a><\/li><li><a href=\"https:\/\/www.carillons.ch\/blog\/2019-06-22-juin-saint-saphorin-en-lavaux\/\" title=\"Permalink to Saint-Saphorin en Lavaux\" rel=\"bookmark\">Saint-Saphorin en Lavaux<\/a><\/li><li><a href=\"https:\/\/www.carillons.ch\/blog\/2019-09-13-septembre-echallens-son-chateau-son-turlet-ses-deux-eglises\/\" title=\"Permalink to \u00c9challens, son ch\u00e2teau, son Turlet, ses deux \u00e9glises\" rel=\"bookmark\">\u00c9challens, son ch\u00e2teau, son Turlet, ses deux \u00e9glises<\/a><\/li><li><a href=\"https:\/\/www.carillons.ch\/blog\/ecouter-le-creole-guadeloupeen\/\" title=\"Permalink to Ecouter le Cr\u00e9ole Guadeloup\u00e9en\" rel=\"bookmark\">Ecouter le Cr\u00e9ole Guadeloup\u00e9en<\/a><\/li><li><a href=\"https:\/\/www.carillons.ch\/blog\/2019-07-13-juillet-concert-de-carillon-a-annecy\/\" title=\"Permalink to Concerts au carillon de 37 cloches \u00e0 Annecy\" rel=\"bookmark\">Concerts au carillon de 37 cloches \u00e0 Annecy<\/a><\/li><li><a href=\"https:\/\/www.carillons.ch\/blog\/le-seigneur-henri-de-colombier-et-labbaye-de-montheron\/\" title=\"Permalink to Le seigneur Henri de Colombier et l\u2019Abbaye de Montheron\" rel=\"bookmark\">Le seigneur Henri de Colombier et l\u2019Abbaye de Montheron<\/a><\/li><li><a href=\"https:\/\/www.carillons.ch\/blog\/revue-de-labbaye-de-montheron\/\" title=\"Permalink to Revue de l&rsquo;Abbaye de Montheron\" rel=\"bookmark\">Revue de l&rsquo;Abbaye de Montheron<\/a><\/li><li><a href=\"https:\/\/www.carillons.ch\/blog\/gccs-guilde-des-carillonneurs-et-campanologues-suisses\/\" title=\"Permalink to GCCS, Guilde des carillonneurs et campanologues suisses\" rel=\"bookmark\">GCCS, Guilde des carillonneurs et campanologues suisses<\/a><\/li><li><a href=\"https:\/\/www.carillons.ch\/blog\/page-facebook-carillon-de-chantemerle\/\" title=\"Permalink to Page Facebook Carillon de Chantemerle\" rel=\"bookmark\">Page Facebook Carillon de Chantemerle<\/a><\/li><li><a href=\"https:\/\/www.carillons.ch\/blog\/2019-08-11-aout-anita-maik-musiques-avec-les-cloches\/\" title=\"Permalink to Anita &#038; Maik \u2013 musiques avec les cloches\" rel=\"bookmark\">Anita &#038; Maik \u2013 musiques avec les cloches<\/a><\/li><li><a href=\"https:\/\/www.carillons.ch\/blog\/2019-06-30-juin-carillon-a-soignies\/\" title=\"Permalink to Concert de carillon \u00e0 Soignies\" rel=\"bookmark\">Concert de carillon \u00e0 Soignies<\/a><\/li><li><a href=\"https:\/\/www.carillons.ch\/blog\/2019-07-14-juillet-carillon-a-lyon\/\" title=\"Permalink to Concerts au carillon de 65 cloches \u00e0 Lyon\" rel=\"bookmark\">Concerts au carillon de 65 cloches \u00e0 Lyon<\/a><\/li><li><a href=\"https:\/\/www.carillons.ch\/blog\/2019-07-15-juillet-carillon-taninges\/\" title=\"Permalink to Concerts au carillon de 44 cloches de Taninges\" rel=\"bookmark\">Concerts au carillon de 44 cloches de Taninges<\/a><\/li><li><a href=\"https:\/\/www.carillons.ch\/blog\/2019-05-02-mai-labbaye-cistercienne-de-montheron-et-le-jorat\/\" title=\"Permalink to Conf\u00e9rence \/ L\u2019Abbaye cistercienne de Montheron et le Jorat\" rel=\"bookmark\">Conf\u00e9rence \/ L\u2019Abbaye cistercienne de Montheron et le Jorat<\/a><\/li><li><a href=\"https:\/\/www.carillons.ch\/blog\/11759-2\/\" title=\"Permalink to L\u2019art du carillon en Suisse et \u00e0 Pully\" rel=\"bookmark\">L\u2019art du carillon en Suisse et \u00e0 Pully<\/a><\/li><li><a href=\"https:\/\/www.carillons.ch\/blog\/page-twitter-daniel-thomas-carillonneur\/\" title=\"Permalink to Page Twitter Daniel Thomas carillonneur\" rel=\"bookmark\">Page Twitter Daniel Thomas carillonneur<\/a><\/li><li><a href=\"https:\/\/www.carillons.ch\/blog\/2019-08-01-aout-60-cloches-a-la-main\/\" title=\"Permalink to 60 cloches \u00e0 la main, Goldenbells\" rel=\"bookmark\">60 cloches \u00e0 la main, Goldenbells<\/a><\/li><li><a href=\"https:\/\/www.carillons.ch\/blog\/nature-en-musique\/\" title=\"Permalink to Promenade \/ Nature en musique\" rel=\"bookmark\">Promenade \/ Nature en musique<\/a><\/li><li><a href=\"https:\/\/www.carillons.ch\/blog\/page-facebook-abbaye-de-montheron\/\" title=\"Permalink to Page Facebook Abbaye de Montheron\" rel=\"bookmark\">Page Facebook Abbaye de Montheron<\/a><\/li><li><a href=\"https:\/\/www.carillons.ch\/blog\/orgue-de-tribune-denis-londe-jura-francais-2007\/\" title=\"Permalink to Orgue de tribune Denis Londe (Jura fran\u00e7ais) 2007\" rel=\"bookmark\">Orgue de tribune Denis Londe (Jura fran\u00e7ais) 2007<\/a><\/li><li><a href=\"https:\/\/www.carillons.ch\/blog\/revue-2019-de-labbaye-de-montheron\/\" title=\"Permalink to Revue 2019 Abbaye de Montheron\" rel=\"bookmark\">Revue 2019 Abbaye de Montheron<\/a><\/li><li><a href=\"https:\/\/www.carillons.ch\/blog\/le-carillon-de-gruyeres\/\" title=\"Permalink to Carillon de Gruy\u00e8res\" rel=\"bookmark\">Carillon de Gruy\u00e8res<\/a><\/li><li><a href=\"https:\/\/www.carillons.ch\/blog\/carillon-de-salvan\/\" title=\"Permalink to Carillon de Salvan\" rel=\"bookmark\">Carillon de Salvan<\/a><\/li><li><a href=\"https:\/\/www.carillons.ch\/blog\/page-facebook-carillons-en-suisse\/\" title=\"Permalink to Page Facebook Carillons en Suisse\" rel=\"bookmark\">Page Facebook Carillons en Suisse<\/a><\/li><li><a href=\"https:\/\/www.carillons.ch\/blog\/2019-06-14-juin-carillons-feministes-a-geneve\/\" title=\"Permalink to Carillons f\u00e9ministes \u00e0 Gen\u00e8ve, le 14 juin 2019\" rel=\"bookmark\">Carillons f\u00e9ministes \u00e0 Gen\u00e8ve, le 14 juin 2019<\/a><\/li><li><a href=\"https:\/\/www.carillons.ch\/blog\/2019-07-14-juillet-carillon-de-12-cloches-a-lyon\/\" title=\"Permalink to Concerts au carillon de 12 cloches \u00e0 Lyon\" rel=\"bookmark\">Concerts au carillon de 12 cloches \u00e0 Lyon<\/a><\/li><li><a href=\"https:\/\/www.carillons.ch\/blog\/2019-10-03-oct-un-joyau-de-lart-anglican-en-suisse-a-territet\/\" title=\"Permalink to Un joyau de l\u2019art anglican en Suisse \u00e0 Territet\" rel=\"bookmark\">Un joyau de l\u2019art anglican en Suisse \u00e0 Territet<\/a><\/li><li><a href=\"https:\/\/www.carillons.ch\/blog\/page-instagram-du-carillon-de-chantemerle\/\" title=\"Permalink to Page Instagram Carillon de Chantemerle\" rel=\"bookmark\">Page Instagram Carillon de Chantemerle<\/a><\/li><li><a href=\"https:\/\/www.carillons.ch\/blog\/page-instagram-de-labbaye-de-montheron\/\" title=\"Permalink to Page Instagram Abbaye de Montheron\" rel=\"bookmark\">Page Instagram Abbaye de Montheron<\/a><\/li><li><a href=\"https:\/\/www.carillons.ch\/blog\/lettre-de-nouvelles-du-carillon-de-chantemerle\/\" title=\"Permalink to Lettre de nouvelles du Carillon de Chantemerle\" rel=\"bookmark\">Lettre de nouvelles du Carillon de Chantemerle<\/a><\/li><li><a href=\"https:\/\/www.carillons.ch\/blog\/presentation-du-site-langages\/\" title=\"Permalink to Pr\u00e9sentation du site langages\" rel=\"bookmark\">Pr\u00e9sentation du site langages<\/a><\/li><li><a href=\"https:\/\/www.carillons.ch\/blog\/cloche-pour-le-carillon-de-chantemerle\/\" title=\"Permalink to Cloche pour le carillon de Chantemerle\" rel=\"bookmark\">Cloche pour le carillon de Chantemerle<\/a><\/li><li><a href=\"https:\/\/www.carillons.ch\/blog\/page-instagram-daniel-thomas-carillonneur\/\" title=\"Permalink to Page Instagram Polymusicien\" rel=\"bookmark\">Page Instagram Polymusicien<\/a><\/li><li><a href=\"https:\/\/www.carillons.ch\/blog\/page-instagram-carillons-suisses\/\" title=\"Permalink to Page Instagram Carillons Suisses\" rel=\"bookmark\">Page Instagram Carillons Suisses<\/a><\/li><li><a href=\"https:\/\/www.carillons.ch\/blog\/labbaye-de-montheron-sur-la-route-europeenne-des-abbayes-cisterciennes\/\" title=\"Permalink to L&rsquo;Abbaye de Montheron sur la Route Europ\u00e9enne des Abbayes Cisterciennes\" rel=\"bookmark\">L&rsquo;Abbaye de Montheron sur la Route Europ\u00e9enne des Abbayes Cisterciennes<\/a><\/li><li><a href=\"https:\/\/www.carillons.ch\/blog\/index-paroisse-du-haut-talent2\/\" title=\"Permalink to Index Paroisse du Haut-Talent 2\" rel=\"bookmark\">Index Paroisse du Haut-Talent 2<\/a><\/li><li><a href=\"https:\/\/www.carillons.ch\/blog\/carillon-de-moutier-en-construction\/\" title=\"Permalink to Carillon de Moutier en construction\" rel=\"bookmark\">Carillon de Moutier en construction<\/a><\/li><li><a href=\"https:\/\/www.carillons.ch\/blog\/orgues-de-cugy\/\" title=\"Permalink to Orgues de Cugy\" rel=\"bookmark\">Orgues de Cugy<\/a><\/li><li><a href=\"https:\/\/www.carillons.ch\/blog\/montheron-vitrail-du-bapteme-du-christ\/\" title=\"Permalink to Montheron, vitrail du bapt\u00eame du Christ\" rel=\"bookmark\">Montheron, vitrail du bapt\u00eame du Christ<\/a><\/li><li><a href=\"https:\/\/www.carillons.ch\/blog\/morrens-vitrail-de-la-samaritaine-au-puit\/\" title=\"Permalink to Morrens, vitrail de la samaritaine au puit\" rel=\"bookmark\">Morrens, vitrail de la samaritaine au puit<\/a><\/li><li><a href=\"https:\/\/www.carillons.ch\/blog\/index-carillon-de-chantemerle\/\" title=\"Permalink to Index Carillon de Chantemerle, concerts\" rel=\"bookmark\">Index Carillon de Chantemerle, concerts<\/a><\/li><li><a href=\"https:\/\/www.carillons.ch\/blog\/index-carillon-de-chantemerle-ses-48-cloches\/\" title=\"Permalink to Index Carillon de Chantemerle, ses 48 cloches\" rel=\"bookmark\">Index Carillon de Chantemerle, ses 48 cloches<\/a><\/li><li><a href=\"https:\/\/www.carillons.ch\/blog\/les-19-cloches-de-1953\/\" title=\"Permalink to Les 19 cloches de 1953\" rel=\"bookmark\">Les 19 cloches de 1953<\/a><\/li><li><a href=\"https:\/\/www.carillons.ch\/blog\/etablissements-religieux-medievaux-dans-le-jorat\/\" title=\"Permalink to \u00c9tablissements religieux m\u00e9di\u00e9vaux dans le Jorat\" rel=\"bookmark\">\u00c9tablissements religieux m\u00e9di\u00e9vaux dans le Jorat<\/a><\/li><li><a href=\"https:\/\/www.carillons.ch\/blog\/bellevaux-abbaye-mere-de-montheron\/\" title=\"Permalink to Bellevaux &#8211; abbaye-m\u00e8re de Montheron\" rel=\"bookmark\">Bellevaux &#8211; abbaye-m\u00e8re de Montheron<\/a><\/li><li><a href=\"https:\/\/www.carillons.ch\/blog\/un-heraut-du-comte-de-savoie-a-montheron\/\" title=\"Permalink to Un h\u00e9raut du comte de Savoie \u00e0 Montheron\" rel=\"bookmark\">Un h\u00e9raut du comte de Savoie \u00e0 Montheron<\/a><\/li><li><a href=\"https:\/\/www.carillons.ch\/blog\/quartier-du-pont-a-lausanne\/\" title=\"Permalink to Quartier du Pont \u00e0 Lausanne\" rel=\"bookmark\">Quartier du Pont \u00e0 Lausanne<\/a><\/li><li><a href=\"https:\/\/www.carillons.ch\/blog\/le-dezaley-et-ses-chapelles\/\" title=\"Permalink to Le D\u00e9zaley et ses chapelles\" rel=\"bookmark\">Le D\u00e9zaley et ses chapelles<\/a><\/li><li><a href=\"https:\/\/www.carillons.ch\/blog\/lhydraule-davenches-orgue-romain\/\" title=\"Permalink to L\u2019hydraule d\u2019Avenches (orgue romain)\" rel=\"bookmark\">L\u2019hydraule d\u2019Avenches (orgue romain)<\/a><\/li><li><a href=\"https:\/\/www.carillons.ch\/blog\/orgue-jeu-de-trompette-8\/\" title=\"Permalink to Orgue : jeu de trompette 8&prime;\" rel=\"bookmark\">Orgue : jeu de trompette 8&prime;<\/a><\/li><li><a href=\"https:\/\/www.carillons.ch\/blog\/position-de-la-chaire-dans-leglise-de-montheron\/\" title=\"Permalink to Position de la chaire dans l\u2019\u00e9glise de Montheron\" rel=\"bookmark\">Position de la chaire dans l\u2019\u00e9glise de Montheron<\/a><\/li><li><a href=\"https:\/\/www.carillons.ch\/blog\/presentation-de-la-charte-europeenne-des-abbayes-et-sites-cisterciens\/\" title=\"Permalink to Pr\u00e9sentation de la Charte europ\u00e9enne des abbayes et sites cisterciens\" rel=\"bookmark\">Pr\u00e9sentation de la Charte europ\u00e9enne des abbayes et sites cisterciens<\/a><\/li><li><a href=\"https:\/\/www.carillons.ch\/blog\/conte-nuit-de-noel\/\" title=\"Permalink to Conte Nuit de No\u00ebl\" rel=\"bookmark\">Conte Nuit de No\u00ebl<\/a><\/li><li><a href=\"https:\/\/www.carillons.ch\/blog\/notre-dame-de-bellevaux-une-abbaye-oubliee\/\" title=\"Permalink to Notre-Dame de Bellevaux, une abbaye oubli\u00e9e\" rel=\"bookmark\">Notre-Dame de Bellevaux, une abbaye oubli\u00e9e<\/a><\/li><li><a href=\"https:\/\/www.carillons.ch\/blog\/montheron-1999-2006-ou-dun-vilain-champignon-a-une-belle-restauration\/\" title=\"Permalink to Montheron 1999-2006, ou d&rsquo;un vilain champignon \u00e0 une belle restauration\" rel=\"bookmark\">Montheron 1999-2006, ou d&rsquo;un vilain champignon \u00e0 une belle restauration<\/a><\/li><li><a href=\"https:\/\/www.carillons.ch\/blog\/orgue-et-poesie-a-montheron\/\" title=\"Permalink to Orgue et po\u00e9sie (\u00e0 Montheron)\" rel=\"bookmark\">Orgue et po\u00e9sie (\u00e0 Montheron)<\/a><\/li><li><a href=\"https:\/\/www.carillons.ch\/blog\/restauration-de-leglise-de-montheron\/\" title=\"Permalink to Restauration de l&rsquo;\u00e9glise de Montheron\" rel=\"bookmark\">Restauration de l&rsquo;\u00e9glise de Montheron<\/a><\/li><li><a href=\"https:\/\/www.carillons.ch\/blog\/qui-est-st-hubert-patron-des-chasseurs\/\" title=\"Permalink to Qui est St-Hubert, patron des chasseurs\" rel=\"bookmark\">Qui est St-Hubert, patron des chasseurs<\/a><\/li><li><a href=\"https:\/\/www.carillons.ch\/blog\/chomo-104-psaumes-en-patois-vaudois\/\" title=\"Permalink to Ch\u00f4mo 104 \/ psaumes en patois vaudois\" rel=\"bookmark\">Ch\u00f4mo 104 \/ psaumes en patois vaudois<\/a><\/li><li><a href=\"https:\/\/www.carillons.ch\/blog\/jorat-programme-dactivites-2018\/\" title=\"Permalink to Jorat, Programme d&rsquo;activit\u00e9s 2018\" rel=\"bookmark\">Jorat, Programme d&rsquo;activit\u00e9s 2018<\/a><\/li><li><a href=\"https:\/\/www.carillons.ch\/blog\/jorat-programme-dactivites-2017\/\" title=\"Permalink to Jorat, programme d&rsquo;activit\u00e9s 2017\" rel=\"bookmark\">Jorat, programme d&rsquo;activit\u00e9s 2017<\/a><\/li><li><a href=\"https:\/\/www.carillons.ch\/blog\/revue-2002-abbaye-de-montheron\/\" title=\"Permalink to Revue 2002 Abbaye de Montheron\" rel=\"bookmark\">Revue 2002 Abbaye de Montheron<\/a><\/li><li><a href=\"https:\/\/www.carillons.ch\/blog\/montheron-vitrail-de-la-crucifixion\/\" title=\"Permalink to Montheron, vitrail de la Crucifixion\" rel=\"bookmark\">Montheron, vitrail de la Crucifixion<\/a><\/li><li><a href=\"https:\/\/www.carillons.ch\/blog\/publication-avec-la-gccs-et-lofc-cloches\/\" title=\"Permalink to Publication avec la GCCS et l&rsquo;OFC Cloches\" rel=\"bookmark\">Publication avec la GCCS et l&rsquo;OFC Cloches<\/a><\/li><li><a href=\"https:\/\/www.carillons.ch\/blog\/pully-a-lepoque-romaine\/\" title=\"Permalink to Pully \u00e0 l&rsquo;\u00e9poque romaine\" rel=\"bookmark\">Pully \u00e0 l&rsquo;\u00e9poque romaine<\/a><\/li><li><a href=\"https:\/\/www.carillons.ch\/blog\/orgue-de-froideville\/\" title=\"Permalink to Orgues de Froideville\" rel=\"bookmark\">Orgues de Froideville<\/a><\/li><li><a href=\"https:\/\/www.carillons.ch\/blog\/orgues-de-leglise-de-morrens-vd\/\" title=\"Permalink to Orgues de l&rsquo;\u00e9glise de Morrens VD\" rel=\"bookmark\">Orgues de l&rsquo;\u00e9glise de Morrens VD<\/a><\/li><li><a href=\"https:\/\/www.carillons.ch\/blog\/route-europeenne-des-abbayes-cisterciennes\/\" title=\"Permalink to Route europ\u00e9enne des abbayes cisterciennes\" rel=\"bookmark\">Route europ\u00e9enne des abbayes cisterciennes<\/a><\/li><li><a href=\"https:\/\/www.carillons.ch\/blog\/carillon-de-labbaye-de-montheron-en-construction\/\" title=\"Permalink to Carillon de Montheron en construction\" rel=\"bookmark\">Carillon de Montheron en construction<\/a><\/li><li><a href=\"https:\/\/www.carillons.ch\/blog\/revue-2020-abbaye-de-montheron\/\" title=\"Permalink to Revue 2020 Abbaye de Montheron\" rel=\"bookmark\">Revue 2020 Abbaye de Montheron<\/a><\/li><li><a href=\"https:\/\/www.carillons.ch\/blog\/un-nouveau-site-pour-labbaye-de-montheron\/\" title=\"Permalink to Un nouveau site pour l&rsquo;Abbaye de Montheron\" rel=\"bookmark\">Un nouveau site pour l&rsquo;Abbaye de Montheron<\/a><\/li><li><a href=\"https:\/\/www.carillons.ch\/blog\/les-portes-fenetre-de-la-salle-des-fetes\/\" title=\"Permalink to Les portes-fen\u00eatre de la salle des f\u00eates\" rel=\"bookmark\">Les portes-fen\u00eatre de la salle des f\u00eates<\/a><\/li><li><a href=\"https:\/\/www.carillons.ch\/blog\/revue-2021-abbaye-de-montheron\/\" title=\"Permalink to Revue 2021 Abbaye de Montheron\" rel=\"bookmark\">Revue 2021 Abbaye de Montheron<\/a><\/li><li><a href=\"https:\/\/www.carillons.ch\/blog\/onnens-son-choeur-gothique-ses-decors-peints-du-xve-s-enfer-et-paradis-et-son-dolmen\/\" title=\"Permalink to Onnens, son ch\u0153ur gothique, ses d\u00e9cors peints du XVe s. (enfer et paradis) et son dolmen\" rel=\"bookmark\">Onnens, son ch\u0153ur gothique, ses d\u00e9cors peints du XVe s. (enfer et paradis) et son dolmen<\/a><\/li><li><a href=\"https:\/\/www.carillons.ch\/blog\/paroisse-du-haut-talent\/\" title=\"Permalink to Paroisse du Haut-Talent\" rel=\"bookmark\">Paroisse du Haut-Talent<\/a><\/li><li><a href=\"https:\/\/www.carillons.ch\/blog\/page-instagram-daniel-thomas-visites-guidees\/\" title=\"Permalink to Page Instagram Daniel Thomas, visites guid\u00e9es\" rel=\"bookmark\">Page Instagram Daniel Thomas, visites guid\u00e9es<\/a><\/li><li><a href=\"https:\/\/www.carillons.ch\/blog\/page-instagram-carillon-de-labbaye-de-montheron\/\" title=\"Permalink to Page instagram Carillon de l&rsquo;Abbaye de Montheron\" rel=\"bookmark\">Page instagram Carillon de l&rsquo;Abbaye de Montheron<\/a><\/li><li><a href=\"https:\/\/www.carillons.ch\/blog\/page-instagram-daniel-thomas-organiste\/\" title=\"Permalink to Page Instagram Daniel Thomas organiste\" rel=\"bookmark\">Page Instagram Daniel Thomas organiste<\/a><\/li><li><a href=\"https:\/\/www.carillons.ch\/blog\/chartreuse-de-la-lance-cloitre-et-ancienne-eglise\/\" title=\"Permalink to Chartreuse de la Lance, clo\u00eetre et ancienne \u00e9glise\" rel=\"bookmark\">Chartreuse de la Lance, clo\u00eetre et ancienne \u00e9glise<\/a><\/li><li><a href=\"https:\/\/www.carillons.ch\/blog\/bursins-prieure-clunisien-grange-viticole-et-maison-forte\/\" title=\"Permalink to Bursins \u2013 prieur\u00e9 clunisien, grange viticole et maison forte\" rel=\"bookmark\">Bursins \u2013 prieur\u00e9 clunisien, grange viticole et maison forte<\/a><\/li><li><a href=\"https:\/\/www.carillons.ch\/blog\/lancien-prieure-de-chanoines-de-montpreveyres-et-son-role-dans-le-jorat\/\" title=\"Permalink to L\u2019ancien Prieur\u00e9 de chanoines de Montpreveyres et son r\u00f4le dans le Jorat\" rel=\"bookmark\">L\u2019ancien Prieur\u00e9 de chanoines de Montpreveyres et son r\u00f4le dans le Jorat<\/a><\/li><li><a href=\"https:\/\/www.carillons.ch\/blog\/villeneuve-la-ville-neuve-de-chillon-premiere-fondation-de-la-maison-de-savoie-dans-la-region\/\" title=\"Permalink to Villeneuve, la \u00ab ville neuve de Chillon \u00bb, premi\u00e8re fondation de la maison de Savoie dans la r\u00e9gion\" rel=\"bookmark\">Villeneuve, la \u00ab ville neuve de Chillon \u00bb, premi\u00e8re fondation de la maison de Savoie dans la r\u00e9gion<\/a><\/li><li><a href=\"https:\/\/www.carillons.ch\/blog\/baulmes-ancien-prieure-clunisien-sur-la-route-du-col-de-laiguillon-sa-tour-de-lhorloge-et-son-musee\/\" title=\"Permalink to Baulmes, ancien prieur\u00e9 clunisien sur la route du col de l\u2019Aiguillon, sa tour de l\u2019horloge et son mus\u00e9e\" rel=\"bookmark\">Baulmes, ancien prieur\u00e9 clunisien sur la route du col de l\u2019Aiguillon, sa tour de l\u2019horloge et son mus\u00e9e<\/a><\/li><li><a href=\"https:\/\/www.carillons.ch\/blog\/liste-des-visites-guidees-proposees\/\" title=\"Permalink to Liste des visites guid\u00e9es propos\u00e9es\" rel=\"bookmark\">Liste des visites guid\u00e9es propos\u00e9es<\/a><\/li><li><a href=\"https:\/\/www.carillons.ch\/blog\/froideville-frigida-villa-village-de-serfs-de-labbaye-de-montheron-visite-guidee\/\" title=\"Permalink to Froideville, Frigida villa, village de serfs de l\u2019abbaye de Montheron, visite guid\u00e9e\" rel=\"bookmark\">Froideville, Frigida villa, village de serfs de l\u2019abbaye de Montheron, visite guid\u00e9e<\/a><\/li><li><a href=\"https:\/\/www.carillons.ch\/blog\/le-pont-sur-l-orbe\/\" title=\"Permalink to La porte et le pont qui enjambe l\u2019Orbe au d\u00e9fil\u00e9 des Cl\u00e9es, avec sa forteresse, passage commercial m\u00e9di\u00e9val d&rsquo;importance europ\u00e9enne\" rel=\"bookmark\">La porte et le pont qui enjambe l\u2019Orbe au d\u00e9fil\u00e9 des Cl\u00e9es, avec sa forteresse, passage commercial m\u00e9di\u00e9val d&rsquo;importance europ\u00e9enne<\/a><\/li><li><a href=\"https:\/\/www.carillons.ch\/blog\/la-tour-de-marsens2\/\" title=\"Permalink to La tour de Marsens, ancienne maison forte de l&rsquo;\u00e9v\u00eaque de Lausanne en Lavaux\" rel=\"bookmark\">La tour de Marsens, ancienne maison forte de l&rsquo;\u00e9v\u00eaque de Lausanne en Lavaux<\/a><\/li><li><a href=\"https:\/\/www.carillons.ch\/blog\/prangins-visite\/\" title=\"Permalink to Prangins, la vie au temps des seigneurs, avec son ch\u00e2teau et l&rsquo;\u00e9glise dot\u00e9e d&rsquo;une porte pour le seigneur\" rel=\"bookmark\">Prangins, la vie au temps des seigneurs, avec son ch\u00e2teau et l&rsquo;\u00e9glise dot\u00e9e d&rsquo;une porte pour le seigneur<\/a><\/li><li><a href=\"https:\/\/www.carillons.ch\/blog\/page-instagram-daniel-thomas-carillonneur-2\/\" title=\"Permalink to Page Instagram Daniel Thomas, carillonneur\" rel=\"bookmark\">Page Instagram Daniel Thomas, carillonneur<\/a><\/li><li><a href=\"https:\/\/www.carillons.ch\/blog\/carillon-de-16-cloches-detoy\/\" title=\"Permalink to Carillon de 16 cloches d&rsquo;Etoy\" rel=\"bookmark\">Carillon de 16 cloches d&rsquo;Etoy<\/a><\/li><li><a href=\"https:\/\/www.carillons.ch\/blog\/carillon-de-disentis\/\" title=\"Permalink to Carillon de Disentis\" rel=\"bookmark\">Carillon de Disentis<\/a><\/li><li><a href=\"https:\/\/www.carillons.ch\/blog\/le-prieure-benedictin-viticole-de-lutry-visite-guidee\/\" title=\"Permalink to Le prieur\u00e9 b\u00e9n\u00e9dictin viticole de Lutry, visite guid\u00e9e\" rel=\"bookmark\">Le prieur\u00e9 b\u00e9n\u00e9dictin viticole de Lutry, visite guid\u00e9e<\/a><\/li><li><a href=\"https:\/\/www.carillons.ch\/blog\/visites-culturelles-balades-upl\/\" title=\"Permalink to Visites culturelles, balades UPL\" rel=\"bookmark\">Visites culturelles, balades UPL<\/a><\/li><li><a href=\"https:\/\/www.carillons.ch\/blog\/lancien-prieure-de-chanoines-detoy-et-un-carillon-mecanique-de-16-cloches-visite\/\" title=\"Permalink to L\u2019ancien Prieur\u00e9 de chanoines d&rsquo;Etoy et un carillon m\u00e9canique de 16 cloches, visite\" rel=\"bookmark\">L\u2019ancien Prieur\u00e9 de chanoines d&rsquo;Etoy et un carillon m\u00e9canique de 16 cloches, visite<\/a><\/li><li><a href=\"https:\/\/www.carillons.ch\/blog\/le-chateau-de-ropraz-et-leglise-avec-la-chapelle-des-seigneurs-clavel-de-ropraz-visite\/\" title=\"Permalink to Le ch\u00e2teau de Ropraz et l\u2019\u00e9glise avec la chapelle des seigneurs Clavel de Ropraz, visite\" rel=\"bookmark\">Le ch\u00e2teau de Ropraz et l\u2019\u00e9glise avec la chapelle des seigneurs Clavel de Ropraz, visite<\/a><\/li><li><a href=\"https:\/\/www.carillons.ch\/blog\/page-linkedin-daniel-thomas-organiste\/\" title=\"Permalink to Page Linkedin Daniel Thomas organiste\" rel=\"bookmark\">Page Linkedin Daniel Thomas organiste<\/a><\/li><li><a href=\"https:\/\/www.carillons.ch\/blog\/page-linkedin-daniel-thomas-carillonneur\/\" title=\"Permalink to Page Linkedin Daniel Thomas carillonneur\" rel=\"bookmark\">Page Linkedin Daniel Thomas carillonneur<\/a><\/li><li><a href=\"https:\/\/www.carillons.ch\/blog\/page-linkedin-daniel-thomas-visites-guidees\/\" title=\"Permalink to Page Linkedin Daniel Thomas Visites guid\u00e9es\" rel=\"bookmark\">Page Linkedin Daniel Thomas Visites guid\u00e9es<\/a><\/li><li><a href=\"https:\/\/www.carillons.ch\/blog\/page-linkedin-abbaye-de-montheron\/\" title=\"Permalink to Page Linkedin Abbaye de Montheron\" rel=\"bookmark\">Page Linkedin Abbaye de Montheron<\/a><\/li><li><a href=\"https:\/\/www.carillons.ch\/blog\/page-linkedin-carillon-de-chantemerle\/\" title=\"Permalink to Page Linkedin Carillon de Chantemerle\" rel=\"bookmark\">Page Linkedin Carillon de Chantemerle<\/a><\/li><li><a href=\"https:\/\/www.carillons.ch\/blog\/page-linkedin-carillon-de-labbaye-de-montheron\/\" title=\"Permalink to Page Linkedin Carillon de l&rsquo;Abbaye de Montheron\" rel=\"bookmark\">Page Linkedin Carillon de l&rsquo;Abbaye de Montheron<\/a><\/li><li><a href=\"https:\/\/www.carillons.ch\/blog\/le-chemin-de-leau-au-moyen-age\/\" title=\"Permalink to Balade-visite de l\u2019Abbaye de Montheron sur le th\u00e8me du chemin de l\u2019eau au Moyen \u00c2ge\" rel=\"bookmark\">Balade-visite de l\u2019Abbaye de Montheron sur le th\u00e8me du chemin de l\u2019eau au Moyen \u00c2ge<\/a><\/li><li><a href=\"https:\/\/www.carillons.ch\/blog\/mex-son-temple-du-temps-de-la-reforme-et-ses-trois-chateaux-visite-guidee\/\" title=\"Permalink to Mex, son temple du temps de la r\u00e9forme et ses trois ch\u00e2teaux, visite guid\u00e9e\" rel=\"bookmark\">Mex, son temple du temps de la r\u00e9forme et ses trois ch\u00e2teaux, visite guid\u00e9e<\/a><\/li><li><a href=\"https:\/\/www.carillons.ch\/blog\/saint-barthelemy-avec-ses-deux-eglises-et-son-chateau-medieval-goumoens-le-chatel\/\" title=\"Permalink to Saint-Barth\u00e9l\u00e9my avec ses deux \u00e9glises et son ch\u00e2teau m\u00e9di\u00e9val, Goumoens-le-Ch\u00e2tel\" rel=\"bookmark\">Saint-Barth\u00e9l\u00e9my avec ses deux \u00e9glises et son ch\u00e2teau m\u00e9di\u00e9val, Goumoens-le-Ch\u00e2tel<\/a><\/li><li><a href=\"https:\/\/www.carillons.ch\/blog\/balade-le-jorat-au-moyen-age-monte-super-lausannam-le-mont\/\" title=\"Permalink to Balade le Jorat au Moyen \u00c2ge, Monte super Lausannam, Le Mont\" rel=\"bookmark\">Balade le Jorat au Moyen \u00c2ge, Monte super Lausannam, Le Mont<\/a><\/li><li><a href=\"https:\/\/www.carillons.ch\/blog\/orgues-de-leglise-dassens\/\" title=\"Permalink to Orgues de l&rsquo;\u00e9glise d&rsquo;Assens\" rel=\"bookmark\">Orgues de l&rsquo;\u00e9glise d&rsquo;Assens<\/a><\/li><li><a href=\"https:\/\/www.carillons.ch\/blog\/villette-eglise-romane-peintures-sacrees-village-de-serfs-du-prieure-de-lutry\/\" title=\"Permalink to Villette, \u00e9glise romane, peintures sacr\u00e9es, village de serfs du Prieur\u00e9 de Lutry\" rel=\"bookmark\">Villette, \u00e9glise romane, peintures sacr\u00e9es, village de serfs du Prieur\u00e9 de Lutry<\/a><\/li><li><a href=\"https:\/\/www.carillons.ch\/blog\/accordage-en-cours-des-cloches-du-carillon-de-labbaye-de-montheron\/\" title=\"Permalink to Accordage en cours des cloches du carillon de l&rsquo;Abbaye de Montheron\" rel=\"bookmark\">Accordage en cours des cloches du carillon de l&rsquo;Abbaye de Montheron<\/a><\/li><li><a href=\"https:\/\/www.carillons.ch\/blog\/leglise-romane-de-st-sulpice-ancien-prieure-clunisien-de-labbaye-de-molesme\/\" title=\"Permalink to L\u2019\u00e9glise romane de St-Sulpice, ancien Prieur\u00e9 clunisien de l\u2019Abbaye de Molesme\" rel=\"bookmark\">L\u2019\u00e9glise romane de St-Sulpice, ancien Prieur\u00e9 clunisien de l\u2019Abbaye de Molesme<\/a><\/li><li><a href=\"https:\/\/www.carillons.ch\/blog\/orny-chateau-et-eglise-gothique-medievale-et-le-moulin-bornu-ancien-prieure\/\" title=\"Permalink to Orny, ch\u00e2teau et \u00e9glise gothique m\u00e9di\u00e9vale et le moulin Bornu, ancien prieur\u00e9\" rel=\"bookmark\">Orny, ch\u00e2teau et \u00e9glise gothique m\u00e9di\u00e9vale et le moulin Bornu, ancien prieur\u00e9<\/a><\/li><li><a href=\"https:\/\/www.carillons.ch\/blog\/cours-de-carillon\/\" title=\"Permalink to Cours de carillon\" rel=\"bookmark\">Cours de carillon<\/a><\/li><li><a href=\"https:\/\/www.carillons.ch\/blog\/bretonnieres-eglise-romane-moulin-traditionnel-village-de-serfs-du-prieure-de-romainmotier-visite\/\" title=\"Permalink to Bretonni\u00e8res, \u00e9glise romane, moulin traditionnel, village de serfs du Prieur\u00e9 de Romainm\u00f4tier, visite\" rel=\"bookmark\">Bretonni\u00e8res, \u00e9glise romane, moulin traditionnel, village de serfs du Prieur\u00e9 de Romainm\u00f4tier, visite<\/a><\/li><li><a href=\"https:\/\/www.carillons.ch\/blog\/le-chateau-bourguignon-dechallens-des-seigneurs-de-montfaucon-ses-trois-tours-conservees-ses-caveaux\/\" title=\"Permalink to Le ch\u00e2teau bourguignon d\u2019Echallens, des seigneurs de Montfaucon, ses trois tours conserv\u00e9es, ses caveaux\" rel=\"bookmark\">Le ch\u00e2teau bourguignon d\u2019Echallens, des seigneurs de Montfaucon, ses trois tours conserv\u00e9es, ses caveaux<\/a><\/li><li><a href=\"https:\/\/www.carillons.ch\/blog\/montcherand-site-clunisien-avec-son-eglise-du-xe-siecle-ses-fresques-romanes-et-son-chateau\/\" title=\"Permalink to Montcherand, site clunisien avec son \u00e9glise du Xe si\u00e8cle, ses fresques romanes et son ch\u00e2teau\" rel=\"bookmark\">Montcherand, site clunisien avec son \u00e9glise du Xe si\u00e8cle, ses fresques romanes et son ch\u00e2teau<\/a><\/li><li><a href=\"https:\/\/www.carillons.ch\/blog\/aigle-ancien-prieure-de-chanoines-eglise-du-cloitre-et-cure-ancienne-maison-du-prieur\/\" title=\"Permalink to Aigle, ancien Prieur\u00e9 de chanoines, \u00e9glise du clo\u00eetre et cure, ancienne maison du prieur\" rel=\"bookmark\">Aigle, ancien Prieur\u00e9 de chanoines, \u00e9glise du clo\u00eetre et cure, ancienne maison du prieur<\/a><\/li><li><a href=\"https:\/\/www.carillons.ch\/blog\/villarzel-ancien-bourg-fortifie-de-leveque-de-lausanne-sa-tour-de-defense-ses-murailles-et-son-eglise-medievale\/\" title=\"Permalink to Villarzel, ancien bourg fortifi\u00e9 de l&rsquo;\u00e9v\u00eaque de Lausanne, sa tour de d\u00e9fense, ses murailles et son \u00e9glise m\u00e9di\u00e9vale\" rel=\"bookmark\">Villarzel, ancien bourg fortifi\u00e9 de l&rsquo;\u00e9v\u00eaque de Lausanne, sa tour de d\u00e9fense, ses murailles et son \u00e9glise m\u00e9di\u00e9vale<\/a><\/li><\/ul><\/div><div id=\"wp-realtime-sitemap-archives\"><h3>Archives<\/h3><ul>\t<li><a href='https:\/\/www.carillons.ch\/blog\/2026\/03\/'>mars 2026<\/a>&nbsp;(2)<\/li>\n\t<li><a href='https:\/\/www.carillons.ch\/blog\/2026\/01\/'>janvier 2026<\/a>&nbsp;(2)<\/li>\n\t<li><a href='https:\/\/www.carillons.ch\/blog\/2025\/08\/'>ao\u00fbt 2025<\/a>&nbsp;(1)<\/li>\n\t<li><a href='https:\/\/www.carillons.ch\/blog\/2025\/06\/'>juin 2025<\/a>&nbsp;(1)<\/li>\n\t<li><a href='https:\/\/www.carillons.ch\/blog\/2025\/04\/'>avril 2025<\/a>&nbsp;(1)<\/li>\n\t<li><a href='https:\/\/www.carillons.ch\/blog\/2024\/10\/'>octobre 2024<\/a>&nbsp;(1)<\/li>\n\t<li><a href='https:\/\/www.carillons.ch\/blog\/2024\/09\/'>septembre 2024<\/a>&nbsp;(2)<\/li>\n\t<li><a href='https:\/\/www.carillons.ch\/blog\/2024\/06\/'>juin 2024<\/a>&nbsp;(3)<\/li>\n\t<li><a href='https:\/\/www.carillons.ch\/blog\/2024\/04\/'>avril 2024<\/a>&nbsp;(1)<\/li>\n\t<li><a href='https:\/\/www.carillons.ch\/blog\/2024\/01\/'>janvier 2024<\/a>&nbsp;(11)<\/li>\n\t<li><a href='https:\/\/www.carillons.ch\/blog\/2023\/11\/'>novembre 2023<\/a>&nbsp;(2)<\/li>\n\t<li><a href='https:\/\/www.carillons.ch\/blog\/2023\/09\/'>septembre 2023<\/a>&nbsp;(6)<\/li>\n\t<li><a href='https:\/\/www.carillons.ch\/blog\/2023\/03\/'>mars 2023<\/a>&nbsp;(2)<\/li>\n\t<li><a href='https:\/\/www.carillons.ch\/blog\/2023\/02\/'>f\u00e9vrier 2023<\/a>&nbsp;(1)<\/li>\n\t<li><a href='https:\/\/www.carillons.ch\/blog\/2022\/12\/'>d\u00e9cembre 2022<\/a>&nbsp;(2)<\/li>\n\t<li><a href='https:\/\/www.carillons.ch\/blog\/2022\/09\/'>septembre 2022<\/a>&nbsp;(5)<\/li>\n\t<li><a href='https:\/\/www.carillons.ch\/blog\/2021\/09\/'>septembre 2021<\/a>&nbsp;(1)<\/li>\n\t<li><a href='https:\/\/www.carillons.ch\/blog\/2021\/05\/'>mai 2021<\/a>&nbsp;(1)<\/li>\n\t<li><a href='https:\/\/www.carillons.ch\/blog\/2021\/02\/'>f\u00e9vrier 2021<\/a>&nbsp;(1)<\/li>\n\t<li><a href='https:\/\/www.carillons.ch\/blog\/2020\/07\/'>juillet 2020<\/a>&nbsp;(2)<\/li>\n\t<li><a href='https:\/\/www.carillons.ch\/blog\/2020\/04\/'>avril 2020<\/a>&nbsp;(1)<\/li>\n\t<li><a href='https:\/\/www.carillons.ch\/blog\/2020\/02\/'>f\u00e9vrier 2020<\/a>&nbsp;(8)<\/li>\n\t<li><a href='https:\/\/www.carillons.ch\/blog\/2020\/01\/'>janvier 2020<\/a>&nbsp;(25)<\/li>\n\t<li><a href='https:\/\/www.carillons.ch\/blog\/2019\/11\/'>novembre 2019<\/a>&nbsp;(2)<\/li>\n\t<li><a href='https:\/\/www.carillons.ch\/blog\/2019\/09\/'>septembre 2019<\/a>&nbsp;(4)<\/li>\n\t<li><a href='https:\/\/www.carillons.ch\/blog\/2019\/08\/'>ao\u00fbt 2019<\/a>&nbsp;(2)<\/li>\n\t<li><a href='https:\/\/www.carillons.ch\/blog\/2019\/07\/'>juillet 2019<\/a>&nbsp;(1)<\/li>\n\t<li><a href='https:\/\/www.carillons.ch\/blog\/2019\/06\/'>juin 2019<\/a>&nbsp;(1)<\/li>\n\t<li><a href='https:\/\/www.carillons.ch\/blog\/2019\/05\/'>mai 2019<\/a>&nbsp;(3)<\/li>\n\t<li><a href='https:\/\/www.carillons.ch\/blog\/2019\/04\/'>avril 2019<\/a>&nbsp;(3)<\/li>\n\t<li><a href='https:\/\/www.carillons.ch\/blog\/2019\/03\/'>mars 2019<\/a>&nbsp;(10)<\/li>\n\t<li><a href='https:\/\/www.carillons.ch\/blog\/2019\/02\/'>f\u00e9vrier 2019<\/a>&nbsp;(14)<\/li>\n\t<li><a href='https:\/\/www.carillons.ch\/blog\/2018\/12\/'>d\u00e9cembre 2018<\/a>&nbsp;(1)<\/li>\n\t<li><a href='https:\/\/www.carillons.ch\/blog\/2018\/09\/'>septembre 2018<\/a>&nbsp;(9)<\/li>\n\t<li><a href='https:\/\/www.carillons.ch\/blog\/2018\/08\/'>ao\u00fbt 2018<\/a>&nbsp;(2)<\/li>\n\t<li><a href='https:\/\/www.carillons.ch\/blog\/2018\/06\/'>juin 2018<\/a>&nbsp;(4)<\/li>\n\t<li><a href='https:\/\/www.carillons.ch\/blog\/2018\/05\/'>mai 2018<\/a>&nbsp;(1)<\/li>\n\t<li><a href='https:\/\/www.carillons.ch\/blog\/2018\/04\/'>avril 2018<\/a>&nbsp;(4)<\/li>\n\t<li><a href='https:\/\/www.carillons.ch\/blog\/2018\/03\/'>mars 2018<\/a>&nbsp;(3)<\/li>\n\t<li><a href='https:\/\/www.carillons.ch\/blog\/2018\/02\/'>f\u00e9vrier 2018<\/a>&nbsp;(1)<\/li>\n\t<li><a href='https:\/\/www.carillons.ch\/blog\/2017\/05\/'>mai 2017<\/a>&nbsp;(2)<\/li>\n\t<li><a href='https:\/\/www.carillons.ch\/blog\/2016\/10\/'>octobre 2016<\/a>&nbsp;(1)<\/li>\n\t<li><a href='https:\/\/www.carillons.ch\/blog\/2016\/09\/'>septembre 2016<\/a>&nbsp;(1)<\/li>\n\t<li><a href='https:\/\/www.carillons.ch\/blog\/2016\/08\/'>ao\u00fbt 2016<\/a>&nbsp;(2)<\/li>\n\t<li><a href='https:\/\/www.carillons.ch\/blog\/2016\/06\/'>juin 2016<\/a>&nbsp;(1)<\/li>\n\t<li><a href='https:\/\/www.carillons.ch\/blog\/2016\/05\/'>mai 2016<\/a>&nbsp;(2)<\/li>\n\t<li><a href='https:\/\/www.carillons.ch\/blog\/2016\/01\/'>janvier 2016<\/a>&nbsp;(7)<\/li>\n\t<li><a href='https:\/\/www.carillons.ch\/blog\/2015\/06\/'>juin 2015<\/a>&nbsp;(1)<\/li>\n\t<li><a href='https:\/\/www.carillons.ch\/blog\/2015\/03\/'>mars 2015<\/a>&nbsp;(4)<\/li>\n\t<li><a href='https:\/\/www.carillons.ch\/blog\/2014\/12\/'>d\u00e9cembre 2014<\/a>&nbsp;(1)<\/li>\n\t<li><a href='https:\/\/www.carillons.ch\/blog\/2014\/08\/'>ao\u00fbt 2014<\/a>&nbsp;(1)<\/li>\n\t<li><a href='https:\/\/www.carillons.ch\/blog\/2014\/05\/'>mai 2014<\/a>&nbsp;(7)<\/li>\n\t<li><a href='https:\/\/www.carillons.ch\/blog\/2014\/04\/'>avril 2014<\/a>&nbsp;(1)<\/li>\n\t<li><a href='https:\/\/www.carillons.ch\/blog\/2013\/04\/'>avril 2013<\/a>&nbsp;(2)<\/li>\n\t<li><a href='https:\/\/www.carillons.ch\/blog\/2013\/03\/'>mars 2013<\/a>&nbsp;(4)<\/li>\n\t<li><a href='https:\/\/www.carillons.ch\/blog\/2013\/02\/'>f\u00e9vrier 2013<\/a>&nbsp;(2)<\/li>\n\t<li><a href='https:\/\/www.carillons.ch\/blog\/2013\/01\/'>janvier 2013<\/a>&nbsp;(1)<\/li>\n\t<li><a href='https:\/\/www.carillons.ch\/blog\/2012\/05\/'>mai 2012<\/a>&nbsp;(5)<\/li>\n\t<li><a href='https:\/\/www.carillons.ch\/blog\/2012\/04\/'>avril 2012<\/a>&nbsp;(18)<\/li>\n\t<li><a href='https:\/\/www.carillons.ch\/blog\/2011\/11\/'>novembre 2011<\/a>&nbsp;(2)<\/li>\n\t<li><a href='https:\/\/www.carillons.ch\/blog\/2011\/08\/'>ao\u00fbt 2011<\/a>&nbsp;(1)<\/li>\n\t<li><a href='https:\/\/www.carillons.ch\/blog\/2011\/04\/'>avril 2011<\/a>&nbsp;(1)<\/li>\n\t<li><a href='https:\/\/www.carillons.ch\/blog\/2011\/03\/'>mars 2011<\/a>&nbsp;(1)<\/li>\n\t<li><a href='https:\/\/www.carillons.ch\/blog\/2011\/01\/'>janvier 2011<\/a>&nbsp;(6)<\/li>\n\t<li><a href='https:\/\/www.carillons.ch\/blog\/2010\/12\/'>d\u00e9cembre 2010<\/a>&nbsp;(2)<\/li>\n\t<li><a href='https:\/\/www.carillons.ch\/blog\/2010\/11\/'>novembre 2010<\/a>&nbsp;(1)<\/li>\n\t<li><a href='https:\/\/www.carillons.ch\/blog\/2010\/03\/'>mars 2010<\/a>&nbsp;(1)<\/li>\n\t<li><a href='https:\/\/www.carillons.ch\/blog\/2010\/02\/'>f\u00e9vrier 2010<\/a>&nbsp;(1)<\/li>\n\t<li><a href='https:\/\/www.carillons.ch\/blog\/2010\/01\/'>janvier 2010<\/a>&nbsp;(1)<\/li>\n\t<li><a href='https:\/\/www.carillons.ch\/blog\/2009\/11\/'>novembre 2009<\/a>&nbsp;(3)<\/li>\n\t<li><a href='https:\/\/www.carillons.ch\/blog\/2009\/10\/'>octobre 2009<\/a>&nbsp;(4)<\/li>\n\t<li><a href='https:\/\/www.carillons.ch\/blog\/2009\/01\/'>janvier 2009<\/a>&nbsp;(5)<\/li>\n\t<li><a href='https:\/\/www.carillons.ch\/blog\/2008\/12\/'>d\u00e9cembre 2008<\/a>&nbsp;(7)<\/li>\n\t<li><a href='https:\/\/www.carillons.ch\/blog\/2008\/09\/'>septembre 2008<\/a>&nbsp;(1)<\/li>\n\t<li><a href='https:\/\/www.carillons.ch\/blog\/2008\/06\/'>juin 2008<\/a>&nbsp;(5)<\/li>\n\t<li><a href='https:\/\/www.carillons.ch\/blog\/2008\/05\/'>mai 2008<\/a>&nbsp;(7)<\/li>\n\t<li><a href='https:\/\/www.carillons.ch\/blog\/2008\/04\/'>avril 2008<\/a>&nbsp;(5)<\/li>\n<\/ul><\/div><div id=\"wp-realtime-sitemap-categories\"><h3>Categories<\/h3><ul>\t<li class=\"cat-item cat-item-7\"><a href=\"https:\/\/www.carillons.ch\/blog\/sujet\/associations\/\">Associations<\/a>\n<ul class='children'>\n\t<li class=\"cat-item cat-item-8\"><a href=\"https:\/\/www.carillons.ch\/blog\/sujet\/associations\/aaam-abbaye-de-montheron\/\">Abbaye de Montheron<\/a>\n<\/li>\n\t<li class=\"cat-item cat-item-714\"><a href=\"https:\/\/www.carillons.ch\/blog\/sujet\/associations\/association-des-interets-de-pully-nord\/\">Association des int\u00e9r\u00eats de Pully-Nord<\/a>\n<\/li>\n\t<li class=\"cat-item cat-item-710\"><a href=\"https:\/\/www.carillons.ch\/blog\/sujet\/associations\/auberge-de-labbaye-de-montheron\/\">Auberge de l\u2019Abbaye de Montheron<\/a>\n<\/li>\n\t<li class=\"cat-item cat-item-10\"><a href=\"https:\/\/www.carillons.ch\/blog\/sujet\/associations\/aacc-carillon-de-chantemerle\/\">Carillon Chantemerle<\/a>\n<\/li>\n\t<li class=\"cat-item cat-item-677\"><a href=\"https:\/\/www.carillons.ch\/blog\/sujet\/associations\/28-federation-mondiale-du-carillon\/\">Carillon F\u00e9d\u00e9ration Mondiale<\/a>\n<\/li>\n\t<li class=\"cat-item cat-item-58\"><a href=\"https:\/\/www.carillons.ch\/blog\/sujet\/associations\/gccs-guilde-des-carillonneurs-suisses\/\">Carillonneurs suisses<\/a>\n<\/li>\n\t<li class=\"cat-item cat-item-473\"><a href=\"https:\/\/www.carillons.ch\/blog\/sujet\/associations\/chapelle-du-dezaley\/\">Chapelle du D\u00e9zaley<\/a>\n<\/li>\n\t<li class=\"cat-item cat-item-707\"><a href=\"https:\/\/www.carillons.ch\/blog\/sujet\/associations\/charte-europeenne-des-abbayes-et-sites-cisterciens\/\">Charte europ\u00e9enne des sites Cisterciens<\/a>\n<\/li>\n\t<li class=\"cat-item cat-item-674\"><a href=\"https:\/\/www.carillons.ch\/blog\/sujet\/associations\/je-trottine-dans-ma-ville\/\">Je trottine dans ma ville<\/a>\n<\/li>\n\t<li class=\"cat-item cat-item-716\"><a href=\"https:\/\/www.carillons.ch\/blog\/sujet\/associations\/lavaux-patrimoine-mondial-unesco\/\">Lavaux Patrimoine Mondial Unesco<\/a>\n<\/li>\n\t<li class=\"cat-item cat-item-702\"><a href=\"https:\/\/www.carillons.ch\/blog\/sujet\/associations\/nuit-des-eglises\/\">Nuit des \u00e9glises<\/a>\n<\/li>\n\t<li class=\"cat-item cat-item-672\"><a href=\"https:\/\/www.carillons.ch\/blog\/sujet\/associations\/pakomuze\/\">P\u00e2KOMUZ\u00e9<\/a>\n<\/li>\n\t<li class=\"cat-item cat-item-676\"><a href=\"https:\/\/www.carillons.ch\/blog\/sujet\/associations\/14-parc-naturel-du-jorat\/\">Parc Naturel du Jorat<\/a>\n<\/li>\n\t<li class=\"cat-item cat-item-640\"><a href=\"https:\/\/www.carillons.ch\/blog\/sujet\/associations\/agenda-paroisse-du-haut-talent\/\">Paroisse du Haut-Talent<\/a>\n<\/li>\n\t<li class=\"cat-item cat-item-703\"><a href=\"https:\/\/www.carillons.ch\/blog\/sujet\/associations\/paroisse-st-etienne-de-bottens\/\">Paroisse St-Etienne de Bottens<\/a>\n<\/li>\n\t<li class=\"cat-item cat-item-695\"><a href=\"https:\/\/www.carillons.ch\/blog\/sujet\/associations\/passeport-vacances-lausanne\/\">Passeport-Vacances Lausanne<\/a>\n<\/li>\n\t<li class=\"cat-item cat-item-705\"><a href=\"https:\/\/www.carillons.ch\/blog\/sujet\/associations\/petit-calendrier-des-fetes\/\">Petit Calendrier des F\u00eates<\/a>\n<\/li>\n\t<li class=\"cat-item cat-item-700\"><a href=\"https:\/\/www.carillons.ch\/blog\/sujet\/associations\/route-europeenne-des-abbayes-cisterciennes\/\">Route europ\u00e9enne des abbayes cisterciennes<\/a>\n<\/li>\n\t<li class=\"cat-item cat-item-690\"><a href=\"https:\/\/www.carillons.ch\/blog\/sujet\/associations\/terre-nouvelle\/\">Terre Nouvelle<\/a>\n<\/li>\n\t<li class=\"cat-item cat-item-691\"><a href=\"https:\/\/www.carillons.ch\/blog\/sujet\/associations\/universite-populaire-de-lausanne\/\">Universit\u00e9 Populaire de Lausanne<\/a>\n<\/li>\n<\/ul>\n<\/li>\n\t<li class=\"cat-item cat-item-47\"><a href=\"https:\/\/www.carillons.ch\/blog\/sujet\/boutique\/\">Boutique<\/a>\n<ul class='children'>\n\t<li class=\"cat-item cat-item-50\"><a href=\"https:\/\/www.carillons.ch\/blog\/sujet\/boutique\/cds\/\">Livres ou cds<\/a>\n<\/li>\n\t<li class=\"cat-item cat-item-95\"><a href=\"https:\/\/www.carillons.ch\/blog\/sujet\/boutique\/partitions\/\">Partitions<\/a>\n<\/li>\n<\/ul>\n<\/li>\n\t<li class=\"cat-item cat-item-3\"><a href=\"https:\/\/www.carillons.ch\/blog\/sujet\/musique\/\">Musique<\/a>\n<ul class='children'>\n\t<li class=\"cat-item cat-item-9\"><a href=\"https:\/\/www.carillons.ch\/blog\/sujet\/musique\/carillon\/\">Carillon<\/a>\n\t<ul class='children'>\n\t<li class=\"cat-item cat-item-163\"><a href=\"https:\/\/www.carillons.ch\/blog\/sujet\/musique\/carillon\/carillon-videos\/\">Carillon vid\u00e9os<\/a>\n<\/li>\n\t<\/ul>\n<\/li>\n\t<li class=\"cat-item cat-item-312\"><a href=\"https:\/\/www.carillons.ch\/blog\/sujet\/musique\/cours-musique\/\">Cours de musique<\/a>\n<\/li>\n\t<li class=\"cat-item cat-item-711\"><a href=\"https:\/\/www.carillons.ch\/blog\/sujet\/musique\/organiste-du-site\/\">Organiste du site<\/a>\n<\/li>\n\t<li class=\"cat-item cat-item-25\"><a href=\"https:\/\/www.carillons.ch\/blog\/sujet\/musique\/orgue\/\">Orgue<\/a>\n<\/li>\n<\/ul>\n<\/li>\n\t<li class=\"cat-item cat-item-18\"><a href=\"https:\/\/www.carillons.ch\/blog\/sujet\/style\/\">Style \/ type<\/a>\n<ul class='children'>\n\t<li class=\"cat-item cat-item-638\"><a href=\"https:\/\/www.carillons.ch\/blog\/sujet\/style\/conference\/\">Conf\u00e9rences<\/a>\n<\/li>\n\t<li class=\"cat-item cat-item-694\"><a href=\"https:\/\/www.carillons.ch\/blog\/sujet\/style\/enfants\/\">Enfants<\/a>\n<\/li>\n\t<li class=\"cat-item cat-item-31\"><a href=\"https:\/\/www.carillons.ch\/blog\/sujet\/style\/index\/\">Index<\/a>\n<\/li>\n\t<li class=\"cat-item cat-item-33\"><a href=\"https:\/\/www.carillons.ch\/blog\/sujet\/style\/langages\/\">Langages<\/a>\n<\/li>\n\t<li class=\"cat-item cat-item-683\"><a href=\"https:\/\/www.carillons.ch\/blog\/sujet\/style\/lettre-de-nouvelles\/\">Lettre de nouvelles<\/a>\n<\/li>\n\t<li class=\"cat-item cat-item-20\"><a href=\"https:\/\/www.carillons.ch\/blog\/sujet\/style\/pdf-lecture-en-direct\/\">pdf lecture en direct<\/a>\n<\/li>\n\t<li class=\"cat-item cat-item-253\"><a href=\"https:\/\/www.carillons.ch\/blog\/sujet\/style\/visite-guidee-style\/\">Visites guid\u00e9es<\/a>\n<\/li>\n<\/ul>\n<\/li>\n<\/ul><\/div><p align=\"center\">Sitemap created with <a href=\"http:\/\/goo.gl\/ri9xU\" title=\"WP Realtime Sitemap\">WP Realtime Sitemap<\/a>.<\/p>\n","protected":false},"excerpt":{"rendered":"<p>Plan du site langages.ch (carillons.ch, abbayedemontheron.ch, carillondechantemerle.ch)<\/p>\n","protected":false},"author":1,"featured_media":0,"parent":35,"menu_order":700,"comment_status":"closed","ping_status":"closed","template":"","meta":{"sfsi_plus_gutenberg_text_before_share":"","sfsi_plus_gutenberg_show_text_before_share":"","sfsi_plus_gutenberg_icon_type":"","sfsi_plus_gutenberg_icon_alignemt":"","sfsi_plus_gutenburg_max_per_row":"","_EventAllDay":false,"_EventTimezone":"","_EventStartDate":"","_EventEndDate":"","_EventStartDateUTC":"","_EventEndDateUTC":"","_EventShowMap":false,"_EventShowMapLink":false,"_EventURL":"","_EventCost":"","_EventCostDescription":"","_EventCurrencySymbol":"","_EventCurrencyCode":"","_EventCurrencyPosition":"","_EventDateTimeSeparator":"","_EventTimeRangeSeparator":"","_EventOrganizerID":[],"_EventVenueID":[],"_OrganizerEmail":"","_OrganizerPhone":"","_OrganizerWebsite":"","_VenueAddress":"","_VenueCity":"","_VenueCountry":"","_VenueProvince":"","_VenueState":"","_VenueZip":"","_VenuePhone":"","_VenueURL":"","_VenueStateProvince":"","_VenueLat":"","_VenueLng":"","_VenueShowMap":false,"_VenueShowMapLink":false,"footnotes":""},"class_list":["post-9147","page","type-page","status-publish","hentry"],"_links":{"self":[{"href":"https:\/\/www.carillons.ch\/blog\/wp-json\/wp\/v2\/pages\/9147","targetHints":{"allow":["GET"]}}],"collection":[{"href":"https:\/\/www.carillons.ch\/blog\/wp-json\/wp\/v2\/pages"}],"about":[{"href":"https:\/\/www.carillons.ch\/blog\/wp-json\/wp\/v2\/types\/page"}],"author":[{"embeddable":true,"href":"https:\/\/www.carillons.ch\/blog\/wp-json\/wp\/v2\/users\/1"}],"replies":[{"embeddable":true,"href":"https:\/\/www.carillons.ch\/blog\/wp-json\/wp\/v2\/comments?post=9147"}],"version-history":[{"count":2,"href":"https:\/\/www.carillons.ch\/blog\/wp-json\/wp\/v2\/pages\/9147\/revisions"}],"predecessor-version":[{"id":9149,"href":"https:\/\/www.carillons.ch\/blog\/wp-json\/wp\/v2\/pages\/9147\/revisions\/9149"}],"up":[{"embeddable":true,"href":"https:\/\/www.carillons.ch\/blog\/wp-json\/wp\/v2\/pages\/35"}],"wp:attachment":[{"href":"https:\/\/www.carillons.ch\/blog\/wp-json\/wp\/v2\/media?parent=9147"}],"curies":[{"name":"wp","href":"https:\/\/api.w.org\/{rel}","templated":true}]}}