{"id":17415,"date":"2024-04-03T17:49:39","date_gmt":"2024-04-03T15:49:39","guid":{"rendered":"https:\/\/www.carillons.ch\/blog\/?post_type=tribe_events&#038;p=17415"},"modified":"2025-05-06T18:53:47","modified_gmt":"2025-05-06T16:53:47","slug":"voyage-de-deux-jours-pesmes-acey-dole-citeaux","status":"publish","type":"tribe_events","link":"https:\/\/www.carillons.ch\/blog\/event\/voyage-de-deux-jours-pesmes-acey-dole-citeaux\/","title":{"rendered":"Voyage de deux jours : Pesmes \u2013 Acey \u2013 Dole \u2013 C\u00eeteaux"},"content":{"rendered":"<div  class=\"tribe-events-schedule tribe-clearfix\" >\n\t<p class=\"tribe-events-schedule__datetime\">\n\t\t<span class=\"tribe-events-schedule__date tribe-events-schedule__date--start\">\n\t\t\t20 septembre 2025\t\t<\/span>\n\n\t\t\t\t\t<span class=\"tribe-events-schedule__separator tribe-events-schedule__separator--date\">\n\t\t\t\t @ \t\t\t<\/span>\n\t\t\t<span class=\"tribe-events-schedule__time tribe-events-schedule__time--start\">\n\t\t\t\t8:00\t\t\t<\/span>\n\t\t\n\t\t\t\t\t\t\t\t\t<span class=\"tribe-events-schedule__separator tribe-events-schedule__separator--time\">\n\t\t\t\t\t &#8211; \t\t\t\t<\/span>\n\t\t\t\n\t\t\t\t\t\t\t<span class=\"tribe-events-schedule__date tribe-events-schedule__date--end\">\n\t\t\t\t\t21 septembre 2025\t\t\t\t<\/span>\n\n\t\t\t\t\t\t\t\t\t<span class=\"tribe-events-schedule__separator tribe-events-schedule__separator--date\">\n\t\t\t\t\t\t @ \t\t\t\t\t<\/span>\n\t\t\t\t\t<span class=\"tribe-events-schedule__time tribe-events-schedule__time--end\">\n\t\t\t\t\t\t19:30\t\t\t\t\t<\/span>\n\t\t\t\t\n\t\t\t\n\t\t\t\t\t\t<\/p>\n<\/div>\n\n\n\n<figure class=\"wp-block-image size-large\"><img loading=\"lazy\" decoding=\"async\" width=\"1024\" height=\"1024\" src=\"https:\/\/www.carillons.ch\/blog\/wp-content\/uploads\/Collage-citeaux-acey-dole1-1024x1024.jpg\" alt=\"\" class=\"wp-image-17416\" srcset=\"https:\/\/www.carillons.ch\/blog\/wp-content\/uploads\/Collage-citeaux-acey-dole1-1024x1024.jpg 1024w, https:\/\/www.carillons.ch\/blog\/wp-content\/uploads\/Collage-citeaux-acey-dole1-300x300.jpg 300w, https:\/\/www.carillons.ch\/blog\/wp-content\/uploads\/Collage-citeaux-acey-dole1-150x150.jpg 150w, https:\/\/www.carillons.ch\/blog\/wp-content\/uploads\/Collage-citeaux-acey-dole1-768x768.jpg 768w, https:\/\/www.carillons.ch\/blog\/wp-content\/uploads\/Collage-citeaux-acey-dole1-1536x1536.jpg 1536w, https:\/\/www.carillons.ch\/blog\/wp-content\/uploads\/Collage-citeaux-acey-dole1-665x665.jpg 665w, https:\/\/www.carillons.ch\/blog\/wp-content\/uploads\/Collage-citeaux-acey-dole1.jpg 1800w\" sizes=\"auto, (max-width: 1024px) 100vw, 1024px\" \/><\/figure>\n\n\n\n<p><strong>Excursion de printemps &nbsp; &nbsp;<\/strong><\/p>\n\n\n\n<p><strong>Samedi 20 septembre et dimanche 21 septembre &#8211; d\u00e9part de Montheron \u00e0 8 h et du Grand-Mont \u00e0 8 h 10<\/strong><\/p>\n\n\n\n<p><strong>Voyage de deux jours : Pesmes \u2013 Acey \u2013 Dole \u2013 C\u00eeteaux&nbsp;<\/strong><\/p>\n\n\n\n<p>Le voyage de deux jours propos\u00e9 cette ann\u00e9e par l\u2019AAAM a pour destination le berceau du plus grand ordre monastique du Moyen \u00c2ge&nbsp;: C\u00eeteaux. Auparavant, trois \u00e9tapes permettront la visite de hauts lieux m\u00e9connus du patrimoine culturel et monumental de la Franche-Comt\u00e9&nbsp;: Pesmes, Acey et Dole.<\/p>\n\n\n\n<p>Visite de l\u2019abbaye d\u2019Acey qui s\u2019inscrit dans la filiation de Clairvaux, avec son \u00e9glise qui est un exemple de d\u00e9pouillement cistercien, avec des crois\u00e9es et des arcs ogivaux qui signent la naissance de l\u2019architecture gothique. Visite de l\u2019\u00e9glise gothique Saint-Hilaire de Pesmes et de son bourg. Visite de la somptueuse coll\u00e9giale de Dole, reconstruite d\u00e8s 1508 dans un style gothique finissant et du bourg au bord du Doubs. &nbsp;<\/p>\n\n\n\n<p><em>Prix de l\u2019excursion: 360.- frs (comprenant d\u00e9placement en car, nuit d&rsquo;h\u00f4tel en chambre double, menus de samedi midi et soir, petit-d\u00e9jeuner, visites et concert d&rsquo;orgue).&nbsp; Suppl\u00e9ment 30.- frs pour chambre individuelle. Rabais de 30.- frs pour les membres AAAM. Nombre de places limit\u00e9 \u00e0 25, inscrivez-vous rapidement!&nbsp;<\/em><\/p>\n\n\n\n<p><em>D\u00e9lai d&rsquo;inscription : au 20 juillet!<\/em> Inscriptions : <a href=\"mailto:dt@carillonneur.ch\">dt@carillonneur.ch<\/a> ou SMS 079 391 46 96<\/p>\n\n\n<div  class=\"tribe-block tribe-block__event-price\" >\n\t\t<\/div>\n\n\n\n\n<div  class=\"tribe-block tribe-block__venue tribe-clearfix tribe-block__venue--has-map\" >\n\t\n\t\n<div class=\"tribe-block__venue__meta\">\n\t<div class=\"tribe-block__venue__name\">\n\t\t<h3>Abbaye de Montheron<\/h3>\n\t<\/div>\n\n\t\n\t\t\t\t\t\t<address class=\"tribe-block__venue__address\">\n\t\t\t\t<span class=\"tribe-address\">\n\n<span class=\"tribe-street-address\">Rte de l\u2019Abbaye 3<\/span>\n\t\n\t\t<br>\n\t\t<span class=\"tribe-locality\">Montheron (Lausanne)<\/span><span class=\"tribe-delimiter\">,<\/span>\n\n\t<abbr class=\"tribe-region tribe-events-abbr\" title=\"Vaud\">Vaud<\/abbr>\n\n\t<span class=\"tribe-postal-code\">1053<\/span>\n\n\t<span class=\"tribe-country-name\">Suisse<\/span>\n\n<\/span>\n\n\t\t\t\t\t\t\t\t\t<a class=\"tribe-events-gmap\" href=\"https:\/\/maps.google.com\/maps?f=q&#038;source=s_q&#038;hl=en&#038;geocode=&#038;q=Rte+de+l%E2%80%99Abbaye+3+Montheron+%28Lausanne%29+Vaud+1053+Suisse\" title=\"Cliquez pour voir une carte Google Map\" target=\"_blank\" rel=\"noreferrer noopener\">+ Google Map<\/a>\t\t\t\t\t\t\t<\/address>\n\t\t\n\t\t\t\t\t<span class=\"tribe-block__venue__phone\">079 391 46 96<\/span><br \/>\n\t\t\n\t\t\t\t\t<span class=\"tribe-block__venue__website\"><a href=\"https:\/\/www.carillons.ch\/blog\/sujet\/associations\/aaam-abbaye-de-montheron\/\" target=\"_self\" rel=\"external\">Voir Lieu site web<\/a><\/span><br \/>\n\t\t\t\n\t<\/div>\n\t\n<div class=\"tribe-block__venue__map\">\n\t\n<iframe loading=\"lazy\"\n  title=\"L\u2018iframe Google maps affichant l\u2019adresse \u00e0 Abbaye de Montheron\"\n  aria-label=\"Plan des lieux\"\n  width=\"310px\"\n  height=\"256px\"\n  frameborder=\"0\" style=\"border:0\"\n  src=\"https:\/\/www.google.com\/maps\/embed\/v1\/place?key=AIzaSyDNsicAsP6-VuGtAb1O9riI3oc_NOb7IOU&#038;q=Rte+de+l%E2%80%99Abbaye+3+Montheron+%28Lausanne%29+Vaud+1053+Suisse+&#038;zoom=10\" allowfullscreen>\n<\/iframe>\n<\/div>\n\n\t<\/div>\n\n\n\n\n\t<div  class=\"tribe-block tribe-block__events-link\" >\n\t\t<div class=\"tribe-events tribe-common\">\n\t\t\t<div class=\"tribe-events-c-subscribe-dropdown__container\">\n\t\t\t\t<div class=\"tribe-events-c-subscribe-dropdown\">\n\t\t\t\t\t<div class=\"tribe-common-c-btn-border tribe-events-c-subscribe-dropdown__button\">\n\t\t\t\t\t\t<svg\n\t class=\"tribe-common-c-svgicon tribe-common-c-svgicon--cal-export tribe-events-c-subscribe-dropdown__export-icon\" \taria-hidden=\"true\"\n\tviewBox=\"0 0 23 17\"\n\txmlns=\"http:\/\/www.w3.org\/2000\/svg\"\n>\n\t<path fill-rule=\"evenodd\" clip-rule=\"evenodd\" d=\"M.128.896V16.13c0 .211.145.383.323.383h15.354c.179 0 .323-.172.323-.383V.896c0-.212-.144-.383-.323-.383H.451C.273.513.128.684.128.896Zm16 6.742h-.901V4.679H1.009v10.729h14.218v-3.336h.901V7.638ZM1.01 1.614h14.218v2.058H1.009V1.614Z\" \/>\n\t<path d=\"M20.5 9.846H8.312M18.524 6.953l2.89 2.909-2.855 2.855\" stroke-width=\"1.2\" stroke-linecap=\"round\" stroke-linejoin=\"round\"\/>\n<\/svg>\n\t\t\t\t\t\t<button\n\t\t\t\t\t\t\tclass=\"tribe-events-c-subscribe-dropdown__button-text\"\n\t\t\t\t\t\t\taria-expanded=\"false\"\n\t\t\t\t\t\t\taria-controls=\"tribe-events-subscribe-dropdown-content\"\n\t\t\t\t\t\t\taria-label=\"Afficher les liens permettant d\u2019ajouter des \u00e9v\u00e8nements \u00e0 votre calendrier\"\n\t\t\t\t\t\t>\n\t\t\t\t\t\t\tAjouter au calendrier\t\t\t\t\t\t<\/button>\n\t\t\t\t\t\t<svg\n\t class=\"tribe-common-c-svgicon tribe-common-c-svgicon--caret-down tribe-events-c-subscribe-dropdown__button-icon\" \taria-hidden=\"true\"\n\tviewBox=\"0 0 10 7\"\n\txmlns=\"http:\/\/www.w3.org\/2000\/svg\"\n>\n\t<path fill-rule=\"evenodd\" clip-rule=\"evenodd\" d=\"M1.008.609L5 4.6 8.992.61l.958.958L5 6.517.05 1.566l.958-.958z\" class=\"tribe-common-c-svgicon__svg-fill\"\/>\n<\/svg>\n\t\t\t\t\t<\/div>\n\t\t\t\t\t<div id=\"tribe-events-subscribe-dropdown-content\" class=\"tribe-events-c-subscribe-dropdown__content\">\n\t\t\t\t\t\t<ul class=\"tribe-events-c-subscribe-dropdown__list\">\n\t\t\t\t\t\t\t\t\t\t\t\t\t\t\t<li class=\"tribe-events-c-subscribe-dropdown__list-item tribe-events-c-subscribe-dropdown__list-item--gcal\">\n\t\t\t\t\t\t\t\t\t<a\n\t\t\t\t\t\t\t\t\t\thref=\"https:\/\/www.google.com\/calendar\/event?action=TEMPLATE&#038;dates=20250920T080000\/20250921T193000&#038;text=Voyage%20de%20deux%20jours%20%3A%20Pesmes%20%E2%80%93%20Acey%20%E2%80%93%20Dole%20%E2%80%93%20C%C3%AEteaux&#038;details=%3Cfigure+class%3D%22wp-block-image+size-large%22%3E%3Cimg+src%3D%22https%3A%2F%2Fwww.carillons.ch%2Fblog%2Fwp-content%2Fuploads%2FCollage-citeaux-acey-dole1-1024x1024.jpg%22+alt%3D%22%22+class%3D%22wp-image-17416%22%2F%3E%3C%2Ffigure%3E%3Cp%3E%3Cstrong%3EExcursion+de+printemps+%26nbsp%3B+%26nbsp%3B%3C%2Fstrong%3E%3C%2Fp%3E+%3Cp%3E%3Cstrong%3ESamedi+20+septembre+et+dimanche+21+septembre+-+d%C3%A9part+de+Montheron+%C3%A0+8+h+et+du+Grand-Mont+%C3%A0+8+h+10%3C%2Fstrong%3E%3C%2Fp%3E+%3Cp%3E%3Cstrong%3EVoyage+de+deux+jours+%3A+Pesmes+%E2%80%93+Acey+%E2%80%93+Dole+%E2%80%93+C%C3%AEteaux%26nbsp%3B%3C%2Fstrong%3E%3C%2Fp%3E+%3Cp%3ELe+voyage+de+deux+jours+propos%C3%A9+cette+ann%C3%A9e+par+l%E2%80%99AAAM+a+pour+destination+le+berceau+du+plus+grand+ordre+monastique+du+Moyen+%C3%82ge%26nbsp%3B%3A+C%C3%AEteaux.+Auparavant%2C+trois+%C3%A9tapes+permettront+la+visite+de+hauts+lieux+m%C3%A9connus+du+patrimoine+culturel+et+monumental+de+la+Franche-Comt%C3%A9%26nbsp%3B%3A+Pesmes%2C+Acey+et+Dole.%3C%2Fp%3E+%3Cp%3EVisite+de+l%E2%80%99abbaye+d%E2%80%99Acey+qui+s%E2%80%99inscrit+dans+la+filiation+de+Clairvaux%2C+avec+son+%C3%A9glise+qui+est+un+exemple+de+d%C3%A9pouillement+cistercien%2C+avec+des+crois%C3%A9es+et+des+arcs+ogivaux+qui+sign%3C%2Fp%3E%28Voir+toute+la+description+de+%C3%A9v%C3%A8nement+ici%C2%A0%3A+https%3A%2F%2Fwww.carillons.ch%2Fblog%2Fevent%2Fvoyage-de-deux-jours-pesmes-acey-dole-citeaux%2F%29&#038;location=Abbaye%20de%20Montheron,%20Rte%20de%20l\u2019Abbaye%203,%20Montheron%20(Lausanne),%20Vaud,%201053,%20Suisse&#038;trp=false&#038;ctz=Europe\/Zurich&#038;sprop=website:https:\/\/www.carillons.ch\/blog\"\n\t\t\t\t\t\t\t\t\t\tclass=\"tribe-events-c-subscribe-dropdown__list-item-link\"\n\t\t\t\t\t\t\t\t\t\ttarget=\"_blank\"\n\t\t\t\t\t\t\t\t\t\trel=\"noopener noreferrer nofollow noindex\"\n\t\t\t\t\t\t\t\t\t>\n\t\t\t\t\t\t\t\t\t\tGoogle Agenda\t\t\t\t\t\t\t\t\t<\/a>\n\t\t\t\t\t\t\t\t<\/li>\n\t\t\t\t\t\t\t\t\t\t\t\t\t\t\t<li class=\"tribe-events-c-subscribe-dropdown__list-item tribe-events-c-subscribe-dropdown__list-item--ical\">\n\t\t\t\t\t\t\t\t\t<a\n\t\t\t\t\t\t\t\t\t\thref=\"\"\n\t\t\t\t\t\t\t\t\t\tclass=\"tribe-events-c-subscribe-dropdown__list-item-link\"\n\t\t\t\t\t\t\t\t\t\ttarget=\"_blank\"\n\t\t\t\t\t\t\t\t\t\trel=\"noopener noreferrer nofollow noindex\"\n\t\t\t\t\t\t\t\t\t>\n\t\t\t\t\t\t\t\t\t\tiCalendar\t\t\t\t\t\t\t\t\t<\/a>\n\t\t\t\t\t\t\t\t<\/li>\n\t\t\t\t\t\t\t\t\t\t\t\t\t\t\t<li class=\"tribe-events-c-subscribe-dropdown__list-item tribe-events-c-subscribe-dropdown__list-item--outlook-365\">\n\t\t\t\t\t\t\t\t\t<a\n\t\t\t\t\t\t\t\t\t\thref=\"\"\n\t\t\t\t\t\t\t\t\t\tclass=\"tribe-events-c-subscribe-dropdown__list-item-link\"\n\t\t\t\t\t\t\t\t\t\ttarget=\"_blank\"\n\t\t\t\t\t\t\t\t\t\trel=\"noopener noreferrer nofollow noindex\"\n\t\t\t\t\t\t\t\t\t>\n\t\t\t\t\t\t\t\t\t\tOutlook 365\t\t\t\t\t\t\t\t\t<\/a>\n\t\t\t\t\t\t\t\t<\/li>\n\t\t\t\t\t\t\t\t\t\t\t\t\t\t\t<li class=\"tribe-events-c-subscribe-dropdown__list-item tribe-events-c-subscribe-dropdown__list-item--outlook-live\">\n\t\t\t\t\t\t\t\t\t<a\n\t\t\t\t\t\t\t\t\t\thref=\"\"\n\t\t\t\t\t\t\t\t\t\tclass=\"tribe-events-c-subscribe-dropdown__list-item-link\"\n\t\t\t\t\t\t\t\t\t\ttarget=\"_blank\"\n\t\t\t\t\t\t\t\t\t\trel=\"noopener noreferrer nofollow noindex\"\n\t\t\t\t\t\t\t\t\t>\n\t\t\t\t\t\t\t\t\t\tOutlook Live\t\t\t\t\t\t\t\t\t<\/a>\n\t\t\t\t\t\t\t\t<\/li>\n\t\t\t\t\t\t\t\t\t\t\t\t\t<\/ul>\n\t\t\t\t\t<\/div>\n\t\t\t\t<\/div>\n\t\t\t<\/div>\n\t\t<\/div>\n\t<\/div>\n\n","protected":false},"excerpt":{"rendered":"<p>Excursion de printemps &nbsp; &nbsp; Samedi 20 septembre et dimanche 21 septembre &#8211; d\u00e9part de Montheron \u00e0 8 h et du Grand-Mont \u00e0 8 h 10 Voyage de deux jours : Pesmes \u2013 Acey \u2013 Dole \u2013 C\u00eeteaux&nbsp; Le voyage de deux jours propos\u00e9 cette ann\u00e9e par l\u2019AAAM a pour destination le berceau du plus grand ordre monastique\u2026 <span class=\"read-more\"><a href=\"https:\/\/www.carillons.ch\/blog\/event\/voyage-de-deux-jours-pesmes-acey-dole-citeaux\/\">Lire la suite &raquo;<\/a><\/span><\/p>\n","protected":false},"author":1,"featured_media":17416,"template":"","meta":{"sfsi_plus_gutenberg_text_before_share":"","sfsi_plus_gutenberg_show_text_before_share":"","sfsi_plus_gutenberg_icon_type":"","sfsi_plus_gutenberg_icon_alignemt":"","sfsi_plus_gutenburg_max_per_row":"","_EventAllDay":false,"_EventTimezone":"Europe\/Zurich","_EventStartDate":"2025-09-20 08:00:00","_EventEndDate":"2025-09-21 19:30:00","_EventStartDateUTC":"2025-09-20 06:00:00","_EventEndDateUTC":"2025-09-21 17:30:00","_EventShowMap":false,"_EventShowMapLink":false,"_EventURL":"","_EventCost":"","_EventCostDescription":"","_EventCurrencySymbol":"CHF","_EventCurrencyCode":"USD","_EventCurrencyPosition":"prefix","_EventDateTimeSeparator":" @ ","_EventTimeRangeSeparator":" - ","_EventOrganizerID":[],"_EventVenueID":[12384],"_OrganizerEmail":"","_OrganizerPhone":"","_OrganizerWebsite":"","_VenueAddress":"","_VenueCity":"","_VenueCountry":"","_VenueProvince":"","_VenueState":"","_VenueZip":"","_VenuePhone":"","_VenueURL":"","_VenueStateProvince":"","_VenueLat":"","_VenueLng":"","_VenueShowMap":false,"_VenueShowMapLink":false,"_tribe_events_status":"","_tribe_events_status_reason":"","footnotes":""},"tags":[54,187,104,494,189],"tribe_events_cat":[654,643,666,665],"class_list":["post-17415","tribe_events","type-tribe_events","status-publish","has-post-thumbnail","hentry","tag-abbaye","tag-cistercien","tag-eglise","tag-orgue","tag-visite-guidee","tribe_events_cat-abbaye-de-montheron","tribe_events_cat-excursion","tribe_events_cat-orgue","tribe_events_cat-visite-guidee","cat_abbaye-de-montheron","cat_excursion","cat_orgue","cat_visite-guidee"],"_links":{"self":[{"href":"https:\/\/www.carillons.ch\/blog\/wp-json\/wp\/v2\/tribe_events\/17415","targetHints":{"allow":["GET"]}}],"collection":[{"href":"https:\/\/www.carillons.ch\/blog\/wp-json\/wp\/v2\/tribe_events"}],"about":[{"href":"https:\/\/www.carillons.ch\/blog\/wp-json\/wp\/v2\/types\/tribe_events"}],"author":[{"embeddable":true,"href":"https:\/\/www.carillons.ch\/blog\/wp-json\/wp\/v2\/users\/1"}],"version-history":[{"count":3,"href":"https:\/\/www.carillons.ch\/blog\/wp-json\/wp\/v2\/tribe_events\/17415\/revisions"}],"predecessor-version":[{"id":17966,"href":"https:\/\/www.carillons.ch\/blog\/wp-json\/wp\/v2\/tribe_events\/17415\/revisions\/17966"}],"wp:featuredmedia":[{"embeddable":true,"href":"https:\/\/www.carillons.ch\/blog\/wp-json\/wp\/v2\/media\/17416"}],"wp:attachment":[{"href":"https:\/\/www.carillons.ch\/blog\/wp-json\/wp\/v2\/media?parent=17415"}],"wp:term":[{"taxonomy":"post_tag","embeddable":true,"href":"https:\/\/www.carillons.ch\/blog\/wp-json\/wp\/v2\/tags?post=17415"},{"taxonomy":"tribe_events_cat","embeddable":true,"href":"https:\/\/www.carillons.ch\/blog\/wp-json\/wp\/v2\/tribe_events_cat?post=17415"}],"curies":[{"name":"wp","href":"https:\/\/api.w.org\/{rel}","templated":true}]}}