{"id":17981,"date":"2025-06-11T11:41:33","date_gmt":"2025-06-11T09:41:33","guid":{"rendered":"https:\/\/www.carillons.ch\/blog\/?post_type=tribe_events&#038;p=17981"},"modified":"2025-06-17T14:21:49","modified_gmt":"2025-06-17T12:21:49","slug":"flutes-de-pan","status":"publish","type":"tribe_events","link":"https:\/\/www.carillons.ch\/blog\/event\/flutes-de-pan\/","title":{"rendered":"Fl\u00fbte de Pan, guitare, percussion et orgue"},"content":{"rendered":"<div  class=\"tribe-events-schedule tribe-clearfix\" >\n\t<p class=\"tribe-events-schedule__datetime\">\n\t\t<span class=\"tribe-events-schedule__date tribe-events-schedule__date--start\">\n\t\t\t6 juillet 2025\t\t<\/span>\n\n\t\t\t\t\t<span class=\"tribe-events-schedule__separator tribe-events-schedule__separator--date\">\n\t\t\t\t @ \t\t\t<\/span>\n\t\t\t<span class=\"tribe-events-schedule__time tribe-events-schedule__time--start\">\n\t\t\t\t17:00\t\t\t<\/span>\n\t\t\n\t\t\t\t\t\t\t\t\t<span class=\"tribe-events-schedule__separator tribe-events-schedule__separator--time\">\n\t\t\t\t\t &#8211; \t\t\t\t<\/span>\n\t\t\t\n\t\t\t\t\t\t\t<span class=\"tribe-events-schedule__time tribe-events-schedule__time--end\">\n\t\t\t\t\t18:00\t\t\t\t<\/span>\n\t\t\t\n\t\t\t\t\t\t<\/p>\n<\/div>\n\n\n\n<p>Concert<\/p>\n\n\n\n<figure class=\"wp-block-image size-large\"><img loading=\"lazy\" decoding=\"async\" width=\"724\" height=\"1024\" src=\"https:\/\/www.carillons.ch\/blog\/wp-content\/uploads\/250610_affiche_projet_V3_Montheron-copie-2-724x1024.jpeg\" alt=\"\" class=\"wp-image-17982\" srcset=\"https:\/\/www.carillons.ch\/blog\/wp-content\/uploads\/250610_affiche_projet_V3_Montheron-copie-2-724x1024.jpeg 724w, https:\/\/www.carillons.ch\/blog\/wp-content\/uploads\/250610_affiche_projet_V3_Montheron-copie-2-212x300.jpeg 212w, https:\/\/www.carillons.ch\/blog\/wp-content\/uploads\/250610_affiche_projet_V3_Montheron-copie-2-106x150.jpeg 106w, https:\/\/www.carillons.ch\/blog\/wp-content\/uploads\/250610_affiche_projet_V3_Montheron-copie-2-768x1086.jpeg 768w, https:\/\/www.carillons.ch\/blog\/wp-content\/uploads\/250610_affiche_projet_V3_Montheron-copie-2-665x940.jpeg 665w, https:\/\/www.carillons.ch\/blog\/wp-content\/uploads\/250610_affiche_projet_V3_Montheron-copie-2.jpeg 1000w\" sizes=\"auto, (max-width: 724px) 100vw, 724px\" \/><\/figure>\n\n\n\n<p><strong>Dimanche 6 juillet \u00e0 17 h<\/strong><\/p>\n\n\n\n<p>Lieu: Abbaye de Montheron (route de l\u2019Abbaye 3, 1053 Montheron (Lausanne, pr\u00e8s de Cugy).<\/p>\n\n\n\n<p>Fl\u00fbtes de Pan, guitare, orgues et percussions<\/p>\n\n\n\n<p>Christian Hochstaettler, fl\u00fbtes de Pan, Paul Meigniez, guitare, Greg Turini, percussions et Daniel Thomas aux deux orgues, carillon, clavecin, harmonium et piano. \u0152uvres classiques, de vari\u00e9t\u00e9, folkloriques &amp; traditionnelles. Roumanie, V\u00e9n\u00e9zuela, Vivaldi, Corelli, etc.<\/p>\n\n\n\n<p>Entr\u00e9e libre, collecte (prix conseill\u00e9 : 30.- plein, 20.- r\u00e9ductions). R\u00e9servations recommand\u00e9es : \u00e0 dt@carillonneur.ch ou 079 391 46 96.<\/p>\n\n\n\n<p>Quatuor: Confident&nbsp;<\/p>\n\n\n\n<p>Quatuor: Wild<\/p>\n\n\n\n<p>Vivaldi, Largo du cto pour viole d&rsquo;amour et luth<\/p>\n\n\n\n<p>Quatuor: La Folia<\/p>\n\n\n\n<p>Duo orgue-guitare: Vivaldi, Largo RV93<\/p>\n\n\n\n<p>Solo Handpan,&nbsp;<\/p>\n\n\n\n<p>Quatuor avec piano: Der Mir jambrunnen se)<\/p>\n\n\n\n<p>Quatuor: Doina din Domasnea<\/p>\n\n\n\n<p>Trio fl\u00fbte+guitare+piano ou clavecin ou harmonium?: Babouchka<\/p>\n\n\n\n<p>Quatuor avec harmonium et percussion: Sarba du Grand-Blond<\/p>\n\n\n\n<p>Quatuor avec harmonium: Portsmouth\/Farandole&nbsp;<\/p>\n\n\n\n<p>Quatuor: Cintecul <\/p>\n\n\n\n<p>Solo clavier<\/p>\n\n\n\n<p>Duo fl\u00fbte+piano: Mozart, Romance<\/p>\n\n\n\n<p>Trio fl\u00fbte+piano+guitare: Faur\u00e9, La Pavane<\/p>\n\n\n\n<p>Duo fl\u00fbte+guitare: La Partida<\/p>\n\n\n\n<p>ou duo fl\u00fbte\/guitare Milonga<\/p>\n\n\n\n<p>Quatuor: Vivaldi, Le Printemps<\/p>\n\n\n<div  class=\"tribe-block tribe-block__event-price\" >\n\t\t<\/div>\n\n\n\n\n<div  class=\"tribe-block tribe-block__venue tribe-clearfix tribe-block__venue--has-map\" >\n\t\n\t\n<div class=\"tribe-block__venue__meta\">\n\t<div class=\"tribe-block__venue__name\">\n\t\t<h3>Abbaye de Montheron<\/h3>\n\t<\/div>\n\n\t\n\t\t\t\t\t\t<address class=\"tribe-block__venue__address\">\n\t\t\t\t<span class=\"tribe-address\">\n\n<span class=\"tribe-street-address\">Rte de l\u2019Abbaye 3<\/span>\n\t\n\t\t<br>\n\t\t<span class=\"tribe-locality\">Montheron (Lausanne)<\/span><span class=\"tribe-delimiter\">,<\/span>\n\n\t<abbr class=\"tribe-region tribe-events-abbr\" title=\"Vaud\">Vaud<\/abbr>\n\n\t<span class=\"tribe-postal-code\">1053<\/span>\n\n\t<span class=\"tribe-country-name\">Suisse<\/span>\n\n<\/span>\n\n\t\t\t\t\t\t\t\t\t<a class=\"tribe-events-gmap\" href=\"https:\/\/maps.google.com\/maps?f=q&#038;source=s_q&#038;hl=en&#038;geocode=&#038;q=Rte+de+l%E2%80%99Abbaye+3+Montheron+%28Lausanne%29+Vaud+1053+Suisse\" title=\"Cliquez pour voir une carte Google Map\" target=\"_blank\" rel=\"noreferrer noopener\">+ Google Map<\/a>\t\t\t\t\t\t\t<\/address>\n\t\t\n\t\t\t\t\t<span class=\"tribe-block__venue__phone\">079 391 46 96<\/span><br \/>\n\t\t\n\t\t\t\t\t<span class=\"tribe-block__venue__website\"><a href=\"https:\/\/www.carillons.ch\/blog\/sujet\/associations\/aaam-abbaye-de-montheron\/\" target=\"_self\" rel=\"external\">Voir Lieu site web<\/a><\/span><br \/>\n\t\t\t\n\t<\/div>\n\t\n<div class=\"tribe-block__venue__map\">\n\t\n<iframe loading=\"lazy\"\n  title=\"L\u2018iframe Google maps affichant l\u2019adresse \u00e0 Abbaye de Montheron\"\n  aria-label=\"Plan des lieux\"\n  width=\"310px\"\n  height=\"256px\"\n  frameborder=\"0\" style=\"border:0\"\n  src=\"https:\/\/www.google.com\/maps\/embed\/v1\/place?key=AIzaSyDNsicAsP6-VuGtAb1O9riI3oc_NOb7IOU&#038;q=Rte+de+l%E2%80%99Abbaye+3+Montheron+%28Lausanne%29+Vaud+1053+Suisse+&#038;zoom=10\" allowfullscreen>\n<\/iframe>\n<\/div>\n\n\t<\/div>\n\n\n\n\n\t<div  class=\"tribe-block tribe-block__events-link\" >\n\t\t<div class=\"tribe-events tribe-common\">\n\t\t\t<div class=\"tribe-events-c-subscribe-dropdown__container\">\n\t\t\t\t<div class=\"tribe-events-c-subscribe-dropdown\">\n\t\t\t\t\t<div class=\"tribe-common-c-btn-border tribe-events-c-subscribe-dropdown__button\">\n\t\t\t\t\t\t<svg\n\t class=\"tribe-common-c-svgicon tribe-common-c-svgicon--cal-export tribe-events-c-subscribe-dropdown__export-icon\" \taria-hidden=\"true\"\n\tviewBox=\"0 0 23 17\"\n\txmlns=\"http:\/\/www.w3.org\/2000\/svg\"\n>\n\t<path fill-rule=\"evenodd\" clip-rule=\"evenodd\" d=\"M.128.896V16.13c0 .211.145.383.323.383h15.354c.179 0 .323-.172.323-.383V.896c0-.212-.144-.383-.323-.383H.451C.273.513.128.684.128.896Zm16 6.742h-.901V4.679H1.009v10.729h14.218v-3.336h.901V7.638ZM1.01 1.614h14.218v2.058H1.009V1.614Z\" \/>\n\t<path d=\"M20.5 9.846H8.312M18.524 6.953l2.89 2.909-2.855 2.855\" stroke-width=\"1.2\" stroke-linecap=\"round\" stroke-linejoin=\"round\"\/>\n<\/svg>\n\t\t\t\t\t\t<button\n\t\t\t\t\t\t\tclass=\"tribe-events-c-subscribe-dropdown__button-text\"\n\t\t\t\t\t\t\taria-expanded=\"false\"\n\t\t\t\t\t\t\taria-controls=\"tribe-events-subscribe-dropdown-content\"\n\t\t\t\t\t\t\taria-label=\"Afficher les liens permettant d\u2019ajouter des \u00e9v\u00e8nements \u00e0 votre calendrier\"\n\t\t\t\t\t\t>\n\t\t\t\t\t\t\tAjouter au calendrier\t\t\t\t\t\t<\/button>\n\t\t\t\t\t\t<svg\n\t class=\"tribe-common-c-svgicon tribe-common-c-svgicon--caret-down tribe-events-c-subscribe-dropdown__button-icon\" \taria-hidden=\"true\"\n\tviewBox=\"0 0 10 7\"\n\txmlns=\"http:\/\/www.w3.org\/2000\/svg\"\n>\n\t<path fill-rule=\"evenodd\" clip-rule=\"evenodd\" d=\"M1.008.609L5 4.6 8.992.61l.958.958L5 6.517.05 1.566l.958-.958z\" class=\"tribe-common-c-svgicon__svg-fill\"\/>\n<\/svg>\n\t\t\t\t\t<\/div>\n\t\t\t\t\t<div id=\"tribe-events-subscribe-dropdown-content\" class=\"tribe-events-c-subscribe-dropdown__content\">\n\t\t\t\t\t\t<ul class=\"tribe-events-c-subscribe-dropdown__list\">\n\t\t\t\t\t\t\t\t\t\t\t\t\t\t\t<li class=\"tribe-events-c-subscribe-dropdown__list-item tribe-events-c-subscribe-dropdown__list-item--gcal\">\n\t\t\t\t\t\t\t\t\t<a\n\t\t\t\t\t\t\t\t\t\thref=\"https:\/\/www.google.com\/calendar\/event?action=TEMPLATE&#038;dates=20250706T170000\/20250706T180000&#038;text=Fl%C3%BBte%20de%20Pan%2C%20guitare%2C%20percussion%20et%20orgue&#038;details=%3Cp%3EConcert%3C%2Fp%3E+%3Cfigure+class%3D%22wp-block-image+size-large%22%3E%3Cimg+src%3D%22https%3A%2F%2Fwww.carillons.ch%2Fblog%2Fwp-content%2Fuploads%2F250610_affiche_projet_V3_Montheron-copie-2-724x1024.jpeg%22+alt%3D%22%22+class%3D%22wp-image-17982%22%2F%3E%3C%2Ffigure%3E%3Cp%3E%3Cstrong%3EDimanche+6+juillet+%C3%A0+17+h%3C%2Fstrong%3E%3C%2Fp%3E+%3Cp%3ELieu%3A+Abbaye+de+Montheron+%28route+de+l%E2%80%99Abbaye+3%2C+1053+Montheron+%28Lausanne%2C+pr%C3%A8s+de+Cugy%29.%3C%2Fp%3E+%3Cp%3EFl%C3%BBtes+de+Pan%2C+guitare%2C+orgues+et+percussions%3C%2Fp%3E+%3Cp%3EChristian+Hochstaettler%2C+fl%C3%BBtes+de+Pan%2C+Paul+Meigniez%2C+guitare%2C+Greg+Turini%2C+percussions+et+Daniel+Thomas+aux+deux+orgues%2C+carillon%2C+clavecin%2C+harmonium+et+piano.+%C5%92uvres+classiques%2C+de+vari%C3%A9t%C3%A9%2C+folkloriques+%26amp%3B+traditionnelles.+Roumanie%2C+V%C3%A9n%C3%A9zuela%2C+Vivaldi%2C+Corelli%2C+etc.%3C%2Fp%3E+%3Cp%3EEntr%C3%A9e+libre%2C+collecte+%28prix+conseill%C3%A9+%3A+30.-+plein%2C+20.-+r%C3%A9ductions%29.+R%C3%A9servations+recommand%C3%A9es+%3A+%C3%A0+dt%40carillonneur.ch+ou+079+391+46+96.%3C%2Fp%3E+%3Cp%3EQuatuor%3A+Confident%26nbsp%3B%3C%2Fp%3E+%3Cp%3EQuatuor%3A+Wild%3C%2Fp%3E+%3Cp%3EVivaldi%2C+Largo+du+cto+pour+viole+d%27amour+et+l%3C%2Fp%3E%28Voir+toute+la+description+de+%C3%A9v%C3%A8nement+ici%C2%A0%3A+https%3A%2F%2Fwww.carillons.ch%2Fblog%2Fevent%2Fflutes-de-pan%2F%29&#038;location=Abbaye%20de%20Montheron,%20Rte%20de%20l\u2019Abbaye%203,%20Montheron%20(Lausanne),%20Vaud,%201053,%20Suisse&#038;trp=false&#038;ctz=Europe\/Zurich&#038;sprop=website:https:\/\/www.carillons.ch\/blog\"\n\t\t\t\t\t\t\t\t\t\tclass=\"tribe-events-c-subscribe-dropdown__list-item-link\"\n\t\t\t\t\t\t\t\t\t\ttarget=\"_blank\"\n\t\t\t\t\t\t\t\t\t\trel=\"noopener noreferrer nofollow noindex\"\n\t\t\t\t\t\t\t\t\t>\n\t\t\t\t\t\t\t\t\t\tGoogle Agenda\t\t\t\t\t\t\t\t\t<\/a>\n\t\t\t\t\t\t\t\t<\/li>\n\t\t\t\t\t\t\t\t\t\t\t\t\t\t\t<li class=\"tribe-events-c-subscribe-dropdown__list-item tribe-events-c-subscribe-dropdown__list-item--ical\">\n\t\t\t\t\t\t\t\t\t<a\n\t\t\t\t\t\t\t\t\t\thref=\"\"\n\t\t\t\t\t\t\t\t\t\tclass=\"tribe-events-c-subscribe-dropdown__list-item-link\"\n\t\t\t\t\t\t\t\t\t\ttarget=\"_blank\"\n\t\t\t\t\t\t\t\t\t\trel=\"noopener noreferrer nofollow noindex\"\n\t\t\t\t\t\t\t\t\t>\n\t\t\t\t\t\t\t\t\t\tiCalendar\t\t\t\t\t\t\t\t\t<\/a>\n\t\t\t\t\t\t\t\t<\/li>\n\t\t\t\t\t\t\t\t\t\t\t\t\t\t\t<li class=\"tribe-events-c-subscribe-dropdown__list-item tribe-events-c-subscribe-dropdown__list-item--outlook-365\">\n\t\t\t\t\t\t\t\t\t<a\n\t\t\t\t\t\t\t\t\t\thref=\"\"\n\t\t\t\t\t\t\t\t\t\tclass=\"tribe-events-c-subscribe-dropdown__list-item-link\"\n\t\t\t\t\t\t\t\t\t\ttarget=\"_blank\"\n\t\t\t\t\t\t\t\t\t\trel=\"noopener noreferrer nofollow noindex\"\n\t\t\t\t\t\t\t\t\t>\n\t\t\t\t\t\t\t\t\t\tOutlook 365\t\t\t\t\t\t\t\t\t<\/a>\n\t\t\t\t\t\t\t\t<\/li>\n\t\t\t\t\t\t\t\t\t\t\t\t\t\t\t<li class=\"tribe-events-c-subscribe-dropdown__list-item tribe-events-c-subscribe-dropdown__list-item--outlook-live\">\n\t\t\t\t\t\t\t\t\t<a\n\t\t\t\t\t\t\t\t\t\thref=\"\"\n\t\t\t\t\t\t\t\t\t\tclass=\"tribe-events-c-subscribe-dropdown__list-item-link\"\n\t\t\t\t\t\t\t\t\t\ttarget=\"_blank\"\n\t\t\t\t\t\t\t\t\t\trel=\"noopener noreferrer nofollow noindex\"\n\t\t\t\t\t\t\t\t\t>\n\t\t\t\t\t\t\t\t\t\tOutlook Live\t\t\t\t\t\t\t\t\t<\/a>\n\t\t\t\t\t\t\t\t<\/li>\n\t\t\t\t\t\t\t\t\t\t\t\t\t<\/ul>\n\t\t\t\t\t<\/div>\n\t\t\t\t<\/div>\n\t\t\t<\/div>\n\t\t<\/div>\n\t<\/div>\n\n","protected":false},"excerpt":{"rendered":"<p>Concert Dimanche 6 juillet \u00e0 17 h Lieu: Abbaye de Montheron (route de l\u2019Abbaye 3, 1053 Montheron (Lausanne, pr\u00e8s de Cugy). Fl\u00fbtes de Pan, guitare, orgues et percussions Christian Hochstaettler, fl\u00fbtes de Pan, Paul Meigniez, guitare, Greg Turini, percussions et Daniel Thomas aux deux orgues, carillon, clavecin, harmonium et piano. \u0152uvres classiques, de vari\u00e9t\u00e9, folkloriques &amp; traditionnelles. Roumanie,\u2026 <span class=\"read-more\"><a href=\"https:\/\/www.carillons.ch\/blog\/event\/flutes-de-pan\/\">Lire la suite &raquo;<\/a><\/span><\/p>\n","protected":false},"author":1,"featured_media":17982,"template":"","meta":{"sfsi_plus_gutenberg_text_before_share":"","sfsi_plus_gutenberg_show_text_before_share":"","sfsi_plus_gutenberg_icon_type":"","sfsi_plus_gutenberg_icon_alignemt":"","sfsi_plus_gutenburg_max_per_row":"","_EventAllDay":false,"_EventTimezone":"Europe\/Zurich","_EventStartDate":"2025-07-06 17:00:00","_EventEndDate":"2025-07-06 18:00:00","_EventStartDateUTC":"2025-07-06 15:00:00","_EventEndDateUTC":"2025-07-06 16:00:00","_EventShowMap":false,"_EventShowMapLink":false,"_EventURL":"","_EventCost":"","_EventCostDescription":"","_EventCurrencySymbol":"CHF","_EventCurrencyCode":"USD","_EventCurrencyPosition":"prefix","_EventDateTimeSeparator":" @ ","_EventTimeRangeSeparator":" - ","_EventOrganizerID":[],"_EventVenueID":[12384],"_OrganizerEmail":"","_OrganizerPhone":"","_OrganizerWebsite":"","_VenueAddress":"","_VenueCity":"","_VenueCountry":"","_VenueProvince":"","_VenueState":"","_VenueZip":"","_VenuePhone":"","_VenueURL":"","_VenueStateProvince":"","_VenueLat":"","_VenueLng":"","_VenueShowMap":false,"_VenueShowMapLink":false,"_tribe_events_status":"","_tribe_events_status_reason":"","footnotes":""},"tags":[490,803,488,494],"tribe_events_cat":[654,657,678,644,721,786,666,682],"class_list":["post-17981","tribe_events","type-tribe_events","status-publish","has-post-thumbnail","hentry","tag-carillon","tag-flute-de-pan","tag-guitare","tag-orgue","tribe_events_cat-abbaye-de-montheron","tribe_events_cat-carillon","tribe_events_cat-clavecin","tribe_events_cat-concert","tribe_events_cat-guitare","tribe_events_cat-improvisation","tribe_events_cat-orgue","tribe_events_cat-piano","cat_abbaye-de-montheron","cat_carillon","cat_clavecin","cat_concert","cat_guitare","cat_improvisation","cat_orgue","cat_piano"],"_links":{"self":[{"href":"https:\/\/www.carillons.ch\/blog\/wp-json\/wp\/v2\/tribe_events\/17981","targetHints":{"allow":["GET"]}}],"collection":[{"href":"https:\/\/www.carillons.ch\/blog\/wp-json\/wp\/v2\/tribe_events"}],"about":[{"href":"https:\/\/www.carillons.ch\/blog\/wp-json\/wp\/v2\/types\/tribe_events"}],"author":[{"embeddable":true,"href":"https:\/\/www.carillons.ch\/blog\/wp-json\/wp\/v2\/users\/1"}],"version-history":[{"count":2,"href":"https:\/\/www.carillons.ch\/blog\/wp-json\/wp\/v2\/tribe_events\/17981\/revisions"}],"predecessor-version":[{"id":17984,"href":"https:\/\/www.carillons.ch\/blog\/wp-json\/wp\/v2\/tribe_events\/17981\/revisions\/17984"}],"wp:featuredmedia":[{"embeddable":true,"href":"https:\/\/www.carillons.ch\/blog\/wp-json\/wp\/v2\/media\/17982"}],"wp:attachment":[{"href":"https:\/\/www.carillons.ch\/blog\/wp-json\/wp\/v2\/media?parent=17981"}],"wp:term":[{"taxonomy":"post_tag","embeddable":true,"href":"https:\/\/www.carillons.ch\/blog\/wp-json\/wp\/v2\/tags?post=17981"},{"taxonomy":"tribe_events_cat","embeddable":true,"href":"https:\/\/www.carillons.ch\/blog\/wp-json\/wp\/v2\/tribe_events_cat?post=17981"}],"curies":[{"name":"wp","href":"https:\/\/api.w.org\/{rel}","templated":true}]}}