{"id":18024,"date":"2025-06-19T16:11:05","date_gmt":"2025-06-19T14:11:05","guid":{"rendered":"https:\/\/www.carillons.ch\/blog\/?post_type=tribe_events&#038;p=18024"},"modified":"2025-06-19T16:11:06","modified_gmt":"2025-06-19T14:11:06","slug":"alice-aubert-harpe-daniel-thomas-orgue-a-berne","status":"publish","type":"tribe_events","link":"https:\/\/www.carillons.ch\/blog\/event\/alice-aubert-harpe-daniel-thomas-orgue-a-berne\/","title":{"rendered":"ALICE AUBERT harpe DANIEL THOMAS orgue \u00e0 Berne"},"content":{"rendered":"<div  class=\"tribe-events-schedule tribe-clearfix\" >\n\t<p class=\"tribe-events-schedule__datetime\">\n\t\t<span class=\"tribe-events-schedule__date tribe-events-schedule__date--start\">\n\t\t\t26 juillet 2025\t\t<\/span>\n\n\t\t\t\t\t<span class=\"tribe-events-schedule__separator tribe-events-schedule__separator--date\">\n\t\t\t\t @ \t\t\t<\/span>\n\t\t\t<span class=\"tribe-events-schedule__time tribe-events-schedule__time--start\">\n\t\t\t\t12:00\t\t\t<\/span>\n\t\t\n\t\t\t\t\t\t\t\t\t<span class=\"tribe-events-schedule__separator tribe-events-schedule__separator--time\">\n\t\t\t\t\t &#8211; \t\t\t\t<\/span>\n\t\t\t\n\t\t\t\t\t\t\t<span class=\"tribe-events-schedule__time tribe-events-schedule__time--end\">\n\t\t\t\t\t12:40\t\t\t\t<\/span>\n\t\t\t\n\t\t\t\t\t\t<\/p>\n<\/div>\n\n\n\n<p>26 juillet 2025&nbsp;| 12 h 00<\/p>\n\n\n\n<p>ALICE AUBERT harpe DANIEL THOMAS orgue<\/p>\n\n\n\n<figure class=\"wp-block-image size-large\"><img loading=\"lazy\" decoding=\"async\" width=\"1024\" height=\"683\" src=\"https:\/\/www.carillons.ch\/blog\/wp-content\/uploads\/Collage-26-juillet-concert-Berne2-1024x683.jpg\" alt=\"\" class=\"wp-image-18025\" srcset=\"https:\/\/www.carillons.ch\/blog\/wp-content\/uploads\/Collage-26-juillet-concert-Berne2-1024x683.jpg 1024w, https:\/\/www.carillons.ch\/blog\/wp-content\/uploads\/Collage-26-juillet-concert-Berne2-300x200.jpg 300w, https:\/\/www.carillons.ch\/blog\/wp-content\/uploads\/Collage-26-juillet-concert-Berne2-150x100.jpg 150w, https:\/\/www.carillons.ch\/blog\/wp-content\/uploads\/Collage-26-juillet-concert-Berne2-768x512.jpg 768w, https:\/\/www.carillons.ch\/blog\/wp-content\/uploads\/Collage-26-juillet-concert-Berne2-1536x1024.jpg 1536w, https:\/\/www.carillons.ch\/blog\/wp-content\/uploads\/Collage-26-juillet-concert-Berne2-665x443.jpg 665w, https:\/\/www.carillons.ch\/blog\/wp-content\/uploads\/Collage-26-juillet-concert-Berne2-272x182.jpg 272w, https:\/\/www.carillons.ch\/blog\/wp-content\/uploads\/Collage-26-juillet-concert-Berne2.jpg 1756w\" sizes=\"auto, (max-width: 1024px) 100vw, 1024px\" \/><\/figure>\n\n\n\n<p>MUSIQUE \u00c0 L\u2019\u00c9GLISE<\/p>\n\n\n\n<p>FRAN\u00c7AISE DE BERNE<\/p>\n\n\n\n<p>ESTIVALES 2025<\/p>\n\n\n\n<p>Tous les samedis du 21 juin au 30 ao\u00fbt \u00e0 midi<\/p>\n\n\n\n<p>Entr\u00e9e libre, collecte \/ Eintritt frei, Kollekte<\/p>\n\n\n\n<p>www.mefb.org<\/p>\n\n\n\n<p>Franz\u00f6sische Kirche, Zeughausgasse 8, 3011 Bern<\/p>\n\n\n\n<div data-wp-interactive=\"core\/file\" class=\"wp-block-file\"><object data-wp-bind--hidden=\"!state.hasPdfPreview\" hidden class=\"wp-block-file__embed\" data=\"https:\/\/www.carillons.ch\/blog\/wp-content\/uploads\/Berne-concert-26-juillet.pdf\" type=\"application\/pdf\" style=\"width:100%;height:600px\" aria-label=\"Contenu embarqu\u00e9 Berne concert 26 juillet.\"><\/object><a id=\"wp-block-file--media-877d0c8c-0e14-4299-a1af-9dfba586b083\" href=\"https:\/\/www.carillons.ch\/blog\/wp-content\/uploads\/Berne-concert-26-juillet.pdf\">Berne concert 26 juillet<\/a><a href=\"https:\/\/www.carillons.ch\/blog\/wp-content\/uploads\/Berne-concert-26-juillet.pdf\" class=\"wp-block-file__button wp-element-button\" download aria-describedby=\"wp-block-file--media-877d0c8c-0e14-4299-a1af-9dfba586b083\">T\u00e9l\u00e9charger<\/a><\/div>\n\n\n\n<p>TOUR DE SUISSE<\/p>\n\n\n\n<p>Jan Ladislav Dussek (1760 \u20131812)<\/p>\n\n\n\n<p>DUETTINO EN DO<\/p>\n\n\n\n<p>Allegretto moderato \u2013 Rondo, Allegretto<\/p>\n\n\n\n<p>Valais, Harm Carlo Boller<\/p>\n\n\n\n<p>LES JEUNES FILLES DU VAL D\u2019ILLIEZ<\/p>\n\n\n\n<p>Emile Jacques-Dalcroze (1865 \u20131950)<\/p>\n\n\n\n<p>TOUT SIMPLEMENT<\/p>\n\n\n\n<p>Gustave Doret (1866 \u20131943)<\/p>\n\n\n\n<p>LE PETIT CHEVRIER, DER GEISSBUB<\/p>\n\n\n\n<p>Johann Nepomuk Hummel (1778 \u20131837)<\/p>\n\n\n\n<p>SECONDO RONDOLETTO!:<\/p>\n\n\n\n<p>ANDANTE ESPRESSIVO<\/p>\n\n\n\n<p>Kanton Bern (ca. 1741)<\/p>\n\n\n\n<p>GUGGISBERGLIED<\/p>\n\n\n\n<p>Grisons, Robert Blum, Gian G. Cloetta<\/p>\n\n\n\n<p>CORD\u00d6LI<\/p>\n\n\n\n<p>Grisons, Benedetg Dolf, Steafan Loringett<\/p>\n\n\n\n<p>CANZ\u00d9N DIGL VIGL TGAVRER<\/p>\n\n\n\n<p>Arnold Richter et Duncan Stearns<\/p>\n\n\n\n<p>INTERMEZZO ON \u00abCRIMOND\u00bb<\/p>\n\n\n\n<p>John Parry (1710 \u20131782)<\/p>\n\n\n\n<p>SONATA IN D MAJOR FOR HARP<\/p>\n\n\n\n<p>Marc Vernet (harmonisation)<\/p>\n\n\n\n<p>CARILLON D\u2019ORSI\u00c8RES<\/p>\n\n\n\n<p>POUR ORGUE<\/p>\n\n\n\n<p>Tessin, Vittorio Castelnuovo<\/p>\n\n\n\n<p>OH BELLA VERZASCHINA<\/p>\n\n\n\n<p>Alberich Zwyssig (1808 \u20131854)<\/p>\n\n\n\n<p>CANTIQUE SUISSE<\/p>\n\n\n<div  class=\"tribe-block tribe-block__event-price\" >\n\t\t<\/div>\n\n\n\n\n<div  class=\"tribe-block tribe-block__venue tribe-clearfix\" >\n\t\n\t\t\n\t<\/div>\n\n\n\n\n\t<div  class=\"tribe-block tribe-block__events-link\" >\n\t\t<div class=\"tribe-events tribe-common\">\n\t\t\t<div class=\"tribe-events-c-subscribe-dropdown__container\">\n\t\t\t\t<div class=\"tribe-events-c-subscribe-dropdown\">\n\t\t\t\t\t<div class=\"tribe-common-c-btn-border tribe-events-c-subscribe-dropdown__button\">\n\t\t\t\t\t\t<svg\n\t class=\"tribe-common-c-svgicon tribe-common-c-svgicon--cal-export tribe-events-c-subscribe-dropdown__export-icon\" \taria-hidden=\"true\"\n\tviewBox=\"0 0 23 17\"\n\txmlns=\"http:\/\/www.w3.org\/2000\/svg\"\n>\n\t<path fill-rule=\"evenodd\" clip-rule=\"evenodd\" d=\"M.128.896V16.13c0 .211.145.383.323.383h15.354c.179 0 .323-.172.323-.383V.896c0-.212-.144-.383-.323-.383H.451C.273.513.128.684.128.896Zm16 6.742h-.901V4.679H1.009v10.729h14.218v-3.336h.901V7.638ZM1.01 1.614h14.218v2.058H1.009V1.614Z\" \/>\n\t<path d=\"M20.5 9.846H8.312M18.524 6.953l2.89 2.909-2.855 2.855\" stroke-width=\"1.2\" stroke-linecap=\"round\" stroke-linejoin=\"round\"\/>\n<\/svg>\n\t\t\t\t\t\t<button\n\t\t\t\t\t\t\tclass=\"tribe-events-c-subscribe-dropdown__button-text\"\n\t\t\t\t\t\t\taria-expanded=\"false\"\n\t\t\t\t\t\t\taria-controls=\"tribe-events-subscribe-dropdown-content\"\n\t\t\t\t\t\t\taria-label=\"Afficher les liens permettant d\u2019ajouter des \u00e9v\u00e8nements \u00e0 votre calendrier\"\n\t\t\t\t\t\t>\n\t\t\t\t\t\t\tAjouter au calendrier\t\t\t\t\t\t<\/button>\n\t\t\t\t\t\t<svg\n\t class=\"tribe-common-c-svgicon tribe-common-c-svgicon--caret-down tribe-events-c-subscribe-dropdown__button-icon\" \taria-hidden=\"true\"\n\tviewBox=\"0 0 10 7\"\n\txmlns=\"http:\/\/www.w3.org\/2000\/svg\"\n>\n\t<path fill-rule=\"evenodd\" clip-rule=\"evenodd\" d=\"M1.008.609L5 4.6 8.992.61l.958.958L5 6.517.05 1.566l.958-.958z\" class=\"tribe-common-c-svgicon__svg-fill\"\/>\n<\/svg>\n\t\t\t\t\t<\/div>\n\t\t\t\t\t<div id=\"tribe-events-subscribe-dropdown-content\" class=\"tribe-events-c-subscribe-dropdown__content\">\n\t\t\t\t\t\t<ul class=\"tribe-events-c-subscribe-dropdown__list\">\n\t\t\t\t\t\t\t\t\t\t\t\t\t\t\t<li class=\"tribe-events-c-subscribe-dropdown__list-item tribe-events-c-subscribe-dropdown__list-item--gcal\">\n\t\t\t\t\t\t\t\t\t<a\n\t\t\t\t\t\t\t\t\t\thref=\"https:\/\/www.google.com\/calendar\/event?action=TEMPLATE&#038;dates=20250726T120000\/20250726T124000&#038;text=ALICE%20AUBERT%20harpe%20DANIEL%20THOMAS%20orgue%20%C3%A0%20Berne&#038;details=%3Cp%3E26+juillet+2025%26nbsp%3B%7C+12+h+00%3C%2Fp%3E+%3Cp%3EALICE+AUBERT+harpe+DANIEL+THOMAS+orgue%3C%2Fp%3E+%3Cfigure+class%3D%22wp-block-image+size-large%22%3E%3Cimg+src%3D%22https%3A%2F%2Fwww.carillons.ch%2Fblog%2Fwp-content%2Fuploads%2FCollage-26-juillet-concert-Berne2-1024x683.jpg%22+alt%3D%22%22+class%3D%22wp-image-18025%22%2F%3E%3C%2Ffigure%3E%3Cp%3EMUSIQUE+%C3%80+L%E2%80%99%C3%89GLISE%3C%2Fp%3E+%3Cp%3EFRAN%C3%87AISE+DE+BERNE%3C%2Fp%3E+%3Cp%3EESTIVALES+2025%3C%2Fp%3E+%3Cp%3ETous+les+samedis+du+21+juin+au+30+ao%C3%BBt+%C3%A0+midi%3C%2Fp%3E+%3Cp%3EEntr%C3%A9e+libre%2C+collecte+%2F+Eintritt+frei%2C+Kollekte%3C%2Fp%3E+%3Cp%3Ewww.mefb.org%3C%2Fp%3E+%3Cp%3EFranz%C3%B6sische+Kirche%2C+Zeughausgasse+8%2C+3011+Bern%3C%2Fp%3E+%3Cdiv+class%3D%22wp-block-file%22%3E%3Cobject+class%3D%22wp-block-file__embed%22+data%3D%22https%3A%2F%2Fwww.carillons.ch%2Fblog%2Fwp-content%2Fuploads%2FBerne-concert-26-juillet.pdf%22+type%3D%22application%2Fpdf%22+style%3D%22width%3A100%25%3Bheight%3A600px%22+aria-label%3D%22Berne+concert+26+juillet%22%3E%3C%2Fobject%3E%3Ca+id%3D%22wp-block-file--media-877d0c8c-0e14-4299-a1af-9dfba586b083%22+href%3D%22https%3A%2F%2Fwww.carillons.ch%2Fblog%2Fwp-content%2Fuploads%2FBerne-concert-26-juillet.pdf%22%3EBerne+conce%3C%2Fa%3E%3C%2Fdiv%3E%28Voir+toute+la+description+de+%C3%A9v%C3%A8nement+ici%C2%A0%3A+https%3A%2F%2Fwww.carillons.ch%2Fblog%2Fevent%2Falice-aubert-harpe-daniel-thomas-orgue-a-berne%2F%29&#038;trp=false&#038;ctz=Europe\/Zurich&#038;sprop=website:https:\/\/www.carillons.ch\/blog\"\n\t\t\t\t\t\t\t\t\t\tclass=\"tribe-events-c-subscribe-dropdown__list-item-link\"\n\t\t\t\t\t\t\t\t\t\ttarget=\"_blank\"\n\t\t\t\t\t\t\t\t\t\trel=\"noopener noreferrer nofollow noindex\"\n\t\t\t\t\t\t\t\t\t>\n\t\t\t\t\t\t\t\t\t\tGoogle Agenda\t\t\t\t\t\t\t\t\t<\/a>\n\t\t\t\t\t\t\t\t<\/li>\n\t\t\t\t\t\t\t\t\t\t\t\t\t\t\t<li class=\"tribe-events-c-subscribe-dropdown__list-item tribe-events-c-subscribe-dropdown__list-item--ical\">\n\t\t\t\t\t\t\t\t\t<a\n\t\t\t\t\t\t\t\t\t\thref=\"\"\n\t\t\t\t\t\t\t\t\t\tclass=\"tribe-events-c-subscribe-dropdown__list-item-link\"\n\t\t\t\t\t\t\t\t\t\ttarget=\"_blank\"\n\t\t\t\t\t\t\t\t\t\trel=\"noopener noreferrer nofollow noindex\"\n\t\t\t\t\t\t\t\t\t>\n\t\t\t\t\t\t\t\t\t\tiCalendar\t\t\t\t\t\t\t\t\t<\/a>\n\t\t\t\t\t\t\t\t<\/li>\n\t\t\t\t\t\t\t\t\t\t\t\t\t\t\t<li class=\"tribe-events-c-subscribe-dropdown__list-item tribe-events-c-subscribe-dropdown__list-item--outlook-365\">\n\t\t\t\t\t\t\t\t\t<a\n\t\t\t\t\t\t\t\t\t\thref=\"\"\n\t\t\t\t\t\t\t\t\t\tclass=\"tribe-events-c-subscribe-dropdown__list-item-link\"\n\t\t\t\t\t\t\t\t\t\ttarget=\"_blank\"\n\t\t\t\t\t\t\t\t\t\trel=\"noopener noreferrer nofollow noindex\"\n\t\t\t\t\t\t\t\t\t>\n\t\t\t\t\t\t\t\t\t\tOutlook 365\t\t\t\t\t\t\t\t\t<\/a>\n\t\t\t\t\t\t\t\t<\/li>\n\t\t\t\t\t\t\t\t\t\t\t\t\t\t\t<li class=\"tribe-events-c-subscribe-dropdown__list-item tribe-events-c-subscribe-dropdown__list-item--outlook-live\">\n\t\t\t\t\t\t\t\t\t<a\n\t\t\t\t\t\t\t\t\t\thref=\"\"\n\t\t\t\t\t\t\t\t\t\tclass=\"tribe-events-c-subscribe-dropdown__list-item-link\"\n\t\t\t\t\t\t\t\t\t\ttarget=\"_blank\"\n\t\t\t\t\t\t\t\t\t\trel=\"noopener noreferrer nofollow noindex\"\n\t\t\t\t\t\t\t\t\t>\n\t\t\t\t\t\t\t\t\t\tOutlook Live\t\t\t\t\t\t\t\t\t<\/a>\n\t\t\t\t\t\t\t\t<\/li>\n\t\t\t\t\t\t\t\t\t\t\t\t\t<\/ul>\n\t\t\t\t\t<\/div>\n\t\t\t\t<\/div>\n\t\t\t<\/div>\n\t\t<\/div>\n\t<\/div>\n\n","protected":false},"excerpt":{"rendered":"<p>26 juillet 2025&nbsp;| 12 h 00 ALICE AUBERT harpe DANIEL THOMAS orgue MUSIQUE \u00c0 L\u2019\u00c9GLISE FRAN\u00c7AISE DE BERNE ESTIVALES 2025 Tous les samedis du 21 juin au 30 ao\u00fbt \u00e0 midi Entr\u00e9e libre, collecte \/ Eintritt frei, Kollekte www.mefb.org Franz\u00f6sische Kirche, Zeughausgasse 8, 3011 Bern TOUR DE SUISSE Jan Ladislav Dussek (1760 \u20131812) DUETTINO EN DO Allegretto moderato\u2026 <span class=\"read-more\"><a href=\"https:\/\/www.carillons.ch\/blog\/event\/alice-aubert-harpe-daniel-thomas-orgue-a-berne\/\">Lire la suite &raquo;<\/a><\/span><\/p>\n","protected":false},"author":1,"featured_media":18025,"template":"","meta":{"sfsi_plus_gutenberg_text_before_share":"","sfsi_plus_gutenberg_show_text_before_share":"","sfsi_plus_gutenberg_icon_type":"","sfsi_plus_gutenberg_icon_alignemt":"","sfsi_plus_gutenburg_max_per_row":"","_EventAllDay":false,"_EventTimezone":"Europe\/Zurich","_EventStartDate":"2025-07-26 12:00:00","_EventEndDate":"2025-07-26 12:40:00","_EventStartDateUTC":"2025-07-26 10:00:00","_EventEndDateUTC":"2025-07-26 10:40:00","_EventShowMap":false,"_EventShowMapLink":false,"_EventURL":"","_EventCost":"","_EventCostDescription":"","_EventCurrencySymbol":"CHF","_EventCurrencyCode":"USD","_EventCurrencyPosition":"prefix","_EventDateTimeSeparator":" @ ","_EventTimeRangeSeparator":" - ","_EventOrganizerID":[],"_EventVenueID":[],"_OrganizerEmail":"","_OrganizerPhone":"","_OrganizerWebsite":"","_VenueAddress":"","_VenueCity":"","_VenueCountry":"","_VenueProvince":"","_VenueState":"","_VenueZip":"","_VenuePhone":"","_VenueURL":"","_VenueStateProvince":"","_VenueLat":"","_VenueLng":"","_VenueShowMap":false,"_VenueShowMapLink":false,"_tribe_events_status":"","_tribe_events_status_reason":"","footnotes":""},"tags":[829,494],"tribe_events_cat":[644,666],"class_list":["post-18024","tribe_events","type-tribe_events","status-publish","has-post-thumbnail","hentry","tag-harpe","tag-orgue","tribe_events_cat-concert","tribe_events_cat-orgue","cat_concert","cat_orgue"],"_links":{"self":[{"href":"https:\/\/www.carillons.ch\/blog\/wp-json\/wp\/v2\/tribe_events\/18024","targetHints":{"allow":["GET"]}}],"collection":[{"href":"https:\/\/www.carillons.ch\/blog\/wp-json\/wp\/v2\/tribe_events"}],"about":[{"href":"https:\/\/www.carillons.ch\/blog\/wp-json\/wp\/v2\/types\/tribe_events"}],"author":[{"embeddable":true,"href":"https:\/\/www.carillons.ch\/blog\/wp-json\/wp\/v2\/users\/1"}],"version-history":[{"count":1,"href":"https:\/\/www.carillons.ch\/blog\/wp-json\/wp\/v2\/tribe_events\/18024\/revisions"}],"predecessor-version":[{"id":18027,"href":"https:\/\/www.carillons.ch\/blog\/wp-json\/wp\/v2\/tribe_events\/18024\/revisions\/18027"}],"wp:featuredmedia":[{"embeddable":true,"href":"https:\/\/www.carillons.ch\/blog\/wp-json\/wp\/v2\/media\/18025"}],"wp:attachment":[{"href":"https:\/\/www.carillons.ch\/blog\/wp-json\/wp\/v2\/media?parent=18024"}],"wp:term":[{"taxonomy":"post_tag","embeddable":true,"href":"https:\/\/www.carillons.ch\/blog\/wp-json\/wp\/v2\/tags?post=18024"},{"taxonomy":"tribe_events_cat","embeddable":true,"href":"https:\/\/www.carillons.ch\/blog\/wp-json\/wp\/v2\/tribe_events_cat?post=18024"}],"curies":[{"name":"wp","href":"https:\/\/api.w.org\/{rel}","templated":true}]}}