{"id":18041,"date":"2025-07-03T17:11:07","date_gmt":"2025-07-03T15:11:07","guid":{"rendered":"https:\/\/www.carillons.ch\/blog\/?post_type=tribe_events&#038;p=18041"},"modified":"2025-07-03T17:11:10","modified_gmt":"2025-07-03T15:11:10","slug":"carillon-flutes-de-pan-handpan-guitare-epinette","status":"publish","type":"tribe_events","link":"https:\/\/www.carillons.ch\/blog\/event\/carillon-flutes-de-pan-handpan-guitare-epinette\/","title":{"rendered":"Carillon, fl\u00fbtes de Pan, handpan, guitare, \u00e9pinette"},"content":{"rendered":"<div  class=\"tribe-events-schedule tribe-clearfix\" >\n\t<p class=\"tribe-events-schedule__datetime\">\n\t\t<span class=\"tribe-events-schedule__date tribe-events-schedule__date--start\">\n\t\t\t5 juillet 2025\t\t<\/span>\n\n\t\t\t\t\t<span class=\"tribe-events-schedule__separator tribe-events-schedule__separator--date\">\n\t\t\t\t @ \t\t\t<\/span>\n\t\t\t<span class=\"tribe-events-schedule__time tribe-events-schedule__time--start\">\n\t\t\t\t16:00\t\t\t<\/span>\n\t\t\n\t\t\t\t\t\t\t\t\t<span class=\"tribe-events-schedule__separator tribe-events-schedule__separator--time\">\n\t\t\t\t\t &#8211; \t\t\t\t<\/span>\n\t\t\t\n\t\t\t\t\t\t\t<span class=\"tribe-events-schedule__time tribe-events-schedule__time--end\">\n\t\t\t\t\t17:00\t\t\t\t<\/span>\n\t\t\t\n\t\t\t\t\t\t<\/p>\n<\/div>\n\n\n\n<p>Concert \u00e0 Etoy le <strong>samedi 5 juillet 2025 \u00e0 16 h<\/strong>,&nbsp;<\/p>\n\n\n\n<p>Chapelle de l\u2019Esp\u00e9rance, Rte de Lavigny 7, 1163 Etoy<\/p>\n\n\n\n<p><a href=\"http:\/\/www.esperance.ch\/3\/animation\/pole-recreatif\/detailevenement\/4450\/-\/concert-carillon\" target=\"_blank\" rel=\"noreferrer noopener\">http:\/\/www.esperance.ch\/3\/animation\/pole-recreatif\/detailevenement\/4450\/-\/concert-carillon<\/a><\/p>\n\n\n\n<p>avec Daniel Thomas, au carillon de 16 cloches, au piano et \u00e0 l\u2019\u00e9pinette, et Christian Hochstaettler, fl\u00fbtes de Pan et Paul Meigniez, guitare et&nbsp; Greg Turini, handpan et percussions, en quatuor.<\/p>\n\n\n\n<p>Collecte en faveur du carillon<\/p>\n\n\n\n<figure class=\"wp-block-image size-large\"><img loading=\"lazy\" decoding=\"async\" width=\"724\" height=\"1024\" src=\"https:\/\/www.carillons.ch\/blog\/wp-content\/uploads\/Concert_carillon_2025-copie-724x1024.jpg\" alt=\"\" class=\"wp-image-18042\" srcset=\"https:\/\/www.carillons.ch\/blog\/wp-content\/uploads\/Concert_carillon_2025-copie-724x1024.jpg 724w, https:\/\/www.carillons.ch\/blog\/wp-content\/uploads\/Concert_carillon_2025-copie-212x300.jpg 212w, https:\/\/www.carillons.ch\/blog\/wp-content\/uploads\/Concert_carillon_2025-copie-106x150.jpg 106w, https:\/\/www.carillons.ch\/blog\/wp-content\/uploads\/Concert_carillon_2025-copie-768x1086.jpg 768w, https:\/\/www.carillons.ch\/blog\/wp-content\/uploads\/Concert_carillon_2025-copie-1086x1536.jpg 1086w, https:\/\/www.carillons.ch\/blog\/wp-content\/uploads\/Concert_carillon_2025-copie-1448x2048.jpg 1448w, https:\/\/www.carillons.ch\/blog\/wp-content\/uploads\/Concert_carillon_2025-copie-665x941.jpg 665w, https:\/\/www.carillons.ch\/blog\/wp-content\/uploads\/Concert_carillon_2025-copie.jpg 1587w\" sizes=\"auto, (max-width: 724px) 100vw, 724px\" \/><\/figure>\n\n\n\n<p>Au <strong>carillon<\/strong>, public en ext\u00e9rieur :\u00a0<\/p>\n\n\n\n<p>Hans Neusidler (N\u00fcrnberg 1544) Niederl\u00e4ndisch Tentzlein&nbsp;<\/p>\n\n\n\n<p>The Boys of Wexford traditionnel irlandais<\/p>\n\n\n\n<p>Gbe bo wah&nbsp; &nbsp; m\u00e9lodie traditionnelle du B\u00e9nin<\/p>\n\n\n\n<p>Die Weihnachtsglocken (les cloches de No\u00ebl) de Niels Wilhelm Gade<\/p>\n\n\n\n<p>Le carillon d&rsquo;Orsi\u00e8res (th\u00e8me valaisan traditionnel) (arr. Marc Vernet)<\/p>\n\n\n\n<p>Robert Carr, (1685 &#8211; 17??) Variations pour fl\u00fbte sur une chaconne italienne<\/p>\n\n\n\n<p>An dro&nbsp; M\u00e9lodie bretonne<\/p>\n\n\n\n<p>Das Munotgl\u00f6cklein (la petite cloche du Munot) Chanson schaffhousoise<\/p>\n\n\n\n<figure class=\"wp-block-image size-large\"><img loading=\"lazy\" decoding=\"async\" width=\"724\" height=\"1024\" src=\"https:\/\/www.carillons.ch\/blog\/wp-content\/uploads\/250610_affiche_projet_V3-Etoy-copie-2-724x1024.jpeg\" alt=\"\" class=\"wp-image-18043\" srcset=\"https:\/\/www.carillons.ch\/blog\/wp-content\/uploads\/250610_affiche_projet_V3-Etoy-copie-2-724x1024.jpeg 724w, https:\/\/www.carillons.ch\/blog\/wp-content\/uploads\/250610_affiche_projet_V3-Etoy-copie-2-212x300.jpeg 212w, https:\/\/www.carillons.ch\/blog\/wp-content\/uploads\/250610_affiche_projet_V3-Etoy-copie-2-106x150.jpeg 106w, https:\/\/www.carillons.ch\/blog\/wp-content\/uploads\/250610_affiche_projet_V3-Etoy-copie-2-768x1086.jpeg 768w, https:\/\/www.carillons.ch\/blog\/wp-content\/uploads\/250610_affiche_projet_V3-Etoy-copie-2-1086x1536.jpeg 1086w, https:\/\/www.carillons.ch\/blog\/wp-content\/uploads\/250610_affiche_projet_V3-Etoy-copie-2-665x940.jpeg 665w, https:\/\/www.carillons.ch\/blog\/wp-content\/uploads\/250610_affiche_projet_V3-Etoy-copie-2.jpeg 1200w\" sizes=\"auto, (max-width: 724px) 100vw, 724px\" \/><\/figure>\n\n\n<div  class=\"tribe-block tribe-block__event-price\" >\n\t\t<\/div>\n\n\n\n\n<div  class=\"tribe-block tribe-block__venue tribe-clearfix\" >\n\t\n\t\t\n\t<\/div>\n\n\n<div  class=\"tribe-block tribe-block__event-website\" >\n\t<a\n\t\thref=\"http:\/\/www.esperance.ch\/3\/animation\/pole-recreatif\/detailevenement\/4450\/-\/concert-carillon\"\n\t\ttarget=\"_self\"\n\t\t\t>\n\t\tChapelle de l&#039;Esp\u00e9rance Etoy\t<\/a>\n<\/div>\n\n\n\t<div  class=\"tribe-block tribe-block__events-link\" >\n\t\t<div class=\"tribe-events tribe-common\">\n\t\t\t<div class=\"tribe-events-c-subscribe-dropdown__container\">\n\t\t\t\t<div class=\"tribe-events-c-subscribe-dropdown\">\n\t\t\t\t\t<div class=\"tribe-common-c-btn-border tribe-events-c-subscribe-dropdown__button\">\n\t\t\t\t\t\t<svg\n\t class=\"tribe-common-c-svgicon tribe-common-c-svgicon--cal-export tribe-events-c-subscribe-dropdown__export-icon\" \taria-hidden=\"true\"\n\tviewBox=\"0 0 23 17\"\n\txmlns=\"http:\/\/www.w3.org\/2000\/svg\"\n>\n\t<path fill-rule=\"evenodd\" clip-rule=\"evenodd\" d=\"M.128.896V16.13c0 .211.145.383.323.383h15.354c.179 0 .323-.172.323-.383V.896c0-.212-.144-.383-.323-.383H.451C.273.513.128.684.128.896Zm16 6.742h-.901V4.679H1.009v10.729h14.218v-3.336h.901V7.638ZM1.01 1.614h14.218v2.058H1.009V1.614Z\" \/>\n\t<path d=\"M20.5 9.846H8.312M18.524 6.953l2.89 2.909-2.855 2.855\" stroke-width=\"1.2\" stroke-linecap=\"round\" stroke-linejoin=\"round\"\/>\n<\/svg>\n\t\t\t\t\t\t<button\n\t\t\t\t\t\t\tclass=\"tribe-events-c-subscribe-dropdown__button-text\"\n\t\t\t\t\t\t\taria-expanded=\"false\"\n\t\t\t\t\t\t\taria-controls=\"tribe-events-subscribe-dropdown-content\"\n\t\t\t\t\t\t\taria-label=\"Afficher les liens permettant d\u2019ajouter des \u00e9v\u00e8nements \u00e0 votre calendrier\"\n\t\t\t\t\t\t>\n\t\t\t\t\t\t\tAjouter au calendrier\t\t\t\t\t\t<\/button>\n\t\t\t\t\t\t<svg\n\t class=\"tribe-common-c-svgicon tribe-common-c-svgicon--caret-down tribe-events-c-subscribe-dropdown__button-icon\" \taria-hidden=\"true\"\n\tviewBox=\"0 0 10 7\"\n\txmlns=\"http:\/\/www.w3.org\/2000\/svg\"\n>\n\t<path fill-rule=\"evenodd\" clip-rule=\"evenodd\" d=\"M1.008.609L5 4.6 8.992.61l.958.958L5 6.517.05 1.566l.958-.958z\" class=\"tribe-common-c-svgicon__svg-fill\"\/>\n<\/svg>\n\t\t\t\t\t<\/div>\n\t\t\t\t\t<div id=\"tribe-events-subscribe-dropdown-content\" class=\"tribe-events-c-subscribe-dropdown__content\">\n\t\t\t\t\t\t<ul class=\"tribe-events-c-subscribe-dropdown__list\">\n\t\t\t\t\t\t\t\t\t\t\t\t\t\t\t<li class=\"tribe-events-c-subscribe-dropdown__list-item tribe-events-c-subscribe-dropdown__list-item--gcal\">\n\t\t\t\t\t\t\t\t\t<a\n\t\t\t\t\t\t\t\t\t\thref=\"https:\/\/www.google.com\/calendar\/event?action=TEMPLATE&#038;dates=20250705T160000\/20250705T170000&#038;text=Carillon%2C%20fl%C3%BBtes%20de%20Pan%2C%20handpan%2C%20guitare%2C%20%C3%A9pinette&#038;details=%3Cp%3EConcert+%C3%A0+Etoy+le+%3Cstrong%3Esamedi+5+juillet+2025+%C3%A0+16+h%3C%2Fstrong%3E%2C%26nbsp%3B%3C%2Fp%3E+%3Cp%3EChapelle+de+l%E2%80%99Esp%C3%A9rance%2C+Rte+de+Lavigny+7%2C+1163+Etoy%3C%2Fp%3E+%3Cp%3E%3Ca+href%3D%22http%3A%2F%2Fwww.esperance.ch%2F3%2Fanimation%2Fpole-recreatif%2Fdetailevenement%2F4450%2F-%2Fconcert-carillon%22+target%3D%22_blank%22+rel%3D%22noreferrer+noopener%22%3Ehttp%3A%2F%2Fwww.esperance.ch%2F3%2Fanimation%2Fpole-recreatif%2Fdetailevenement%2F4450%2F-%2Fconcert-carillon%3C%2Fa%3E%3C%2Fp%3E+%3Cp%3Eavec+Daniel+Thomas%2C+au+carillon+de+16+cloches%2C+au+piano+et+%C3%A0+l%E2%80%99%C3%A9pinette%2C+et+Christian+Hochstaettler%2C+fl%C3%BBtes+de+Pan+et+Paul+Meigniez%2C+guitare+et%26nbsp%3B+Greg+Turini%2C+handpan+et+percussions%2C+en+quatuor.%3C%2Fp%3E+%3Cp%3ECollecte+en+faveur+du+carillon%3C%2Fp%3E+%3Cfigure+class%3D%22wp-block-image+size-large%22%3E%3Cimg+src%3D%22https%3A%2F%2Fwww.carillons.ch%2Fblog%2Fwp-content%2Fuploads%2FConcert_carillon_2025-copie-724x1024.jpg%22+alt%3D%22%22+class%3D%22wp-image-18042%22%2F%3E%3C%2Ffigure%3E%3Cp%3EAu+%3Cstrong%3Ecarillon%3C%2Fstrong%3E%2C+public+en+ext%C3%A9rieur+%3A%C2%A0%3C%2Fp%3E+%3Cp%3EHans+Neusidler+%28N%C3%BCrnberg+1544%29+Niederl%C3%A4ndisch+Tentzlein%26nbsp%3B%3C%2Fp%3E+%3Cp%3EThe+B%3C%2Fp%3E%28Voir+toute+la+description+de+%C3%A9v%C3%A8nement+ici%C2%A0%3A+https%3A%2F%2Fwww.carillons.ch%2Fblog%2Fevent%2Fcarillon-flutes-de-pan-handpan-guitare-epinette%2F%29&#038;trp=false&#038;ctz=Europe\/Zurich&#038;sprop=website:https:\/\/www.carillons.ch\/blog\"\n\t\t\t\t\t\t\t\t\t\tclass=\"tribe-events-c-subscribe-dropdown__list-item-link\"\n\t\t\t\t\t\t\t\t\t\ttarget=\"_blank\"\n\t\t\t\t\t\t\t\t\t\trel=\"noopener noreferrer nofollow noindex\"\n\t\t\t\t\t\t\t\t\t>\n\t\t\t\t\t\t\t\t\t\tGoogle Agenda\t\t\t\t\t\t\t\t\t<\/a>\n\t\t\t\t\t\t\t\t<\/li>\n\t\t\t\t\t\t\t\t\t\t\t\t\t\t\t<li class=\"tribe-events-c-subscribe-dropdown__list-item tribe-events-c-subscribe-dropdown__list-item--ical\">\n\t\t\t\t\t\t\t\t\t<a\n\t\t\t\t\t\t\t\t\t\thref=\"\"\n\t\t\t\t\t\t\t\t\t\tclass=\"tribe-events-c-subscribe-dropdown__list-item-link\"\n\t\t\t\t\t\t\t\t\t\ttarget=\"_blank\"\n\t\t\t\t\t\t\t\t\t\trel=\"noopener noreferrer nofollow noindex\"\n\t\t\t\t\t\t\t\t\t>\n\t\t\t\t\t\t\t\t\t\tiCalendar\t\t\t\t\t\t\t\t\t<\/a>\n\t\t\t\t\t\t\t\t<\/li>\n\t\t\t\t\t\t\t\t\t\t\t\t\t\t\t<li class=\"tribe-events-c-subscribe-dropdown__list-item tribe-events-c-subscribe-dropdown__list-item--outlook-365\">\n\t\t\t\t\t\t\t\t\t<a\n\t\t\t\t\t\t\t\t\t\thref=\"\"\n\t\t\t\t\t\t\t\t\t\tclass=\"tribe-events-c-subscribe-dropdown__list-item-link\"\n\t\t\t\t\t\t\t\t\t\ttarget=\"_blank\"\n\t\t\t\t\t\t\t\t\t\trel=\"noopener noreferrer nofollow noindex\"\n\t\t\t\t\t\t\t\t\t>\n\t\t\t\t\t\t\t\t\t\tOutlook 365\t\t\t\t\t\t\t\t\t<\/a>\n\t\t\t\t\t\t\t\t<\/li>\n\t\t\t\t\t\t\t\t\t\t\t\t\t\t\t<li class=\"tribe-events-c-subscribe-dropdown__list-item tribe-events-c-subscribe-dropdown__list-item--outlook-live\">\n\t\t\t\t\t\t\t\t\t<a\n\t\t\t\t\t\t\t\t\t\thref=\"\"\n\t\t\t\t\t\t\t\t\t\tclass=\"tribe-events-c-subscribe-dropdown__list-item-link\"\n\t\t\t\t\t\t\t\t\t\ttarget=\"_blank\"\n\t\t\t\t\t\t\t\t\t\trel=\"noopener noreferrer nofollow noindex\"\n\t\t\t\t\t\t\t\t\t>\n\t\t\t\t\t\t\t\t\t\tOutlook Live\t\t\t\t\t\t\t\t\t<\/a>\n\t\t\t\t\t\t\t\t<\/li>\n\t\t\t\t\t\t\t\t\t\t\t\t\t<\/ul>\n\t\t\t\t\t<\/div>\n\t\t\t\t<\/div>\n\t\t\t<\/div>\n\t\t<\/div>\n\t<\/div>\n\n","protected":false},"excerpt":{"rendered":"<p>Concert \u00e0 Etoy le samedi 5 juillet 2025 \u00e0 16 h,&nbsp; Chapelle de l\u2019Esp\u00e9rance, Rte de Lavigny 7, 1163 Etoy http:\/\/www.esperance.ch\/3\/animation\/pole-recreatif\/detailevenement\/4450\/-\/concert-carillon avec Daniel Thomas, au carillon de 16 cloches, au piano et \u00e0 l\u2019\u00e9pinette, et Christian Hochstaettler, fl\u00fbtes de Pan et Paul Meigniez, guitare et&nbsp; Greg Turini, handpan et percussions, en quatuor. Collecte en faveur du carillon Au\u2026 <span class=\"read-more\"><a href=\"https:\/\/www.carillons.ch\/blog\/event\/carillon-flutes-de-pan-handpan-guitare-epinette\/\">Lire la suite &raquo;<\/a><\/span><\/p>\n","protected":false},"author":1,"featured_media":18043,"template":"","meta":{"sfsi_plus_gutenberg_text_before_share":"","sfsi_plus_gutenberg_show_text_before_share":"","sfsi_plus_gutenberg_icon_type":"","sfsi_plus_gutenberg_icon_alignemt":"","sfsi_plus_gutenburg_max_per_row":"","_EventAllDay":false,"_EventTimezone":"Europe\/Zurich","_EventStartDate":"2025-07-05 16:00:00","_EventEndDate":"2025-07-05 17:00:00","_EventStartDateUTC":"2025-07-05 14:00:00","_EventEndDateUTC":"2025-07-05 15:00:00","_EventShowMap":false,"_EventShowMapLink":false,"_EventURL":"http:\/\/www.esperance.ch\/3\/animation\/pole-recreatif\/detailevenement\/4450\/-\/concert-carillon","_EventCost":"","_EventCostDescription":"","_EventCurrencySymbol":"CHF","_EventCurrencyCode":"USD","_EventCurrencyPosition":"prefix","_EventDateTimeSeparator":" @ ","_EventTimeRangeSeparator":" - ","_EventOrganizerID":[],"_EventVenueID":[],"_OrganizerEmail":"","_OrganizerPhone":"","_OrganizerWebsite":"","_VenueAddress":"","_VenueCity":"","_VenueCountry":"","_VenueProvince":"","_VenueState":"","_VenueZip":"","_VenuePhone":"","_VenueURL":"","_VenueStateProvince":"","_VenueLat":"","_VenueLng":"","_VenueShowMap":false,"_VenueShowMapLink":false,"_tribe_events_status":"","_tribe_events_status_reason":"","footnotes":""},"tags":[490,803,487],"tribe_events_cat":[657,678,644,682],"class_list":["post-18041","tribe_events","type-tribe_events","status-publish","has-post-thumbnail","hentry","tag-carillon","tag-flute-de-pan","tag-piano","tribe_events_cat-carillon","tribe_events_cat-clavecin","tribe_events_cat-concert","tribe_events_cat-piano","cat_carillon","cat_clavecin","cat_concert","cat_piano"],"_links":{"self":[{"href":"https:\/\/www.carillons.ch\/blog\/wp-json\/wp\/v2\/tribe_events\/18041","targetHints":{"allow":["GET"]}}],"collection":[{"href":"https:\/\/www.carillons.ch\/blog\/wp-json\/wp\/v2\/tribe_events"}],"about":[{"href":"https:\/\/www.carillons.ch\/blog\/wp-json\/wp\/v2\/types\/tribe_events"}],"author":[{"embeddable":true,"href":"https:\/\/www.carillons.ch\/blog\/wp-json\/wp\/v2\/users\/1"}],"version-history":[{"count":1,"href":"https:\/\/www.carillons.ch\/blog\/wp-json\/wp\/v2\/tribe_events\/18041\/revisions"}],"predecessor-version":[{"id":18044,"href":"https:\/\/www.carillons.ch\/blog\/wp-json\/wp\/v2\/tribe_events\/18041\/revisions\/18044"}],"wp:featuredmedia":[{"embeddable":true,"href":"https:\/\/www.carillons.ch\/blog\/wp-json\/wp\/v2\/media\/18043"}],"wp:attachment":[{"href":"https:\/\/www.carillons.ch\/blog\/wp-json\/wp\/v2\/media?parent=18041"}],"wp:term":[{"taxonomy":"post_tag","embeddable":true,"href":"https:\/\/www.carillons.ch\/blog\/wp-json\/wp\/v2\/tags?post=18041"},{"taxonomy":"tribe_events_cat","embeddable":true,"href":"https:\/\/www.carillons.ch\/blog\/wp-json\/wp\/v2\/tribe_events_cat?post=18041"}],"curies":[{"name":"wp","href":"https:\/\/api.w.org\/{rel}","templated":true}]}}