{"id":18130,"date":"2025-08-31T20:42:56","date_gmt":"2025-08-31T18:42:56","guid":{"rendered":"https:\/\/www.carillons.ch\/blog\/?post_type=tribe_events&#038;p=18130"},"modified":"2025-08-31T20:42:59","modified_gmt":"2025-08-31T18:42:59","slug":"goumoens-la-ville-ses-trois-chateaux-et-son-eglise-carolingienne","status":"publish","type":"tribe_events","link":"https:\/\/www.carillons.ch\/blog\/event\/goumoens-la-ville-ses-trois-chateaux-et-son-eglise-carolingienne\/","title":{"rendered":"Goumoens-la-Ville, ses trois ch\u00e2teaux et son \u00e9glise carolingienne"},"content":{"rendered":"<div  class=\"tribe-events-schedule tribe-clearfix\" >\n\t<p class=\"tribe-events-schedule__datetime\">\n\t\t<span class=\"tribe-events-schedule__date tribe-events-schedule__date--start\">\n\t\t\t24 septembre 2025\t\t<\/span>\n\n\t\t\t\t\t<span class=\"tribe-events-schedule__separator tribe-events-schedule__separator--date\">\n\t\t\t\t @ \t\t\t<\/span>\n\t\t\t<span class=\"tribe-events-schedule__time tribe-events-schedule__time--start\">\n\t\t\t\t17:20\t\t\t<\/span>\n\t\t\n\t\t\t\t\t\t\t\t\t<span class=\"tribe-events-schedule__separator tribe-events-schedule__separator--time\">\n\t\t\t\t\t &#8211; \t\t\t\t<\/span>\n\t\t\t\n\t\t\t\t\t\t\t<span class=\"tribe-events-schedule__time tribe-events-schedule__time--end\">\n\t\t\t\t\t19:35\t\t\t\t<\/span>\n\t\t\t\n\t\t\t\t\t\t<\/p>\n<\/div>\n\n\n\n<p>Visite de la plus ancienne \u00e9glise en terre vaudoise (\u00e9poque carolingienne) avec ses fresques<\/p>\n\n\n\n<figure class=\"wp-block-image size-large\"><img loading=\"lazy\" decoding=\"async\" width=\"1024\" height=\"1024\" src=\"https:\/\/www.carillons.ch\/blog\/wp-content\/uploads\/Collage-goumoens-visite1-copie-1024x1024.jpeg\" alt=\"\" class=\"wp-image-18132\" srcset=\"https:\/\/www.carillons.ch\/blog\/wp-content\/uploads\/Collage-goumoens-visite1-copie-1024x1024.jpeg 1024w, https:\/\/www.carillons.ch\/blog\/wp-content\/uploads\/Collage-goumoens-visite1-copie-300x300.jpeg 300w, https:\/\/www.carillons.ch\/blog\/wp-content\/uploads\/Collage-goumoens-visite1-copie-150x150.jpeg 150w, https:\/\/www.carillons.ch\/blog\/wp-content\/uploads\/Collage-goumoens-visite1-copie-768x768.jpeg 768w, https:\/\/www.carillons.ch\/blog\/wp-content\/uploads\/Collage-goumoens-visite1-copie-1536x1536.jpeg 1536w, https:\/\/www.carillons.ch\/blog\/wp-content\/uploads\/Collage-goumoens-visite1-copie-665x665.jpeg 665w, https:\/\/www.carillons.ch\/blog\/wp-content\/uploads\/Collage-goumoens-visite1-copie.jpeg 1600w\" sizes=\"auto, (max-width: 1024px) 100vw, 1024px\" \/><\/figure>\n\n\n\n<p>Visite guid\u00e9e du site du village de Goumo\u00ebns-la-Ville, avec ses deux ch\u00e2teaux, le \u00ab ch\u00e2teau dessus \u00bb et le \u00ab ch\u00e2teau dessous\u00bb, au bas du village, r\u00e9sidence des seigneurs du lieu. Un troisi\u00e8me ch\u00e2teau serait le ch\u00e2teau d\u2019eau n\u00e9o-m\u00e9di\u00e9val de 1940, tour qui domine la r\u00e9gion. Visite de l\u2019\u00e9glise la plus ancienne du pays de Vaud, certaines parties du choeur datant de l\u2019\u00e9poque carolingienne (IXe s). D\u00e8s le XIIe si\u00e8cle et jusqu&rsquo;\u00e0 la R\u00e9formation, l&rsquo;\u00e9glise d\u00e9pend de l&rsquo;abbaye de Montbeno\u00eet, pr\u00e8s de Pontarlier.<\/p>\n\n\n\n<p>Etude des fresques du XVe si\u00e8cle, anges musiciens, et des vitraux de Jacques Wasem et Charles Cl\u00e9ment. Evocation du mode de vie au temps des seigneurs de Goumo\u00ebns, famille vassale de la maison des comtes de Montb\u00e9liard &#8211; Montfaucon, elle-m\u00eame vassale du duc de Bourgogne. Ecoute de musiques m\u00e9di\u00e9vales et r\u00e9form\u00e9es sur les orgues du temple. Visite anim\u00e9e par Daniel Thomas, musicien et licenci\u00e9 \u00e8s Lettres. Partie de la visite en plein air, pr\u00e9voir une tenue adapt\u00e9e \u00e0 la m\u00e9t\u00e9o. Acc\u00e8s par train LEB jusqu\u2019\u00e0 Echallens ou par Cheseaux puis par bus postal 425.<\/p>\n\n\n\n<p>Visite sur r\u00e9servation obligatoire : <a href=\"https:\/\/uplausanne.ch\/cours\/goumoens-la-ville-ses-trois-chateaux-et-son-eglise-carolingienne\/12-1\/\" target=\"_blank\" rel=\"noreferrer noopener\">r\u00e9server<\/a>.<\/p>\n\n\n<div  class=\"tribe-block tribe-block__event-price\" >\n\t\t\t<span class=\"tribe-block__event-price__cost\"> CHF35 <\/span>\n\t\t\t\t<span class=\"tribe-block__event-price__description\">Visite de trois p\u00e9riodes de 45 minutes<\/span>\n\t<\/div>\n\n\n\n\n<div  class=\"tribe-block tribe-block__venue tribe-clearfix\" >\n\t\n\t\t\n\t<\/div>\n\n\n<div  class=\"tribe-block tribe-block__event-website\" >\n\t<a\n\t\thref=\"https:\/\/uplausanne.ch\/cours\/goumoens-la-ville-ses-trois-chateaux-et-son-eglise-carolingienne\/12-1\/\"\n\t\ttarget=\"_self\"\n\t\t\t>\n\t\tInscription\t<\/a>\n<\/div>\n\n\n\t<div  class=\"tribe-block tribe-block__events-link\" >\n\t\t<div class=\"tribe-events tribe-common\">\n\t\t\t<div class=\"tribe-events-c-subscribe-dropdown__container\">\n\t\t\t\t<div class=\"tribe-events-c-subscribe-dropdown\">\n\t\t\t\t\t<div class=\"tribe-common-c-btn-border tribe-events-c-subscribe-dropdown__button\">\n\t\t\t\t\t\t<svg\n\t class=\"tribe-common-c-svgicon tribe-common-c-svgicon--cal-export tribe-events-c-subscribe-dropdown__export-icon\" \taria-hidden=\"true\"\n\tviewBox=\"0 0 23 17\"\n\txmlns=\"http:\/\/www.w3.org\/2000\/svg\"\n>\n\t<path fill-rule=\"evenodd\" clip-rule=\"evenodd\" d=\"M.128.896V16.13c0 .211.145.383.323.383h15.354c.179 0 .323-.172.323-.383V.896c0-.212-.144-.383-.323-.383H.451C.273.513.128.684.128.896Zm16 6.742h-.901V4.679H1.009v10.729h14.218v-3.336h.901V7.638ZM1.01 1.614h14.218v2.058H1.009V1.614Z\" \/>\n\t<path d=\"M20.5 9.846H8.312M18.524 6.953l2.89 2.909-2.855 2.855\" stroke-width=\"1.2\" stroke-linecap=\"round\" stroke-linejoin=\"round\"\/>\n<\/svg>\n\t\t\t\t\t\t<button\n\t\t\t\t\t\t\tclass=\"tribe-events-c-subscribe-dropdown__button-text\"\n\t\t\t\t\t\t\taria-expanded=\"false\"\n\t\t\t\t\t\t\taria-controls=\"tribe-events-subscribe-dropdown-content\"\n\t\t\t\t\t\t\taria-label=\"Afficher les liens permettant d\u2019ajouter des \u00e9v\u00e8nements \u00e0 votre calendrier\"\n\t\t\t\t\t\t>\n\t\t\t\t\t\t\tAjouter au calendrier\t\t\t\t\t\t<\/button>\n\t\t\t\t\t\t<svg\n\t class=\"tribe-common-c-svgicon tribe-common-c-svgicon--caret-down tribe-events-c-subscribe-dropdown__button-icon\" \taria-hidden=\"true\"\n\tviewBox=\"0 0 10 7\"\n\txmlns=\"http:\/\/www.w3.org\/2000\/svg\"\n>\n\t<path fill-rule=\"evenodd\" clip-rule=\"evenodd\" d=\"M1.008.609L5 4.6 8.992.61l.958.958L5 6.517.05 1.566l.958-.958z\" class=\"tribe-common-c-svgicon__svg-fill\"\/>\n<\/svg>\n\t\t\t\t\t<\/div>\n\t\t\t\t\t<div id=\"tribe-events-subscribe-dropdown-content\" class=\"tribe-events-c-subscribe-dropdown__content\">\n\t\t\t\t\t\t<ul class=\"tribe-events-c-subscribe-dropdown__list\">\n\t\t\t\t\t\t\t\t\t\t\t\t\t\t\t<li class=\"tribe-events-c-subscribe-dropdown__list-item tribe-events-c-subscribe-dropdown__list-item--gcal\">\n\t\t\t\t\t\t\t\t\t<a\n\t\t\t\t\t\t\t\t\t\thref=\"https:\/\/www.google.com\/calendar\/event?action=TEMPLATE&#038;dates=20250924T172000\/20250924T193500&#038;text=Goumoens-la-Ville%2C%20ses%20trois%20ch%C3%A2teaux%20et%20son%20%C3%A9glise%20carolingienne&#038;details=%3Cp%3EVisite+de+la+plus+ancienne+%C3%A9glise+en+terre+vaudoise+%28%C3%A9poque+carolingienne%29+avec+ses+fresques%3C%2Fp%3E+%3Cfigure+class%3D%22wp-block-image+size-large%22%3E%3Cimg+src%3D%22https%3A%2F%2Fwww.carillons.ch%2Fblog%2Fwp-content%2Fuploads%2FCollage-goumoens-visite1-copie-1024x1024.jpeg%22+alt%3D%22%22+class%3D%22wp-image-18132%22%2F%3E%3C%2Ffigure%3E%3Cp%3EVisite+guid%C3%A9e+du+site+du+village+de+Goumo%C3%ABns-la-Ville%2C+avec+ses+deux+ch%C3%A2teaux%2C+le+%C2%AB+ch%C3%A2teau+dessus+%C2%BB+et+le+%C2%AB+ch%C3%A2teau+dessous%C2%BB%2C+au+bas+du+village%2C+r%C3%A9sidence+des+seigneurs+du+lieu.+Un+troisi%C3%A8me+ch%C3%A2teau+serait+le+ch%C3%A2teau+d%E2%80%99eau+n%C3%A9o-m%C3%A9di%C3%A9val+de+1940%2C+tour+qui+domine+la+r%C3%A9gion.+Visite+de+l%E2%80%99%C3%A9glise+la+plus+ancienne+du+pays+de+Vaud%2C+certaines+parties+du+choeur+datant+de+l%E2%80%99%C3%A9poque+carolingienne+%28IXe+s%29.+D%C3%A8s+le+XIIe+si%C3%A8cle+et+jusqu%27%C3%A0+la+R%C3%A9formation%2C+l%27%C3%A9glise+d%C3%A9pend+de+l%27abbaye+de+Montbeno%C3%AEt%2C+pr%C3%A8s+de+Pontarlier.%3C%2Fp%3E+%3Cp%3EEtude+des+fresques+du+XVe+si%C3%A8cle%2C+anges+musiciens%2C+et+des+vitraux+de+Jacques+Wasem+et+Charles+Cl%C3%A9ment.+Evocation+du+mode+de+vie+au+temps+des+%3C%2Fp%3E%28Voir+toute+la+description+de+%C3%A9v%C3%A8nement+ici%C2%A0%3A+https%3A%2F%2Fwww.carillons.ch%2Fblog%2Fevent%2Fgoumoens-la-ville-ses-trois-chateaux-et-son-eglise-carolingienne%2F%29&#038;trp=false&#038;ctz=Europe\/Zurich&#038;sprop=website:https:\/\/www.carillons.ch\/blog\"\n\t\t\t\t\t\t\t\t\t\tclass=\"tribe-events-c-subscribe-dropdown__list-item-link\"\n\t\t\t\t\t\t\t\t\t\ttarget=\"_blank\"\n\t\t\t\t\t\t\t\t\t\trel=\"noopener noreferrer nofollow noindex\"\n\t\t\t\t\t\t\t\t\t>\n\t\t\t\t\t\t\t\t\t\tGoogle Agenda\t\t\t\t\t\t\t\t\t<\/a>\n\t\t\t\t\t\t\t\t<\/li>\n\t\t\t\t\t\t\t\t\t\t\t\t\t\t\t<li class=\"tribe-events-c-subscribe-dropdown__list-item tribe-events-c-subscribe-dropdown__list-item--ical\">\n\t\t\t\t\t\t\t\t\t<a\n\t\t\t\t\t\t\t\t\t\thref=\"\"\n\t\t\t\t\t\t\t\t\t\tclass=\"tribe-events-c-subscribe-dropdown__list-item-link\"\n\t\t\t\t\t\t\t\t\t\ttarget=\"_blank\"\n\t\t\t\t\t\t\t\t\t\trel=\"noopener noreferrer nofollow noindex\"\n\t\t\t\t\t\t\t\t\t>\n\t\t\t\t\t\t\t\t\t\tiCalendar\t\t\t\t\t\t\t\t\t<\/a>\n\t\t\t\t\t\t\t\t<\/li>\n\t\t\t\t\t\t\t\t\t\t\t\t\t\t\t<li class=\"tribe-events-c-subscribe-dropdown__list-item tribe-events-c-subscribe-dropdown__list-item--outlook-365\">\n\t\t\t\t\t\t\t\t\t<a\n\t\t\t\t\t\t\t\t\t\thref=\"\"\n\t\t\t\t\t\t\t\t\t\tclass=\"tribe-events-c-subscribe-dropdown__list-item-link\"\n\t\t\t\t\t\t\t\t\t\ttarget=\"_blank\"\n\t\t\t\t\t\t\t\t\t\trel=\"noopener noreferrer nofollow noindex\"\n\t\t\t\t\t\t\t\t\t>\n\t\t\t\t\t\t\t\t\t\tOutlook 365\t\t\t\t\t\t\t\t\t<\/a>\n\t\t\t\t\t\t\t\t<\/li>\n\t\t\t\t\t\t\t\t\t\t\t\t\t\t\t<li class=\"tribe-events-c-subscribe-dropdown__list-item tribe-events-c-subscribe-dropdown__list-item--outlook-live\">\n\t\t\t\t\t\t\t\t\t<a\n\t\t\t\t\t\t\t\t\t\thref=\"\"\n\t\t\t\t\t\t\t\t\t\tclass=\"tribe-events-c-subscribe-dropdown__list-item-link\"\n\t\t\t\t\t\t\t\t\t\ttarget=\"_blank\"\n\t\t\t\t\t\t\t\t\t\trel=\"noopener noreferrer nofollow noindex\"\n\t\t\t\t\t\t\t\t\t>\n\t\t\t\t\t\t\t\t\t\tOutlook Live\t\t\t\t\t\t\t\t\t<\/a>\n\t\t\t\t\t\t\t\t<\/li>\n\t\t\t\t\t\t\t\t\t\t\t\t\t<\/ul>\n\t\t\t\t\t<\/div>\n\t\t\t\t<\/div>\n\t\t\t<\/div>\n\t\t<\/div>\n\t<\/div>\n\n","protected":false},"excerpt":{"rendered":"<p>Visite de la plus ancienne \u00e9glise en terre vaudoise (\u00e9poque carolingienne) avec ses fresques Visite guid\u00e9e du site du village de Goumo\u00ebns-la-Ville, avec ses deux ch\u00e2teaux, le \u00ab ch\u00e2teau dessus \u00bb et le \u00ab ch\u00e2teau dessous\u00bb, au bas du village, r\u00e9sidence des seigneurs du lieu. Un troisi\u00e8me ch\u00e2teau serait le ch\u00e2teau d\u2019eau n\u00e9o-m\u00e9di\u00e9val de 1940, tour qui domine\u2026 <span class=\"read-more\"><a href=\"https:\/\/www.carillons.ch\/blog\/event\/goumoens-la-ville-ses-trois-chateaux-et-son-eglise-carolingienne\/\">Lire la suite &raquo;<\/a><\/span><\/p>\n","protected":false},"author":1,"featured_media":18132,"template":"","meta":{"sfsi_plus_gutenberg_text_before_share":"","sfsi_plus_gutenberg_show_text_before_share":"","sfsi_plus_gutenberg_icon_type":"","sfsi_plus_gutenberg_icon_alignemt":"","sfsi_plus_gutenburg_max_per_row":"","_EventAllDay":false,"_EventTimezone":"Europe\/Zurich","_EventStartDate":"2025-09-24 17:20:00","_EventEndDate":"2025-09-24 19:35:00","_EventStartDateUTC":"2025-09-24 15:20:00","_EventEndDateUTC":"2025-09-24 17:35:00","_EventShowMap":false,"_EventShowMapLink":false,"_EventURL":"https:\/\/uplausanne.ch\/cours\/goumoens-la-ville-ses-trois-chateaux-et-son-eglise-carolingienne\/12-1\/","_EventCost":"35","_EventCostDescription":"","_EventCurrencySymbol":"CHF","_EventCurrencyCode":"USD","_EventCurrencyPosition":"prefix","_EventDateTimeSeparator":" @ ","_EventTimeRangeSeparator":" - ","_EventOrganizerID":[],"_EventVenueID":[],"_OrganizerEmail":"","_OrganizerPhone":"","_OrganizerWebsite":"","_VenueAddress":"","_VenueCity":"","_VenueCountry":"","_VenueProvince":"","_VenueState":"","_VenueZip":"","_VenuePhone":"","_VenueURL":"","_VenueStateProvince":"","_VenueLat":"","_VenueLng":"","_VenueShowMap":false,"_VenueShowMapLink":false,"_tribe_events_status":"","_tribe_events_status_reason":"","footnotes":""},"tags":[104,494,189],"tribe_events_cat":[669,666,667,665],"class_list":["post-18130","tribe_events","type-tribe_events","status-publish","has-post-thumbnail","hentry","tag-eglise","tag-orgue","tag-visite-guidee","tribe_events_cat-balade-thematique","tribe_events_cat-orgue","tribe_events_cat-universite-populaire-de-lausanne","tribe_events_cat-visite-guidee","cat_balade-thematique","cat_orgue","cat_universite-populaire-de-lausanne","cat_visite-guidee"],"_links":{"self":[{"href":"https:\/\/www.carillons.ch\/blog\/wp-json\/wp\/v2\/tribe_events\/18130","targetHints":{"allow":["GET"]}}],"collection":[{"href":"https:\/\/www.carillons.ch\/blog\/wp-json\/wp\/v2\/tribe_events"}],"about":[{"href":"https:\/\/www.carillons.ch\/blog\/wp-json\/wp\/v2\/types\/tribe_events"}],"author":[{"embeddable":true,"href":"https:\/\/www.carillons.ch\/blog\/wp-json\/wp\/v2\/users\/1"}],"version-history":[{"count":1,"href":"https:\/\/www.carillons.ch\/blog\/wp-json\/wp\/v2\/tribe_events\/18130\/revisions"}],"predecessor-version":[{"id":18134,"href":"https:\/\/www.carillons.ch\/blog\/wp-json\/wp\/v2\/tribe_events\/18130\/revisions\/18134"}],"wp:featuredmedia":[{"embeddable":true,"href":"https:\/\/www.carillons.ch\/blog\/wp-json\/wp\/v2\/media\/18132"}],"wp:attachment":[{"href":"https:\/\/www.carillons.ch\/blog\/wp-json\/wp\/v2\/media?parent=18130"}],"wp:term":[{"taxonomy":"post_tag","embeddable":true,"href":"https:\/\/www.carillons.ch\/blog\/wp-json\/wp\/v2\/tags?post=18130"},{"taxonomy":"tribe_events_cat","embeddable":true,"href":"https:\/\/www.carillons.ch\/blog\/wp-json\/wp\/v2\/tribe_events_cat?post=18130"}],"curies":[{"name":"wp","href":"https:\/\/api.w.org\/{rel}","templated":true}]}}