{"id":18135,"date":"2025-09-01T20:46:50","date_gmt":"2025-09-01T18:46:50","guid":{"rendered":"https:\/\/www.carillons.ch\/blog\/?post_type=tribe_events&#038;p=18135"},"modified":"2025-10-03T21:15:52","modified_gmt":"2025-10-03T19:15:52","slug":"guilhem-maynier-guitare","status":"publish","type":"tribe_events","link":"https:\/\/www.carillons.ch\/blog\/event\/guilhem-maynier-guitare\/","title":{"rendered":"Guilhem Maynier, guitare"},"content":{"rendered":"<div  class=\"tribe-events-schedule tribe-clearfix\" >\n\t<p class=\"tribe-events-schedule__datetime\">\n\t\t<span class=\"tribe-events-schedule__date tribe-events-schedule__date--start\">\n\t\t\t5 octobre 2025\t\t<\/span>\n\n\t\t\t\t\t<span class=\"tribe-events-schedule__separator tribe-events-schedule__separator--date\">\n\t\t\t\t @ \t\t\t<\/span>\n\t\t\t<span class=\"tribe-events-schedule__time tribe-events-schedule__time--start\">\n\t\t\t\t15:00\t\t\t<\/span>\n\t\t\n\t\t\t\t\t\t\t\t\t<span class=\"tribe-events-schedule__separator tribe-events-schedule__separator--time\">\n\t\t\t\t\t &#8211; \t\t\t\t<\/span>\n\t\t\t\n\t\t\t\t\t\t\t<span class=\"tribe-events-schedule__time tribe-events-schedule__time--end\">\n\t\t\t\t\t16:00\t\t\t\t<\/span>\n\t\t\t\n\t\t\t\t\t\t<\/p>\n<\/div>\n\n\n\n<p>Dimanche 5 octobre \u00e0 15 h Abbaye de Montheron Guilhem Maynier, guitare classique et luth renaissance en solo et en duo avec clavecin et orgue, Daniel Thomas, interm\u00e8des au clavecin et clavicorde. Entr\u00e9e libre, collecte (prix conseill\u00e9 : 30.- plein, 20.- r\u00e9ductions). R\u00e9servations recommand\u00e9es : \u00e0 dt@carillonneur.ch ou 079 391 46 96.<\/p>\n\n\n\n<p>Le concert du quatuor de guitares Tastiera a eu lieu le 14 septembre (un changement de date), nous proposons ce programme en remplacement.<\/p>\n\n\n\n<figure class=\"wp-block-image size-full\"><img loading=\"lazy\" decoding=\"async\" width=\"650\" height=\"975\" src=\"https:\/\/www.carillons.ch\/blog\/wp-content\/uploads\/Guilhem-MAYNIER-3-credit-AlexiaFerdinand-650.jpg\" alt=\"\" class=\"wp-image-18136\" srcset=\"https:\/\/www.carillons.ch\/blog\/wp-content\/uploads\/Guilhem-MAYNIER-3-credit-AlexiaFerdinand-650.jpg 650w, https:\/\/www.carillons.ch\/blog\/wp-content\/uploads\/Guilhem-MAYNIER-3-credit-AlexiaFerdinand-650-200x300.jpg 200w, https:\/\/www.carillons.ch\/blog\/wp-content\/uploads\/Guilhem-MAYNIER-3-credit-AlexiaFerdinand-650-100x150.jpg 100w\" sizes=\"auto, (max-width: 650px) 100vw, 650px\" \/><\/figure>\n\n\n\n<p>Au programme : John Johnson (c.1550-1594) au luth renaissance<\/p>\n\n\n\n<p><em>Pavan to Delight<\/em>&nbsp;<\/p>\n\n\n\n<p><em>Gaillard to the Delight<\/em>&nbsp;<\/p>\n\n\n\n<p>Robert Johnson (c.1583-1633)<\/p>\n\n\n\n<p><em>The Prince\u2019s allemande and courante<\/em><\/p>\n\n\n\n<p>Au clavecin : Joachim van den Hove (1567-1620) Branle engleterre, canarie, Ballet, Fortuna Anglese<\/p>\n\n\n\n<p>Johann Sebastian Bach (1685-1750) \u2013 arr. Marek Wegrzyk<\/p>\n\n\n\n<p><em>Adagiosissimo BWV 992<\/em>&nbsp;<\/p>\n\n\n\n<p><em>Pr\u00e9lude <\/em>extrait de la<em> Cantate BWV 106<\/em>&nbsp; <em>\u00ab&nbsp;Gottes Zeit ist die allerbeste Zeit \u00bb<\/em><\/p>\n\n\n\n<p>Antonio Vivaldi (1678-1741) duo clavecin ou petit orgue et guitare&nbsp;<\/p>\n\n\n\n<p><em>Concerto en R\u00e9 majeur Rv 230 n\u00b09<\/em> \u2013 arr. Thomas Fourni\u00e9<\/p>\n\n\n\n<p><em>I &#8211; Allegro<\/em>&nbsp; <em>II \u2013 Larghetto&nbsp;<\/em><\/p>\n\n\n\n<p>Au clavicorde : Hans Neusidler (N\u00fcrnberg 1544) Niederl\u00e4ndisch Tentzlein<\/p>\n\n\n\n<p>Fernande Peyrot (1888-1978)<\/p>\n\n\n\n<p><em>Quatre Pr\u00e9ludes pour guitare<\/em>&nbsp;<\/p>\n\n\n\n<p>Au petit orgue : Jakob Van Eyck (1590-1657) Al hebben de Princen haren<\/p>\n\n\n\n<p>Heitor Villa-Lobos (1887-1959)&nbsp;<\/p>\n\n\n\n<p><em>Pr\u00e9lude n\u00b01&nbsp;: Hommage au sertanejo Br\u00e9silien<\/em><\/p>\n\n\n\n<p><em>Pr\u00e9lude n\u00b03&nbsp;: Hommage \u00e0 Bach<\/em><\/p>\n\n\n\n<p><em>Pr\u00e9lude n\u00b04&nbsp;: Hommage aux Indiens du Br\u00e9sil<\/em><\/p>\n\n\n\n<p>Au grand orgue et carillon : Jakob Van Eyck (1590-1657) Vande Lombart<\/p>\n\n\n\n<p>Baden Powell (1937-2000)<\/p>\n\n\n\n<p><em>Sentimentos<\/em><\/p>\n\n\n\n<p>Guilhem Maynier d\u00e9bute la guitare au Conservatoire \u00e0 Rayonnement D\u00e9partemental de l\u2019Aveyron. Il \u00e9tudie par la suite \u00e0 la Haute \u00c9cole des Arts du Rhin de Strasbourg aupr\u00e8s du Duo Melis (Susana Prieto et Alexis Musurakis) o\u00f9 il obtient le Dipl\u00f4me National Sup\u00e9rieur Professionnel de Musicien et le Dipl\u00f4me d\u2019\u00c9tat de professeur de guitare. Puis, il poursuit sa formation \u00e0 la Haute \u00c9cole de Musique de Vaud-Valais-Fribourg dans la classe de George Vassilev et est dipl\u00f4m\u00e9 du Master P\u00e9dagogie instrumentale en 2020.<br>Guilhem cultive des int\u00e9r\u00eats musicaux multiples et vari\u00e9s qui le m\u00e8nent \u00e0 se produire en concert en France, en Suisse et au Japon. Outre le r\u00e9pertoire de guitare classique soliste, il porte un grand int\u00e9r\u00eat \u00e0 la musique de chambre et se produit dans diff\u00e9rentes formations : au sein du Duo Coloris avec la clarinettiste Hitomi Ue, du Duo Vermeil avec le guitariste Evan Vercoutre, en duo avec la chanteuse et saxophoniste Florence Felz, en duo violoncelle\/guitare avec Ana\u00efs Reznicek, en trio de guitares, quintet de tango \u2026 Il s\u2019investit \u00e9galement activement dans la cr\u00e9ation contemporaine en jouant en concert et en commandant des \u0153uvres \u00e0 des compositeurs d\u2019aujourd\u2019hui tel que Nicolas Medero Larossa qui lui d\u00e9diera sa pi\u00e8ce Anomalous Motion pour guitare classique et \u00e9lectronique, pi\u00e8ce cr\u00e9\u00e9e en f\u00e9vrier 2023. \u2028Il a aussi eu l\u2019occasion de se produire \u00e0 plusieurs reprises au sein de l\u2019Orchestre Philharmonique de Strasbourg au Palais de la Musique et des Congr\u00e8s, au Z\u00e9nith de Strasbourg, \u00e0 la Philharmonie de Paris et dans le cadre du festival Musica de Strasbourg.<br>P\u00e9dagogue passionn\u00e9, Guilhem enseigne au Conservatoire Populaire de Musique, Th\u00e9\u00e2tre et Danse de Gen\u00e8ve, et \u00e0 l\u2019\u00c9cole de Musique de Cossonay.<\/p>\n\n\n<div  class=\"tribe-block tribe-block__event-price\" >\n\t\t<\/div>\n\n\n\n\n<div  class=\"tribe-block tribe-block__venue tribe-clearfix tribe-block__venue--has-map\" >\n\t\n\t\n<div class=\"tribe-block__venue__meta\">\n\t<div class=\"tribe-block__venue__name\">\n\t\t<h3>Abbaye de Montheron<\/h3>\n\t<\/div>\n\n\t\n\t\t\t\t\t\t<address class=\"tribe-block__venue__address\">\n\t\t\t\t<span class=\"tribe-address\">\n\n<span class=\"tribe-street-address\">Rte de l\u2019Abbaye 3<\/span>\n\t\n\t\t<br>\n\t\t<span class=\"tribe-locality\">Montheron (Lausanne)<\/span><span class=\"tribe-delimiter\">,<\/span>\n\n\t<abbr class=\"tribe-region tribe-events-abbr\" title=\"Vaud\">Vaud<\/abbr>\n\n\t<span class=\"tribe-postal-code\">1053<\/span>\n\n\t<span class=\"tribe-country-name\">Suisse<\/span>\n\n<\/span>\n\n\t\t\t\t\t\t\t\t\t<a class=\"tribe-events-gmap\" href=\"https:\/\/maps.google.com\/maps?f=q&#038;source=s_q&#038;hl=en&#038;geocode=&#038;q=Rte+de+l%E2%80%99Abbaye+3+Montheron+%28Lausanne%29+Vaud+1053+Suisse\" title=\"Cliquez pour voir une carte Google Map\" target=\"_blank\" rel=\"noreferrer noopener\">+ Google Map<\/a>\t\t\t\t\t\t\t<\/address>\n\t\t\n\t\t\t\t\t<span class=\"tribe-block__venue__phone\">079 391 46 96<\/span><br \/>\n\t\t\n\t\t\t\t\t<span class=\"tribe-block__venue__website\"><a href=\"https:\/\/www.carillons.ch\/blog\/sujet\/associations\/aaam-abbaye-de-montheron\/\" target=\"_self\" rel=\"external\">Voir Lieu site web<\/a><\/span><br \/>\n\t\t\t\n\t<\/div>\n\t\n<div class=\"tribe-block__venue__map\">\n\t\n<iframe loading=\"lazy\"\n  title=\"L\u2018iframe Google maps affichant l\u2019adresse \u00e0 Abbaye de Montheron\"\n  aria-label=\"Plan des lieux\"\n  width=\"310px\"\n  height=\"256px\"\n  frameborder=\"0\" style=\"border:0\"\n  src=\"https:\/\/www.google.com\/maps\/embed\/v1\/place?key=AIzaSyDNsicAsP6-VuGtAb1O9riI3oc_NOb7IOU&#038;q=Rte+de+l%E2%80%99Abbaye+3+Montheron+%28Lausanne%29+Vaud+1053+Suisse+&#038;zoom=10\" allowfullscreen>\n<\/iframe>\n<\/div>\n\n\t<\/div>\n\n\n\n\n\t<div  class=\"tribe-block tribe-block__events-link\" >\n\t\t<div class=\"tribe-events tribe-common\">\n\t\t\t<div class=\"tribe-events-c-subscribe-dropdown__container\">\n\t\t\t\t<div class=\"tribe-events-c-subscribe-dropdown\">\n\t\t\t\t\t<div class=\"tribe-common-c-btn-border tribe-events-c-subscribe-dropdown__button\">\n\t\t\t\t\t\t<svg\n\t class=\"tribe-common-c-svgicon tribe-common-c-svgicon--cal-export tribe-events-c-subscribe-dropdown__export-icon\" \taria-hidden=\"true\"\n\tviewBox=\"0 0 23 17\"\n\txmlns=\"http:\/\/www.w3.org\/2000\/svg\"\n>\n\t<path fill-rule=\"evenodd\" clip-rule=\"evenodd\" d=\"M.128.896V16.13c0 .211.145.383.323.383h15.354c.179 0 .323-.172.323-.383V.896c0-.212-.144-.383-.323-.383H.451C.273.513.128.684.128.896Zm16 6.742h-.901V4.679H1.009v10.729h14.218v-3.336h.901V7.638ZM1.01 1.614h14.218v2.058H1.009V1.614Z\" \/>\n\t<path d=\"M20.5 9.846H8.312M18.524 6.953l2.89 2.909-2.855 2.855\" stroke-width=\"1.2\" stroke-linecap=\"round\" stroke-linejoin=\"round\"\/>\n<\/svg>\n\t\t\t\t\t\t<button\n\t\t\t\t\t\t\tclass=\"tribe-events-c-subscribe-dropdown__button-text\"\n\t\t\t\t\t\t\taria-expanded=\"false\"\n\t\t\t\t\t\t\taria-controls=\"tribe-events-subscribe-dropdown-content\"\n\t\t\t\t\t\t\taria-label=\"Afficher les liens permettant d\u2019ajouter des \u00e9v\u00e8nements \u00e0 votre calendrier\"\n\t\t\t\t\t\t>\n\t\t\t\t\t\t\tAjouter au calendrier\t\t\t\t\t\t<\/button>\n\t\t\t\t\t\t<svg\n\t class=\"tribe-common-c-svgicon tribe-common-c-svgicon--caret-down tribe-events-c-subscribe-dropdown__button-icon\" \taria-hidden=\"true\"\n\tviewBox=\"0 0 10 7\"\n\txmlns=\"http:\/\/www.w3.org\/2000\/svg\"\n>\n\t<path fill-rule=\"evenodd\" clip-rule=\"evenodd\" d=\"M1.008.609L5 4.6 8.992.61l.958.958L5 6.517.05 1.566l.958-.958z\" class=\"tribe-common-c-svgicon__svg-fill\"\/>\n<\/svg>\n\t\t\t\t\t<\/div>\n\t\t\t\t\t<div id=\"tribe-events-subscribe-dropdown-content\" class=\"tribe-events-c-subscribe-dropdown__content\">\n\t\t\t\t\t\t<ul class=\"tribe-events-c-subscribe-dropdown__list\">\n\t\t\t\t\t\t\t\t\t\t\t\t\t\t\t<li class=\"tribe-events-c-subscribe-dropdown__list-item tribe-events-c-subscribe-dropdown__list-item--gcal\">\n\t\t\t\t\t\t\t\t\t<a\n\t\t\t\t\t\t\t\t\t\thref=\"https:\/\/www.google.com\/calendar\/event?action=TEMPLATE&#038;dates=20251005T150000\/20251005T160000&#038;text=Guilhem%20Maynier%2C%20guitare&#038;details=%3Cp%3EDimanche+5+octobre+%C3%A0+15+h+Abbaye+de+Montheron+Guilhem+Maynier%2C+guitare+classique+et+luth+renaissance+en+solo+et+en+duo+avec+clavecin+et+orgue%2C+Daniel+Thomas%2C+interm%C3%A8des+au+clavecin+et+clavicorde.+Entr%C3%A9e+libre%2C+collecte+%28prix+conseill%C3%A9+%3A+30.-+plein%2C+20.-+r%C3%A9ductions%29.+R%C3%A9servations+recommand%C3%A9es+%3A+%C3%A0+dt%40carillonneur.ch+ou+079+391+46+96.%3C%2Fp%3E+%3Cp%3ELe+concert+du+quatuor+de+guitares+Tastiera+a+eu+lieu+le+14+septembre+%28un+changement+de+date%29%2C+nous+proposons+ce+programme+en+remplacement.%3C%2Fp%3E+%3Cfigure+class%3D%22wp-block-image+size-full%22%3E%3Cimg+src%3D%22https%3A%2F%2Fwww.carillons.ch%2Fblog%2Fwp-content%2Fuploads%2FGuilhem-MAYNIER-3-credit-AlexiaFerdinand-650.jpg%22+alt%3D%22%22+class%3D%22wp-image-18136%22%2F%3E%3C%2Ffigure%3E%3Cp%3EAu+programme+%3A+John+Johnson+%28c.1550-1594%29+au+luth+renaissance%3C%2Fp%3E+%3Cp%3E%3Cem%3EPavan+to+Delight%3C%2Fem%3E%26nbsp%3B%3C%2Fp%3E+%3Cp%3E%3Cem%3EGaillard+to+the+Delight%3C%2Fem%3E%26nbsp%3B%3C%2Fp%3E+%3Cp%3ERobert+Johnson+%28c.1583-1633%29%3C%2Fp%3E+%3Cp%3E%3Cem%3EThe+Prince%E2%80%99s+allemande+and+courante%3C%2Fem%3E%3C%2Fp%3E+%3Cp%3EAu+clavecin+%3A+Joachim+van+den%3C%2Fp%3E%28Voir+toute+la+description+de+%C3%A9v%C3%A8nement+ici%C2%A0%3A+https%3A%2F%2Fwww.carillons.ch%2Fblog%2Fevent%2Fguilhem-maynier-guitare%2F%29&#038;location=Abbaye%20de%20Montheron,%20Rte%20de%20l\u2019Abbaye%203,%20Montheron%20(Lausanne),%20Vaud,%201053,%20Suisse&#038;trp=false&#038;ctz=Europe\/Zurich&#038;sprop=website:https:\/\/www.carillons.ch\/blog\"\n\t\t\t\t\t\t\t\t\t\tclass=\"tribe-events-c-subscribe-dropdown__list-item-link\"\n\t\t\t\t\t\t\t\t\t\ttarget=\"_blank\"\n\t\t\t\t\t\t\t\t\t\trel=\"noopener noreferrer nofollow noindex\"\n\t\t\t\t\t\t\t\t\t>\n\t\t\t\t\t\t\t\t\t\tGoogle Agenda\t\t\t\t\t\t\t\t\t<\/a>\n\t\t\t\t\t\t\t\t<\/li>\n\t\t\t\t\t\t\t\t\t\t\t\t\t\t\t<li class=\"tribe-events-c-subscribe-dropdown__list-item tribe-events-c-subscribe-dropdown__list-item--ical\">\n\t\t\t\t\t\t\t\t\t<a\n\t\t\t\t\t\t\t\t\t\thref=\"\"\n\t\t\t\t\t\t\t\t\t\tclass=\"tribe-events-c-subscribe-dropdown__list-item-link\"\n\t\t\t\t\t\t\t\t\t\ttarget=\"_blank\"\n\t\t\t\t\t\t\t\t\t\trel=\"noopener noreferrer nofollow noindex\"\n\t\t\t\t\t\t\t\t\t>\n\t\t\t\t\t\t\t\t\t\tiCalendar\t\t\t\t\t\t\t\t\t<\/a>\n\t\t\t\t\t\t\t\t<\/li>\n\t\t\t\t\t\t\t\t\t\t\t\t\t\t\t<li class=\"tribe-events-c-subscribe-dropdown__list-item tribe-events-c-subscribe-dropdown__list-item--outlook-365\">\n\t\t\t\t\t\t\t\t\t<a\n\t\t\t\t\t\t\t\t\t\thref=\"\"\n\t\t\t\t\t\t\t\t\t\tclass=\"tribe-events-c-subscribe-dropdown__list-item-link\"\n\t\t\t\t\t\t\t\t\t\ttarget=\"_blank\"\n\t\t\t\t\t\t\t\t\t\trel=\"noopener noreferrer nofollow noindex\"\n\t\t\t\t\t\t\t\t\t>\n\t\t\t\t\t\t\t\t\t\tOutlook 365\t\t\t\t\t\t\t\t\t<\/a>\n\t\t\t\t\t\t\t\t<\/li>\n\t\t\t\t\t\t\t\t\t\t\t\t\t\t\t<li class=\"tribe-events-c-subscribe-dropdown__list-item tribe-events-c-subscribe-dropdown__list-item--outlook-live\">\n\t\t\t\t\t\t\t\t\t<a\n\t\t\t\t\t\t\t\t\t\thref=\"\"\n\t\t\t\t\t\t\t\t\t\tclass=\"tribe-events-c-subscribe-dropdown__list-item-link\"\n\t\t\t\t\t\t\t\t\t\ttarget=\"_blank\"\n\t\t\t\t\t\t\t\t\t\trel=\"noopener noreferrer nofollow noindex\"\n\t\t\t\t\t\t\t\t\t>\n\t\t\t\t\t\t\t\t\t\tOutlook Live\t\t\t\t\t\t\t\t\t<\/a>\n\t\t\t\t\t\t\t\t<\/li>\n\t\t\t\t\t\t\t\t\t\t\t\t\t<\/ul>\n\t\t\t\t\t<\/div>\n\t\t\t\t<\/div>\n\t\t\t<\/div>\n\t\t<\/div>\n\t<\/div>\n\n","protected":false},"excerpt":{"rendered":"<p>Dimanche 5 octobre \u00e0 15 h Abbaye de Montheron Guilhem Maynier, guitare classique et luth renaissance en solo et en duo avec clavecin et orgue, Daniel Thomas, interm\u00e8des au clavecin et clavicorde. Entr\u00e9e libre, collecte (prix conseill\u00e9 : 30.- plein, 20.- r\u00e9ductions). R\u00e9servations recommand\u00e9es : \u00e0 dt@carillonneur.ch ou 079 391 46 96. Le concert du quatuor de guitares\u2026 <span class=\"read-more\"><a href=\"https:\/\/www.carillons.ch\/blog\/event\/guilhem-maynier-guitare\/\">Lire la suite &raquo;<\/a><\/span><\/p>\n","protected":false},"author":1,"featured_media":18136,"template":"","meta":{"sfsi_plus_gutenberg_text_before_share":"","sfsi_plus_gutenberg_show_text_before_share":"","sfsi_plus_gutenberg_icon_type":"","sfsi_plus_gutenberg_icon_alignemt":"","sfsi_plus_gutenburg_max_per_row":"","_EventAllDay":false,"_EventTimezone":"Europe\/Zurich","_EventStartDate":"2025-10-05 15:00:00","_EventEndDate":"2025-10-05 16:00:00","_EventStartDateUTC":"2025-10-05 13:00:00","_EventEndDateUTC":"2025-10-05 14:00:00","_EventShowMap":false,"_EventShowMapLink":false,"_EventURL":"","_EventCost":"","_EventCostDescription":"","_EventCurrencySymbol":"CHF","_EventCurrencyCode":"USD","_EventCurrencyPosition":"prefix","_EventDateTimeSeparator":" @ ","_EventTimeRangeSeparator":" - ","_EventOrganizerID":[],"_EventVenueID":[12384],"_OrganizerEmail":"","_OrganizerPhone":"","_OrganizerWebsite":"","_VenueAddress":"","_VenueCity":"","_VenueCountry":"","_VenueProvince":"","_VenueState":"","_VenueZip":"","_VenuePhone":"","_VenueURL":"","_VenueStateProvince":"","_VenueLat":"","_VenueLng":"","_VenueShowMap":false,"_VenueShowMapLink":false,"_tribe_events_status":"","_tribe_events_status_reason":"","footnotes":""},"tags":[59,488],"tribe_events_cat":[654,678,644,721],"class_list":["post-18135","tribe_events","type-tribe_events","status-publish","has-post-thumbnail","hentry","tag-clavecin","tag-guitare","tribe_events_cat-abbaye-de-montheron","tribe_events_cat-clavecin","tribe_events_cat-concert","tribe_events_cat-guitare","cat_abbaye-de-montheron","cat_clavecin","cat_concert","cat_guitare"],"_links":{"self":[{"href":"https:\/\/www.carillons.ch\/blog\/wp-json\/wp\/v2\/tribe_events\/18135","targetHints":{"allow":["GET"]}}],"collection":[{"href":"https:\/\/www.carillons.ch\/blog\/wp-json\/wp\/v2\/tribe_events"}],"about":[{"href":"https:\/\/www.carillons.ch\/blog\/wp-json\/wp\/v2\/types\/tribe_events"}],"author":[{"embeddable":true,"href":"https:\/\/www.carillons.ch\/blog\/wp-json\/wp\/v2\/users\/1"}],"version-history":[{"count":5,"href":"https:\/\/www.carillons.ch\/blog\/wp-json\/wp\/v2\/tribe_events\/18135\/revisions"}],"predecessor-version":[{"id":18146,"href":"https:\/\/www.carillons.ch\/blog\/wp-json\/wp\/v2\/tribe_events\/18135\/revisions\/18146"}],"wp:featuredmedia":[{"embeddable":true,"href":"https:\/\/www.carillons.ch\/blog\/wp-json\/wp\/v2\/media\/18136"}],"wp:attachment":[{"href":"https:\/\/www.carillons.ch\/blog\/wp-json\/wp\/v2\/media?parent=18135"}],"wp:term":[{"taxonomy":"post_tag","embeddable":true,"href":"https:\/\/www.carillons.ch\/blog\/wp-json\/wp\/v2\/tags?post=18135"},{"taxonomy":"tribe_events_cat","embeddable":true,"href":"https:\/\/www.carillons.ch\/blog\/wp-json\/wp\/v2\/tribe_events_cat?post=18135"}],"curies":[{"name":"wp","href":"https:\/\/api.w.org\/{rel}","templated":true}]}}