{"id":18234,"date":"2025-12-11T11:49:15","date_gmt":"2025-12-11T10:49:15","guid":{"rendered":"https:\/\/www.carillons.ch\/blog\/?post_type=tribe_events&#038;p=18234"},"modified":"2025-12-11T11:49:16","modified_gmt":"2025-12-11T10:49:16","slug":"epiphanie-quatuor-daccord-avec-flutes-de-pan","status":"publish","type":"tribe_events","link":"https:\/\/www.carillons.ch\/blog\/event\/epiphanie-quatuor-daccord-avec-flutes-de-pan\/","title":{"rendered":"Epiphanie. Quatuor Daccord avec fl\u00fbtes de Pan"},"content":{"rendered":"<div  class=\"tribe-events-schedule tribe-clearfix\" >\n\t<p class=\"tribe-events-schedule__datetime\">\n\t\t<span class=\"tribe-events-schedule__date tribe-events-schedule__date--start\">\n\t\t\t3 janvier\t\t<\/span>\n\n\t\t\t\t\t<span class=\"tribe-events-schedule__separator tribe-events-schedule__separator--date\">\n\t\t\t\t @ \t\t\t<\/span>\n\t\t\t<span class=\"tribe-events-schedule__time tribe-events-schedule__time--start\">\n\t\t\t\t15:00\t\t\t<\/span>\n\t\t\n\t\t\t\t\t\t\t\t\t<span class=\"tribe-events-schedule__separator tribe-events-schedule__separator--time\">\n\t\t\t\t\t &#8211; \t\t\t\t<\/span>\n\t\t\t\n\t\t\t\t\t\t\t<span class=\"tribe-events-schedule__time tribe-events-schedule__time--end\">\n\t\t\t\t\t16:00\t\t\t\t<\/span>\n\t\t\t\n\t\t\t\t\t\t<\/p>\n<\/div>\n\n\n\n<p><strong>Samedi 3 janvier 2026 \u00e0 15 h<\/strong> Abbaye de Montheron<\/p>\n\n\n\n<figure class=\"wp-block-image size-large\"><img loading=\"lazy\" decoding=\"async\" width=\"645\" height=\"1024\" src=\"https:\/\/www.carillons.ch\/blog\/wp-content\/uploads\/251208_affiche_Montheron_V9_peinte-645x1024.jpg\" alt=\"\" class=\"wp-image-18235\" srcset=\"https:\/\/www.carillons.ch\/blog\/wp-content\/uploads\/251208_affiche_Montheron_V9_peinte-645x1024.jpg 645w, https:\/\/www.carillons.ch\/blog\/wp-content\/uploads\/251208_affiche_Montheron_V9_peinte-189x300.jpg 189w, https:\/\/www.carillons.ch\/blog\/wp-content\/uploads\/251208_affiche_Montheron_V9_peinte-94x150.jpg 94w, https:\/\/www.carillons.ch\/blog\/wp-content\/uploads\/251208_affiche_Montheron_V9_peinte-768x1220.jpg 768w, https:\/\/www.carillons.ch\/blog\/wp-content\/uploads\/251208_affiche_Montheron_V9_peinte-967x1536.jpg 967w, https:\/\/www.carillons.ch\/blog\/wp-content\/uploads\/251208_affiche_Montheron_V9_peinte-1290x2048.jpg 1290w, https:\/\/www.carillons.ch\/blog\/wp-content\/uploads\/251208_affiche_Montheron_V9_peinte-665x1056.jpg 665w, https:\/\/www.carillons.ch\/blog\/wp-content\/uploads\/251208_affiche_Montheron_V9_peinte.jpg 1473w\" sizes=\"auto, (max-width: 645px) 100vw, 645px\" \/><\/figure>\n\n\n\n<p>Epiphanie. Quatuor Daccord, Christian Hochstaettler, fl\u00fbtes de Pan, Paul Meigniez, guitare, Greg Turini, percussion, handpan et Daniel Thomas, orgue, clavecin, piano et petit carillon.<\/p>\n\n\n\n<figure class=\"wp-block-image size-large\"><img loading=\"lazy\" decoding=\"async\" width=\"1024\" height=\"769\" src=\"https:\/\/www.carillons.ch\/blog\/wp-content\/uploads\/20250706_FlutesdePan_DanielThomas-1024x769.jpg\" alt=\"\" class=\"wp-image-18236\" srcset=\"https:\/\/www.carillons.ch\/blog\/wp-content\/uploads\/20250706_FlutesdePan_DanielThomas-1024x769.jpg 1024w, https:\/\/www.carillons.ch\/blog\/wp-content\/uploads\/20250706_FlutesdePan_DanielThomas-300x225.jpg 300w, https:\/\/www.carillons.ch\/blog\/wp-content\/uploads\/20250706_FlutesdePan_DanielThomas-150x113.jpg 150w, https:\/\/www.carillons.ch\/blog\/wp-content\/uploads\/20250706_FlutesdePan_DanielThomas-768x577.jpg 768w, https:\/\/www.carillons.ch\/blog\/wp-content\/uploads\/20250706_FlutesdePan_DanielThomas-665x499.jpg 665w, https:\/\/www.carillons.ch\/blog\/wp-content\/uploads\/20250706_FlutesdePan_DanielThomas.jpg 1229w\" sizes=\"auto, (max-width: 1024px) 100vw, 1024px\" \/><\/figure>\n\n\n\n<p>Musiques de Vivaldi, Bizet, Morricone, Grieg, Piazzola, Mozart, m\u00e9lodies klezmer, musiques du temps de No\u00ebl et de l\u2019Epiphanie.<\/p>\n\n\n\n<p>Entr\u00e9e libre, collecte (prix conseill\u00e9 : 30.- plein, 20.- r\u00e9ductions). R\u00e9servations recommand\u00e9es : \u00e0 <a href=\"mailto:dt@carillonneur.ch\">dt@carillonneur.ch<\/a> ou 079 391 46 96.<\/p>\n\n\n\n<p>Programme :<\/p>\n\n\n\n<p>Der Mirjambrunnen (La fontaine de Mirjam) TRADITIONNEL KLEZMER. ADAPT P. MEIGNIEZ<\/p>\n\n\n\n<p>Wild (sauvage) D. HELLBACH (1958-)<\/p>\n\n\n\n<p>Morgenstemning (Au matin) E. GRIEG (1843-1907) ADAPT P. MEIGNIEZ<\/p>\n\n\n\n<p>Concerto pour deux mandolines RV532, andante A. VIVALDI (1678-1741)<\/p>\n\n\n\n<p>La folia (folies d\u2019Espagne) TRADITIONNEL ESPAGNOL ARRGT M. TIRABOSCO<\/p>\n\n\n\n<p>Concerto pour piano no21 K.467, andante W.-A. MOZART (1756-1791) ADAPT P.MEIGNIEZ<\/p>\n\n\n\n<p>Carol It came upon the Midnight clear TRADITIONNEL ALLEMAND ARRGT . D. THOMAS<\/p>\n\n\n\n<p>Gabriel\u2019s oboe du film Mission (1986) E. MORRICONE (1928-2020) ARRGT SARA MP<\/p>\n\n\n\n<p>Harrys Freilach TRADITIONNEL KLEZMER<\/p>\n\n\n\n<p>S\u00e2rba du film Le Grand Blond avec une chaussure noire (1972) V. COSMA (1940-)<\/p>\n\n\n\n<p>Barcarolle des Contes d\u2019Hoffmann J. OFFENBACH (1819-1880)<\/p>\n\n\n\n<p>Cintecul (Chanson De Iancu Jianu) TRADITIONNEL ROUMAIN<\/p>\n\n\n\n<p>Elements G. TURINI (1884-)<\/p>\n\n\n\n<p>L\u2019Arl\u00e9sienne (suite n\u00b0 2), farandole G. BIZET (1838-1875) ARRGT B. DEWAGTERE ADAPT P. MEIGNIEZ<\/p>\n\n\n\n<p>The little drummer boy K.K. DAVIS (1892-1980) ARRGT B. DEWAGTERE<\/p>\n\n\n\n<p>God rest you Merry, Gentlemen NO\u00cbL TRADITIONNEL ANGLAIS ARRGT D. BROOKS-DAVIES<\/p>\n\n\n\n<p>No\u00ebl nouvelet NO\u00cbL TRADITIONNEL FRAN\u00c7AIS ARRGT J. RUTTER<\/p>\n\n\n<div  class=\"tribe-block tribe-block__event-price\" >\n\t\t<\/div>\n\n\n\n\n<div  class=\"tribe-block tribe-block__venue tribe-clearfix tribe-block__venue--has-map\" >\n\t\n\t\n<div class=\"tribe-block__venue__meta\">\n\t<div class=\"tribe-block__venue__name\">\n\t\t<h3>Abbaye de Montheron<\/h3>\n\t<\/div>\n\n\t\n\t\t\t\t\t\t<address class=\"tribe-block__venue__address\">\n\t\t\t\t<span class=\"tribe-address\">\n\n<span class=\"tribe-street-address\">Rte de l\u2019Abbaye 3<\/span>\n\t\n\t\t<br>\n\t\t<span class=\"tribe-locality\">Montheron (Lausanne)<\/span><span class=\"tribe-delimiter\">,<\/span>\n\n\t<abbr class=\"tribe-region tribe-events-abbr\" title=\"Vaud\">Vaud<\/abbr>\n\n\t<span class=\"tribe-postal-code\">1053<\/span>\n\n\t<span class=\"tribe-country-name\">Suisse<\/span>\n\n<\/span>\n\n\t\t\t\t\t\t\t\t\t<a class=\"tribe-events-gmap\" href=\"https:\/\/maps.google.com\/maps?f=q&#038;source=s_q&#038;hl=en&#038;geocode=&#038;q=Rte+de+l%E2%80%99Abbaye+3+Montheron+%28Lausanne%29+Vaud+1053+Suisse\" title=\"Cliquez pour voir une carte Google Map\" target=\"_blank\" rel=\"noreferrer noopener\">+ Google Map<\/a>\t\t\t\t\t\t\t<\/address>\n\t\t\n\t\t\t\t\t<span class=\"tribe-block__venue__phone\">079 391 46 96<\/span><br \/>\n\t\t\n\t\t\t\t\t<span class=\"tribe-block__venue__website\"><a href=\"https:\/\/www.carillons.ch\/blog\/sujet\/associations\/aaam-abbaye-de-montheron\/\" target=\"_self\" rel=\"external\">Voir Lieu site web<\/a><\/span><br \/>\n\t\t\t\n\t<\/div>\n\t\n<div class=\"tribe-block__venue__map\">\n\t\n<iframe loading=\"lazy\"\n  title=\"L\u2018iframe Google maps affichant l\u2019adresse \u00e0 Abbaye de Montheron\"\n  aria-label=\"Plan des lieux\"\n  width=\"310px\"\n  height=\"256px\"\n  frameborder=\"0\" style=\"border:0\"\n  src=\"https:\/\/www.google.com\/maps\/embed\/v1\/place?key=AIzaSyDNsicAsP6-VuGtAb1O9riI3oc_NOb7IOU&#038;q=Rte+de+l%E2%80%99Abbaye+3+Montheron+%28Lausanne%29+Vaud+1053+Suisse+&#038;zoom=10\" allowfullscreen>\n<\/iframe>\n<\/div>\n\n\t<\/div>\n\n\n<div  class=\"tribe-block tribe-block__event-website\" >\n\t<a\n\t\thref=\"https:\/\/quatuordaccord.ch\"\n\t\ttarget=\"_self\"\n\t\t\t>\n\t\tQuatuor Daccord\t<\/a>\n<\/div>\n\n\n\t<div  class=\"tribe-block tribe-block__events-link\" >\n\t\t<div class=\"tribe-events tribe-common\">\n\t\t\t<div class=\"tribe-events-c-subscribe-dropdown__container\">\n\t\t\t\t<div class=\"tribe-events-c-subscribe-dropdown\">\n\t\t\t\t\t<div class=\"tribe-common-c-btn-border tribe-events-c-subscribe-dropdown__button\">\n\t\t\t\t\t\t<svg\n\t class=\"tribe-common-c-svgicon tribe-common-c-svgicon--cal-export tribe-events-c-subscribe-dropdown__export-icon\" \taria-hidden=\"true\"\n\tviewBox=\"0 0 23 17\"\n\txmlns=\"http:\/\/www.w3.org\/2000\/svg\"\n>\n\t<path fill-rule=\"evenodd\" clip-rule=\"evenodd\" d=\"M.128.896V16.13c0 .211.145.383.323.383h15.354c.179 0 .323-.172.323-.383V.896c0-.212-.144-.383-.323-.383H.451C.273.513.128.684.128.896Zm16 6.742h-.901V4.679H1.009v10.729h14.218v-3.336h.901V7.638ZM1.01 1.614h14.218v2.058H1.009V1.614Z\" \/>\n\t<path d=\"M20.5 9.846H8.312M18.524 6.953l2.89 2.909-2.855 2.855\" stroke-width=\"1.2\" stroke-linecap=\"round\" stroke-linejoin=\"round\"\/>\n<\/svg>\n\t\t\t\t\t\t<button\n\t\t\t\t\t\t\tclass=\"tribe-events-c-subscribe-dropdown__button-text\"\n\t\t\t\t\t\t\taria-expanded=\"false\"\n\t\t\t\t\t\t\taria-controls=\"tribe-events-subscribe-dropdown-content\"\n\t\t\t\t\t\t\taria-label=\"Afficher les liens permettant d\u2019ajouter des \u00e9v\u00e8nements \u00e0 votre calendrier\"\n\t\t\t\t\t\t>\n\t\t\t\t\t\t\tAjouter au calendrier\t\t\t\t\t\t<\/button>\n\t\t\t\t\t\t<svg\n\t class=\"tribe-common-c-svgicon tribe-common-c-svgicon--caret-down tribe-events-c-subscribe-dropdown__button-icon\" \taria-hidden=\"true\"\n\tviewBox=\"0 0 10 7\"\n\txmlns=\"http:\/\/www.w3.org\/2000\/svg\"\n>\n\t<path fill-rule=\"evenodd\" clip-rule=\"evenodd\" d=\"M1.008.609L5 4.6 8.992.61l.958.958L5 6.517.05 1.566l.958-.958z\" class=\"tribe-common-c-svgicon__svg-fill\"\/>\n<\/svg>\n\t\t\t\t\t<\/div>\n\t\t\t\t\t<div id=\"tribe-events-subscribe-dropdown-content\" class=\"tribe-events-c-subscribe-dropdown__content\">\n\t\t\t\t\t\t<ul class=\"tribe-events-c-subscribe-dropdown__list\">\n\t\t\t\t\t\t\t\t\t\t\t\t\t\t\t<li class=\"tribe-events-c-subscribe-dropdown__list-item tribe-events-c-subscribe-dropdown__list-item--gcal\">\n\t\t\t\t\t\t\t\t\t<a\n\t\t\t\t\t\t\t\t\t\thref=\"https:\/\/www.google.com\/calendar\/event?action=TEMPLATE&#038;dates=20260103T150000\/20260103T160000&#038;text=Epiphanie.%20Quatuor%20Daccord%20avec%20fl%C3%BBtes%20de%20Pan&#038;details=%3Cp%3E%3Cstrong%3ESamedi+3+janvier+2026+%C3%A0+15+h%3C%2Fstrong%3E+Abbaye+de+Montheron%3C%2Fp%3E+%3Cfigure+class%3D%22wp-block-image+size-large%22%3E%3Cimg+src%3D%22https%3A%2F%2Fwww.carillons.ch%2Fblog%2Fwp-content%2Fuploads%2F251208_affiche_Montheron_V9_peinte-645x1024.jpg%22+alt%3D%22%22+class%3D%22wp-image-18235%22%2F%3E%3C%2Ffigure%3E%3Cp%3EEpiphanie.+Quatuor+Daccord%2C+Christian+Hochstaettler%2C+fl%C3%BBtes+de+Pan%2C+Paul+Meigniez%2C+guitare%2C+Greg+Turini%2C+percussion%2C+handpan+et+Daniel+Thomas%2C+orgue%2C+clavecin%2C+piano+et+petit+carillon.%3C%2Fp%3E+%3Cfigure+class%3D%22wp-block-image+size-large%22%3E%3Cimg+src%3D%22https%3A%2F%2Fwww.carillons.ch%2Fblog%2Fwp-content%2Fuploads%2F20250706_FlutesdePan_DanielThomas-1024x769.jpg%22+alt%3D%22%22+class%3D%22wp-image-18236%22%2F%3E%3C%2Ffigure%3E%3Cp%3EMusiques+de+Vivaldi%2C+Bizet%2C+Morricone%2C+Grieg%2C+Piazzola%2C+Mozart%2C+m%C3%A9lodies+klezmer%2C+musiques+du+temps+de+No%C3%ABl+et+de+l%E2%80%99Epiphanie.%3C%2Fp%3E+%3Cp%3EEntr%C3%A9e+libre%2C+collecte+%28prix+conseill%C3%A9+%3A+30.-+plein%2C+20.-+r%C3%A9ductions%29.+R%C3%A9servations+recommand%C3%A9es+%3A+%C3%A0+%3Ca+href%3D%22mailto%3Adt%40carillonneur.ch%22%3Edt%40carillonneur.ch%3C%2Fa%3E+ou+079+391+46+96.%3C%2Fp%3C%2Fp%3E%28Voir+toute+la+description+de+%C3%A9v%C3%A8nement+ici%C2%A0%3A+https%3A%2F%2Fwww.carillons.ch%2Fblog%2Fevent%2Fepiphanie-quatuor-daccord-avec-flutes-de-pan%2F%29&#038;location=Abbaye%20de%20Montheron,%20Rte%20de%20l\u2019Abbaye%203,%20Montheron%20(Lausanne),%20Vaud,%201053,%20Suisse&#038;trp=false&#038;ctz=Europe\/Zurich&#038;sprop=website:https:\/\/www.carillons.ch\/blog\"\n\t\t\t\t\t\t\t\t\t\tclass=\"tribe-events-c-subscribe-dropdown__list-item-link\"\n\t\t\t\t\t\t\t\t\t\ttarget=\"_blank\"\n\t\t\t\t\t\t\t\t\t\trel=\"noopener noreferrer nofollow noindex\"\n\t\t\t\t\t\t\t\t\t>\n\t\t\t\t\t\t\t\t\t\tGoogle Agenda\t\t\t\t\t\t\t\t\t<\/a>\n\t\t\t\t\t\t\t\t<\/li>\n\t\t\t\t\t\t\t\t\t\t\t\t\t\t\t<li class=\"tribe-events-c-subscribe-dropdown__list-item tribe-events-c-subscribe-dropdown__list-item--ical\">\n\t\t\t\t\t\t\t\t\t<a\n\t\t\t\t\t\t\t\t\t\thref=\"\"\n\t\t\t\t\t\t\t\t\t\tclass=\"tribe-events-c-subscribe-dropdown__list-item-link\"\n\t\t\t\t\t\t\t\t\t\ttarget=\"_blank\"\n\t\t\t\t\t\t\t\t\t\trel=\"noopener noreferrer nofollow noindex\"\n\t\t\t\t\t\t\t\t\t>\n\t\t\t\t\t\t\t\t\t\tiCalendar\t\t\t\t\t\t\t\t\t<\/a>\n\t\t\t\t\t\t\t\t<\/li>\n\t\t\t\t\t\t\t\t\t\t\t\t\t\t\t<li class=\"tribe-events-c-subscribe-dropdown__list-item tribe-events-c-subscribe-dropdown__list-item--outlook-365\">\n\t\t\t\t\t\t\t\t\t<a\n\t\t\t\t\t\t\t\t\t\thref=\"\"\n\t\t\t\t\t\t\t\t\t\tclass=\"tribe-events-c-subscribe-dropdown__list-item-link\"\n\t\t\t\t\t\t\t\t\t\ttarget=\"_blank\"\n\t\t\t\t\t\t\t\t\t\trel=\"noopener noreferrer nofollow noindex\"\n\t\t\t\t\t\t\t\t\t>\n\t\t\t\t\t\t\t\t\t\tOutlook 365\t\t\t\t\t\t\t\t\t<\/a>\n\t\t\t\t\t\t\t\t<\/li>\n\t\t\t\t\t\t\t\t\t\t\t\t\t\t\t<li class=\"tribe-events-c-subscribe-dropdown__list-item tribe-events-c-subscribe-dropdown__list-item--outlook-live\">\n\t\t\t\t\t\t\t\t\t<a\n\t\t\t\t\t\t\t\t\t\thref=\"\"\n\t\t\t\t\t\t\t\t\t\tclass=\"tribe-events-c-subscribe-dropdown__list-item-link\"\n\t\t\t\t\t\t\t\t\t\ttarget=\"_blank\"\n\t\t\t\t\t\t\t\t\t\trel=\"noopener noreferrer nofollow noindex\"\n\t\t\t\t\t\t\t\t\t>\n\t\t\t\t\t\t\t\t\t\tOutlook Live\t\t\t\t\t\t\t\t\t<\/a>\n\t\t\t\t\t\t\t\t<\/li>\n\t\t\t\t\t\t\t\t\t\t\t\t\t<\/ul>\n\t\t\t\t\t<\/div>\n\t\t\t\t<\/div>\n\t\t\t<\/div>\n\t\t<\/div>\n\t<\/div>\n\n","protected":false},"excerpt":{"rendered":"<p>Samedi 3 janvier 2026 \u00e0 15 h Abbaye de Montheron Epiphanie. Quatuor Daccord, Christian Hochstaettler, fl\u00fbtes de Pan, Paul Meigniez, guitare, Greg Turini, percussion, handpan et Daniel Thomas, orgue, clavecin, piano et petit carillon. Musiques de Vivaldi, Bizet, Morricone, Grieg, Piazzola, Mozart, m\u00e9lodies klezmer, musiques du temps de No\u00ebl et de l\u2019Epiphanie. Entr\u00e9e libre, collecte (prix conseill\u00e9 :\u2026 <span class=\"read-more\"><a href=\"https:\/\/www.carillons.ch\/blog\/event\/epiphanie-quatuor-daccord-avec-flutes-de-pan\/\">Lire la suite &raquo;<\/a><\/span><\/p>\n","protected":false},"author":1,"featured_media":18235,"template":"","meta":{"sfsi_plus_gutenberg_text_before_share":"","sfsi_plus_gutenberg_show_text_before_share":"","sfsi_plus_gutenberg_icon_type":"","sfsi_plus_gutenberg_icon_alignemt":"","sfsi_plus_gutenburg_max_per_row":"","_EventAllDay":false,"_EventTimezone":"Europe\/Zurich","_EventStartDate":"2026-01-03 15:00:00","_EventEndDate":"2026-01-03 16:00:00","_EventStartDateUTC":"2026-01-03 14:00:00","_EventEndDateUTC":"2026-01-03 15:00:00","_EventShowMap":false,"_EventShowMapLink":false,"_EventURL":"https:\/\/quatuordaccord.ch","_EventCost":"","_EventCostDescription":"","_EventCurrencySymbol":"CHF","_EventCurrencyCode":"USD","_EventCurrencyPosition":"prefix","_EventDateTimeSeparator":" @ ","_EventTimeRangeSeparator":" - ","_EventOrganizerID":[],"_EventVenueID":[12384],"_OrganizerEmail":"","_OrganizerPhone":"","_OrganizerWebsite":"","_VenueAddress":"","_VenueCity":"","_VenueCountry":"","_VenueProvince":"","_VenueState":"","_VenueZip":"","_VenuePhone":"","_VenueURL":"","_VenueStateProvince":"","_VenueLat":"","_VenueLng":"","_VenueShowMap":false,"_VenueShowMapLink":false,"_tribe_events_status":"","_tribe_events_status_reason":"","footnotes":""},"tags":[490,803,494],"tribe_events_cat":[654,657,678,644,679,721,666,682],"class_list":["post-18234","tribe_events","type-tribe_events","status-publish","has-post-thumbnail","hentry","tag-carillon","tag-flute-de-pan","tag-orgue","tribe_events_cat-abbaye-de-montheron","tribe_events_cat-carillon","tribe_events_cat-clavecin","tribe_events_cat-concert","tribe_events_cat-flute","tribe_events_cat-guitare","tribe_events_cat-orgue","tribe_events_cat-piano","cat_abbaye-de-montheron","cat_carillon","cat_clavecin","cat_concert","cat_flute","cat_guitare","cat_orgue","cat_piano"],"_links":{"self":[{"href":"https:\/\/www.carillons.ch\/blog\/wp-json\/wp\/v2\/tribe_events\/18234","targetHints":{"allow":["GET"]}}],"collection":[{"href":"https:\/\/www.carillons.ch\/blog\/wp-json\/wp\/v2\/tribe_events"}],"about":[{"href":"https:\/\/www.carillons.ch\/blog\/wp-json\/wp\/v2\/types\/tribe_events"}],"author":[{"embeddable":true,"href":"https:\/\/www.carillons.ch\/blog\/wp-json\/wp\/v2\/users\/1"}],"version-history":[{"count":1,"href":"https:\/\/www.carillons.ch\/blog\/wp-json\/wp\/v2\/tribe_events\/18234\/revisions"}],"predecessor-version":[{"id":18237,"href":"https:\/\/www.carillons.ch\/blog\/wp-json\/wp\/v2\/tribe_events\/18234\/revisions\/18237"}],"wp:featuredmedia":[{"embeddable":true,"href":"https:\/\/www.carillons.ch\/blog\/wp-json\/wp\/v2\/media\/18235"}],"wp:attachment":[{"href":"https:\/\/www.carillons.ch\/blog\/wp-json\/wp\/v2\/media?parent=18234"}],"wp:term":[{"taxonomy":"post_tag","embeddable":true,"href":"https:\/\/www.carillons.ch\/blog\/wp-json\/wp\/v2\/tags?post=18234"},{"taxonomy":"tribe_events_cat","embeddable":true,"href":"https:\/\/www.carillons.ch\/blog\/wp-json\/wp\/v2\/tribe_events_cat?post=18234"}],"curies":[{"name":"wp","href":"https:\/\/api.w.org\/{rel}","templated":true}]}}