{"id":18238,"date":"2025-12-15T21:22:54","date_gmt":"2025-12-15T20:22:54","guid":{"rendered":"https:\/\/www.carillons.ch\/blog\/?post_type=tribe_events&#038;p=18238"},"modified":"2025-12-15T21:22:57","modified_gmt":"2025-12-15T20:22:57","slug":"epiphanie-quatuor-daccord-a-froideville","status":"publish","type":"tribe_events","link":"https:\/\/www.carillons.ch\/blog\/event\/epiphanie-quatuor-daccord-a-froideville\/","title":{"rendered":"Epiphanie. Quatuor Daccord \u00e0 Froideville"},"content":{"rendered":"<div  class=\"tribe-events-schedule tribe-clearfix\" >\n\t<p class=\"tribe-events-schedule__datetime\">\n\t\t<span class=\"tribe-events-schedule__date tribe-events-schedule__date--start\">\n\t\t\t4 janvier\t\t<\/span>\n\n\t\t\t\t\t<span class=\"tribe-events-schedule__separator tribe-events-schedule__separator--date\">\n\t\t\t\t @ \t\t\t<\/span>\n\t\t\t<span class=\"tribe-events-schedule__time tribe-events-schedule__time--start\">\n\t\t\t\t16:00\t\t\t<\/span>\n\t\t\n\t\t\t\t\t\t\t\t\t<span class=\"tribe-events-schedule__separator tribe-events-schedule__separator--time\">\n\t\t\t\t\t &#8211; \t\t\t\t<\/span>\n\t\t\t\n\t\t\t\t\t\t\t<span class=\"tribe-events-schedule__time tribe-events-schedule__time--end\">\n\t\t\t\t\t17:00\t\t\t\t<\/span>\n\t\t\t\n\t\t\t\t\t\t<\/p>\n<\/div>\n\n\n\n<p><strong>Dimanche 4 janvier 2026 \u00e0 16 h<\/strong>, chapelle du centre \u0153cum\u00e9nique de Froideville, Rue du bas de la fin 3 1055 Froideville<\/p>\n\n\n\n<figure class=\"wp-block-image size-large\"><img loading=\"lazy\" decoding=\"async\" width=\"646\" height=\"1024\" src=\"https:\/\/www.carillons.ch\/blog\/wp-content\/uploads\/251208_affiche_Froideville_V9_peinte-646x1024.jpg\" alt=\"\" class=\"wp-image-18239\" srcset=\"https:\/\/www.carillons.ch\/blog\/wp-content\/uploads\/251208_affiche_Froideville_V9_peinte-646x1024.jpg 646w, https:\/\/www.carillons.ch\/blog\/wp-content\/uploads\/251208_affiche_Froideville_V9_peinte-189x300.jpg 189w, https:\/\/www.carillons.ch\/blog\/wp-content\/uploads\/251208_affiche_Froideville_V9_peinte-95x150.jpg 95w, https:\/\/www.carillons.ch\/blog\/wp-content\/uploads\/251208_affiche_Froideville_V9_peinte-768x1217.jpg 768w, https:\/\/www.carillons.ch\/blog\/wp-content\/uploads\/251208_affiche_Froideville_V9_peinte-970x1536.jpg 970w, https:\/\/www.carillons.ch\/blog\/wp-content\/uploads\/251208_affiche_Froideville_V9_peinte-1293x2048.jpg 1293w, https:\/\/www.carillons.ch\/blog\/wp-content\/uploads\/251208_affiche_Froideville_V9_peinte-665x1053.jpg 665w, https:\/\/www.carillons.ch\/blog\/wp-content\/uploads\/251208_affiche_Froideville_V9_peinte.jpg 1476w\" sizes=\"auto, (max-width: 646px) 100vw, 646px\" \/><\/figure>\n\n\n\n<p>Epiphanie. Quatuor Daccord, Christian Hochstaettler, fl\u00fbtes de Pan, Paul Meigniez, guitare, Greg Turini, percussion, handpan et Daniel Thomas, orgue, piano et carillon de 16 cloches.<\/p>\n\n\n\n<p>Musiques de Vivaldi, Bizet, Morricone, Grieg, Piazzola, Mozart, m\u00e9lodies klezmer, musiques du temps de No\u00ebl et de l\u2019Epiphanie.<\/p>\n\n\n\n<figure class=\"wp-block-image size-full\"><img loading=\"lazy\" decoding=\"async\" width=\"850\" height=\"850\" src=\"https:\/\/www.carillons.ch\/blog\/wp-content\/uploads\/DEUX-C3-quatuor-daccord-copie-2.jpg\" alt=\"\" class=\"wp-image-18240\" srcset=\"https:\/\/www.carillons.ch\/blog\/wp-content\/uploads\/DEUX-C3-quatuor-daccord-copie-2.jpg 850w, https:\/\/www.carillons.ch\/blog\/wp-content\/uploads\/DEUX-C3-quatuor-daccord-copie-2-300x300.jpg 300w, https:\/\/www.carillons.ch\/blog\/wp-content\/uploads\/DEUX-C3-quatuor-daccord-copie-2-150x150.jpg 150w, https:\/\/www.carillons.ch\/blog\/wp-content\/uploads\/DEUX-C3-quatuor-daccord-copie-2-768x768.jpg 768w, https:\/\/www.carillons.ch\/blog\/wp-content\/uploads\/DEUX-C3-quatuor-daccord-copie-2-665x665.jpg 665w\" sizes=\"auto, (max-width: 850px) 100vw, 850px\" \/><\/figure>\n\n\n\n<p>Entr\u00e9e libre, collecte. R\u00e9servations recommand\u00e9es : \u00e0 <a href=\"mailto:dt@carillonneur.ch\">dt@carillonneur.ch<\/a> ou 079 391 46 96.<\/p>\n\n\n\n<p>Le programme de ces concerts, r\u00e9solument vari\u00e9 allant du baroque italien (Vivaldi) au classique plus moderne (Grieg) en passant par la musique traditionnelle de Roumanie, la musique de film (Le grand blond avec une chaussure noire de V. Cosma ou Mission de E. Morricone) et des No\u00ebls encore de circonstance au tout d\u00e9but de l&rsquo;ann\u00e9e, enchantera petits et grands.<\/p>\n\n\n\n<p>Programme :<br>Der Mirjambrunnen (La fontaine de Mirjam)<br>TRADITIONNEL KLEZMER. ADAPT P. MEIGNIEZ<br>Wild (sauvage) D. HELLBACH (1958-)<br>Morgenstemning (Au matin) E. GRIEG (1843-1907) ADAPT P. MEIGNIEZ<br>Concerto pour deux mandolines RV532, andante A. VIVALDI (1678-1741)<br>La folia (folies d\u2019Espagne) TRADITIONNEL ESPAGNOL ARRGT M. TIRABOSCO<br>Concerto pour piano no21 K.467, andante W.-A. MOZART (1756-1791) ADAPT P.MEIGNIEZ<br>Carol It came upon the Midnight clear TRADITIONNEL ALLEMAND ARRGT . D. THOMAS<br>Gabriel\u2019s oboe du film Mission (1986) E. MORRICONE (1928-2020) ARRGT SARA MP<br>Harrys Freilach TRADITIONNEL KLEZMER<br>S\u00e2rba du film Le Grand Blond avec une chaussure noire (1972) V. COSMA (1940-)<br>Barcarolle des Contes d\u2019Hoffmann J. OFFENBACH (1819-1880)<br>Cintecul (Chanson De Iancu Jianu) TRADITIONNEL ROUMAIN<br>Elements G. TURINI (1884-)<br>L\u2019Arl\u00e9sienne (suite n\u00b0 2), farandole G. BIZET (1838-1875) ARRGT B. DEWAGTERE<br>ADAPT P. MEIGNIEZ<br>The little drummer boy K.K. DAVIS (1892-1980) ARRGT B. DEWAGTERE<br>God rest you Merry, Gentlemen NO\u00cbL TRADITIONNEL ANGLAIS ARRGT D. BROOKS-DAVIES<br>No\u00ebl nouvelet NO\u00cbL TRADITIONNEL FRAN\u00c7AIS ARRGT J. RUTTER<\/p>\n\n\n<div  class=\"tribe-block tribe-block__event-price\" >\n\t\t<\/div>\n\n\n\n\n<div  class=\"tribe-block tribe-block__venue tribe-clearfix tribe-block__venue--has-map\" >\n\t\n\t\n<div class=\"tribe-block__venue__meta\">\n\t<div class=\"tribe-block__venue__name\">\n\t\t<h3>Centre oecum\u00e9nique de Froideville<\/h3>\n\t<\/div>\n\n\t\n\t\t\t\t\t\t<address class=\"tribe-block__venue__address\">\n\t\t\t\t<span class=\"tribe-address\">\n\n<span class=\"tribe-street-address\">Rue du Bas de la Fin 3<\/span>\n\t\n\t\t<br>\n\t\t<span class=\"tribe-locality\">Froideville<\/span><span class=\"tribe-delimiter\">,<\/span>\n\n\t<abbr class=\"tribe-region tribe-events-abbr\" title=\"Vaud\">Vaud<\/abbr>\n\n\t<span class=\"tribe-postal-code\">1055<\/span>\n\n\t<span class=\"tribe-country-name\">Suisse<\/span>\n\n<\/span>\n\n\t\t\t\t\t\t\t\t\t<a class=\"tribe-events-gmap\" href=\"https:\/\/maps.google.com\/maps?f=q&#038;source=s_q&#038;hl=en&#038;geocode=&#038;q=Rue+du+Bas+de+la+Fin+3+Froideville+Vaud+1055+Suisse\" title=\"Cliquez pour voir une carte Google Map\" target=\"_blank\" rel=\"noreferrer noopener\">+ Google Map<\/a>\t\t\t\t\t\t\t<\/address>\n\t\t\n\t\t\n\t\t\t\t\t<span class=\"tribe-block__venue__website\"><a href=\"https:\/\/lehauttalent.eerv.ch\/centre-oecumenique-de-froideville\/\" target=\"_self\" rel=\"external\">Voir Lieu site web<\/a><\/span><br \/>\n\t\t\t\n\t<\/div>\n\t\n<div class=\"tribe-block__venue__map\">\n\t\n<iframe loading=\"lazy\"\n  title=\"L\u2018iframe Google maps affichant l\u2019adresse \u00e0 Centre oecum\u00e9nique de Froideville\"\n  aria-label=\"Plan des lieux\"\n  width=\"310px\"\n  height=\"256px\"\n  frameborder=\"0\" style=\"border:0\"\n  src=\"https:\/\/www.google.com\/maps\/embed\/v1\/place?key=AIzaSyDNsicAsP6-VuGtAb1O9riI3oc_NOb7IOU&#038;q=Rue+du+Bas+de+la+Fin+3+Froideville+Vaud+1055+Suisse+&#038;zoom=10\" allowfullscreen>\n<\/iframe>\n<\/div>\n\n\t<\/div>\n\n\n<div  class=\"tribe-block tribe-block__event-website\" >\n\t<a\n\t\thref=\"https:\/\/quatuordaccord.ch\"\n\t\ttarget=\"_self\"\n\t\t\t>\n\t\tQuatuor Daccord\t<\/a>\n<\/div>\n\n\n\t<div  class=\"tribe-block tribe-block__events-link\" >\n\t\t<div class=\"tribe-events tribe-common\">\n\t\t\t<div class=\"tribe-events-c-subscribe-dropdown__container\">\n\t\t\t\t<div class=\"tribe-events-c-subscribe-dropdown\">\n\t\t\t\t\t<div class=\"tribe-common-c-btn-border tribe-events-c-subscribe-dropdown__button\">\n\t\t\t\t\t\t<svg\n\t class=\"tribe-common-c-svgicon tribe-common-c-svgicon--cal-export tribe-events-c-subscribe-dropdown__export-icon\" \taria-hidden=\"true\"\n\tviewBox=\"0 0 23 17\"\n\txmlns=\"http:\/\/www.w3.org\/2000\/svg\"\n>\n\t<path fill-rule=\"evenodd\" clip-rule=\"evenodd\" d=\"M.128.896V16.13c0 .211.145.383.323.383h15.354c.179 0 .323-.172.323-.383V.896c0-.212-.144-.383-.323-.383H.451C.273.513.128.684.128.896Zm16 6.742h-.901V4.679H1.009v10.729h14.218v-3.336h.901V7.638ZM1.01 1.614h14.218v2.058H1.009V1.614Z\" \/>\n\t<path d=\"M20.5 9.846H8.312M18.524 6.953l2.89 2.909-2.855 2.855\" stroke-width=\"1.2\" stroke-linecap=\"round\" stroke-linejoin=\"round\"\/>\n<\/svg>\n\t\t\t\t\t\t<button\n\t\t\t\t\t\t\tclass=\"tribe-events-c-subscribe-dropdown__button-text\"\n\t\t\t\t\t\t\taria-expanded=\"false\"\n\t\t\t\t\t\t\taria-controls=\"tribe-events-subscribe-dropdown-content\"\n\t\t\t\t\t\t\taria-label=\"Afficher les liens permettant d\u2019ajouter des \u00e9v\u00e8nements \u00e0 votre calendrier\"\n\t\t\t\t\t\t>\n\t\t\t\t\t\t\tAjouter au calendrier\t\t\t\t\t\t<\/button>\n\t\t\t\t\t\t<svg\n\t class=\"tribe-common-c-svgicon tribe-common-c-svgicon--caret-down tribe-events-c-subscribe-dropdown__button-icon\" \taria-hidden=\"true\"\n\tviewBox=\"0 0 10 7\"\n\txmlns=\"http:\/\/www.w3.org\/2000\/svg\"\n>\n\t<path fill-rule=\"evenodd\" clip-rule=\"evenodd\" d=\"M1.008.609L5 4.6 8.992.61l.958.958L5 6.517.05 1.566l.958-.958z\" class=\"tribe-common-c-svgicon__svg-fill\"\/>\n<\/svg>\n\t\t\t\t\t<\/div>\n\t\t\t\t\t<div id=\"tribe-events-subscribe-dropdown-content\" class=\"tribe-events-c-subscribe-dropdown__content\">\n\t\t\t\t\t\t<ul class=\"tribe-events-c-subscribe-dropdown__list\">\n\t\t\t\t\t\t\t\t\t\t\t\t\t\t\t<li class=\"tribe-events-c-subscribe-dropdown__list-item tribe-events-c-subscribe-dropdown__list-item--gcal\">\n\t\t\t\t\t\t\t\t\t<a\n\t\t\t\t\t\t\t\t\t\thref=\"https:\/\/www.google.com\/calendar\/event?action=TEMPLATE&#038;dates=20260104T160000\/20260104T170000&#038;text=Epiphanie.%20Quatuor%20Daccord%20%C3%A0%20Froideville&#038;details=%3Cp%3E%3Cstrong%3EDimanche+4+janvier+2026+%C3%A0+16+h%3C%2Fstrong%3E%2C+chapelle+du+centre+%C5%93cum%C3%A9nique+de+Froideville%2C+Rue+du+bas+de+la+fin+3+1055+Froideville%3C%2Fp%3E+%3Cfigure+class%3D%22wp-block-image+size-large%22%3E%3Cimg+src%3D%22https%3A%2F%2Fwww.carillons.ch%2Fblog%2Fwp-content%2Fuploads%2F251208_affiche_Froideville_V9_peinte-646x1024.jpg%22+alt%3D%22%22+class%3D%22wp-image-18239%22%2F%3E%3C%2Ffigure%3E%3Cp%3EEpiphanie.+Quatuor+Daccord%2C+Christian+Hochstaettler%2C+fl%C3%BBtes+de+Pan%2C+Paul+Meigniez%2C+guitare%2C+Greg+Turini%2C+percussion%2C+handpan+et+Daniel+Thomas%2C+orgue%2C+piano+et+carillon+de+16+cloches.%3C%2Fp%3E+%3Cp%3EMusiques+de+Vivaldi%2C+Bizet%2C+Morricone%2C+Grieg%2C+Piazzola%2C+Mozart%2C+m%C3%A9lodies+klezmer%2C+musiques+du+temps+de+No%C3%ABl+et+de+l%E2%80%99Epiphanie.%3C%2Fp%3E+%3Cfigure+class%3D%22wp-block-image+size-full%22%3E%3Cimg+src%3D%22https%3A%2F%2Fwww.carillons.ch%2Fblog%2Fwp-content%2Fuploads%2FDEUX-C3-quatuor-daccord-copie-2.jpg%22+alt%3D%22%22+class%3D%22wp-image-18240%22%2F%3E%3C%2Ffigure%3E%3Cp%3EEntr%C3%A9e+libre%2C+collecte.+R%C3%A9servations+recommand%C3%A9es+%3A+%C3%A0+%3Ca+href%3D%22mailto%3Adt%40carillonneur.ch%22%3Edt%40carillonneur.ch%3C%2Fa%3E+ou+079+391%3C%2Fp%3E%28Voir+toute+la+description+de+%C3%A9v%C3%A8nement+ici%C2%A0%3A+https%3A%2F%2Fwww.carillons.ch%2Fblog%2Fevent%2Fepiphanie-quatuor-daccord-a-froideville%2F%29&#038;location=Centre%20oecum\u00e9nique%20de%20Froideville,%20Rue%20du%20Bas%20de%20la%20Fin%203,%20Froideville,%20Vaud,%201055,%20Suisse&#038;trp=false&#038;ctz=Europe\/Zurich&#038;sprop=website:https:\/\/www.carillons.ch\/blog\"\n\t\t\t\t\t\t\t\t\t\tclass=\"tribe-events-c-subscribe-dropdown__list-item-link\"\n\t\t\t\t\t\t\t\t\t\ttarget=\"_blank\"\n\t\t\t\t\t\t\t\t\t\trel=\"noopener noreferrer nofollow noindex\"\n\t\t\t\t\t\t\t\t\t>\n\t\t\t\t\t\t\t\t\t\tGoogle Agenda\t\t\t\t\t\t\t\t\t<\/a>\n\t\t\t\t\t\t\t\t<\/li>\n\t\t\t\t\t\t\t\t\t\t\t\t\t\t\t<li class=\"tribe-events-c-subscribe-dropdown__list-item tribe-events-c-subscribe-dropdown__list-item--ical\">\n\t\t\t\t\t\t\t\t\t<a\n\t\t\t\t\t\t\t\t\t\thref=\"\"\n\t\t\t\t\t\t\t\t\t\tclass=\"tribe-events-c-subscribe-dropdown__list-item-link\"\n\t\t\t\t\t\t\t\t\t\ttarget=\"_blank\"\n\t\t\t\t\t\t\t\t\t\trel=\"noopener noreferrer nofollow noindex\"\n\t\t\t\t\t\t\t\t\t>\n\t\t\t\t\t\t\t\t\t\tiCalendar\t\t\t\t\t\t\t\t\t<\/a>\n\t\t\t\t\t\t\t\t<\/li>\n\t\t\t\t\t\t\t\t\t\t\t\t\t\t\t<li class=\"tribe-events-c-subscribe-dropdown__list-item tribe-events-c-subscribe-dropdown__list-item--outlook-365\">\n\t\t\t\t\t\t\t\t\t<a\n\t\t\t\t\t\t\t\t\t\thref=\"\"\n\t\t\t\t\t\t\t\t\t\tclass=\"tribe-events-c-subscribe-dropdown__list-item-link\"\n\t\t\t\t\t\t\t\t\t\ttarget=\"_blank\"\n\t\t\t\t\t\t\t\t\t\trel=\"noopener noreferrer nofollow noindex\"\n\t\t\t\t\t\t\t\t\t>\n\t\t\t\t\t\t\t\t\t\tOutlook 365\t\t\t\t\t\t\t\t\t<\/a>\n\t\t\t\t\t\t\t\t<\/li>\n\t\t\t\t\t\t\t\t\t\t\t\t\t\t\t<li class=\"tribe-events-c-subscribe-dropdown__list-item tribe-events-c-subscribe-dropdown__list-item--outlook-live\">\n\t\t\t\t\t\t\t\t\t<a\n\t\t\t\t\t\t\t\t\t\thref=\"\"\n\t\t\t\t\t\t\t\t\t\tclass=\"tribe-events-c-subscribe-dropdown__list-item-link\"\n\t\t\t\t\t\t\t\t\t\ttarget=\"_blank\"\n\t\t\t\t\t\t\t\t\t\trel=\"noopener noreferrer nofollow noindex\"\n\t\t\t\t\t\t\t\t\t>\n\t\t\t\t\t\t\t\t\t\tOutlook Live\t\t\t\t\t\t\t\t\t<\/a>\n\t\t\t\t\t\t\t\t<\/li>\n\t\t\t\t\t\t\t\t\t\t\t\t\t<\/ul>\n\t\t\t\t\t<\/div>\n\t\t\t\t<\/div>\n\t\t\t<\/div>\n\t\t<\/div>\n\t<\/div>\n\n","protected":false},"excerpt":{"rendered":"<p>Dimanche 4 janvier 2026 \u00e0 16 h, chapelle du centre \u0153cum\u00e9nique de Froideville, Rue du bas de la fin 3 1055 Froideville Epiphanie. Quatuor Daccord, Christian Hochstaettler, fl\u00fbtes de Pan, Paul Meigniez, guitare, Greg Turini, percussion, handpan et Daniel Thomas, orgue, piano et carillon de 16 cloches. Musiques de Vivaldi, Bizet, Morricone, Grieg, Piazzola, Mozart, m\u00e9lodies klezmer, musiques\u2026 <span class=\"read-more\"><a href=\"https:\/\/www.carillons.ch\/blog\/event\/epiphanie-quatuor-daccord-a-froideville\/\">Lire la suite &raquo;<\/a><\/span><\/p>\n","protected":false},"author":1,"featured_media":18239,"template":"","meta":{"sfsi_plus_gutenberg_text_before_share":"","sfsi_plus_gutenberg_show_text_before_share":"","sfsi_plus_gutenberg_icon_type":"","sfsi_plus_gutenberg_icon_alignemt":"","sfsi_plus_gutenburg_max_per_row":"","_EventAllDay":false,"_EventTimezone":"Europe\/Zurich","_EventStartDate":"2026-01-04 16:00:00","_EventEndDate":"2026-01-04 17:00:00","_EventStartDateUTC":"2026-01-04 15:00:00","_EventEndDateUTC":"2026-01-04 16:00:00","_EventShowMap":false,"_EventShowMapLink":false,"_EventURL":"https:\/\/quatuordaccord.ch","_EventCost":"","_EventCostDescription":"","_EventCurrencySymbol":"CHF","_EventCurrencyCode":"USD","_EventCurrencyPosition":"prefix","_EventDateTimeSeparator":" @ ","_EventTimeRangeSeparator":" - ","_EventOrganizerID":[],"_EventVenueID":[12713],"_OrganizerEmail":"","_OrganizerPhone":"","_OrganizerWebsite":"","_VenueAddress":"","_VenueCity":"","_VenueCountry":"","_VenueProvince":"","_VenueState":"","_VenueZip":"","_VenuePhone":"","_VenueURL":"","_VenueStateProvince":"","_VenueLat":"","_VenueLng":"","_VenueShowMap":false,"_VenueShowMapLink":false,"_tribe_events_status":"","_tribe_events_status_reason":"","footnotes":""},"tags":[490,104,803,494],"tribe_events_cat":[657,678,644,679,721,666,682],"class_list":["post-18238","tribe_events","type-tribe_events","status-publish","has-post-thumbnail","hentry","tag-carillon","tag-eglise","tag-flute-de-pan","tag-orgue","tribe_events_cat-carillon","tribe_events_cat-clavecin","tribe_events_cat-concert","tribe_events_cat-flute","tribe_events_cat-guitare","tribe_events_cat-orgue","tribe_events_cat-piano","cat_carillon","cat_clavecin","cat_concert","cat_flute","cat_guitare","cat_orgue","cat_piano"],"_links":{"self":[{"href":"https:\/\/www.carillons.ch\/blog\/wp-json\/wp\/v2\/tribe_events\/18238","targetHints":{"allow":["GET"]}}],"collection":[{"href":"https:\/\/www.carillons.ch\/blog\/wp-json\/wp\/v2\/tribe_events"}],"about":[{"href":"https:\/\/www.carillons.ch\/blog\/wp-json\/wp\/v2\/types\/tribe_events"}],"author":[{"embeddable":true,"href":"https:\/\/www.carillons.ch\/blog\/wp-json\/wp\/v2\/users\/1"}],"version-history":[{"count":1,"href":"https:\/\/www.carillons.ch\/blog\/wp-json\/wp\/v2\/tribe_events\/18238\/revisions"}],"predecessor-version":[{"id":18241,"href":"https:\/\/www.carillons.ch\/blog\/wp-json\/wp\/v2\/tribe_events\/18238\/revisions\/18241"}],"wp:featuredmedia":[{"embeddable":true,"href":"https:\/\/www.carillons.ch\/blog\/wp-json\/wp\/v2\/media\/18239"}],"wp:attachment":[{"href":"https:\/\/www.carillons.ch\/blog\/wp-json\/wp\/v2\/media?parent=18238"}],"wp:term":[{"taxonomy":"post_tag","embeddable":true,"href":"https:\/\/www.carillons.ch\/blog\/wp-json\/wp\/v2\/tags?post=18238"},{"taxonomy":"tribe_events_cat","embeddable":true,"href":"https:\/\/www.carillons.ch\/blog\/wp-json\/wp\/v2\/tribe_events_cat?post=18238"}],"curies":[{"name":"wp","href":"https:\/\/api.w.org\/{rel}","templated":true}]}}