{"id":18274,"date":"2026-01-28T11:51:06","date_gmt":"2026-01-28T10:51:06","guid":{"rendered":"https:\/\/www.carillons.ch\/blog\/?post_type=tribe_events&#038;p=18274"},"modified":"2026-01-28T11:52:09","modified_gmt":"2026-01-28T10:52:09","slug":"le-chateau-bourguignon-dechallens-des-seigneurs-de-montfaucon-ses-trois-tours-conservees-ses-caveaux","status":"publish","type":"tribe_events","link":"https:\/\/www.carillons.ch\/blog\/event\/le-chateau-bourguignon-dechallens-des-seigneurs-de-montfaucon-ses-trois-tours-conservees-ses-caveaux\/","title":{"rendered":"Le ch\u00e2teau bourguignon d\u2019Echallens, des seigneurs de Montfaucon, ses trois tours conserv\u00e9es, ses caveaux"},"content":{"rendered":"<div  class=\"tribe-events-schedule tribe-clearfix\" >\n\t<p class=\"tribe-events-schedule__datetime\">\n\t\t<span class=\"tribe-events-schedule__date tribe-events-schedule__date--start\">\n\t\t\t14 mars\t\t<\/span>\n\n\t\t\t\t\t<span class=\"tribe-events-schedule__separator tribe-events-schedule__separator--date\">\n\t\t\t\t @ \t\t\t<\/span>\n\t\t\t<span class=\"tribe-events-schedule__time tribe-events-schedule__time--start\">\n\t\t\t\t14:30\t\t\t<\/span>\n\t\t\n\t\t\t\t\t\t\t\t\t<span class=\"tribe-events-schedule__separator tribe-events-schedule__separator--time\">\n\t\t\t\t\t &#8211; \t\t\t\t<\/span>\n\t\t\t\n\t\t\t\t\t\t\t<span class=\"tribe-events-schedule__time tribe-events-schedule__time--end\">\n\t\t\t\t\t17:00\t\t\t\t<\/span>\n\t\t\t\n\t\t\t\t\t\t<\/p>\n<\/div>\n\n\n\n<p>Le Pays de Vaud au Moyen \u00c2ge : visite de l\u2019un des ch\u00e2teaux des bourguignons, assi\u00e9g\u00e9s et incendi\u00e9s par les conf\u00e9d\u00e9r\u00e9s en 1476.<\/p>\n\n\n\n<figure class=\"wp-block-image size-large\"><img loading=\"lazy\" decoding=\"async\" width=\"1024\" height=\"1024\" src=\"https:\/\/www.carillons.ch\/blog\/wp-content\/uploads\/04-Collage-chateau-Echallens2-copie-3-1024x1024.jpeg\" alt=\"\" class=\"wp-image-18271\" srcset=\"https:\/\/www.carillons.ch\/blog\/wp-content\/uploads\/04-Collage-chateau-Echallens2-copie-3-1024x1024.jpeg 1024w, https:\/\/www.carillons.ch\/blog\/wp-content\/uploads\/04-Collage-chateau-Echallens2-copie-3-300x300.jpeg 300w, https:\/\/www.carillons.ch\/blog\/wp-content\/uploads\/04-Collage-chateau-Echallens2-copie-3-150x150.jpeg 150w, https:\/\/www.carillons.ch\/blog\/wp-content\/uploads\/04-Collage-chateau-Echallens2-copie-3-768x768.jpeg 768w, https:\/\/www.carillons.ch\/blog\/wp-content\/uploads\/04-Collage-chateau-Echallens2-copie-3-665x665.jpeg 665w, https:\/\/www.carillons.ch\/blog\/wp-content\/uploads\/04-Collage-chateau-Echallens2-copie-3.jpeg 1200w\" sizes=\"auto, (max-width: 1024px) 100vw, 1024px\" \/><\/figure>\n\n\n\n<p>Visite sur r\u00e9servation du ch\u00e2teau le samedi 14 mars 2026 de 14h30 \u00e0 16h45 : r\u00e9servation sur la page de l\u2019Universit\u00e9 Populaire de Lausanne:&nbsp;&nbsp;<a href=\"https:\/\/uplausanne.ch\/cours\/le-chateau-bourguignon-dechallens-des-seigneurs-de-montfaucon-ses-trois-tours-conservees-ses-caveaux\/05-1\/\" target=\"_blank\" rel=\"noreferrer noopener\">r\u00e9servation<\/a>.<\/p>\n\n\n\n<p>Visite guid\u00e9e du ch\u00e2teau d\u2019\u00c9challens, avec ses trois tours, dont une r\u00e9cemment remise \u00e0 jour, ses deux caveaux et ses anciennes prisons. De 1175 \u00e0 1475 environ, \u00c9challens est la capitale d\u2019une seigneurie bourguignonne et le fief des seigneurs de Montfaucon. D\u00e8s 1475, les Conf\u00e9d\u00e9r\u00e9s s\u2019\u00e9tant empar\u00e9s des terres de la maison de Ch\u00e2lon \u00e0 l\u2019instigation de Louis XI, la domination bourguignonne est remplac\u00e9e par celle de Berne et de Fribourg.<br>\u00c9challens est alors la capitale d\u2019un baillage bernois-fribourgeois et le restera jusqu\u2019en 1798. Elle a donc connu la mixit\u00e9 confessionnelle, le partage du m\u00eame lieu de culte par les protestants et les catholiques.<br>Visite anim\u00e9e par Daniel Thomas, musicien et licenci\u00e9 \u00e8s Lettres. Partie de la visite en plein air, pr\u00e9voir une tenue adapt\u00e9e \u00e0 la m\u00e9t\u00e9o. Acc\u00e8s par train LEB.<\/p>\n\n\n<div  class=\"tribe-block tribe-block__event-price\" >\n\t\t\t<span class=\"tribe-block__event-price__cost\"> CHF35 <\/span>\n\t\t\t\t<span class=\"tribe-block__event-price__description\">visite de trois p\u00e9riodes de 45 minutes<\/span>\n\t<\/div>\n\n\n<div  class=\"tribe-block tribe-block__organizer__details tribe-clearfix\" >\n\t<div class=\"tribe-block__organizer__title\">\n\t\t<h3>Universit\u00e9 Populaire de Lausanne<\/h3>\n\t<\/div>\n\t\t\t<p class=\"tribe-block__organizer__phone\">021 315 24 24<\/p>\n\t\t\t\t<p class=\"tribe-block__organizer__website\"><a href=\"https:\/\/uplausanne.ch\" target=\"_blank\" rel=\"noopener noreferrer\">Voir le site Organisateur<\/a><\/p>\n\t\t<\/div>\n\n\n<div  class=\"tribe-block tribe-block__venue tribe-clearfix\" >\n\t\n\t\t\n\t<\/div>\n\n\n<div  class=\"tribe-block tribe-block__event-website\" >\n\t<a\n\t\thref=\"https:\/\/uplausanne.ch\/cours\/le-chateau-bourguignon-dechallens-des-seigneurs-de-montfaucon-ses-trois-tours-conservees-ses-caveaux\/05-1\/\"\n\t\ttarget=\"_self\"\n\t\t\t>\n\t\tUPL Lausanne\t<\/a>\n<\/div>\n\n\n\t<div  class=\"tribe-block tribe-block__events-link\" >\n\t\t<div class=\"tribe-events tribe-common\">\n\t\t\t<div class=\"tribe-events-c-subscribe-dropdown__container\">\n\t\t\t\t<div class=\"tribe-events-c-subscribe-dropdown\">\n\t\t\t\t\t<div class=\"tribe-common-c-btn-border tribe-events-c-subscribe-dropdown__button\">\n\t\t\t\t\t\t<svg\n\t class=\"tribe-common-c-svgicon tribe-common-c-svgicon--cal-export tribe-events-c-subscribe-dropdown__export-icon\" \taria-hidden=\"true\"\n\tviewBox=\"0 0 23 17\"\n\txmlns=\"http:\/\/www.w3.org\/2000\/svg\"\n>\n\t<path fill-rule=\"evenodd\" clip-rule=\"evenodd\" d=\"M.128.896V16.13c0 .211.145.383.323.383h15.354c.179 0 .323-.172.323-.383V.896c0-.212-.144-.383-.323-.383H.451C.273.513.128.684.128.896Zm16 6.742h-.901V4.679H1.009v10.729h14.218v-3.336h.901V7.638ZM1.01 1.614h14.218v2.058H1.009V1.614Z\" \/>\n\t<path d=\"M20.5 9.846H8.312M18.524 6.953l2.89 2.909-2.855 2.855\" stroke-width=\"1.2\" stroke-linecap=\"round\" stroke-linejoin=\"round\"\/>\n<\/svg>\n\t\t\t\t\t\t<button\n\t\t\t\t\t\t\tclass=\"tribe-events-c-subscribe-dropdown__button-text\"\n\t\t\t\t\t\t\taria-expanded=\"false\"\n\t\t\t\t\t\t\taria-controls=\"tribe-events-subscribe-dropdown-content\"\n\t\t\t\t\t\t\taria-label=\"Afficher les liens permettant d\u2019ajouter des \u00e9v\u00e8nements \u00e0 votre calendrier\"\n\t\t\t\t\t\t>\n\t\t\t\t\t\t\tAjouter au calendrier\t\t\t\t\t\t<\/button>\n\t\t\t\t\t\t<svg\n\t class=\"tribe-common-c-svgicon tribe-common-c-svgicon--caret-down tribe-events-c-subscribe-dropdown__button-icon\" \taria-hidden=\"true\"\n\tviewBox=\"0 0 10 7\"\n\txmlns=\"http:\/\/www.w3.org\/2000\/svg\"\n>\n\t<path fill-rule=\"evenodd\" clip-rule=\"evenodd\" d=\"M1.008.609L5 4.6 8.992.61l.958.958L5 6.517.05 1.566l.958-.958z\" class=\"tribe-common-c-svgicon__svg-fill\"\/>\n<\/svg>\n\t\t\t\t\t<\/div>\n\t\t\t\t\t<div id=\"tribe-events-subscribe-dropdown-content\" class=\"tribe-events-c-subscribe-dropdown__content\">\n\t\t\t\t\t\t<ul class=\"tribe-events-c-subscribe-dropdown__list\">\n\t\t\t\t\t\t\t\t\t\t\t\t\t\t\t<li class=\"tribe-events-c-subscribe-dropdown__list-item tribe-events-c-subscribe-dropdown__list-item--gcal\">\n\t\t\t\t\t\t\t\t\t<a\n\t\t\t\t\t\t\t\t\t\thref=\"https:\/\/www.google.com\/calendar\/event?action=TEMPLATE&#038;dates=20260314T143000\/20260314T170000&#038;text=Le%20ch%C3%A2teau%20bourguignon%20d%E2%80%99Echallens%2C%20des%20seigneurs%20de%20Montfaucon%2C%20ses%20trois%20tours%20conserv%C3%A9es%2C%20ses%20caveaux&#038;details=%3Cp%3ELe+Pays+de+Vaud+au+Moyen+%C3%82ge+%3A+visite+de+l%E2%80%99un+des+ch%C3%A2teaux+des+bourguignons%2C+assi%C3%A9g%C3%A9s+et+incendi%C3%A9s+par+les+conf%C3%A9d%C3%A9r%C3%A9s+en+1476.%3C%2Fp%3E+%3Cfigure+class%3D%22wp-block-image+size-large%22%3E%3Cimg+src%3D%22https%3A%2F%2Fwww.carillons.ch%2Fblog%2Fwp-content%2Fuploads%2F04-Collage-chateau-Echallens2-copie-3-1024x1024.jpeg%22+alt%3D%22%22+class%3D%22wp-image-18271%22%2F%3E%3C%2Ffigure%3E%3Cp%3EVisite+sur+r%C3%A9servation+du+ch%C3%A2teau+le+samedi+14+mars+2026+de+14h30+%C3%A0+16h45+%3A+r%C3%A9servation+sur+la+page+de+l%E2%80%99Universit%C3%A9+Populaire+de+Lausanne%3A%26nbsp%3B%26nbsp%3B%3Ca+href%3D%22https%3A%2F%2Fuplausanne.ch%2Fcours%2Fle-chateau-bourguignon-dechallens-des-seigneurs-de-montfaucon-ses-trois-tours-conservees-ses-caveaux%2F05-1%2F%22+target%3D%22_blank%22+rel%3D%22noreferrer+noopener%22%3Er%C3%A9servation%3C%2Fa%3E.%3C%2Fp%3E+%3Cp%3EVisite+guid%C3%A9e+du+ch%C3%A2teau+d%E2%80%99%C3%89challens%2C+avec+ses+trois+tours%2C+dont+une+r%C3%A9cemment+remise+%C3%A0+jour%2C+ses+deux+caveaux+et+ses+anciennes+prisons.+De+1175+%C3%A0+1475+environ%2C+%C3%89challens+est+la+capitale+d%E2%80%99une+seigneurie+bourguignonne+et+le+fief+des+seigneurs+de+Montfaucon.+D%3C%2Fp%3E%28Voir+toute+la+description+de+%C3%A9v%C3%A8nement+ici%C2%A0%3A+https%3A%2F%2Fwww.carillons.ch%2Fblog%2Fevent%2Fle-chateau-bourguignon-dechallens-des-seigneurs-de-montfaucon-ses-trois-tours-conservees-ses-caveaux%2F%29&#038;trp=false&#038;ctz=Europe\/Zurich&#038;sprop=website:https:\/\/www.carillons.ch\/blog\"\n\t\t\t\t\t\t\t\t\t\tclass=\"tribe-events-c-subscribe-dropdown__list-item-link\"\n\t\t\t\t\t\t\t\t\t\ttarget=\"_blank\"\n\t\t\t\t\t\t\t\t\t\trel=\"noopener noreferrer nofollow noindex\"\n\t\t\t\t\t\t\t\t\t>\n\t\t\t\t\t\t\t\t\t\tGoogle Agenda\t\t\t\t\t\t\t\t\t<\/a>\n\t\t\t\t\t\t\t\t<\/li>\n\t\t\t\t\t\t\t\t\t\t\t\t\t\t\t<li class=\"tribe-events-c-subscribe-dropdown__list-item tribe-events-c-subscribe-dropdown__list-item--ical\">\n\t\t\t\t\t\t\t\t\t<a\n\t\t\t\t\t\t\t\t\t\thref=\"\"\n\t\t\t\t\t\t\t\t\t\tclass=\"tribe-events-c-subscribe-dropdown__list-item-link\"\n\t\t\t\t\t\t\t\t\t\ttarget=\"_blank\"\n\t\t\t\t\t\t\t\t\t\trel=\"noopener noreferrer nofollow noindex\"\n\t\t\t\t\t\t\t\t\t>\n\t\t\t\t\t\t\t\t\t\tiCalendar\t\t\t\t\t\t\t\t\t<\/a>\n\t\t\t\t\t\t\t\t<\/li>\n\t\t\t\t\t\t\t\t\t\t\t\t\t\t\t<li class=\"tribe-events-c-subscribe-dropdown__list-item tribe-events-c-subscribe-dropdown__list-item--outlook-365\">\n\t\t\t\t\t\t\t\t\t<a\n\t\t\t\t\t\t\t\t\t\thref=\"\"\n\t\t\t\t\t\t\t\t\t\tclass=\"tribe-events-c-subscribe-dropdown__list-item-link\"\n\t\t\t\t\t\t\t\t\t\ttarget=\"_blank\"\n\t\t\t\t\t\t\t\t\t\trel=\"noopener noreferrer nofollow noindex\"\n\t\t\t\t\t\t\t\t\t>\n\t\t\t\t\t\t\t\t\t\tOutlook 365\t\t\t\t\t\t\t\t\t<\/a>\n\t\t\t\t\t\t\t\t<\/li>\n\t\t\t\t\t\t\t\t\t\t\t\t\t\t\t<li class=\"tribe-events-c-subscribe-dropdown__list-item tribe-events-c-subscribe-dropdown__list-item--outlook-live\">\n\t\t\t\t\t\t\t\t\t<a\n\t\t\t\t\t\t\t\t\t\thref=\"\"\n\t\t\t\t\t\t\t\t\t\tclass=\"tribe-events-c-subscribe-dropdown__list-item-link\"\n\t\t\t\t\t\t\t\t\t\ttarget=\"_blank\"\n\t\t\t\t\t\t\t\t\t\trel=\"noopener noreferrer nofollow noindex\"\n\t\t\t\t\t\t\t\t\t>\n\t\t\t\t\t\t\t\t\t\tOutlook Live\t\t\t\t\t\t\t\t\t<\/a>\n\t\t\t\t\t\t\t\t<\/li>\n\t\t\t\t\t\t\t\t\t\t\t\t\t<\/ul>\n\t\t\t\t\t<\/div>\n\t\t\t\t<\/div>\n\t\t\t<\/div>\n\t\t<\/div>\n\t<\/div>\n\n","protected":false},"excerpt":{"rendered":"<p>Le Pays de Vaud au Moyen \u00c2ge : visite de l\u2019un des ch\u00e2teaux des bourguignons, assi\u00e9g\u00e9s et incendi\u00e9s par les conf\u00e9d\u00e9r\u00e9s en 1476. Visite sur r\u00e9servation du ch\u00e2teau le samedi 14 mars 2026 de 14h30 \u00e0 16h45 : r\u00e9servation sur la page de l\u2019Universit\u00e9 Populaire de Lausanne:&nbsp;&nbsp;r\u00e9servation. Visite guid\u00e9e du ch\u00e2teau d\u2019\u00c9challens, avec ses trois tours, dont une\u2026 <span class=\"read-more\"><a href=\"https:\/\/www.carillons.ch\/blog\/event\/le-chateau-bourguignon-dechallens-des-seigneurs-de-montfaucon-ses-trois-tours-conservees-ses-caveaux\/\">Lire la suite &raquo;<\/a><\/span><\/p>\n","protected":false},"author":1,"featured_media":18271,"template":"","meta":{"sfsi_plus_gutenberg_text_before_share":"","sfsi_plus_gutenberg_show_text_before_share":"","sfsi_plus_gutenberg_icon_type":"","sfsi_plus_gutenberg_icon_alignemt":"","sfsi_plus_gutenburg_max_per_row":"","_EventAllDay":false,"_EventTimezone":"Europe\/Zurich","_EventStartDate":"2026-03-14 14:30:00","_EventEndDate":"2026-03-14 17:00:00","_EventStartDateUTC":"2026-03-14 13:30:00","_EventEndDateUTC":"2026-03-14 16:00:00","_EventShowMap":false,"_EventShowMapLink":false,"_EventURL":"https:\/\/uplausanne.ch\/cours\/le-chateau-bourguignon-dechallens-des-seigneurs-de-montfaucon-ses-trois-tours-conservees-ses-caveaux\/05-1\/","_EventCost":"35","_EventCostDescription":"","_EventCurrencySymbol":"CHF","_EventCurrencyCode":"USD","_EventCurrencyPosition":"prefix","_EventDateTimeSeparator":" @ ","_EventTimeRangeSeparator":" - ","_EventOrganizerID":[12447],"_EventVenueID":[],"_OrganizerEmail":"","_OrganizerPhone":"","_OrganizerWebsite":"","_VenueAddress":"","_VenueCity":"","_VenueCountry":"","_VenueProvince":"","_VenueState":"","_VenueZip":"","_VenuePhone":"","_VenueURL":"","_VenueStateProvince":"","_VenueLat":"","_VenueLng":"","_VenueShowMap":false,"_VenueShowMapLink":false,"_tribe_events_status":"","_tribe_events_status_reason":"","footnotes":""},"tags":[816,189],"tribe_events_cat":[667,665],"class_list":["post-18274","tribe_events","type-tribe_events","status-publish","has-post-thumbnail","hentry","tag-chateau-2","tag-visite-guidee","tribe_events_cat-universite-populaire-de-lausanne","tribe_events_cat-visite-guidee","cat_universite-populaire-de-lausanne","cat_visite-guidee"],"_links":{"self":[{"href":"https:\/\/www.carillons.ch\/blog\/wp-json\/wp\/v2\/tribe_events\/18274","targetHints":{"allow":["GET"]}}],"collection":[{"href":"https:\/\/www.carillons.ch\/blog\/wp-json\/wp\/v2\/tribe_events"}],"about":[{"href":"https:\/\/www.carillons.ch\/blog\/wp-json\/wp\/v2\/types\/tribe_events"}],"author":[{"embeddable":true,"href":"https:\/\/www.carillons.ch\/blog\/wp-json\/wp\/v2\/users\/1"}],"version-history":[{"count":2,"href":"https:\/\/www.carillons.ch\/blog\/wp-json\/wp\/v2\/tribe_events\/18274\/revisions"}],"predecessor-version":[{"id":18276,"href":"https:\/\/www.carillons.ch\/blog\/wp-json\/wp\/v2\/tribe_events\/18274\/revisions\/18276"}],"wp:featuredmedia":[{"embeddable":true,"href":"https:\/\/www.carillons.ch\/blog\/wp-json\/wp\/v2\/media\/18271"}],"wp:attachment":[{"href":"https:\/\/www.carillons.ch\/blog\/wp-json\/wp\/v2\/media?parent=18274"}],"wp:term":[{"taxonomy":"post_tag","embeddable":true,"href":"https:\/\/www.carillons.ch\/blog\/wp-json\/wp\/v2\/tags?post=18274"},{"taxonomy":"tribe_events_cat","embeddable":true,"href":"https:\/\/www.carillons.ch\/blog\/wp-json\/wp\/v2\/tribe_events_cat?post=18274"}],"curies":[{"name":"wp","href":"https:\/\/api.w.org\/{rel}","templated":true}]}}