{"id":18294,"date":"2026-03-09T06:02:18","date_gmt":"2026-03-09T05:02:18","guid":{"rendered":"https:\/\/www.carillons.ch\/blog\/?post_type=tribe_events&#038;p=18294"},"modified":"2026-03-09T06:05:14","modified_gmt":"2026-03-09T05:05:14","slug":"rencontre-avec-gustave-roud-recital-par-le-pianiste-laurent-martin","status":"publish","type":"tribe_events","link":"https:\/\/www.carillons.ch\/blog\/event\/rencontre-avec-gustave-roud-recital-par-le-pianiste-laurent-martin\/","title":{"rendered":"Rencontre avec Gustave Roud, r\u00e9cital par le pianiste Laurent Martin"},"content":{"rendered":"<div  class=\"tribe-events-schedule tribe-clearfix\" >\n\t<p class=\"tribe-events-schedule__datetime\">\n\t\t<span class=\"tribe-events-schedule__date tribe-events-schedule__date--start\">\n\t\t\t19 avril\t\t<\/span>\n\n\t\t\t\t\t<span class=\"tribe-events-schedule__separator tribe-events-schedule__separator--date\">\n\t\t\t\t @ \t\t\t<\/span>\n\t\t\t<span class=\"tribe-events-schedule__time tribe-events-schedule__time--start\">\n\t\t\t\t17:00\t\t\t<\/span>\n\t\t\n\t\t\t\t\t\t\t\t\t<span class=\"tribe-events-schedule__separator tribe-events-schedule__separator--time\">\n\t\t\t\t\t &#8211; \t\t\t\t<\/span>\n\t\t\t\n\t\t\t\t\t\t\t<span class=\"tribe-events-schedule__time tribe-events-schedule__time--end\">\n\t\t\t\t\t18:00\t\t\t\t<\/span>\n\t\t\t\n\t\t\t\t\t\t<\/p>\n<\/div>\n\n\n\n<p>Concert<\/p>\n\n\n\n<p><strong>Dimanche 19 avril \u00e0 17 h<\/strong><\/p>\n\n\n\n<p>Lieu: Abbaye de Montheron (route de l\u2019Abbaye 3, 1053 Montheron (Lausanne, pr\u00e8s de Cugy).<\/p>\n\n\n\n<figure class=\"wp-block-image size-large\"><img loading=\"lazy\" decoding=\"async\" width=\"741\" height=\"1024\" src=\"https:\/\/www.carillons.ch\/blog\/wp-content\/uploads\/Flyer_GustaveRoud-741x1024.jpeg\" alt=\"\" class=\"wp-image-18295\" srcset=\"https:\/\/www.carillons.ch\/blog\/wp-content\/uploads\/Flyer_GustaveRoud-741x1024.jpeg 741w, https:\/\/www.carillons.ch\/blog\/wp-content\/uploads\/Flyer_GustaveRoud-217x300.jpeg 217w, https:\/\/www.carillons.ch\/blog\/wp-content\/uploads\/Flyer_GustaveRoud-109x150.jpeg 109w, https:\/\/www.carillons.ch\/blog\/wp-content\/uploads\/Flyer_GustaveRoud-768x1061.jpeg 768w, https:\/\/www.carillons.ch\/blog\/wp-content\/uploads\/Flyer_GustaveRoud-1112x1536.jpeg 1112w, https:\/\/www.carillons.ch\/blog\/wp-content\/uploads\/Flyer_GustaveRoud-1482x2048.jpeg 1482w, https:\/\/www.carillons.ch\/blog\/wp-content\/uploads\/Flyer_GustaveRoud-665x919.jpeg 665w, https:\/\/www.carillons.ch\/blog\/wp-content\/uploads\/Flyer_GustaveRoud-scaled.jpeg 1853w\" sizes=\"auto, (max-width: 741px) 100vw, 741px\" \/><\/figure>\n\n\n\n<p>R\u00e9cital par le pianiste Laurent Martin&nbsp;<\/p>\n\n\n\n<p>Po\u00e8mes de Gustave Roud lus par Brigitte Balleys.<\/p>\n\n\n\n<p>L&rsquo;association M\u00e9lodies passag\u00e8res propose dans sa saison 2026 des rencontres entre musique et litt\u00e9rature. Le pianiste Laurent Martin a consacr\u00e9 sa vie d&rsquo;artiste \u00e0 la red\u00e9couverte de compositrices et compositeurs tomb\u00e9s dans l&rsquo;oubli. Ce programme, li\u00e9 \u00e0 Gustave Roud, \u00e0 ses \u00e9crits et correspondances, r\u00e9pondra aux musiques choisies par Laurent Martin.<\/p>\n\n\n\n<p>Des \u00ab\u00a0Cloches dans la brume\u00a0\u00bb de Blanche Selva au \u00ab Printemps \u00bb de Mel Bonis, la qui\u00e9tude d&rsquo;un Bach accompagnera le chemin du Schubert voyageur. Gustave Roud ira jusqu&rsquo;aux \u00ab Hauts jardins \u00bb d&rsquo;Henri Pourrat et de son Auvergne tant aim\u00e9e, Chabrier s&rsquo;en r\u00e9jouira.<\/p>\n\n\n\n<p>Invitation \u00e0 ce voyage \u00e0 l&rsquo;Abbaye de Montheron ce 19 avril prochain, avec l&rsquo;accompagnement des carillons de Daniel Thomas. www.melodies-passageres.ch<\/p>\n\n\n\n<p>Entr\u00e9e libre, collecte (prix conseill\u00e9 : 30.- plein, 20.- r\u00e9ductions). Informations, inscriptions (comme membres ou \u00e0 la lettre de nouvelles) : \u00e0 dt@carillonneur.ch ou 079 391 46 96. Pour recevoir l\u2019annonce de nos manifestations, transmettez-vous votre adresse de courriel.<\/p>\n\n\n\n<figure class=\"wp-block-image size-large\"><img loading=\"lazy\" decoding=\"async\" width=\"768\" height=\"1024\" src=\"https:\/\/www.carillons.ch\/blog\/wp-content\/uploads\/photo-duo-L-Martin-copie-768x1024.jpg\" alt=\"\" class=\"wp-image-18297\" srcset=\"https:\/\/www.carillons.ch\/blog\/wp-content\/uploads\/photo-duo-L-Martin-copie-768x1024.jpg 768w, https:\/\/www.carillons.ch\/blog\/wp-content\/uploads\/photo-duo-L-Martin-copie-225x300.jpg 225w, https:\/\/www.carillons.ch\/blog\/wp-content\/uploads\/photo-duo-L-Martin-copie-113x150.jpg 113w, https:\/\/www.carillons.ch\/blog\/wp-content\/uploads\/photo-duo-L-Martin-copie-665x886.jpg 665w, https:\/\/www.carillons.ch\/blog\/wp-content\/uploads\/photo-duo-L-Martin-copie.jpg 1000w\" sizes=\"auto, (max-width: 768px) 100vw, 768px\" \/><figcaption class=\"wp-element-caption\">OLYMPUS DIGITAL CAMERA<\/figcaption><\/figure>\n\n\n<div  class=\"tribe-block tribe-block__event-price\" >\n\t\t<\/div>\n\n\n\n\n<div  class=\"tribe-block tribe-block__venue tribe-clearfix tribe-block__venue--has-map\" >\n\t\n\t\n<div class=\"tribe-block__venue__meta\">\n\t<div class=\"tribe-block__venue__name\">\n\t\t<h3>Abbaye de Montheron<\/h3>\n\t<\/div>\n\n\t\n\t\t\t\t\t\t<address class=\"tribe-block__venue__address\">\n\t\t\t\t<span class=\"tribe-address\">\n\n<span class=\"tribe-street-address\">Rte de l\u2019Abbaye 3<\/span>\n\t\n\t\t<br>\n\t\t<span class=\"tribe-locality\">Montheron (Lausanne)<\/span><span class=\"tribe-delimiter\">,<\/span>\n\n\t<abbr class=\"tribe-region tribe-events-abbr\" title=\"Vaud\">Vaud<\/abbr>\n\n\t<span class=\"tribe-postal-code\">1053<\/span>\n\n\t<span class=\"tribe-country-name\">Suisse<\/span>\n\n<\/span>\n\n\t\t\t\t\t\t\t\t\t<a class=\"tribe-events-gmap\" href=\"https:\/\/maps.google.com\/maps?f=q&#038;source=s_q&#038;hl=en&#038;geocode=&#038;q=Rte+de+l%E2%80%99Abbaye+3+Montheron+%28Lausanne%29+Vaud+1053+Suisse\" title=\"Cliquez pour voir une carte Google Map\" target=\"_blank\" rel=\"noreferrer noopener\">+ Google Map<\/a>\t\t\t\t\t\t\t<\/address>\n\t\t\n\t\t\t\t\t<span class=\"tribe-block__venue__phone\">079 391 46 96<\/span><br \/>\n\t\t\n\t\t\t\t\t<span class=\"tribe-block__venue__website\"><a href=\"https:\/\/www.carillons.ch\/blog\/sujet\/associations\/aaam-abbaye-de-montheron\/\" target=\"_self\" rel=\"external\">Voir Lieu site web<\/a><\/span><br \/>\n\t\t\t\n\t<\/div>\n\t\n<div class=\"tribe-block__venue__map\">\n\t\n<iframe loading=\"lazy\"\n  title=\"L\u2018iframe Google maps affichant l\u2019adresse \u00e0 Abbaye de Montheron\"\n  aria-label=\"Plan des lieux\"\n  width=\"310px\"\n  height=\"256px\"\n  frameborder=\"0\" style=\"border:0\"\n  src=\"https:\/\/www.google.com\/maps\/embed\/v1\/place?key=AIzaSyDNsicAsP6-VuGtAb1O9riI3oc_NOb7IOU&#038;q=Rte+de+l%E2%80%99Abbaye+3+Montheron+%28Lausanne%29+Vaud+1053+Suisse+&#038;zoom=10\" allowfullscreen>\n<\/iframe>\n<\/div>\n\n\t<\/div>\n\n\n<div  class=\"tribe-block tribe-block__event-website\" >\n\t<a\n\t\thref=\"http:\/\/www.melodies-passageres.ch\"\n\t\ttarget=\"_self\"\n\t\t\t>\n\t\tM\u00e9lodies passag\u00e8res\t<\/a>\n<\/div>\n\n\n\t<div  class=\"tribe-block tribe-block__events-link\" >\n\t\t<div class=\"tribe-events tribe-common\">\n\t\t\t<div class=\"tribe-events-c-subscribe-dropdown__container\">\n\t\t\t\t<div class=\"tribe-events-c-subscribe-dropdown\">\n\t\t\t\t\t<div class=\"tribe-common-c-btn-border tribe-events-c-subscribe-dropdown__button\">\n\t\t\t\t\t\t<svg\n\t class=\"tribe-common-c-svgicon tribe-common-c-svgicon--cal-export tribe-events-c-subscribe-dropdown__export-icon\" \taria-hidden=\"true\"\n\tviewBox=\"0 0 23 17\"\n\txmlns=\"http:\/\/www.w3.org\/2000\/svg\"\n>\n\t<path fill-rule=\"evenodd\" clip-rule=\"evenodd\" d=\"M.128.896V16.13c0 .211.145.383.323.383h15.354c.179 0 .323-.172.323-.383V.896c0-.212-.144-.383-.323-.383H.451C.273.513.128.684.128.896Zm16 6.742h-.901V4.679H1.009v10.729h14.218v-3.336h.901V7.638ZM1.01 1.614h14.218v2.058H1.009V1.614Z\" \/>\n\t<path d=\"M20.5 9.846H8.312M18.524 6.953l2.89 2.909-2.855 2.855\" stroke-width=\"1.2\" stroke-linecap=\"round\" stroke-linejoin=\"round\"\/>\n<\/svg>\n\t\t\t\t\t\t<button\n\t\t\t\t\t\t\tclass=\"tribe-events-c-subscribe-dropdown__button-text\"\n\t\t\t\t\t\t\taria-expanded=\"false\"\n\t\t\t\t\t\t\taria-controls=\"tribe-events-subscribe-dropdown-content\"\n\t\t\t\t\t\t\taria-label=\"Afficher les liens permettant d\u2019ajouter des \u00e9v\u00e8nements \u00e0 votre calendrier\"\n\t\t\t\t\t\t>\n\t\t\t\t\t\t\tAjouter au calendrier\t\t\t\t\t\t<\/button>\n\t\t\t\t\t\t<svg\n\t class=\"tribe-common-c-svgicon tribe-common-c-svgicon--caret-down tribe-events-c-subscribe-dropdown__button-icon\" \taria-hidden=\"true\"\n\tviewBox=\"0 0 10 7\"\n\txmlns=\"http:\/\/www.w3.org\/2000\/svg\"\n>\n\t<path fill-rule=\"evenodd\" clip-rule=\"evenodd\" d=\"M1.008.609L5 4.6 8.992.61l.958.958L5 6.517.05 1.566l.958-.958z\" class=\"tribe-common-c-svgicon__svg-fill\"\/>\n<\/svg>\n\t\t\t\t\t<\/div>\n\t\t\t\t\t<div id=\"tribe-events-subscribe-dropdown-content\" class=\"tribe-events-c-subscribe-dropdown__content\">\n\t\t\t\t\t\t<ul class=\"tribe-events-c-subscribe-dropdown__list\">\n\t\t\t\t\t\t\t\t\t\t\t\t\t\t\t<li class=\"tribe-events-c-subscribe-dropdown__list-item tribe-events-c-subscribe-dropdown__list-item--gcal\">\n\t\t\t\t\t\t\t\t\t<a\n\t\t\t\t\t\t\t\t\t\thref=\"https:\/\/www.google.com\/calendar\/event?action=TEMPLATE&#038;dates=20260419T170000\/20260419T180000&#038;text=Rencontre%20avec%20Gustave%20Roud%2C%20r%C3%A9cital%20par%20le%20pianiste%20Laurent%20Martin&#038;details=%3Cp%3EConcert%3C%2Fp%3E+%3Cp%3E%3Cstrong%3EDimanche+19+avril+%C3%A0+17+h%3C%2Fstrong%3E%3C%2Fp%3E+%3Cp%3ELieu%3A+Abbaye+de+Montheron+%28route+de+l%E2%80%99Abbaye+3%2C+1053+Montheron+%28Lausanne%2C+pr%C3%A8s+de+Cugy%29.%3C%2Fp%3E+%3Cfigure+class%3D%22wp-block-image+size-large%22%3E%3Cimg+src%3D%22https%3A%2F%2Fwww.carillons.ch%2Fblog%2Fwp-content%2Fuploads%2FFlyer_GustaveRoud-741x1024.jpeg%22+alt%3D%22%22+class%3D%22wp-image-18295%22%2F%3E%3C%2Ffigure%3E%3Cp%3ER%C3%A9cital+par+le+pianiste+Laurent+Martin%26nbsp%3B%3C%2Fp%3E+%3Cp%3EPo%C3%A8mes+de+Gustave+Roud+lus+par+Brigitte+Balleys.%3C%2Fp%3E+%3Cp%3EL%27association+M%C3%A9lodies+passag%C3%A8res+propose+dans+sa+saison+2026+des+rencontres+entre+musique+et+litt%C3%A9rature.+Le+pianiste+Laurent+Martin+a+consacr%C3%A9+sa+vie+d%27artiste+%C3%A0+la+red%C3%A9couverte+de+compositrices+et+compositeurs+tomb%C3%A9s+dans+l%27oubli.+Ce+programme%2C+li%C3%A9+%C3%A0+Gustave+Roud%2C+%C3%A0+ses+%C3%A9crits+et+correspondances%2C+r%C3%A9pondra+aux+musiques+choisies+par+Laurent+Martin.%3C%2Fp%3E+%3Cp%3EDes+%22Cloches+dans+la+brume%22+de+Blanche+Selva+au+%C2%AB+Printemps+%C2%BB+de+Mel+Bonis%2C+la+qui%C3%A9tude+d%27un+Bach+accompagnera+le+chemin+du+Schubert+voyageu%3C%2Fp%3E%28Voir+toute+la+description+de+%C3%A9v%C3%A8nement+ici%C2%A0%3A+https%3A%2F%2Fwww.carillons.ch%2Fblog%2Fevent%2Frencontre-avec-gustave-roud-recital-par-le-pianiste-laurent-martin%2F%29&#038;location=Abbaye%20de%20Montheron,%20Rte%20de%20l\u2019Abbaye%203,%20Montheron%20(Lausanne),%20Vaud,%201053,%20Suisse&#038;trp=false&#038;ctz=Europe\/Zurich&#038;sprop=website:https:\/\/www.carillons.ch\/blog\"\n\t\t\t\t\t\t\t\t\t\tclass=\"tribe-events-c-subscribe-dropdown__list-item-link\"\n\t\t\t\t\t\t\t\t\t\ttarget=\"_blank\"\n\t\t\t\t\t\t\t\t\t\trel=\"noopener noreferrer nofollow noindex\"\n\t\t\t\t\t\t\t\t\t>\n\t\t\t\t\t\t\t\t\t\tGoogle Agenda\t\t\t\t\t\t\t\t\t<\/a>\n\t\t\t\t\t\t\t\t<\/li>\n\t\t\t\t\t\t\t\t\t\t\t\t\t\t\t<li class=\"tribe-events-c-subscribe-dropdown__list-item tribe-events-c-subscribe-dropdown__list-item--ical\">\n\t\t\t\t\t\t\t\t\t<a\n\t\t\t\t\t\t\t\t\t\thref=\"\"\n\t\t\t\t\t\t\t\t\t\tclass=\"tribe-events-c-subscribe-dropdown__list-item-link\"\n\t\t\t\t\t\t\t\t\t\ttarget=\"_blank\"\n\t\t\t\t\t\t\t\t\t\trel=\"noopener noreferrer nofollow noindex\"\n\t\t\t\t\t\t\t\t\t>\n\t\t\t\t\t\t\t\t\t\tiCalendar\t\t\t\t\t\t\t\t\t<\/a>\n\t\t\t\t\t\t\t\t<\/li>\n\t\t\t\t\t\t\t\t\t\t\t\t\t\t\t<li class=\"tribe-events-c-subscribe-dropdown__list-item tribe-events-c-subscribe-dropdown__list-item--outlook-365\">\n\t\t\t\t\t\t\t\t\t<a\n\t\t\t\t\t\t\t\t\t\thref=\"\"\n\t\t\t\t\t\t\t\t\t\tclass=\"tribe-events-c-subscribe-dropdown__list-item-link\"\n\t\t\t\t\t\t\t\t\t\ttarget=\"_blank\"\n\t\t\t\t\t\t\t\t\t\trel=\"noopener noreferrer nofollow noindex\"\n\t\t\t\t\t\t\t\t\t>\n\t\t\t\t\t\t\t\t\t\tOutlook 365\t\t\t\t\t\t\t\t\t<\/a>\n\t\t\t\t\t\t\t\t<\/li>\n\t\t\t\t\t\t\t\t\t\t\t\t\t\t\t<li class=\"tribe-events-c-subscribe-dropdown__list-item tribe-events-c-subscribe-dropdown__list-item--outlook-live\">\n\t\t\t\t\t\t\t\t\t<a\n\t\t\t\t\t\t\t\t\t\thref=\"\"\n\t\t\t\t\t\t\t\t\t\tclass=\"tribe-events-c-subscribe-dropdown__list-item-link\"\n\t\t\t\t\t\t\t\t\t\ttarget=\"_blank\"\n\t\t\t\t\t\t\t\t\t\trel=\"noopener noreferrer nofollow noindex\"\n\t\t\t\t\t\t\t\t\t>\n\t\t\t\t\t\t\t\t\t\tOutlook Live\t\t\t\t\t\t\t\t\t<\/a>\n\t\t\t\t\t\t\t\t<\/li>\n\t\t\t\t\t\t\t\t\t\t\t\t\t<\/ul>\n\t\t\t\t\t<\/div>\n\t\t\t\t<\/div>\n\t\t\t<\/div>\n\t\t<\/div>\n\t<\/div>\n\n","protected":false},"excerpt":{"rendered":"<p>Concert Dimanche 19 avril \u00e0 17 h Lieu: Abbaye de Montheron (route de l\u2019Abbaye 3, 1053 Montheron (Lausanne, pr\u00e8s de Cugy). R\u00e9cital par le pianiste Laurent Martin&nbsp; Po\u00e8mes de Gustave Roud lus par Brigitte Balleys. L&rsquo;association M\u00e9lodies passag\u00e8res propose dans sa saison 2026 des rencontres entre musique et litt\u00e9rature. Le pianiste Laurent Martin a consacr\u00e9 sa vie d&rsquo;artiste\u2026 <span class=\"read-more\"><a href=\"https:\/\/www.carillons.ch\/blog\/event\/rencontre-avec-gustave-roud-recital-par-le-pianiste-laurent-martin\/\">Lire la suite &raquo;<\/a><\/span><\/p>\n","protected":false},"author":1,"featured_media":18295,"template":"","meta":{"sfsi_plus_gutenberg_text_before_share":"","sfsi_plus_gutenberg_show_text_before_share":"","sfsi_plus_gutenberg_icon_type":"","sfsi_plus_gutenberg_icon_alignemt":"","sfsi_plus_gutenburg_max_per_row":"","_EventAllDay":false,"_EventTimezone":"Europe\/Zurich","_EventStartDate":"2026-04-19 17:00:00","_EventEndDate":"2026-04-19 18:00:00","_EventStartDateUTC":"2026-04-19 15:00:00","_EventEndDateUTC":"2026-04-19 16:00:00","_EventShowMap":false,"_EventShowMapLink":false,"_EventURL":"www.melodies-passageres.ch","_EventCost":"","_EventCostDescription":"","_EventCurrencySymbol":"CHF","_EventCurrencyCode":"USD","_EventCurrencyPosition":"prefix","_EventDateTimeSeparator":" @ ","_EventTimeRangeSeparator":" - ","_EventOrganizerID":[],"_EventVenueID":[12384],"_OrganizerEmail":"","_OrganizerPhone":"","_OrganizerWebsite":"","_VenueAddress":"","_VenueCity":"","_VenueCountry":"","_VenueProvince":"","_VenueState":"","_VenueZip":"","_VenuePhone":"","_VenueURL":"","_VenueStateProvince":"","_VenueLat":"","_VenueLng":"","_VenueShowMap":false,"_VenueShowMapLink":false,"_tribe_events_status":"","_tribe_events_status_reason":"","footnotes":""},"tags":[490,487,743],"tribe_events_cat":[654,644,682],"class_list":["post-18294","tribe_events","type-tribe_events","status-publish","has-post-thumbnail","hentry","tag-carillon","tag-piano","tag-poesie","tribe_events_cat-abbaye-de-montheron","tribe_events_cat-concert","tribe_events_cat-piano","cat_abbaye-de-montheron","cat_concert","cat_piano"],"_links":{"self":[{"href":"https:\/\/www.carillons.ch\/blog\/wp-json\/wp\/v2\/tribe_events\/18294","targetHints":{"allow":["GET"]}}],"collection":[{"href":"https:\/\/www.carillons.ch\/blog\/wp-json\/wp\/v2\/tribe_events"}],"about":[{"href":"https:\/\/www.carillons.ch\/blog\/wp-json\/wp\/v2\/types\/tribe_events"}],"author":[{"embeddable":true,"href":"https:\/\/www.carillons.ch\/blog\/wp-json\/wp\/v2\/users\/1"}],"version-history":[{"count":2,"href":"https:\/\/www.carillons.ch\/blog\/wp-json\/wp\/v2\/tribe_events\/18294\/revisions"}],"predecessor-version":[{"id":18298,"href":"https:\/\/www.carillons.ch\/blog\/wp-json\/wp\/v2\/tribe_events\/18294\/revisions\/18298"}],"wp:featuredmedia":[{"embeddable":true,"href":"https:\/\/www.carillons.ch\/blog\/wp-json\/wp\/v2\/media\/18295"}],"wp:attachment":[{"href":"https:\/\/www.carillons.ch\/blog\/wp-json\/wp\/v2\/media?parent=18294"}],"wp:term":[{"taxonomy":"post_tag","embeddable":true,"href":"https:\/\/www.carillons.ch\/blog\/wp-json\/wp\/v2\/tags?post=18294"},{"taxonomy":"tribe_events_cat","embeddable":true,"href":"https:\/\/www.carillons.ch\/blog\/wp-json\/wp\/v2\/tribe_events_cat?post=18294"}],"curies":[{"name":"wp","href":"https:\/\/api.w.org\/{rel}","templated":true}]}}