{"id":18299,"date":"2026-03-13T20:44:40","date_gmt":"2026-03-13T19:44:40","guid":{"rendered":"https:\/\/www.carillons.ch\/blog\/?post_type=tribe_events&#038;p=18299"},"modified":"2026-04-21T10:09:29","modified_gmt":"2026-04-21T08:09:29","slug":"duo-vocal-ou-flute-et-claviers","status":"publish","type":"tribe_events","link":"https:\/\/www.carillons.ch\/blog\/event\/duo-vocal-ou-flute-et-claviers\/","title":{"rendered":"Duo vocal ou fl\u00fbte et claviers"},"content":{"rendered":"<div  class=\"tribe-events-schedule tribe-clearfix\" >\n\t<p class=\"tribe-events-schedule__datetime\">\n\t\t<span class=\"tribe-events-schedule__date tribe-events-schedule__date--start\">\n\t\t\t25 avril\t\t<\/span>\n\n\t\t\t\t\t<span class=\"tribe-events-schedule__separator tribe-events-schedule__separator--date\">\n\t\t\t\t @ \t\t\t<\/span>\n\t\t\t<span class=\"tribe-events-schedule__time tribe-events-schedule__time--start\">\n\t\t\t\t15:30\t\t\t<\/span>\n\t\t\n\t\t\t\t\t\t\t\t\t<span class=\"tribe-events-schedule__separator tribe-events-schedule__separator--time\">\n\t\t\t\t\t &#8211; \t\t\t\t<\/span>\n\t\t\t\n\t\t\t\t\t\t\t<span class=\"tribe-events-schedule__time tribe-events-schedule__time--end\">\n\t\t\t\t\t16:30\t\t\t\t<\/span>\n\t\t\t\n\t\t\t\t\t\t<\/p>\n<\/div>\n\n\n\n<p>Concert<\/p>\n\n\n\n<p><strong>Samedi 25 avril \u00e0 15 h 30&nbsp;<\/strong><\/p>\n\n\n\n<p>Lieu: Abbaye de Montheron (route de l\u2019Abbaye 3, 1053 Montheron (Lausanne, pr\u00e8s de Cugy).<\/p>\n\n\n\n<p>Autres dates : Dimanche 26 avril \u00e4 17 h Centre \u0153cum\u00e9nique de Froideville<\/p>\n\n\n\n<p>Vendredi 24 avril \u00e0 19 h 30, \u00e9glise de St-Am\u00e9d\u00e9e, Bellevaux, Lausanne<\/p>\n\n\n\n<p>Duo vocal ou fl\u00fbte et claviers<\/p>\n\n\n\n<p>Marjaana Miettinen, chant, fl\u00fbte traversi\u00e8re, Elise Gueroult, chant, Daniel Thomas orgue, piano ou clavecin. \u0152uvres de Vivaldi, Arne, Loeillet, musiques finnoises et suisses.<\/p>\n\n\n\n<figure class=\"wp-block-image size-large\"><img loading=\"lazy\" decoding=\"async\" width=\"1024\" height=\"768\" src=\"https:\/\/www.carillons.ch\/blog\/wp-content\/uploads\/abbaye-montheron-1-1024x768.jpg\" alt=\"\" class=\"wp-image-16677\" srcset=\"https:\/\/www.carillons.ch\/blog\/wp-content\/uploads\/abbaye-montheron-1-1024x768.jpg 1024w, https:\/\/www.carillons.ch\/blog\/wp-content\/uploads\/abbaye-montheron-1-300x225.jpg 300w, https:\/\/www.carillons.ch\/blog\/wp-content\/uploads\/abbaye-montheron-1-150x113.jpg 150w, https:\/\/www.carillons.ch\/blog\/wp-content\/uploads\/abbaye-montheron-1-768x576.jpg 768w, https:\/\/www.carillons.ch\/blog\/wp-content\/uploads\/abbaye-montheron-1-665x499.jpg 665w, https:\/\/www.carillons.ch\/blog\/wp-content\/uploads\/abbaye-montheron-1.jpg 1200w\" sizes=\"auto, (max-width: 1024px) 100vw, 1024px\" \/><\/figure>\n\n\n\n<p>Entr\u00e9e libre, collecte (prix conseill\u00e9 : 30.- plein, 20.- r\u00e9ductions). Informations, inscriptions (comme membres ou \u00e0 la lettre de nouvelles) : \u00e0 dt@carillonneur.ch ou 079 391 46 96. Pour recevoir l\u2019annonce de nos manifestations, transmettez-vous votre adresse de courriel.<\/p>\n\n\n\n<figure class=\"wp-block-image size-full\"><img loading=\"lazy\" decoding=\"async\" width=\"950\" height=\"950\" src=\"https:\/\/www.carillons.ch\/blog\/wp-content\/uploads\/Collage-concert-25-avril-copie.jpg\" alt=\"\" class=\"wp-image-18373\" srcset=\"https:\/\/www.carillons.ch\/blog\/wp-content\/uploads\/Collage-concert-25-avril-copie.jpg 950w, https:\/\/www.carillons.ch\/blog\/wp-content\/uploads\/Collage-concert-25-avril-copie-300x300.jpg 300w, https:\/\/www.carillons.ch\/blog\/wp-content\/uploads\/Collage-concert-25-avril-copie-150x150.jpg 150w, https:\/\/www.carillons.ch\/blog\/wp-content\/uploads\/Collage-concert-25-avril-copie-768x768.jpg 768w, https:\/\/www.carillons.ch\/blog\/wp-content\/uploads\/Collage-concert-25-avril-copie-665x665.jpg 665w\" sizes=\"auto, (max-width: 950px) 100vw, 950px\" \/><\/figure>\n\n\n\n<p>sonate de Loeillet 1<\/p>\n\n\n\n<p>Langlais: Cinq motets<\/p>\n\n\n\n<p>Faur\u00e9 J-B: Crucifix<\/p>\n\n\n\n<p>sonate de Loeillet 2<\/p>\n\n\n\n<p>Arne concerto en do majeur Minuetto<\/p>\n\n\n\n<p>Le carillon d&rsquo;Orsi\u00e8res (th\u00e8me valaisan traditionnel)&nbsp; &nbsp; (arr. Marc Vernet et Daniel Thomas)<\/p>\n\n\n\n<p>Pylkk\u00e4nen: Pastorale (Mara solo avec Daniel)<\/p>\n\n\n\n<p>Najib Hankash&nbsp; &nbsp; Aatini Al Nay Wa Ghanni.&nbsp;<\/p>\n\n\n\n<p>Trad. Finlande : On suuri sun rantas autius<\/p>\n\n\n\n<p>piano solo Das Munotgl\u00f6cklein de Ferdinand Buomberger inspir\u00e9 de la petite cloche de la tour du M\u00fcnot de Schaffhouse<\/p>\n\n\n\n<p>Kuula: Ave Maria (Elise solo avec Daniel)<\/p>\n\n\n\n<p>Tikka: Armolaulu (Mara solo avec Daniel)<\/p>\n\n\n\n<p>Clavecin : R. Carr chaconne italienne<\/p>\n\n\n\n<p>Vivaldi: Esurientes<\/p>\n\n\n\n<p>Vivaldi: Laudamus Te<\/p>\n\n\n<div  class=\"tribe-block tribe-block__event-price\" >\n\t\t<\/div>\n\n\n\n\n<div  class=\"tribe-block tribe-block__venue tribe-clearfix tribe-block__venue--has-map\" >\n\t\n\t\n<div class=\"tribe-block__venue__meta\">\n\t<div class=\"tribe-block__venue__name\">\n\t\t<h3>Abbaye de Montheron<\/h3>\n\t<\/div>\n\n\t\n\t\t\t\t\t\t<address class=\"tribe-block__venue__address\">\n\t\t\t\t<span class=\"tribe-address\">\n\n<span class=\"tribe-street-address\">Rte de l\u2019Abbaye 3<\/span>\n\t\n\t\t<br>\n\t\t<span class=\"tribe-locality\">Montheron (Lausanne)<\/span><span class=\"tribe-delimiter\">,<\/span>\n\n\t<abbr class=\"tribe-region tribe-events-abbr\" title=\"Vaud\">Vaud<\/abbr>\n\n\t<span class=\"tribe-postal-code\">1053<\/span>\n\n\t<span class=\"tribe-country-name\">Suisse<\/span>\n\n<\/span>\n\n\t\t\t\t\t\t\t\t\t<a class=\"tribe-events-gmap\" href=\"https:\/\/maps.google.com\/maps?f=q&#038;source=s_q&#038;hl=en&#038;geocode=&#038;q=Rte+de+l%E2%80%99Abbaye+3+Montheron+%28Lausanne%29+Vaud+1053+Suisse\" title=\"Cliquez pour voir une carte Google Map\" target=\"_blank\" rel=\"noreferrer noopener\">+ Google Map<\/a>\t\t\t\t\t\t\t<\/address>\n\t\t\n\t\t\t\t\t<span class=\"tribe-block__venue__phone\">079 391 46 96<\/span><br \/>\n\t\t\n\t\t\t\t\t<span class=\"tribe-block__venue__website\"><a href=\"https:\/\/www.carillons.ch\/blog\/sujet\/associations\/aaam-abbaye-de-montheron\/\" target=\"_self\" rel=\"external\">Voir Lieu site web<\/a><\/span><br \/>\n\t\t\t\n\t<\/div>\n\t\n<div class=\"tribe-block__venue__map\">\n\t\n<iframe loading=\"lazy\"\n  title=\"L\u2018iframe Google maps affichant l\u2019adresse \u00e0 Abbaye de Montheron\"\n  aria-label=\"Plan des lieux\"\n  width=\"310px\"\n  height=\"256px\"\n  frameborder=\"0\" style=\"border:0\"\n  src=\"https:\/\/www.google.com\/maps\/embed\/v1\/place?key=AIzaSyDNsicAsP6-VuGtAb1O9riI3oc_NOb7IOU&#038;q=Rte+de+l%E2%80%99Abbaye+3+Montheron+%28Lausanne%29+Vaud+1053+Suisse+&#038;zoom=10\" allowfullscreen>\n<\/iframe>\n<\/div>\n\n\t<\/div>\n\n\n\n\n\t<div  class=\"tribe-block tribe-block__events-link\" >\n\t\t<div class=\"tribe-events tribe-common\">\n\t\t\t<div class=\"tribe-events-c-subscribe-dropdown__container\">\n\t\t\t\t<div class=\"tribe-events-c-subscribe-dropdown\">\n\t\t\t\t\t<div class=\"tribe-common-c-btn-border tribe-events-c-subscribe-dropdown__button\">\n\t\t\t\t\t\t<svg\n\t class=\"tribe-common-c-svgicon tribe-common-c-svgicon--cal-export tribe-events-c-subscribe-dropdown__export-icon\" \taria-hidden=\"true\"\n\tviewBox=\"0 0 23 17\"\n\txmlns=\"http:\/\/www.w3.org\/2000\/svg\"\n>\n\t<path fill-rule=\"evenodd\" clip-rule=\"evenodd\" d=\"M.128.896V16.13c0 .211.145.383.323.383h15.354c.179 0 .323-.172.323-.383V.896c0-.212-.144-.383-.323-.383H.451C.273.513.128.684.128.896Zm16 6.742h-.901V4.679H1.009v10.729h14.218v-3.336h.901V7.638ZM1.01 1.614h14.218v2.058H1.009V1.614Z\" \/>\n\t<path d=\"M20.5 9.846H8.312M18.524 6.953l2.89 2.909-2.855 2.855\" stroke-width=\"1.2\" stroke-linecap=\"round\" stroke-linejoin=\"round\"\/>\n<\/svg>\n\t\t\t\t\t\t<button\n\t\t\t\t\t\t\tclass=\"tribe-events-c-subscribe-dropdown__button-text\"\n\t\t\t\t\t\t\taria-expanded=\"false\"\n\t\t\t\t\t\t\taria-controls=\"tribe-events-subscribe-dropdown-content\"\n\t\t\t\t\t\t\taria-label=\"Afficher les liens permettant d\u2019ajouter des \u00e9v\u00e8nements \u00e0 votre calendrier\"\n\t\t\t\t\t\t>\n\t\t\t\t\t\t\tAjouter au calendrier\t\t\t\t\t\t<\/button>\n\t\t\t\t\t\t<svg\n\t class=\"tribe-common-c-svgicon tribe-common-c-svgicon--caret-down tribe-events-c-subscribe-dropdown__button-icon\" \taria-hidden=\"true\"\n\tviewBox=\"0 0 10 7\"\n\txmlns=\"http:\/\/www.w3.org\/2000\/svg\"\n>\n\t<path fill-rule=\"evenodd\" clip-rule=\"evenodd\" d=\"M1.008.609L5 4.6 8.992.61l.958.958L5 6.517.05 1.566l.958-.958z\" class=\"tribe-common-c-svgicon__svg-fill\"\/>\n<\/svg>\n\t\t\t\t\t<\/div>\n\t\t\t\t\t<div id=\"tribe-events-subscribe-dropdown-content\" class=\"tribe-events-c-subscribe-dropdown__content\">\n\t\t\t\t\t\t<ul class=\"tribe-events-c-subscribe-dropdown__list\">\n\t\t\t\t\t\t\t\t\t\t\t\t\t\t\t<li class=\"tribe-events-c-subscribe-dropdown__list-item tribe-events-c-subscribe-dropdown__list-item--gcal\">\n\t\t\t\t\t\t\t\t\t<a\n\t\t\t\t\t\t\t\t\t\thref=\"https:\/\/www.google.com\/calendar\/event?action=TEMPLATE&#038;dates=20260425T153000\/20260425T163000&#038;text=Duo%20vocal%20ou%20fl%C3%BBte%20et%20claviers&#038;details=%3Cp%3EConcert%3C%2Fp%3E+%3Cp%3E%3Cstrong%3ESamedi+25+avril+%C3%A0+15+h+30%26nbsp%3B%3C%2Fstrong%3E%3C%2Fp%3E+%3Cp%3ELieu%3A+Abbaye+de+Montheron+%28route+de+l%E2%80%99Abbaye+3%2C+1053+Montheron+%28Lausanne%2C+pr%C3%A8s+de+Cugy%29.%3C%2Fp%3E+%3Cp%3EAutres+dates+%3A+Dimanche+26+avril+%C3%A4+17+h+Centre+%C5%93cum%C3%A9nique+de+Froideville%3C%2Fp%3E+%3Cp%3EVendredi+24+avril+%C3%A0+19+h+30%2C+%C3%A9glise+de+St-Am%C3%A9d%C3%A9e%2C+Bellevaux%2C+Lausanne%3C%2Fp%3E+%3Cp%3EDuo+vocal+ou+fl%C3%BBte+et+claviers%3C%2Fp%3E+%3Cp%3EMarjaana+Miettinen%2C+chant%2C+fl%C3%BBte+traversi%C3%A8re%2C+Elise+Gueroult%2C+chant%2C+Daniel+Thomas+orgue%2C+piano+ou+clavecin.+%C5%92uvres+de+Vivaldi%2C+Arne%2C+Loeillet%2C+musiques+finnoises+et+suisses.%3C%2Fp%3E+%3Cfigure+class%3D%22wp-block-image+size-large%22%3E%3Cimg+src%3D%22https%3A%2F%2Fwww.carillons.ch%2Fblog%2Fwp-content%2Fuploads%2Fabbaye-montheron-1-1024x768.jpg%22+alt%3D%22%22+class%3D%22wp-image-16677%22%2F%3E%3C%2Ffigure%3E%3Cp%3EEntr%C3%A9e+libre%2C+collecte+%28prix+conseill%C3%A9+%3A+30.-+plein%2C+20.-+r%C3%A9ductions%29.+Informations%2C+inscriptions+%28comme+membres+ou+%C3%A0+la+lettre+de+nouvelles%29+%3A+%C3%A0+dt%40carillonneur.ch+ou+079+391+46+96.+Pour+recevoir+l%E2%80%99annonce+de+nos+mani%3C%2Fp%3E%28Voir+toute+la+description+de+%C3%A9v%C3%A8nement+ici%C2%A0%3A+https%3A%2F%2Fwww.carillons.ch%2Fblog%2Fevent%2Fduo-vocal-ou-flute-et-claviers%2F%29&#038;location=Abbaye%20de%20Montheron,%20Rte%20de%20l\u2019Abbaye%203,%20Montheron%20(Lausanne),%20Vaud,%201053,%20Suisse&#038;trp=false&#038;ctz=Europe\/Zurich&#038;sprop=website:https:\/\/www.carillons.ch\/blog\"\n\t\t\t\t\t\t\t\t\t\tclass=\"tribe-events-c-subscribe-dropdown__list-item-link\"\n\t\t\t\t\t\t\t\t\t\ttarget=\"_blank\"\n\t\t\t\t\t\t\t\t\t\trel=\"noopener noreferrer nofollow noindex\"\n\t\t\t\t\t\t\t\t\t>\n\t\t\t\t\t\t\t\t\t\tGoogle Agenda\t\t\t\t\t\t\t\t\t<\/a>\n\t\t\t\t\t\t\t\t<\/li>\n\t\t\t\t\t\t\t\t\t\t\t\t\t\t\t<li class=\"tribe-events-c-subscribe-dropdown__list-item tribe-events-c-subscribe-dropdown__list-item--ical\">\n\t\t\t\t\t\t\t\t\t<a\n\t\t\t\t\t\t\t\t\t\thref=\"\"\n\t\t\t\t\t\t\t\t\t\tclass=\"tribe-events-c-subscribe-dropdown__list-item-link\"\n\t\t\t\t\t\t\t\t\t\ttarget=\"_blank\"\n\t\t\t\t\t\t\t\t\t\trel=\"noopener noreferrer nofollow noindex\"\n\t\t\t\t\t\t\t\t\t>\n\t\t\t\t\t\t\t\t\t\tiCalendar\t\t\t\t\t\t\t\t\t<\/a>\n\t\t\t\t\t\t\t\t<\/li>\n\t\t\t\t\t\t\t\t\t\t\t\t\t\t\t<li class=\"tribe-events-c-subscribe-dropdown__list-item tribe-events-c-subscribe-dropdown__list-item--outlook-365\">\n\t\t\t\t\t\t\t\t\t<a\n\t\t\t\t\t\t\t\t\t\thref=\"\"\n\t\t\t\t\t\t\t\t\t\tclass=\"tribe-events-c-subscribe-dropdown__list-item-link\"\n\t\t\t\t\t\t\t\t\t\ttarget=\"_blank\"\n\t\t\t\t\t\t\t\t\t\trel=\"noopener noreferrer nofollow noindex\"\n\t\t\t\t\t\t\t\t\t>\n\t\t\t\t\t\t\t\t\t\tOutlook 365\t\t\t\t\t\t\t\t\t<\/a>\n\t\t\t\t\t\t\t\t<\/li>\n\t\t\t\t\t\t\t\t\t\t\t\t\t\t\t<li class=\"tribe-events-c-subscribe-dropdown__list-item tribe-events-c-subscribe-dropdown__list-item--outlook-live\">\n\t\t\t\t\t\t\t\t\t<a\n\t\t\t\t\t\t\t\t\t\thref=\"\"\n\t\t\t\t\t\t\t\t\t\tclass=\"tribe-events-c-subscribe-dropdown__list-item-link\"\n\t\t\t\t\t\t\t\t\t\ttarget=\"_blank\"\n\t\t\t\t\t\t\t\t\t\trel=\"noopener noreferrer nofollow noindex\"\n\t\t\t\t\t\t\t\t\t>\n\t\t\t\t\t\t\t\t\t\tOutlook Live\t\t\t\t\t\t\t\t\t<\/a>\n\t\t\t\t\t\t\t\t<\/li>\n\t\t\t\t\t\t\t\t\t\t\t\t\t<\/ul>\n\t\t\t\t\t<\/div>\n\t\t\t\t<\/div>\n\t\t\t<\/div>\n\t\t<\/div>\n\t<\/div>\n\n","protected":false},"excerpt":{"rendered":"<p>Concert Samedi 25 avril \u00e0 15 h 30&nbsp; Lieu: Abbaye de Montheron (route de l\u2019Abbaye 3, 1053 Montheron (Lausanne, pr\u00e8s de Cugy). Autres dates : Dimanche 26 avril \u00e4 17 h Centre \u0153cum\u00e9nique de Froideville Vendredi 24 avril \u00e0 19 h 30, \u00e9glise de St-Am\u00e9d\u00e9e, Bellevaux, Lausanne Duo vocal ou fl\u00fbte et claviers Marjaana Miettinen, chant, fl\u00fbte traversi\u00e8re,\u2026 <span class=\"read-more\"><a href=\"https:\/\/www.carillons.ch\/blog\/event\/duo-vocal-ou-flute-et-claviers\/\">Lire la suite &raquo;<\/a><\/span><\/p>\n","protected":false},"author":1,"featured_media":16677,"template":"","meta":{"sfsi_plus_gutenberg_text_before_share":"","sfsi_plus_gutenberg_show_text_before_share":"","sfsi_plus_gutenberg_icon_type":"","sfsi_plus_gutenberg_icon_alignemt":"","sfsi_plus_gutenburg_max_per_row":"","_EventAllDay":false,"_EventTimezone":"Europe\/Zurich","_EventStartDate":"2026-04-25 15:30:00","_EventEndDate":"2026-04-25 16:30:00","_EventStartDateUTC":"2026-04-25 13:30:00","_EventEndDateUTC":"2026-04-25 14:30:00","_EventShowMap":false,"_EventShowMapLink":false,"_EventURL":"","_EventCost":"","_EventCostDescription":"","_EventCurrencySymbol":"CHF","_EventCurrencyCode":"USD","_EventCurrencyPosition":"prefix","_EventDateTimeSeparator":" @ ","_EventTimeRangeSeparator":" - ","_EventOrganizerID":[],"_EventVenueID":[12384],"_OrganizerEmail":"","_OrganizerPhone":"","_OrganizerWebsite":"","_VenueAddress":"","_VenueCity":"","_VenueCountry":"","_VenueProvince":"","_VenueState":"","_VenueZip":"","_VenuePhone":"","_VenueURL":"","_VenueStateProvince":"","_VenueLat":"","_VenueLng":"","_VenueShowMap":false,"_VenueShowMapLink":false,"_tribe_events_status":"","_tribe_events_status_reason":"","footnotes":""},"tags":[27,494],"tribe_events_cat":[654,670,644,679,666],"class_list":["post-18299","tribe_events","type-tribe_events","status-publish","has-post-thumbnail","hentry","tag-chant","tag-orgue","tribe_events_cat-abbaye-de-montheron","tribe_events_cat-chant-solo","tribe_events_cat-concert","tribe_events_cat-flute","tribe_events_cat-orgue","cat_abbaye-de-montheron","cat_chant-solo","cat_concert","cat_flute","cat_orgue"],"_links":{"self":[{"href":"https:\/\/www.carillons.ch\/blog\/wp-json\/wp\/v2\/tribe_events\/18299","targetHints":{"allow":["GET"]}}],"collection":[{"href":"https:\/\/www.carillons.ch\/blog\/wp-json\/wp\/v2\/tribe_events"}],"about":[{"href":"https:\/\/www.carillons.ch\/blog\/wp-json\/wp\/v2\/types\/tribe_events"}],"author":[{"embeddable":true,"href":"https:\/\/www.carillons.ch\/blog\/wp-json\/wp\/v2\/users\/1"}],"version-history":[{"count":3,"href":"https:\/\/www.carillons.ch\/blog\/wp-json\/wp\/v2\/tribe_events\/18299\/revisions"}],"predecessor-version":[{"id":18375,"href":"https:\/\/www.carillons.ch\/blog\/wp-json\/wp\/v2\/tribe_events\/18299\/revisions\/18375"}],"wp:featuredmedia":[{"embeddable":true,"href":"https:\/\/www.carillons.ch\/blog\/wp-json\/wp\/v2\/media\/16677"}],"wp:attachment":[{"href":"https:\/\/www.carillons.ch\/blog\/wp-json\/wp\/v2\/media?parent=18299"}],"wp:term":[{"taxonomy":"post_tag","embeddable":true,"href":"https:\/\/www.carillons.ch\/blog\/wp-json\/wp\/v2\/tags?post=18299"},{"taxonomy":"tribe_events_cat","embeddable":true,"href":"https:\/\/www.carillons.ch\/blog\/wp-json\/wp\/v2\/tribe_events_cat?post=18299"}],"curies":[{"name":"wp","href":"https:\/\/api.w.org\/{rel}","templated":true}]}}