{"id":18387,"date":"2026-04-27T11:27:32","date_gmt":"2026-04-27T09:27:32","guid":{"rendered":"https:\/\/www.carillons.ch\/blog\/?post_type=tribe_events&#038;p=18387"},"modified":"2026-04-27T11:27:33","modified_gmt":"2026-04-27T09:27:33","slug":"meditation-musicale-pour-le-temps-de-lascension-ensemble-vocal-accord","status":"publish","type":"tribe_events","link":"https:\/\/www.carillons.ch\/blog\/event\/meditation-musicale-pour-le-temps-de-lascension-ensemble-vocal-accord\/","title":{"rendered":"M\u00e9ditation musicale pour le temps de l\u2019Ascension Ensemble vocal Accord"},"content":{"rendered":"<div  class=\"tribe-events-schedule tribe-clearfix\" >\n\t<p class=\"tribe-events-schedule__datetime\">\n\t\t<span class=\"tribe-events-schedule__date tribe-events-schedule__date--start\">\n\t\t\t10 mai\t\t<\/span>\n\n\t\t\t\t\t<span class=\"tribe-events-schedule__separator tribe-events-schedule__separator--date\">\n\t\t\t\t @ \t\t\t<\/span>\n\t\t\t<span class=\"tribe-events-schedule__time tribe-events-schedule__time--start\">\n\t\t\t\t17:30\t\t\t<\/span>\n\t\t\n\t\t\t\t\t\t\t\t\t<span class=\"tribe-events-schedule__separator tribe-events-schedule__separator--time\">\n\t\t\t\t\t &#8211; \t\t\t\t<\/span>\n\t\t\t\n\t\t\t\t\t\t\t<span class=\"tribe-events-schedule__time tribe-events-schedule__time--end\">\n\t\t\t\t\t18:30\t\t\t\t<\/span>\n\t\t\t\n\t\t\t\t\t\t<\/p>\n<\/div>\n\n\n\n<p>Concert<\/p>\n\n\n\n<p><strong>Dimanche 10 mai \u00e0 17 h 30<\/strong><\/p>\n\n\n\n<p>Lieu: Abbaye de Montheron (route de l\u2019Abbaye 3, 1053 Montheron (Lausanne, pr\u00e8s de Cugy).<\/p>\n\n\n\n<p>M\u00e9ditation musicale pour le temps de l\u2019Ascension<\/p>\n\n\n\n<p>Ensemble vocal Accord, direction Isabelle Jaermann<\/p>\n\n\n\n<figure class=\"wp-block-image size-large\"><img loading=\"lazy\" decoding=\"async\" width=\"1024\" height=\"429\" src=\"https:\/\/www.carillons.ch\/blog\/wp-content\/uploads\/Accord-quilinen-1024x429.jpg\" alt=\"\" class=\"wp-image-18388\" srcset=\"https:\/\/www.carillons.ch\/blog\/wp-content\/uploads\/Accord-quilinen-1024x429.jpg 1024w, https:\/\/www.carillons.ch\/blog\/wp-content\/uploads\/Accord-quilinen-300x126.jpg 300w, https:\/\/www.carillons.ch\/blog\/wp-content\/uploads\/Accord-quilinen-150x63.jpg 150w, https:\/\/www.carillons.ch\/blog\/wp-content\/uploads\/Accord-quilinen-768x322.jpg 768w, https:\/\/www.carillons.ch\/blog\/wp-content\/uploads\/Accord-quilinen-1536x644.jpg 1536w, https:\/\/www.carillons.ch\/blog\/wp-content\/uploads\/Accord-quilinen-665x279.jpg 665w, https:\/\/www.carillons.ch\/blog\/wp-content\/uploads\/Accord-quilinen.jpg 2000w\" sizes=\"auto, (max-width: 1024px) 100vw, 1024px\" \/><\/figure>\n\n\n\n<p>Ce concert propose des pi\u00e8ces baroques religieuses d\u2019une grande beaut\u00e9 sur l\u2019humanit\u00e9 de J\u00e9sus et les souffrances de Marie au pied de la croix, du compositeur allemand Friedrich Buxtehude et du compositeur italien Antonio Caldara.<\/p>\n\n\n\n<p>Plus que les paroles de la messe qui suivra, c\u2019est l\u2019esprit d\u2019innovation du compositeur anglais Richard Terry qui a d\u00e9termin\u00e9 le choix de cette \u0153uvre qui m\u00e9rite d\u2019\u00eatre connue et sort quelque peu des sentiers battus.&nbsp;<\/p>\n\n\n\n<p>Un quatuor de solistes issu des Hautes \u00e9coles de musique de notre r\u00e9gion, viendra compl\u00e9ter l\u2019Ensemble pour des interventions en solo ou se m\u00ealant au ch\u0153ur, ainsi qu\u2019un quatuor \u00e0 cordes, deux sacqueboutes et \u00e0 l\u2019orgue : Jean-Pierre Hartmann.<\/p>\n\n\n\n<p>Nous entendrons aussi le Salve Regina de Poulenc, la Romance du soir de Saint-Sa\u00ebns et le Domine non secundum de Franck.<\/p>\n\n\n\n<p>Solistes&nbsp;: Charlotte Muller-Perrier, Anne Ramoni, C\u00e9cile Matthey, Jonathan Spicher, Ruben Monteiro<\/p>\n\n\n\n<p>Musiciens&nbsp;: Jean-Pierre Hartmann aux orgues, Sylvie Rochat, Marine Schwab, Patricia Giannetti, Marc Jaermann, Davide Lombritto,&nbsp; Adrien Branger.<\/p>\n\n\n\n<p>Entr\u00e9e libre, collecte (prix conseill\u00e9 : 30.- plein, 20.- r\u00e9ductions). Informations, inscriptions (comme membres ou \u00e0 la lettre de nouvelles) : \u00e0 dt@carillonneur.ch ou 079 391 46 96. Pour recevoir l\u2019annonce de nos manifestations, transmettez-vous votre adresse de courriel.<\/p>\n\n\n<div  class=\"tribe-block tribe-block__event-price\" >\n\t\t<\/div>\n\n\n\n\n<div  class=\"tribe-block tribe-block__venue tribe-clearfix tribe-block__venue--has-map\" >\n\t\n\t\n<div class=\"tribe-block__venue__meta\">\n\t<div class=\"tribe-block__venue__name\">\n\t\t<h3>Abbaye de Montheron<\/h3>\n\t<\/div>\n\n\t\n\t\t\t\t\t\t<address class=\"tribe-block__venue__address\">\n\t\t\t\t<span class=\"tribe-address\">\n\n<span class=\"tribe-street-address\">Rte de l\u2019Abbaye 3<\/span>\n\t\n\t\t<br>\n\t\t<span class=\"tribe-locality\">Montheron (Lausanne)<\/span><span class=\"tribe-delimiter\">,<\/span>\n\n\t<abbr class=\"tribe-region tribe-events-abbr\" title=\"Vaud\">Vaud<\/abbr>\n\n\t<span class=\"tribe-postal-code\">1053<\/span>\n\n\t<span class=\"tribe-country-name\">Suisse<\/span>\n\n<\/span>\n\n\t\t\t\t\t\t\t\t\t<a class=\"tribe-events-gmap\" href=\"https:\/\/maps.google.com\/maps?f=q&#038;source=s_q&#038;hl=en&#038;geocode=&#038;q=Rte+de+l%E2%80%99Abbaye+3+Montheron+%28Lausanne%29+Vaud+1053+Suisse\" title=\"Cliquez pour voir une carte Google Map\" target=\"_blank\" rel=\"noreferrer noopener\">+ Google Map<\/a>\t\t\t\t\t\t\t<\/address>\n\t\t\n\t\t\t\t\t<span class=\"tribe-block__venue__phone\">079 391 46 96<\/span><br \/>\n\t\t\n\t\t\t\t\t<span class=\"tribe-block__venue__website\"><a href=\"https:\/\/www.carillons.ch\/blog\/sujet\/associations\/aaam-abbaye-de-montheron\/\" target=\"_self\" rel=\"external\">Voir Lieu site web<\/a><\/span><br \/>\n\t\t\t\n\t<\/div>\n\t\n<div class=\"tribe-block__venue__map\">\n\t\n<iframe loading=\"lazy\"\n  title=\"L\u2018iframe Google maps affichant l\u2019adresse \u00e0 Abbaye de Montheron\"\n  aria-label=\"Plan des lieux\"\n  width=\"310px\"\n  height=\"256px\"\n  frameborder=\"0\" style=\"border:0\"\n  src=\"https:\/\/www.google.com\/maps\/embed\/v1\/place?key=AIzaSyDNsicAsP6-VuGtAb1O9riI3oc_NOb7IOU&#038;q=Rte+de+l%E2%80%99Abbaye+3+Montheron+%28Lausanne%29+Vaud+1053+Suisse+&#038;zoom=10\" allowfullscreen>\n<\/iframe>\n<\/div>\n\n\t<\/div>\n\n\n<div  class=\"tribe-block tribe-block__event-website\" >\n\t<a\n\t\thref=\"https:\/\/www.evaccord.ch\"\n\t\ttarget=\"_self\"\n\t\t\t>\n\t\tEV Accord\t<\/a>\n<\/div>\n\n\n\t<div  class=\"tribe-block tribe-block__events-link\" >\n\t\t<div class=\"tribe-events tribe-common\">\n\t\t\t<div class=\"tribe-events-c-subscribe-dropdown__container\">\n\t\t\t\t<div class=\"tribe-events-c-subscribe-dropdown\">\n\t\t\t\t\t<div class=\"tribe-common-c-btn-border tribe-events-c-subscribe-dropdown__button\">\n\t\t\t\t\t\t<svg\n\t class=\"tribe-common-c-svgicon tribe-common-c-svgicon--cal-export tribe-events-c-subscribe-dropdown__export-icon\" \taria-hidden=\"true\"\n\tviewBox=\"0 0 23 17\"\n\txmlns=\"http:\/\/www.w3.org\/2000\/svg\"\n>\n\t<path fill-rule=\"evenodd\" clip-rule=\"evenodd\" d=\"M.128.896V16.13c0 .211.145.383.323.383h15.354c.179 0 .323-.172.323-.383V.896c0-.212-.144-.383-.323-.383H.451C.273.513.128.684.128.896Zm16 6.742h-.901V4.679H1.009v10.729h14.218v-3.336h.901V7.638ZM1.01 1.614h14.218v2.058H1.009V1.614Z\" \/>\n\t<path d=\"M20.5 9.846H8.312M18.524 6.953l2.89 2.909-2.855 2.855\" stroke-width=\"1.2\" stroke-linecap=\"round\" stroke-linejoin=\"round\"\/>\n<\/svg>\n\t\t\t\t\t\t<button\n\t\t\t\t\t\t\tclass=\"tribe-events-c-subscribe-dropdown__button-text\"\n\t\t\t\t\t\t\taria-expanded=\"false\"\n\t\t\t\t\t\t\taria-controls=\"tribe-events-subscribe-dropdown-content\"\n\t\t\t\t\t\t\taria-label=\"Afficher les liens permettant d\u2019ajouter des \u00e9v\u00e8nements \u00e0 votre calendrier\"\n\t\t\t\t\t\t>\n\t\t\t\t\t\t\tAjouter au calendrier\t\t\t\t\t\t<\/button>\n\t\t\t\t\t\t<svg\n\t class=\"tribe-common-c-svgicon tribe-common-c-svgicon--caret-down tribe-events-c-subscribe-dropdown__button-icon\" \taria-hidden=\"true\"\n\tviewBox=\"0 0 10 7\"\n\txmlns=\"http:\/\/www.w3.org\/2000\/svg\"\n>\n\t<path fill-rule=\"evenodd\" clip-rule=\"evenodd\" d=\"M1.008.609L5 4.6 8.992.61l.958.958L5 6.517.05 1.566l.958-.958z\" class=\"tribe-common-c-svgicon__svg-fill\"\/>\n<\/svg>\n\t\t\t\t\t<\/div>\n\t\t\t\t\t<div id=\"tribe-events-subscribe-dropdown-content\" class=\"tribe-events-c-subscribe-dropdown__content\">\n\t\t\t\t\t\t<ul class=\"tribe-events-c-subscribe-dropdown__list\">\n\t\t\t\t\t\t\t\t\t\t\t\t\t\t\t<li class=\"tribe-events-c-subscribe-dropdown__list-item tribe-events-c-subscribe-dropdown__list-item--gcal\">\n\t\t\t\t\t\t\t\t\t<a\n\t\t\t\t\t\t\t\t\t\thref=\"https:\/\/www.google.com\/calendar\/event?action=TEMPLATE&#038;dates=20260510T173000\/20260510T183000&#038;text=M%C3%A9ditation%20musicale%20pour%20le%20temps%20de%20l%E2%80%99Ascension%20Ensemble%20vocal%20Accord&#038;details=%3Cp%3EConcert%3C%2Fp%3E+%3Cp%3E%3Cstrong%3EDimanche+10+mai+%C3%A0+17+h+30%3C%2Fstrong%3E%3C%2Fp%3E+%3Cp%3ELieu%3A+Abbaye+de+Montheron+%28route+de+l%E2%80%99Abbaye+3%2C+1053+Montheron+%28Lausanne%2C+pr%C3%A8s+de+Cugy%29.%3C%2Fp%3E+%3Cp%3EM%C3%A9ditation+musicale+pour+le+temps+de+l%E2%80%99Ascension%3C%2Fp%3E+%3Cp%3EEnsemble+vocal+Accord%2C+direction+Isabelle+Jaermann%3C%2Fp%3E+%3Cfigure+class%3D%22wp-block-image+size-large%22%3E%3Cimg+src%3D%22https%3A%2F%2Fwww.carillons.ch%2Fblog%2Fwp-content%2Fuploads%2FAccord-quilinen-1024x429.jpg%22+alt%3D%22%22+class%3D%22wp-image-18388%22%2F%3E%3C%2Ffigure%3E%3Cp%3ECe+concert+propose+des+pi%C3%A8ces+baroques+religieuses+d%E2%80%99une+grande+beaut%C3%A9+sur+l%E2%80%99humanit%C3%A9+de+J%C3%A9sus+et+les+souffrances+de+Marie+au+pied+de+la+croix%2C+du+compositeur+allemand+Friedrich+Buxtehude+et+du+compositeur+italien+Antonio+Caldara.%3C%2Fp%3E+%3Cp%3EPlus+que+les+paroles+de+la+messe+qui+suivra%2C+c%E2%80%99est+l%E2%80%99esprit+d%E2%80%99innovation+du+compositeur+anglais+Richard+Terry+qui+a+d%C3%A9termin%C3%A9+le+choix+de+cette+%C5%93uvre+qui+m%C3%A9rite+d%E2%80%99%C3%AAtre+connue+et+sort+quelque+peu+des+sentiers+battus.%26nbsp%3B%3C%2Fp%3E+%3Cp%3EUn+quatuor+de+sol%3C%2Fp%3E%28Voir+toute+la+description+de+%C3%A9v%C3%A8nement+ici%C2%A0%3A+https%3A%2F%2Fwww.carillons.ch%2Fblog%2Fevent%2Fmeditation-musicale-pour-le-temps-de-lascension-ensemble-vocal-accord%2F%29&#038;location=Abbaye%20de%20Montheron,%20Rte%20de%20l\u2019Abbaye%203,%20Montheron%20(Lausanne),%20Vaud,%201053,%20Suisse&#038;trp=false&#038;ctz=Europe\/Zurich&#038;sprop=website:https:\/\/www.carillons.ch\/blog\"\n\t\t\t\t\t\t\t\t\t\tclass=\"tribe-events-c-subscribe-dropdown__list-item-link\"\n\t\t\t\t\t\t\t\t\t\ttarget=\"_blank\"\n\t\t\t\t\t\t\t\t\t\trel=\"noopener noreferrer nofollow noindex\"\n\t\t\t\t\t\t\t\t\t>\n\t\t\t\t\t\t\t\t\t\tGoogle Agenda\t\t\t\t\t\t\t\t\t<\/a>\n\t\t\t\t\t\t\t\t<\/li>\n\t\t\t\t\t\t\t\t\t\t\t\t\t\t\t<li class=\"tribe-events-c-subscribe-dropdown__list-item tribe-events-c-subscribe-dropdown__list-item--ical\">\n\t\t\t\t\t\t\t\t\t<a\n\t\t\t\t\t\t\t\t\t\thref=\"\"\n\t\t\t\t\t\t\t\t\t\tclass=\"tribe-events-c-subscribe-dropdown__list-item-link\"\n\t\t\t\t\t\t\t\t\t\ttarget=\"_blank\"\n\t\t\t\t\t\t\t\t\t\trel=\"noopener noreferrer nofollow noindex\"\n\t\t\t\t\t\t\t\t\t>\n\t\t\t\t\t\t\t\t\t\tiCalendar\t\t\t\t\t\t\t\t\t<\/a>\n\t\t\t\t\t\t\t\t<\/li>\n\t\t\t\t\t\t\t\t\t\t\t\t\t\t\t<li class=\"tribe-events-c-subscribe-dropdown__list-item tribe-events-c-subscribe-dropdown__list-item--outlook-365\">\n\t\t\t\t\t\t\t\t\t<a\n\t\t\t\t\t\t\t\t\t\thref=\"\"\n\t\t\t\t\t\t\t\t\t\tclass=\"tribe-events-c-subscribe-dropdown__list-item-link\"\n\t\t\t\t\t\t\t\t\t\ttarget=\"_blank\"\n\t\t\t\t\t\t\t\t\t\trel=\"noopener noreferrer nofollow noindex\"\n\t\t\t\t\t\t\t\t\t>\n\t\t\t\t\t\t\t\t\t\tOutlook 365\t\t\t\t\t\t\t\t\t<\/a>\n\t\t\t\t\t\t\t\t<\/li>\n\t\t\t\t\t\t\t\t\t\t\t\t\t\t\t<li class=\"tribe-events-c-subscribe-dropdown__list-item tribe-events-c-subscribe-dropdown__list-item--outlook-live\">\n\t\t\t\t\t\t\t\t\t<a\n\t\t\t\t\t\t\t\t\t\thref=\"\"\n\t\t\t\t\t\t\t\t\t\tclass=\"tribe-events-c-subscribe-dropdown__list-item-link\"\n\t\t\t\t\t\t\t\t\t\ttarget=\"_blank\"\n\t\t\t\t\t\t\t\t\t\trel=\"noopener noreferrer nofollow noindex\"\n\t\t\t\t\t\t\t\t\t>\n\t\t\t\t\t\t\t\t\t\tOutlook Live\t\t\t\t\t\t\t\t\t<\/a>\n\t\t\t\t\t\t\t\t<\/li>\n\t\t\t\t\t\t\t\t\t\t\t\t\t<\/ul>\n\t\t\t\t\t<\/div>\n\t\t\t\t<\/div>\n\t\t\t<\/div>\n\t\t<\/div>\n\t<\/div>\n\n","protected":false},"excerpt":{"rendered":"<p>Concert Dimanche 10 mai \u00e0 17 h 30 Lieu: Abbaye de Montheron (route de l\u2019Abbaye 3, 1053 Montheron (Lausanne, pr\u00e8s de Cugy). M\u00e9ditation musicale pour le temps de l\u2019Ascension Ensemble vocal Accord, direction Isabelle Jaermann Ce concert propose des pi\u00e8ces baroques religieuses d\u2019une grande beaut\u00e9 sur l\u2019humanit\u00e9 de J\u00e9sus et les souffrances de Marie au pied de la\u2026 <span class=\"read-more\"><a href=\"https:\/\/www.carillons.ch\/blog\/event\/meditation-musicale-pour-le-temps-de-lascension-ensemble-vocal-accord\/\">Lire la suite &raquo;<\/a><\/span><\/p>\n","protected":false},"author":1,"featured_media":18388,"template":"","meta":{"sfsi_plus_gutenberg_text_before_share":"","sfsi_plus_gutenberg_show_text_before_share":"","sfsi_plus_gutenberg_icon_type":"","sfsi_plus_gutenberg_icon_alignemt":"","sfsi_plus_gutenburg_max_per_row":"","_EventAllDay":false,"_EventTimezone":"Europe\/Zurich","_EventStartDate":"2026-05-10 17:30:00","_EventEndDate":"2026-05-10 18:30:00","_EventStartDateUTC":"2026-05-10 15:30:00","_EventEndDateUTC":"2026-05-10 16:30:00","_EventShowMap":false,"_EventShowMapLink":false,"_EventURL":"https:\/\/www.evaccord.ch","_EventCost":"","_EventCostDescription":"","_EventCurrencySymbol":"CHF","_EventCurrencyCode":"USD","_EventCurrencyPosition":"prefix","_EventDateTimeSeparator":" @ ","_EventTimeRangeSeparator":" - ","_EventOrganizerID":[],"_EventVenueID":[12384],"_OrganizerEmail":"","_OrganizerPhone":"","_OrganizerWebsite":"","_VenueAddress":"","_VenueCity":"","_VenueCountry":"","_VenueProvince":"","_VenueState":"","_VenueZip":"","_VenuePhone":"","_VenueURL":"","_VenueStateProvince":"","_VenueLat":"","_VenueLng":"","_VenueShowMap":false,"_VenueShowMapLink":false,"_tribe_events_status":"","_tribe_events_status_reason":"","footnotes":""},"tags":[27,494],"tribe_events_cat":[654,659,644,666],"class_list":["post-18387","tribe_events","type-tribe_events","status-publish","has-post-thumbnail","hentry","tag-chant","tag-orgue","tribe_events_cat-abbaye-de-montheron","tribe_events_cat-choeur","tribe_events_cat-concert","tribe_events_cat-orgue","cat_abbaye-de-montheron","cat_choeur","cat_concert","cat_orgue"],"_links":{"self":[{"href":"https:\/\/www.carillons.ch\/blog\/wp-json\/wp\/v2\/tribe_events\/18387","targetHints":{"allow":["GET"]}}],"collection":[{"href":"https:\/\/www.carillons.ch\/blog\/wp-json\/wp\/v2\/tribe_events"}],"about":[{"href":"https:\/\/www.carillons.ch\/blog\/wp-json\/wp\/v2\/types\/tribe_events"}],"author":[{"embeddable":true,"href":"https:\/\/www.carillons.ch\/blog\/wp-json\/wp\/v2\/users\/1"}],"version-history":[{"count":1,"href":"https:\/\/www.carillons.ch\/blog\/wp-json\/wp\/v2\/tribe_events\/18387\/revisions"}],"predecessor-version":[{"id":18389,"href":"https:\/\/www.carillons.ch\/blog\/wp-json\/wp\/v2\/tribe_events\/18387\/revisions\/18389"}],"wp:featuredmedia":[{"embeddable":true,"href":"https:\/\/www.carillons.ch\/blog\/wp-json\/wp\/v2\/media\/18388"}],"wp:attachment":[{"href":"https:\/\/www.carillons.ch\/blog\/wp-json\/wp\/v2\/media?parent=18387"}],"wp:term":[{"taxonomy":"post_tag","embeddable":true,"href":"https:\/\/www.carillons.ch\/blog\/wp-json\/wp\/v2\/tags?post=18387"},{"taxonomy":"tribe_events_cat","embeddable":true,"href":"https:\/\/www.carillons.ch\/blog\/wp-json\/wp\/v2\/tribe_events_cat?post=18387"}],"curies":[{"name":"wp","href":"https:\/\/api.w.org\/{rel}","templated":true}]}}