{"id":18396,"date":"2026-04-28T09:23:49","date_gmt":"2026-04-28T07:23:49","guid":{"rendered":"https:\/\/www.carillons.ch\/blog\/?post_type=tribe_events&#038;p=18396"},"modified":"2026-04-28T09:25:15","modified_gmt":"2026-04-28T07:25:15","slug":"excursion-a-romont-et-fribourg","status":"publish","type":"tribe_events","link":"https:\/\/www.carillons.ch\/blog\/event\/excursion-a-romont-et-fribourg\/","title":{"rendered":"Excursion \u00e0 Romont et Fribourg"},"content":{"rendered":"<div  class=\"tribe-events-schedule tribe-clearfix\" >\n\t<p class=\"tribe-events-schedule__datetime\">\n\t\t<span class=\"tribe-events-schedule__date tribe-events-schedule__date--start\">\n\t\t\t20 juin\t\t<\/span>\n\n\t\t\t\t\t<span class=\"tribe-events-schedule__separator tribe-events-schedule__separator--date\">\n\t\t\t\t @ \t\t\t<\/span>\n\t\t\t<span class=\"tribe-events-schedule__time tribe-events-schedule__time--start\">\n\t\t\t\t8:00\t\t\t<\/span>\n\t\t\n\t\t\t\t\t\t\t\t\t<span class=\"tribe-events-schedule__separator tribe-events-schedule__separator--time\">\n\t\t\t\t\t &#8211; \t\t\t\t<\/span>\n\t\t\t\n\t\t\t\t\t\t\t<span class=\"tribe-events-schedule__time tribe-events-schedule__time--end\">\n\t\t\t\t\t19:00\t\t\t\t<\/span>\n\t\t\t\n\t\t\t\t\t\t<\/p>\n<\/div>\n\n\n\n<p>Excursion de printemps<br>Samedi 20 juin &#8211; d\u00e9part de Montheron \u00e0 8 h et du Grand-Mont \u00e0 8 h 10<br>Romont, pour visiter d\u2019abord l\u2019\u00e9glise de l\u2019abbaye de moniales cisterciennes de la Fille-Dieu, puis la coll\u00e9giale de la ville, Fribourg monastique et carillon de Gruy\u00e8res<br>La fondation de l\u2019abbaye de la Fille-Dieu, avant 1268, s\u2019inscrit dans le contexte de l\u2019implantation des Savoie dans la r\u00e9gion de Romont. Elle fut cependant le fait de bourgeois de la ville. D\u2019abord b\u00e9n\u00e9dictin, le monast\u00e8re fut affili\u00e9 \u00e0 l\u2019Ordre cistercien au milieu du XIVe si\u00e8cle. L\u2019\u00e9glise actuelle se pr\u00e9sente comme une remarquable construction du XIVe si\u00e8cle, r\u00e9cemment restaur\u00e9e. On peut y admirer des peintures murales figur\u00e9es m\u00e9di\u00e9vales et des d\u00e9cors peints des XVIe et XVIIe si\u00e8cles, mais aussi des vitraux alliant sobri\u00e9t\u00e9 cistercienne et vivacit\u00e9 des couleurs, \u0153uvres du peintre verrier britannique Brian Clarke (1996).<br>Au terme de la visite guid\u00e9e, nous aurons le privil\u00e8ge d\u2019\u00eatre accueillis par l\u2019architecte de la restauration, M. Tomas Mikulas.<\/p>\n\n\n\n<figure class=\"wp-block-image size-large\"><img loading=\"lazy\" decoding=\"async\" width=\"1024\" height=\"690\" src=\"https:\/\/www.carillons.ch\/blog\/wp-content\/uploads\/28-03-Visitandines-copie-1024x690.jpg\" alt=\"\" class=\"wp-image-18397\" srcset=\"https:\/\/www.carillons.ch\/blog\/wp-content\/uploads\/28-03-Visitandines-copie-1024x690.jpg 1024w, https:\/\/www.carillons.ch\/blog\/wp-content\/uploads\/28-03-Visitandines-copie-300x202.jpg 300w, https:\/\/www.carillons.ch\/blog\/wp-content\/uploads\/28-03-Visitandines-copie-150x101.jpg 150w, https:\/\/www.carillons.ch\/blog\/wp-content\/uploads\/28-03-Visitandines-copie-768x517.jpg 768w, https:\/\/www.carillons.ch\/blog\/wp-content\/uploads\/28-03-Visitandines-copie-665x448.jpg 665w, https:\/\/www.carillons.ch\/blog\/wp-content\/uploads\/28-03-Visitandines-copie-272x182.jpg 272w, https:\/\/www.carillons.ch\/blog\/wp-content\/uploads\/28-03-Visitandines-copie.jpg 1485w\" sizes=\"auto, (max-width: 1024px) 100vw, 1024px\" \/><\/figure>\n\n\n\n<p>La coll\u00e9giale de Romont, vaste \u00e9difice de 56 m de long, est d\u00e9gag\u00e9e sur tous ses c\u00f4t\u00e9s et ainsi bien mise en \u00e9vidence dans la topographie urbaine. La construction actuelle, qui a succ\u00e9d\u00e9 \u00e0 une \u00e9glise du XIIIe si\u00e8cle, est le r\u00e9sultat de longs travaux \u00e9chelonn\u00e9s au cours des XIVe et XVe si\u00e8cles. Elle conserve une riche sculpture figur\u00e9e, mais aussi une tr\u00e8s belle chaire de pierre de 1520, dans le style dit du \u00ab\u00a0gothique international\u00a0\u00bb, ainsi que des stalles des ann\u00e9es 1460, \u0153uvre de l\u2019atelier d\u2019Antoine et Claude de Peney. Avec celles de l\u2019abbaye d\u2019Hauterive, de l\u2019\u00e9glise Saint-Nicolas de Fribourg, de l\u2019abbatiale de Saint-Claude et d\u2019autres encore, elles appartiennent \u00e0 l\u2019ensemble appel\u00e9 \u00ab\u00a0stalles savoisiennes\u00a0\u00bb. Le XXe si\u00e8cle est repr\u00e9sent\u00e9 par des vitraux de Yoki (1968) et de Sergio de Castro (1981).<\/p>\n\n\n\n<p> Visite aussi de Fribourg sous l\u2019angle monastique, la topographie religieuse de cette magnifique ville. Visite de la cath\u00e9drale St-Nicolas et de l\u2019\u00e9glise du couvent des Visitandines. Petits concerts aux orgues des \u00e9glises. Sur le retour, petit concert au carillon de 10 cloches de Gruy\u00e8res.<br>Renseignements, inscriptions au t\u00e9l. 079 391 46 96 ou par courriel \u00e0 info@abbaye-de-montheron.ch.<\/p>\n\n\n\n<p><em>Prix de l\u2019excursion: 155.- frs, 130.- Frs pour les membres AAAM (comprenant d\u00e9placement en car, menu de midi, visites et petit concert d&rsquo;orgues).&nbsp;<\/em><\/p>\n\n\n\n<p><em>Nombre de places limit\u00e9 \u00e0 25, inscrivez-vous rapidement!&nbsp;<\/em><\/p>\n\n\n<div  class=\"tribe-block tribe-block__event-price\" >\n\t\t<\/div>\n\n\n\n\n<div  class=\"tribe-block tribe-block__venue tribe-clearfix tribe-block__venue--has-map\" >\n\t\n\t\n<div class=\"tribe-block__venue__meta\">\n\t<div class=\"tribe-block__venue__name\">\n\t\t<h3>Abbaye de Montheron<\/h3>\n\t<\/div>\n\n\t\n\t\t\t\t\t\t<address class=\"tribe-block__venue__address\">\n\t\t\t\t<span class=\"tribe-address\">\n\n<span class=\"tribe-street-address\">Rte de l\u2019Abbaye 3<\/span>\n\t\n\t\t<br>\n\t\t<span class=\"tribe-locality\">Montheron (Lausanne)<\/span><span class=\"tribe-delimiter\">,<\/span>\n\n\t<abbr class=\"tribe-region tribe-events-abbr\" title=\"Vaud\">Vaud<\/abbr>\n\n\t<span class=\"tribe-postal-code\">1053<\/span>\n\n\t<span class=\"tribe-country-name\">Suisse<\/span>\n\n<\/span>\n\n\t\t\t\t\t\t\t\t\t<a class=\"tribe-events-gmap\" href=\"https:\/\/maps.google.com\/maps?f=q&#038;source=s_q&#038;hl=en&#038;geocode=&#038;q=Rte+de+l%E2%80%99Abbaye+3+Montheron+%28Lausanne%29+Vaud+1053+Suisse\" title=\"Cliquez pour voir une carte Google Map\" target=\"_blank\" rel=\"noreferrer noopener\">+ Google Map<\/a>\t\t\t\t\t\t\t<\/address>\n\t\t\n\t\t\t\t\t<span class=\"tribe-block__venue__phone\">079 391 46 96<\/span><br \/>\n\t\t\n\t\t\t\t\t<span class=\"tribe-block__venue__website\"><a href=\"https:\/\/www.carillons.ch\/blog\/sujet\/associations\/aaam-abbaye-de-montheron\/\" target=\"_self\" rel=\"external\">Voir Lieu site web<\/a><\/span><br \/>\n\t\t\t\n\t<\/div>\n\t\n<div class=\"tribe-block__venue__map\">\n\t\n<iframe loading=\"lazy\"\n  title=\"L\u2018iframe Google maps affichant l\u2019adresse \u00e0 Abbaye de Montheron\"\n  aria-label=\"Plan des lieux\"\n  width=\"310px\"\n  height=\"256px\"\n  frameborder=\"0\" style=\"border:0\"\n  src=\"https:\/\/www.google.com\/maps\/embed\/v1\/place?key=AIzaSyDNsicAsP6-VuGtAb1O9riI3oc_NOb7IOU&#038;q=Rte+de+l%E2%80%99Abbaye+3+Montheron+%28Lausanne%29+Vaud+1053+Suisse+&#038;zoom=10\" allowfullscreen>\n<\/iframe>\n<\/div>\n\n\t<\/div>\n\n\n\n\n\t<div  class=\"tribe-block tribe-block__events-link\" >\n\t\t<div class=\"tribe-events tribe-common\">\n\t\t\t<div class=\"tribe-events-c-subscribe-dropdown__container\">\n\t\t\t\t<div class=\"tribe-events-c-subscribe-dropdown\">\n\t\t\t\t\t<div class=\"tribe-common-c-btn-border tribe-events-c-subscribe-dropdown__button\">\n\t\t\t\t\t\t<svg\n\t class=\"tribe-common-c-svgicon tribe-common-c-svgicon--cal-export tribe-events-c-subscribe-dropdown__export-icon\" \taria-hidden=\"true\"\n\tviewBox=\"0 0 23 17\"\n\txmlns=\"http:\/\/www.w3.org\/2000\/svg\"\n>\n\t<path fill-rule=\"evenodd\" clip-rule=\"evenodd\" d=\"M.128.896V16.13c0 .211.145.383.323.383h15.354c.179 0 .323-.172.323-.383V.896c0-.212-.144-.383-.323-.383H.451C.273.513.128.684.128.896Zm16 6.742h-.901V4.679H1.009v10.729h14.218v-3.336h.901V7.638ZM1.01 1.614h14.218v2.058H1.009V1.614Z\" \/>\n\t<path d=\"M20.5 9.846H8.312M18.524 6.953l2.89 2.909-2.855 2.855\" stroke-width=\"1.2\" stroke-linecap=\"round\" stroke-linejoin=\"round\"\/>\n<\/svg>\n\t\t\t\t\t\t<button\n\t\t\t\t\t\t\tclass=\"tribe-events-c-subscribe-dropdown__button-text\"\n\t\t\t\t\t\t\taria-expanded=\"false\"\n\t\t\t\t\t\t\taria-controls=\"tribe-events-subscribe-dropdown-content\"\n\t\t\t\t\t\t\taria-label=\"Afficher les liens permettant d\u2019ajouter des \u00e9v\u00e8nements \u00e0 votre calendrier\"\n\t\t\t\t\t\t>\n\t\t\t\t\t\t\tAjouter au calendrier\t\t\t\t\t\t<\/button>\n\t\t\t\t\t\t<svg\n\t class=\"tribe-common-c-svgicon tribe-common-c-svgicon--caret-down tribe-events-c-subscribe-dropdown__button-icon\" \taria-hidden=\"true\"\n\tviewBox=\"0 0 10 7\"\n\txmlns=\"http:\/\/www.w3.org\/2000\/svg\"\n>\n\t<path fill-rule=\"evenodd\" clip-rule=\"evenodd\" d=\"M1.008.609L5 4.6 8.992.61l.958.958L5 6.517.05 1.566l.958-.958z\" class=\"tribe-common-c-svgicon__svg-fill\"\/>\n<\/svg>\n\t\t\t\t\t<\/div>\n\t\t\t\t\t<div id=\"tribe-events-subscribe-dropdown-content\" class=\"tribe-events-c-subscribe-dropdown__content\">\n\t\t\t\t\t\t<ul class=\"tribe-events-c-subscribe-dropdown__list\">\n\t\t\t\t\t\t\t\t\t\t\t\t\t\t\t<li class=\"tribe-events-c-subscribe-dropdown__list-item tribe-events-c-subscribe-dropdown__list-item--gcal\">\n\t\t\t\t\t\t\t\t\t<a\n\t\t\t\t\t\t\t\t\t\thref=\"https:\/\/www.google.com\/calendar\/event?action=TEMPLATE&#038;dates=20260620T080000\/20260620T190000&#038;text=Excursion%20%C3%A0%20Romont%20et%20Fribourg&#038;details=%3Cp%3EExcursion+de+printemps%3Cbr+%2F%3ESamedi+20+juin+-+d%C3%A9part+de+Montheron+%C3%A0+8+h+et+du+Grand-Mont+%C3%A0+8+h+10%3Cbr+%2F%3ERomont%2C+pour+visiter+d%E2%80%99abord+l%E2%80%99%C3%A9glise+de+l%E2%80%99abbaye+de+moniales+cisterciennes+de+la+Fille-Dieu%2C+puis+la+coll%C3%A9giale+de+la+ville%2C+Fribourg+monastique+et+carillon+de+Gruy%C3%A8res%3Cbr+%2F%3ELa+fondation+de+l%E2%80%99abbaye+de+la+Fille-Dieu%2C+avant+1268%2C+s%E2%80%99inscrit+dans+le+contexte+de+l%E2%80%99implantation+des+Savoie+dans+la+r%C3%A9gion+de+Romont.+Elle+fut+cependant+le+fait+de+bourgeois+de+la+ville.+D%E2%80%99abord+b%C3%A9n%C3%A9dictin%2C+le+monast%C3%A8re+fut+affili%C3%A9+%C3%A0+l%E2%80%99Ordre+cistercien+au+milieu+du+XIVe+si%C3%A8cle.+L%E2%80%99%C3%A9glise+actuelle+se+pr%C3%A9sente+comme+une+remarquable+construction+du+XIVe+si%C3%A8cle%2C+r%C3%A9cemment+restaur%C3%A9e.+On+peut+y+admirer+des+peintures+murales+figur%C3%A9es+m%C3%A9di%C3%A9vales+et+des+d%C3%A9cors+peints+des+XVIe+et+XVIIe+si%C3%A8cles%2C+mais+aussi+des+vitraux+alliant+sobri%C3%A9t%C3%A9+cistercienne+et+vivacit%C3%A9+des+couleurs%2C+%C5%93uvres+du+peintre+verrier+britannique+Brian+Clarke+%281996%29.%3Cbr+%2F%3EAu+terme+de+la+visite+guid%C3%A9e%2C+nous+auron%3C%2Fp%3E%28Voir+toute+la+description+de+%C3%A9v%C3%A8nement+ici%C2%A0%3A+https%3A%2F%2Fwww.carillons.ch%2Fblog%2Fevent%2Fexcursion-a-romont-et-fribourg%2F%29&#038;location=Abbaye%20de%20Montheron,%20Rte%20de%20l\u2019Abbaye%203,%20Montheron%20(Lausanne),%20Vaud,%201053,%20Suisse&#038;trp=false&#038;ctz=Europe\/Zurich&#038;sprop=website:https:\/\/www.carillons.ch\/blog\"\n\t\t\t\t\t\t\t\t\t\tclass=\"tribe-events-c-subscribe-dropdown__list-item-link\"\n\t\t\t\t\t\t\t\t\t\ttarget=\"_blank\"\n\t\t\t\t\t\t\t\t\t\trel=\"noopener noreferrer nofollow noindex\"\n\t\t\t\t\t\t\t\t\t>\n\t\t\t\t\t\t\t\t\t\tGoogle Agenda\t\t\t\t\t\t\t\t\t<\/a>\n\t\t\t\t\t\t\t\t<\/li>\n\t\t\t\t\t\t\t\t\t\t\t\t\t\t\t<li class=\"tribe-events-c-subscribe-dropdown__list-item tribe-events-c-subscribe-dropdown__list-item--ical\">\n\t\t\t\t\t\t\t\t\t<a\n\t\t\t\t\t\t\t\t\t\thref=\"\"\n\t\t\t\t\t\t\t\t\t\tclass=\"tribe-events-c-subscribe-dropdown__list-item-link\"\n\t\t\t\t\t\t\t\t\t\ttarget=\"_blank\"\n\t\t\t\t\t\t\t\t\t\trel=\"noopener noreferrer nofollow noindex\"\n\t\t\t\t\t\t\t\t\t>\n\t\t\t\t\t\t\t\t\t\tiCalendar\t\t\t\t\t\t\t\t\t<\/a>\n\t\t\t\t\t\t\t\t<\/li>\n\t\t\t\t\t\t\t\t\t\t\t\t\t\t\t<li class=\"tribe-events-c-subscribe-dropdown__list-item tribe-events-c-subscribe-dropdown__list-item--outlook-365\">\n\t\t\t\t\t\t\t\t\t<a\n\t\t\t\t\t\t\t\t\t\thref=\"\"\n\t\t\t\t\t\t\t\t\t\tclass=\"tribe-events-c-subscribe-dropdown__list-item-link\"\n\t\t\t\t\t\t\t\t\t\ttarget=\"_blank\"\n\t\t\t\t\t\t\t\t\t\trel=\"noopener noreferrer nofollow noindex\"\n\t\t\t\t\t\t\t\t\t>\n\t\t\t\t\t\t\t\t\t\tOutlook 365\t\t\t\t\t\t\t\t\t<\/a>\n\t\t\t\t\t\t\t\t<\/li>\n\t\t\t\t\t\t\t\t\t\t\t\t\t\t\t<li class=\"tribe-events-c-subscribe-dropdown__list-item tribe-events-c-subscribe-dropdown__list-item--outlook-live\">\n\t\t\t\t\t\t\t\t\t<a\n\t\t\t\t\t\t\t\t\t\thref=\"\"\n\t\t\t\t\t\t\t\t\t\tclass=\"tribe-events-c-subscribe-dropdown__list-item-link\"\n\t\t\t\t\t\t\t\t\t\ttarget=\"_blank\"\n\t\t\t\t\t\t\t\t\t\trel=\"noopener noreferrer nofollow noindex\"\n\t\t\t\t\t\t\t\t\t>\n\t\t\t\t\t\t\t\t\t\tOutlook Live\t\t\t\t\t\t\t\t\t<\/a>\n\t\t\t\t\t\t\t\t<\/li>\n\t\t\t\t\t\t\t\t\t\t\t\t\t<\/ul>\n\t\t\t\t\t<\/div>\n\t\t\t\t<\/div>\n\t\t\t<\/div>\n\t\t<\/div>\n\t<\/div>\n\n","protected":false},"excerpt":{"rendered":"<p>Excursion de printempsSamedi 20 juin &#8211; d\u00e9part de Montheron \u00e0 8 h et du Grand-Mont \u00e0 8 h 10Romont, pour visiter d\u2019abord l\u2019\u00e9glise de l\u2019abbaye de moniales cisterciennes de la Fille-Dieu, puis la coll\u00e9giale de la ville, Fribourg monastique et carillon de Gruy\u00e8resLa fondation de l\u2019abbaye de la Fille-Dieu, avant 1268, s\u2019inscrit dans le contexte de l\u2019implantation des\u2026 <span class=\"read-more\"><a href=\"https:\/\/www.carillons.ch\/blog\/event\/excursion-a-romont-et-fribourg\/\">Lire la suite &raquo;<\/a><\/span><\/p>\n","protected":false},"author":1,"featured_media":18397,"template":"","meta":{"sfsi_plus_gutenberg_text_before_share":"","sfsi_plus_gutenberg_show_text_before_share":"","sfsi_plus_gutenberg_icon_type":"","sfsi_plus_gutenberg_icon_alignemt":"","sfsi_plus_gutenburg_max_per_row":"","_EventAllDay":false,"_EventTimezone":"Europe\/Zurich","_EventStartDate":"2026-06-20 08:00:00","_EventEndDate":"2026-06-20 19:00:00","_EventStartDateUTC":"2026-06-20 06:00:00","_EventEndDateUTC":"2026-06-20 17:00:00","_EventShowMap":false,"_EventShowMapLink":false,"_EventURL":"","_EventCost":"","_EventCostDescription":"","_EventCurrencySymbol":"CHF","_EventCurrencyCode":"USD","_EventCurrencyPosition":"prefix","_EventDateTimeSeparator":" @ ","_EventTimeRangeSeparator":" - ","_EventOrganizerID":[],"_EventVenueID":[12384],"_OrganizerEmail":"","_OrganizerPhone":"","_OrganizerWebsite":"","_VenueAddress":"","_VenueCity":"","_VenueCountry":"","_VenueProvince":"","_VenueState":"","_VenueZip":"","_VenuePhone":"","_VenueURL":"","_VenueStateProvince":"","_VenueLat":"","_VenueLng":"","_VenueShowMap":false,"_VenueShowMapLink":false,"_tribe_events_status":"","_tribe_events_status_reason":"","footnotes":""},"tags":[54,104,494,189],"tribe_events_cat":[654,643,666],"class_list":["post-18396","tribe_events","type-tribe_events","status-publish","has-post-thumbnail","hentry","tag-abbaye","tag-eglise","tag-orgue","tag-visite-guidee","tribe_events_cat-abbaye-de-montheron","tribe_events_cat-excursion","tribe_events_cat-orgue","cat_abbaye-de-montheron","cat_excursion","cat_orgue"],"_links":{"self":[{"href":"https:\/\/www.carillons.ch\/blog\/wp-json\/wp\/v2\/tribe_events\/18396","targetHints":{"allow":["GET"]}}],"collection":[{"href":"https:\/\/www.carillons.ch\/blog\/wp-json\/wp\/v2\/tribe_events"}],"about":[{"href":"https:\/\/www.carillons.ch\/blog\/wp-json\/wp\/v2\/types\/tribe_events"}],"author":[{"embeddable":true,"href":"https:\/\/www.carillons.ch\/blog\/wp-json\/wp\/v2\/users\/1"}],"version-history":[{"count":2,"href":"https:\/\/www.carillons.ch\/blog\/wp-json\/wp\/v2\/tribe_events\/18396\/revisions"}],"predecessor-version":[{"id":18399,"href":"https:\/\/www.carillons.ch\/blog\/wp-json\/wp\/v2\/tribe_events\/18396\/revisions\/18399"}],"wp:featuredmedia":[{"embeddable":true,"href":"https:\/\/www.carillons.ch\/blog\/wp-json\/wp\/v2\/media\/18397"}],"wp:attachment":[{"href":"https:\/\/www.carillons.ch\/blog\/wp-json\/wp\/v2\/media?parent=18396"}],"wp:term":[{"taxonomy":"post_tag","embeddable":true,"href":"https:\/\/www.carillons.ch\/blog\/wp-json\/wp\/v2\/tags?post=18396"},{"taxonomy":"tribe_events_cat","embeddable":true,"href":"https:\/\/www.carillons.ch\/blog\/wp-json\/wp\/v2\/tribe_events_cat?post=18396"}],"curies":[{"name":"wp","href":"https:\/\/api.w.org\/{rel}","templated":true}]}}