{"id":18607,"date":"2026-09-03T16:04:32","date_gmt":"2026-09-03T14:04:32","guid":{"rendered":"https:\/\/www.carillons.ch\/blog\/?post_type=tribe_events&#038;p=18607"},"modified":"2026-09-03T16:07:37","modified_gmt":"2026-09-03T14:07:37","slug":"duo-suonamare-nina-ramousse-au-violon-et-pilar-benavides-campini-au-piano","status":"publish","type":"tribe_events","link":"https:\/\/www.carillons.ch\/blog\/event\/duo-suonamare-nina-ramousse-au-violon-et-pilar-benavides-campini-au-piano\/","title":{"rendered":"Duo Suonamare, Nina Ramousse au violon et Pilar Benavides Campini au piano"},"content":{"rendered":"<div  class=\"tribe-events-schedule tribe-clearfix\" >\n\t<p class=\"tribe-events-schedule__datetime\">\n\t\t<span class=\"tribe-events-schedule__date tribe-events-schedule__date--start\">\n\t\t\t4 octobre\t\t<\/span>\n\n\t\t\t\t\t<span class=\"tribe-events-schedule__separator tribe-events-schedule__separator--date\">\n\t\t\t\t @ \t\t\t<\/span>\n\t\t\t<span class=\"tribe-events-schedule__time tribe-events-schedule__time--start\">\n\t\t\t\t17:00\t\t\t<\/span>\n\t\t\n\t\t\t\t\t\t\t\t\t<span class=\"tribe-events-schedule__separator tribe-events-schedule__separator--time\">\n\t\t\t\t\t &#8211; \t\t\t\t<\/span>\n\t\t\t\n\t\t\t\t\t\t\t<span class=\"tribe-events-schedule__time tribe-events-schedule__time--end\">\n\t\t\t\t\t18:00\t\t\t\t<\/span>\n\t\t\t\n\t\t\t\t\t\t<\/p>\n<\/div>\n\n\n\n<p class=\"wp-block-paragraph\">Concert Montheron dimanche, 4 octobre 2026 \u00e0 17 h<\/p>\n\n\n\n<p class=\"wp-block-paragraph\">Duo Suonamare, Nina Ramousse au violon et Pilar Benavides Campini au piano<\/p>\n\n\n\n<p class=\"wp-block-paragraph\">La violoniste Nina Fuchs Ramousse et la pianiste Pilar Benavides Campini cr\u00e9ent leur duo apr\u00e8s leur rencontre en 2018 \u00e0 Lausanne. Elles b\u00e9n\u00e9ficient des conseils du pianiste Marc Pantillon et se produisent r\u00e9guli\u00e8rement en festivals \u2013 derni\u00e8rement \u00e0 la Schubertiade de la RTS \u00e0 Sion par exemple \u2013 et aupr\u00e8s des Concerts du C\u0153ur, qui portent la musique dans les EMS, les h\u00f4pitaux et les prisons. En 2024, le duo remporte un 2e prix avec mention sp\u00e9ciale pour son interpr\u00e9tation de C. Franck.<\/p>\n\n\n\n<figure class=\"wp-block-image size-large\"><img loading=\"lazy\" decoding=\"async\" width=\"724\" height=\"1024\" src=\"https:\/\/www.carillons.ch\/blog\/wp-content\/uploads\/SuonamarePrintFin2026-900-2-724x1024.jpg\" alt=\"\" class=\"wp-image-18608\" srcset=\"https:\/\/www.carillons.ch\/blog\/wp-content\/uploads\/SuonamarePrintFin2026-900-2-724x1024.jpg 724w, https:\/\/www.carillons.ch\/blog\/wp-content\/uploads\/SuonamarePrintFin2026-900-2-212x300.jpg 212w, https:\/\/www.carillons.ch\/blog\/wp-content\/uploads\/SuonamarePrintFin2026-900-2-106x150.jpg 106w, https:\/\/www.carillons.ch\/blog\/wp-content\/uploads\/SuonamarePrintFin2026-900-2-768x1086.jpg 768w, https:\/\/www.carillons.ch\/blog\/wp-content\/uploads\/SuonamarePrintFin2026-900-2-665x941.jpg 665w, https:\/\/www.carillons.ch\/blog\/wp-content\/uploads\/SuonamarePrintFin2026-900-2.jpg 900w\" sizes=\"auto, (max-width: 724px) 100vw, 724px\" \/><\/figure>\n\n\n\n<p class=\"wp-block-paragraph\">Leur collaboration les am\u00e8ne \u00e0 cr\u00e9er des programmes qui explorent les genres traditionnels (musiques latino-am\u00e9ricaines par exemple) ou les grands classiques, tout en ayant \u00e0 c\u0153ur de pr\u00e9senter des \u0153uvres de compositrices parfois injustement peu entendues.&nbsp;<\/p>\n\n\n\n<p class=\"wp-block-paragraph\">Dans ce programme, elles vous invitent \u00e0 un voyage \u00e0 travers les si\u00e8cles chez des compositrices et compositeurs originaires de France, d&rsquo;Allemagne, et de Croatie. On y c\u00f4toie des ambiances parfois douces ou spirituelles, parfois passionn\u00e9es et color\u00e9es, entre grands classiques allemands et atmosph\u00e8res impressionnistes fran\u00e7aises.<\/p>\n\n\n\n<div data-wp-interactive=\"core\/file\" class=\"wp-block-file\"><object data-wp-bind--hidden=\"!state.hasPdfPreview\" hidden class=\"wp-block-file__embed\" data=\"https:\/\/www.carillons.ch\/blog\/wp-content\/uploads\/SuonamareFin2026-copie.pdf\" type=\"application\/pdf\" style=\"width:100%;height:600px\" aria-label=\"Contenu embarqu\u00e9 SuonamareFin2026 copie.\"><\/object><a id=\"wp-block-file--media-cf27e867-bf24-4d30-aa84-3f5882b1d6d6\" href=\"https:\/\/www.carillons.ch\/blog\/wp-content\/uploads\/SuonamareFin2026-copie.pdf\">SuonamareFin2026 copie<\/a><a href=\"https:\/\/www.carillons.ch\/blog\/wp-content\/uploads\/SuonamareFin2026-copie.pdf\" class=\"wp-block-file__button wp-element-button\" download aria-describedby=\"wp-block-file--media-cf27e867-bf24-4d30-aa84-3f5882b1d6d6\">T\u00e9l\u00e9charger<\/a><\/div>\n\n\n\n<p class=\"wp-block-paragraph\">Entr\u00e9e libre, collecte (prix conseill\u00e9 : 30.- plein, 20.- r\u00e9ductions). Informations, inscriptions (comme membres ou \u00e0 la lettre de nouvelles) : \u00e0 dt@carillonneur.ch ou 079 391 46 96. Pour recevoir l\u2019annonce de nos manifestations, transmettez-vous votre adresse de courriel.<\/p>\n\n\n\n<p class=\"wp-block-paragraph\">Programme :<\/p>\n\n\n\n<p class=\"wp-block-paragraph\">W. A. Mozart Sonate n\u00b021 en mi mineur, KV 304<\/p>\n\n\n\n<p class=\"wp-block-paragraph\">L. van Beethoven Sonate n\u00b0 4 en la mineur, op. 23 \u2013 1er mouvement<\/p>\n\n\n\n<p class=\"wp-block-paragraph\">J.-S. Bach Grave de la Sonate n\u00b0 2 pour violon seul en la mineur<\/p>\n\n\n\n<p class=\"wp-block-paragraph\">C. Debussy Sonate en sol mineur, L. 140 \u2013 1er mouvement<\/p>\n\n\n\n<p class=\"wp-block-paragraph\">Poissons d&rsquo;or, piano seul<\/p>\n\n\n\n<p class=\"wp-block-paragraph\">L. Boulanger D&rsquo;un matin de printemps<\/p>\n\n\n\n<p class=\"wp-block-paragraph\">Nocturne<\/p>\n\n\n\n<p class=\"wp-block-paragraph\">G. Tailleferre Berceuse<\/p>\n\n\n\n<p class=\"wp-block-paragraph\">D. Peja\u010devi\u0107 Sonate en r\u00e9 majeur, op. 26 \u2013 1er mouvement<\/p>\n\n\n<div  class=\"tribe-block tribe-block__event-price\" >\n\t\t<\/div>\n\n\n\n\n<div  class=\"tribe-block tribe-block__venue tribe-clearfix tribe-block__venue--has-map\" >\n\t\n\t\n<div class=\"tribe-block__venue__meta\">\n\t<div class=\"tribe-block__venue__name\">\n\t\t<h3>Abbaye de Montheron<\/h3>\n\t<\/div>\n\n\t\n\t\t\t\t\t\t<address class=\"tribe-block__venue__address\">\n\t\t\t\t<span class=\"tribe-address\">\n\n<span class=\"tribe-street-address\">Rte de l\u2019Abbaye 3<\/span>\n\t\n\t\t<br>\n\t\t<span class=\"tribe-locality\">Montheron (Lausanne)<\/span><span class=\"tribe-delimiter\">,<\/span>\n\n\t<abbr class=\"tribe-region tribe-events-abbr\" title=\"Vaud\">Vaud<\/abbr>\n\n\t<span class=\"tribe-postal-code\">1053<\/span>\n\n\t<span class=\"tribe-country-name\">Suisse<\/span>\n\n<\/span>\n\n\t\t\t\t\t\t\t\t\t<a class=\"tribe-events-gmap\" href=\"https:\/\/maps.google.com\/maps?f=q&#038;source=s_q&#038;hl=en&#038;geocode=&#038;q=Rte+de+l%E2%80%99Abbaye+3+Montheron+%28Lausanne%29+Vaud+1053+Suisse\" title=\"Cliquez pour voir une carte Google Map\" target=\"_blank\" rel=\"noreferrer noopener\">+ Google Map<\/a>\t\t\t\t\t\t\t<\/address>\n\t\t\n\t\t\t\t\t<span class=\"tribe-block__venue__phone\">079 391 46 96<\/span><br \/>\n\t\t\n\t\t\t\t\t<span class=\"tribe-block__venue__website\"><a href=\"https:\/\/www.carillons.ch\/blog\/sujet\/associations\/aaam-abbaye-de-montheron\/\" target=\"_self\" rel=\"external\">Voir Lieu site web<\/a><\/span><br \/>\n\t\t\t\n\t<\/div>\n\t\n<div class=\"tribe-block__venue__map\">\n\t\n<iframe loading=\"lazy\"\n  title=\"L\u2018iframe Google maps affichant l\u2019adresse \u00e0 Abbaye de Montheron\"\n  aria-label=\"Plan des lieux\"\n  width=\"310px\"\n  height=\"256px\"\n  frameborder=\"0\" style=\"border:0\"\n  src=\"https:\/\/www.google.com\/maps\/embed\/v1\/place?key=AIzaSyDNsicAsP6-VuGtAb1O9riI3oc_NOb7IOU&#038;q=Rte+de+l%E2%80%99Abbaye+3+Montheron+%28Lausanne%29+Vaud+1053+Suisse+&#038;zoom=10\" allowfullscreen>\n<\/iframe>\n<\/div>\n\n\t<\/div>\n\n\n\n\n\t<div  class=\"tribe-block tribe-block__events-link\" >\n\t\t<div class=\"tribe-events tribe-common\">\n\t\t\t<div class=\"tribe-events-c-subscribe-dropdown__container\">\n\t\t\t\t<div class=\"tribe-events-c-subscribe-dropdown\">\n\t\t\t\t\t<div class=\"tribe-common-c-btn-border tribe-events-c-subscribe-dropdown__button\">\n\t\t\t\t\t\t<svg\n\t class=\"tribe-common-c-svgicon tribe-common-c-svgicon--cal-export tribe-events-c-subscribe-dropdown__export-icon\" \taria-hidden=\"true\"\n\tviewBox=\"0 0 23 17\"\n\txmlns=\"http:\/\/www.w3.org\/2000\/svg\"\n>\n\t<path fill-rule=\"evenodd\" clip-rule=\"evenodd\" d=\"M.128.896V16.13c0 .211.145.383.323.383h15.354c.179 0 .323-.172.323-.383V.896c0-.212-.144-.383-.323-.383H.451C.273.513.128.684.128.896Zm16 6.742h-.901V4.679H1.009v10.729h14.218v-3.336h.901V7.638ZM1.01 1.614h14.218v2.058H1.009V1.614Z\" \/>\n\t<path d=\"M20.5 9.846H8.312M18.524 6.953l2.89 2.909-2.855 2.855\" stroke-width=\"1.2\" stroke-linecap=\"round\" stroke-linejoin=\"round\"\/>\n<\/svg>\n\t\t\t\t\t\t<button\n\t\t\t\t\t\t\tclass=\"tribe-events-c-subscribe-dropdown__button-text\"\n\t\t\t\t\t\t\taria-expanded=\"false\"\n\t\t\t\t\t\t\taria-controls=\"tribe-events-subscribe-dropdown-content\"\n\t\t\t\t\t\t\taria-label=\"Afficher les liens permettant d\u2019ajouter des \u00e9v\u00e8nements \u00e0 votre calendrier\"\n\t\t\t\t\t\t>\n\t\t\t\t\t\t\tAjouter au calendrier\t\t\t\t\t\t<\/button>\n\t\t\t\t\t\t<svg\n\t class=\"tribe-common-c-svgicon tribe-common-c-svgicon--caret-down tribe-events-c-subscribe-dropdown__button-icon\" \taria-hidden=\"true\"\n\tviewBox=\"0 0 10 7\"\n\txmlns=\"http:\/\/www.w3.org\/2000\/svg\"\n>\n\t<path fill-rule=\"evenodd\" clip-rule=\"evenodd\" d=\"M1.008.609L5 4.6 8.992.61l.958.958L5 6.517.05 1.566l.958-.958z\" class=\"tribe-common-c-svgicon__svg-fill\"\/>\n<\/svg>\n\t\t\t\t\t<\/div>\n\t\t\t\t\t<div id=\"tribe-events-subscribe-dropdown-content\" class=\"tribe-events-c-subscribe-dropdown__content\">\n\t\t\t\t\t\t<ul class=\"tribe-events-c-subscribe-dropdown__list\">\n\t\t\t\t\t\t\t\t\t\t\t\t\t\t\t<li class=\"tribe-events-c-subscribe-dropdown__list-item tribe-events-c-subscribe-dropdown__list-item--gcal\">\n\t\t\t\t\t\t\t\t\t<a\n\t\t\t\t\t\t\t\t\t\thref=\"https:\/\/www.google.com\/calendar\/event?action=TEMPLATE&#038;dates=20261004T170000\/20261004T180000&#038;text=Duo%20Suonamare%2C%20Nina%20Ramousse%20au%20violon%20et%20Pilar%20Benavides%20Campini%20au%20piano&#038;details=%3Cp%3EConcert+Montheron+dimanche%2C+4+octobre+2026+%C3%A0+17+h%3C%2Fp%3E+%3Cp%3EDuo+Suonamare%2C+Nina+Ramousse+au+violon+et+Pilar+Benavides+Campini+au+piano%3C%2Fp%3E+%3Cp%3ELa+violoniste+Nina+Fuchs+Ramousse+et+la+pianiste+Pilar+Benavides+Campini+cr%C3%A9ent+leur+duo+apr%C3%A8s+leur+rencontre+en+2018+%C3%A0+Lausanne.+Elles+b%C3%A9n%C3%A9ficient+des+conseils+du+pianiste+Marc+Pantillon+et+se+produisent+r%C3%A9guli%C3%A8rement+en+festivals+%E2%80%93+derni%C3%A8rement+%C3%A0+la+Schubertiade+de+la+RTS+%C3%A0+Sion+par+exemple+%E2%80%93+et+aupr%C3%A8s+des+Concerts+du+C%C5%93ur%2C+qui+portent+la+musique+dans+les+EMS%2C+les+h%C3%B4pitaux+et+les+prisons.+En+2024%2C+le+duo+remporte+un+2e+prix+avec+mention+sp%C3%A9ciale+pour+son+interpr%C3%A9tation+de+C.+Franck.%3C%2Fp%3E+%3Cfigure+class%3D%22wp-block-image+size-large%22%3E%3Cimg+src%3D%22https%3A%2F%2Fwww.carillons.ch%2Fblog%2Fwp-content%2Fuploads%2FSuonamarePrintFin2026-900-2-724x1024.jpg%22+alt%3D%22%22+class%3D%22wp-image-18608%22%2F%3E%3C%2Ffigure%3E%3Cp%3ELeur+collaboration+les+am%C3%A8ne+%C3%A0+cr%C3%A9er+des+programmes+qui+explorent+les+genres+traditionnels+%28musiques+latino-am%C3%A9ricaines+par+exemple%3C%2Fp%3E%28Voir+toute+la+description+de+%C3%A9v%C3%A8nement+ici%C2%A0%3A+https%3A%2F%2Fwww.carillons.ch%2Fblog%2Fevent%2Fduo-suonamare-nina-ramousse-au-violon-et-pilar-benavides-campini-au-piano%2F%29&#038;location=Abbaye%20de%20Montheron,%20Rte%20de%20l\u2019Abbaye%203,%20Montheron%20(Lausanne),%20Vaud,%201053,%20Suisse&#038;trp=false&#038;ctz=Europe\/Zurich&#038;sprop=website:https:\/\/www.carillons.ch\/blog\"\n\t\t\t\t\t\t\t\t\t\tclass=\"tribe-events-c-subscribe-dropdown__list-item-link\"\n\t\t\t\t\t\t\t\t\t\ttarget=\"_blank\"\n\t\t\t\t\t\t\t\t\t\trel=\"noopener noreferrer nofollow noindex\"\n\t\t\t\t\t\t\t\t\t>\n\t\t\t\t\t\t\t\t\t\tGoogle Agenda\t\t\t\t\t\t\t\t\t<\/a>\n\t\t\t\t\t\t\t\t<\/li>\n\t\t\t\t\t\t\t\t\t\t\t\t\t\t\t<li class=\"tribe-events-c-subscribe-dropdown__list-item tribe-events-c-subscribe-dropdown__list-item--ical\">\n\t\t\t\t\t\t\t\t\t<a\n\t\t\t\t\t\t\t\t\t\thref=\"\"\n\t\t\t\t\t\t\t\t\t\tclass=\"tribe-events-c-subscribe-dropdown__list-item-link\"\n\t\t\t\t\t\t\t\t\t\ttarget=\"_blank\"\n\t\t\t\t\t\t\t\t\t\trel=\"noopener noreferrer nofollow noindex\"\n\t\t\t\t\t\t\t\t\t>\n\t\t\t\t\t\t\t\t\t\tiCalendar\t\t\t\t\t\t\t\t\t<\/a>\n\t\t\t\t\t\t\t\t<\/li>\n\t\t\t\t\t\t\t\t\t\t\t\t\t\t\t<li class=\"tribe-events-c-subscribe-dropdown__list-item tribe-events-c-subscribe-dropdown__list-item--outlook-365\">\n\t\t\t\t\t\t\t\t\t<a\n\t\t\t\t\t\t\t\t\t\thref=\"\"\n\t\t\t\t\t\t\t\t\t\tclass=\"tribe-events-c-subscribe-dropdown__list-item-link\"\n\t\t\t\t\t\t\t\t\t\ttarget=\"_blank\"\n\t\t\t\t\t\t\t\t\t\trel=\"noopener noreferrer nofollow noindex\"\n\t\t\t\t\t\t\t\t\t>\n\t\t\t\t\t\t\t\t\t\tOutlook 365\t\t\t\t\t\t\t\t\t<\/a>\n\t\t\t\t\t\t\t\t<\/li>\n\t\t\t\t\t\t\t\t\t\t\t\t\t\t\t<li class=\"tribe-events-c-subscribe-dropdown__list-item tribe-events-c-subscribe-dropdown__list-item--outlook-live\">\n\t\t\t\t\t\t\t\t\t<a\n\t\t\t\t\t\t\t\t\t\thref=\"\"\n\t\t\t\t\t\t\t\t\t\tclass=\"tribe-events-c-subscribe-dropdown__list-item-link\"\n\t\t\t\t\t\t\t\t\t\ttarget=\"_blank\"\n\t\t\t\t\t\t\t\t\t\trel=\"noopener noreferrer nofollow noindex\"\n\t\t\t\t\t\t\t\t\t>\n\t\t\t\t\t\t\t\t\t\tOutlook Live\t\t\t\t\t\t\t\t\t<\/a>\n\t\t\t\t\t\t\t\t<\/li>\n\t\t\t\t\t\t\t\t\t\t\t\t\t<\/ul>\n\t\t\t\t\t<\/div>\n\t\t\t\t<\/div>\n\t\t\t<\/div>\n\t\t<\/div>\n\t<\/div>\n\n","protected":false},"excerpt":{"rendered":"<p>Concert Montheron dimanche, 4 octobre 2026 \u00e0 17 h Duo Suonamare, Nina Ramousse au violon et Pilar Benavides Campini au piano La violoniste Nina Fuchs Ramousse et la pianiste Pilar Benavides Campini cr\u00e9ent leur duo apr\u00e8s leur rencontre en 2018 \u00e0 Lausanne. Elles b\u00e9n\u00e9ficient des conseils du pianiste Marc Pantillon et se produisent r\u00e9guli\u00e8rement en festivals \u2013 derni\u00e8rement\u2026 <span class=\"read-more\"><a href=\"https:\/\/www.carillons.ch\/blog\/event\/duo-suonamare-nina-ramousse-au-violon-et-pilar-benavides-campini-au-piano\/\">Lire la suite &raquo;<\/a><\/span><\/p>\n","protected":false},"author":1,"featured_media":18608,"template":"","meta":{"sfsi_plus_gutenberg_text_before_share":"","sfsi_plus_gutenberg_show_text_before_share":"","sfsi_plus_gutenberg_icon_type":"","sfsi_plus_gutenberg_icon_alignemt":"","sfsi_plus_gutenburg_max_per_row":"","_EventAllDay":false,"_EventTimezone":"Europe\/Zurich","_EventStartDate":"2026-10-04 17:00:00","_EventEndDate":"2026-10-04 18:00:00","_EventStartDateUTC":"2026-10-04 15:00:00","_EventEndDateUTC":"2026-10-04 16:00:00","_EventShowMap":false,"_EventShowMapLink":false,"_EventURL":"","_EventCost":"","_EventCostDescription":"","_EventCurrencySymbol":"CHF","_EventCurrencyCode":"USD","_EventCurrencyPosition":"prefix","_EventDateTimeSeparator":" @ ","_EventTimeRangeSeparator":" - ","_EventOrganizerID":[],"_EventVenueID":[12384],"_OrganizerEmail":"","_OrganizerPhone":"","_OrganizerWebsite":"","_VenueAddress":"","_VenueCity":"","_VenueCountry":"","_VenueProvince":"","_VenueState":"","_VenueZip":"","_VenuePhone":"","_VenueURL":"","_VenueStateProvince":"","_VenueLat":"","_VenueLng":"","_VenueShowMap":false,"_VenueShowMapLink":false,"_tribe_events_status":"","_tribe_events_status_reason":"","footnotes":""},"tags":[487,779],"tribe_events_cat":[654,644,682],"class_list":["post-18607","tribe_events","type-tribe_events","status-publish","has-post-thumbnail","hentry","tag-piano","tag-violon","tribe_events_cat-abbaye-de-montheron","tribe_events_cat-concert","tribe_events_cat-piano","cat_abbaye-de-montheron","cat_concert","cat_piano"],"_links":{"self":[{"href":"https:\/\/www.carillons.ch\/blog\/wp-json\/wp\/v2\/tribe_events\/18607","targetHints":{"allow":["GET"]}}],"collection":[{"href":"https:\/\/www.carillons.ch\/blog\/wp-json\/wp\/v2\/tribe_events"}],"about":[{"href":"https:\/\/www.carillons.ch\/blog\/wp-json\/wp\/v2\/types\/tribe_events"}],"author":[{"embeddable":true,"href":"https:\/\/www.carillons.ch\/blog\/wp-json\/wp\/v2\/users\/1"}],"version-history":[{"count":2,"href":"https:\/\/www.carillons.ch\/blog\/wp-json\/wp\/v2\/tribe_events\/18607\/revisions"}],"predecessor-version":[{"id":18612,"href":"https:\/\/www.carillons.ch\/blog\/wp-json\/wp\/v2\/tribe_events\/18607\/revisions\/18612"}],"wp:featuredmedia":[{"embeddable":true,"href":"https:\/\/www.carillons.ch\/blog\/wp-json\/wp\/v2\/media\/18608"}],"wp:attachment":[{"href":"https:\/\/www.carillons.ch\/blog\/wp-json\/wp\/v2\/media?parent=18607"}],"wp:term":[{"taxonomy":"post_tag","embeddable":true,"href":"https:\/\/www.carillons.ch\/blog\/wp-json\/wp\/v2\/tags?post=18607"},{"taxonomy":"tribe_events_cat","embeddable":true,"href":"https:\/\/www.carillons.ch\/blog\/wp-json\/wp\/v2\/tribe_events_cat?post=18607"}],"curies":[{"name":"wp","href":"https:\/\/api.w.org\/{rel}","templated":true}]}}